{"id":447,"date":"2024-01-07T16:23:31","date_gmt":"2024-01-07T15:23:31","guid":{"rendered":"https:\/\/festival.cyclo-camping.international\/2024\/?page_id=447"},"modified":"2025-02-06T09:23:28","modified_gmt":"2025-02-06T08:23:28","slug":"debats","status":"publish","type":"page","link":"https:\/\/festival.cyclo-camping.international\/2025\/activites\/debats\/","title":{"rendered":"D\u00e9bats-Conf\u00e9rences-Tables rondes"},"content":{"rendered":"\n<div style=\"height:14px;width:0px\" aria-hidden=\"true\" class=\"wp-block-spacer\"><\/div>\n\n\n\n<h2 class=\"wp-block-heading has-text-align-center\">D\u00e9bats, conf\u00e9rences et&nbsp;tables&nbsp;rondes<\/h2>\n\n\n\n<div class=\"wp-block-group is-content-justification-center is-layout-flex wp-container-core-group-is-layout-c2d391de wp-block-group-is-layout-flex\" style=\"margin-top:var(--wp--preset--spacing--10);margin-bottom:0;padding-top:0;padding-right:0;padding-bottom:0;padding-left:0\">\n<div class=\"wp-block-group has-contrast-2-color has-accent-background-color has-text-color has-background has-link-color has-small-font-size wp-elements-6ca0ae614fe0ddb35f664e3ed411e153 is-layout-flex wp-block-group-is-layout-flex\" style=\"border-style:none;border-width:0px;border-radius:0.5rem;padding-top:0.5rem;padding-right:var(--wp--preset--spacing--10);padding-bottom:0.5rem;padding-left:var(--wp--preset--spacing--10)\">\n<p class=\"has-body-font-family\" style=\"padding-top:0;padding-right:0;padding-bottom:0;padding-left:0;font-size:clamp(0.875rem, 0.875rem + ((1vw - 0.2rem) * 0.042), 0.9rem);font-style:normal;font-weight:300;letter-spacing:0.025rem\"><strong>Palais des Congr\u00e8s et de la Culture<\/strong><\/p>\n<\/div>\n<\/div>\n\n\n\n<p class=\"has-text-align-center has-accent-3-color has-text-color has-link-color has-bricolage-grotesque-font-family has-custom-1-font-size wp-elements-f78bd60d0938aeffdd9994b859a54d86\" style=\"font-style:normal;font-weight:300;letter-spacing:0.2px;line-height:1.2\">Les&nbsp;titres et horaires sont d\u00e9cid\u00e9s. Les&nbsp;descriptifs et noms des intervenants seront int\u00e9gr\u00e9s au fur et \u00e0 mesure de l&rsquo;avancement de la pr\u00e9paration au&nbsp;festival.<\/p>\n\n\n\n<div class=\"wp-block-buttons is-content-justification-center is-layout-flex wp-container-core-buttons-is-layout-33595876 wp-block-buttons-is-layout-flex\" style=\"margin-top:var(--wp--preset--spacing--30);margin-bottom:var(--wp--preset--spacing--10)\">\n<div class=\"wp-block-button\"><a class=\"wp-block-button__link wp-element-button\" href=\"#Jour1-AM\">D\u00e9bats du samedi matin<\/a><\/div>\n\n\n\n<div class=\"wp-block-button\"><a class=\"wp-block-button__link wp-element-button\" href=\"#Jour1-PM\">D\u00e9bats du samedi apr\u00e8s-midi<\/a><\/div>\n\n\n\n<div class=\"wp-block-button\"><a class=\"wp-block-button__link wp-element-button\" href=\"#Jour2-AM\">D\u00e9bats du dimanche matin<\/a><\/div>\n\n\n\n<div class=\"wp-block-button\"><a class=\"wp-block-button__link wp-element-button\" href=\"#Jour2-PM\">D\u00e9bats du dimanche apr\u00e8s-midi<\/a><\/div>\n<\/div>\n\n\n\n<div id=\"Jour1-AM\" class=\"wp-block-group is-vertical is-content-justification-center is-layout-flex wp-container-core-group-is-layout-826aae17 wp-block-group-is-layout-flex\" style=\"margin-top:var(--wp--preset--spacing--20);margin-bottom:var(--wp--preset--spacing--20)\">\n<p class=\"has-bricolage-grotesque-font-family has-large-font-size\" style=\"font-style:normal;font-weight:400\">Samedi 8 f\u00e9vrier 2025<\/p>\n\n\n\n<hr class=\"wp-block-separator has-alpha-channel-opacity is-style-default\" style=\"margin-top:0;margin-bottom:0\"\/>\n<\/div>\n\n\n\n<div class=\"wp-block-group has-background is-vertical is-layout-flex wp-container-core-group-is-layout-c75f440b wp-block-group-is-layout-flex\" style=\"border-radius:14px;background-color:#ffffff;margin-top:var(--wp--preset--spacing--20);margin-bottom:var(--wp--preset--spacing--20);padding-top:var(--wp--preset--spacing--10);padding-right:var(--wp--preset--spacing--10);padding-bottom:var(--wp--preset--spacing--10);padding-left:var(--wp--preset--spacing--10)\">\n<div class=\"wp-block-cover is-light has-custom-content-position is-position-bottom-center wp-duotone-111111-rgb44107109-1\" style=\"border-radius:7px;padding-top:var(--wp--preset--spacing--20);padding-right:var(--wp--preset--spacing--30);padding-bottom:var(--wp--preset--spacing--20);padding-left:var(--wp--preset--spacing--30);min-height:285px;aspect-ratio:unset;\"><span aria-hidden=\"true\" class=\"wp-block-cover__background has-background-dim-0 has-background-dim\" style=\"background-color:#838482\"><\/span><img loading=\"lazy\" decoding=\"async\" width=\"1200\" height=\"675\" class=\"wp-block-cover__image-background wp-image-3867\" alt=\"\" src=\"https:\/\/festival.cyclo-camping.international\/2025\/wp-content\/uploads\/sites\/3\/2024\/12\/Train-AF3V-2.jpg\" data-object-fit=\"cover\" srcset=\"https:\/\/festival.cyclo-camping.international\/2025\/wp-content\/uploads\/sites\/3\/2024\/12\/Train-AF3V-2.jpg 1200w, https:\/\/festival.cyclo-camping.international\/2025\/wp-content\/uploads\/sites\/3\/2024\/12\/Train-AF3V-2-300x169.jpg 300w, https:\/\/festival.cyclo-camping.international\/2025\/wp-content\/uploads\/sites\/3\/2024\/12\/Train-AF3V-2-1024x576.jpg 1024w, https:\/\/festival.cyclo-camping.international\/2025\/wp-content\/uploads\/sites\/3\/2024\/12\/Train-AF3V-2-768x432.jpg 768w\" sizes=\"auto, (max-width: 1200px) 100vw, 1200px\" \/><div class=\"wp-block-cover__inner-container is-layout-flow wp-container-core-cover-is-layout-ade1e76d wp-block-cover-is-layout-flow\">\n<p class=\"has-text-align-center has-base-2-color has-text-color has-link-color wp-elements-b8a164a3378e29f02438d3d78c2e6243\" style=\"font-size:clamp(0.875rem, 0.875rem + ((1vw - 0.2rem) * 0.208), 1rem);letter-spacing:0.13rem;text-transform:uppercase\"><strong>\u00c9change<\/strong><\/p>\n\n\n\n<h3 class=\"wp-block-heading has-text-align-center is-style-default has-contrast-3-color has-text-color has-link-color has-large-font-size wp-elements-5a2651c574513ea359e260eb3ab13aec\" style=\"border-style:none;border-width:0px;font-style:normal;font-weight:700;letter-spacing:0.5px\">Transporter son v\u00e9lo et ses bagages en train, en&nbsp;France et en&nbsp;Europe<\/h3>\n\n\n\n<p class=\"has-text-align-center has-base-2-color has-text-color has-link-color wp-elements-0592686eafa44ed91d2c752e8d192c65\">Pr\u00e9parez votre Trip \u00e0 v\u00e9lo bas carbone en duo avec le train<\/p>\n\n\n\n<div class=\"wp-block-group is-content-justification-center is-layout-flex wp-container-core-group-is-layout-c2d391de wp-block-group-is-layout-flex\" style=\"margin-top:var(--wp--preset--spacing--10);margin-bottom:0;padding-top:0;padding-right:0;padding-bottom:0;padding-left:0\">\n<div class=\"wp-block-group has-contrast-2-color has-accent-background-color has-text-color has-background has-link-color has-small-font-size wp-elements-339061f5a7a13a3bd71d2db3a86cb56b is-layout-flex wp-block-group-is-layout-flex\" style=\"border-style:none;border-width:0px;border-radius:0.5rem;padding-top:0.5rem;padding-right:var(--wp--preset--spacing--10);padding-bottom:0.5rem;padding-left:var(--wp--preset--spacing--10)\">\n<p class=\"has-text-align-center has-body-font-family\" style=\"padding-top:0;padding-right:0;padding-bottom:0;padding-left:0;font-size:clamp(0.875rem, 0.875rem + ((1vw - 0.2rem) * 0.042), 0.9rem);font-style:normal;font-weight:300;letter-spacing:0.025rem\"><strong>Samedi<\/strong><\/p>\n<\/div>\n\n\n\n<div class=\"wp-block-group has-contrast-2-color has-accent-background-color has-text-color has-background has-link-color has-small-font-size wp-elements-0202b2be5aceb61ef04dd7eb507fafd0 is-layout-flex wp-block-group-is-layout-flex\" style=\"border-style:none;border-width:0px;border-radius:0.5rem;padding-top:0.5rem;padding-right:var(--wp--preset--spacing--10);padding-bottom:0.5rem;padding-left:var(--wp--preset--spacing--10)\">\n<p class=\"has-text-align-center has-body-font-family\" style=\"padding-top:0;padding-right:0;padding-bottom:0;padding-left:0;font-size:clamp(0.875rem, 0.875rem + ((1vw - 0.2rem) * 0.042), 0.9rem);font-style:normal;font-weight:300;letter-spacing:0.025rem\"><strong>10h30 \u2013 12h<\/strong><\/p>\n<\/div>\n\n\n\n<div class=\"wp-block-group has-contrast-2-color has-accent-background-color has-text-color has-background has-link-color has-small-font-size wp-elements-2b294cbd5ab1c9384c62432e9066e05a is-layout-flex wp-block-group-is-layout-flex\" style=\"border-style:none;border-width:0px;border-radius:0.5rem;padding-top:0.5rem;padding-right:var(--wp--preset--spacing--10);padding-bottom:0.5rem;padding-left:var(--wp--preset--spacing--10)\">\n<p class=\"has-body-font-family\" style=\"padding-top:0;padding-right:0;padding-bottom:0;padding-left:0;font-size:clamp(0.875rem, 0.875rem + ((1vw - 0.2rem) * 0.042), 0.9rem);font-style:normal;font-weight:300;letter-spacing:0.025rem\"><strong>PCC, amphi B<\/strong><\/p>\n<\/div>\n<\/div>\n<\/div><\/div>\n\n\n\n<p>Si&nbsp; vous souhaitez d\u00e9carboner votre trip \u00e0 v\u00e9lo, le Duo v\u00e9lo-train la bonne solution.<\/p>\n\n\n\n<p>Certes vous pouvez prendre le train et louer un v\u00e9lo \u00e0 votre arriv\u00e9e, pour un itin\u00e9raire en boucle, ou opter pour une solution One Way, en ne vous occupant pas du retour. <\/p>\n\n\n\n<p>Mais aussi partir et\/ou revenir avec votre v\u00e9lo dans le train. Mais attention au plan gal\u00e8re ! Si vous voyagez un jour de forte affluence ou si vous oubliez de r\u00e9server une place v\u00e9lo (parfois obligatoire). Les conditions pouvant varier selon les r\u00e9gions.<\/p>\n\n\n\n<div class=\"wp-block-group is-layout-flex wp-container-core-group-is-layout-2790ddc5 wp-block-group-is-layout-flex\" style=\"margin-top:0;margin-bottom:0;padding-top:0;padding-bottom:0\">\n<p class=\"has-text-align-left\" style=\"font-size:0.8rem;letter-spacing:0.0625rem;text-transform:uppercase\"><strong>Intervenants<\/strong> : <\/p>\n\n\n\n<p class=\"has-text-align-left has-small-font-size\">Armand Portaz et Brunaud Devillard<\/p>\n<\/div>\n\n\n\n<div class=\"wp-block-group is-layout-flex wp-container-core-group-is-layout-2790ddc5 wp-block-group-is-layout-flex\" style=\"margin-top:0;margin-bottom:0;padding-top:0;padding-bottom:0\">\n<p class=\"has-text-align-left\" style=\"font-size:0.8rem;letter-spacing:0.0625rem;text-transform:uppercase\"><strong>animation<\/strong> : <\/p>\n\n\n\n<p class=\"has-text-align-left has-small-font-size\">Fran\u00e7ois Pr\u00e9tot<\/p>\n<\/div>\n\n\n\n<div class=\"wp-block-group is-nowrap is-layout-flex wp-container-core-group-is-layout-18ffa439 wp-block-group-is-layout-flex\" style=\"margin-top:0;margin-bottom:0;padding-top:0;padding-bottom:0\">\n<p class=\"has-text-align-left\" style=\"font-size:0.8rem;letter-spacing:0.0625rem;text-transform:uppercase\"><strong>dur\u00e9e<\/strong> : <\/p>\n\n\n\n<p class=\"has-text-align-left has-small-font-size\">1h30<\/p>\n<\/div>\n\n\n\n<div class=\"wp-block-columns is-layout-flex wp-container-core-columns-is-layout-28f84493 wp-block-columns-is-layout-flex\">\n<div class=\"wp-block-column is-layout-flow wp-block-column-is-layout-flow\" style=\"flex-basis:50%\">\n<div class=\"wp-block-group is-vertical is-layout-flex wp-container-core-group-is-layout-861f1e4f wp-block-group-is-layout-flex\">\n<p class=\"has-small-font-size\"><strong><strong>Armand Portaz<\/strong><\/strong>&nbsp;: Administrateur et r\u00e9f\u00e9rent intermobilit\u00e9 de l&rsquo;<a href=\"https:\/\/www.af3v.org\/\">AF3V<\/a><\/p>\n\n\n\n<ul class=\"wp-block-social-links is-layout-flex wp-block-social-links-is-layout-flex\"><li class=\"wp-social-link wp-social-link-facebook  wp-block-social-link\"><a href=\"https:\/\/www.facebook.com\/profile.php?id=100017803777612\" class=\"wp-block-social-link-anchor\"><svg width=\"24\" height=\"24\" viewBox=\"0 0 24 24\" version=\"1.1\" xmlns=\"http:\/\/www.w3.org\/2000\/svg\" aria-hidden=\"true\" focusable=\"false\"><path d=\"M12 2C6.5 2 2 6.5 2 12c0 5 3.7 9.1 8.4 9.9v-7H7.9V12h2.5V9.8c0-2.5 1.5-3.9 3.8-3.9 1.1 0 2.2.2 2.2.2v2.5h-1.3c-1.2 0-1.6.8-1.6 1.6V12h2.8l-.4 2.9h-2.3v7C18.3 21.1 22 17 22 12c0-5.5-4.5-10-10-10z\"><\/path><\/svg><span class=\"wp-block-social-link-label screen-reader-text\">Facebook<\/span><\/a><\/li><\/ul>\n<\/div>\n<\/div>\n\n\n\n<div class=\"wp-block-column is-layout-flow wp-block-column-is-layout-flow\" style=\"flex-basis:50%\">\n<div class=\"wp-block-group is-vertical is-layout-flex wp-container-core-group-is-layout-861f1e4f wp-block-group-is-layout-flex\">\n<p class=\"has-small-font-size\"><strong>Brunaud Devillard<\/strong>&nbsp;: Cyclo-randonneur en France et en Europe, contributeur au Manuel du Voyage \u00e0 V\u00e9lo, concepteur du site RandoCamping. D\u00e9l\u00e9gu\u00e9 <a href=\"https:\/\/www.af3v.org\/\" target=\"_blank\" rel=\"noreferrer noopener\">AF3V<\/a> du Loiret.<\/p>\n\n\n\n<ul class=\"wp-block-social-links is-layout-flex wp-block-social-links-is-layout-flex\"><li class=\"wp-social-link wp-social-link-facebook  wp-block-social-link\"><a href=\"https:\/\/www.facebook.com\/profile.php?id=100009263718306\" class=\"wp-block-social-link-anchor\"><svg width=\"24\" height=\"24\" viewBox=\"0 0 24 24\" version=\"1.1\" xmlns=\"http:\/\/www.w3.org\/2000\/svg\" aria-hidden=\"true\" focusable=\"false\"><path d=\"M12 2C6.5 2 2 6.5 2 12c0 5 3.7 9.1 8.4 9.9v-7H7.9V12h2.5V9.8c0-2.5 1.5-3.9 3.8-3.9 1.1 0 2.2.2 2.2.2v2.5h-1.3c-1.2 0-1.6.8-1.6 1.6V12h2.8l-.4 2.9h-2.3v7C18.3 21.1 22 17 22 12c0-5.5-4.5-10-10-10z\"><\/path><\/svg><span class=\"wp-block-social-link-label screen-reader-text\">Facebook<\/span><\/a><\/li><\/ul>\n<\/div>\n<\/div>\n<\/div>\n\n\n\n<p class=\"has-small-font-size\"><strong>Fran\u00e7ois Pr\u00e9tot<\/strong>&nbsp;: \u00ab papa solo \u00bb depuis une dizaine d\u2019ann\u00e9es, il part r\u00e9guli\u00e8rement pour des balades de quelques jours avec sa fille Ma\u00eblle (18 ans) et ce, depuis son plus jeune \u00e2ge.<\/p>\n<\/div>\n\n\n\n<div class=\"wp-block-group has-background is-vertical is-content-justification-stretch is-layout-flex wp-container-core-group-is-layout-b8843d33 wp-block-group-is-layout-flex\" style=\"border-radius:14px;background-color:#ffffff;margin-top:var(--wp--preset--spacing--20);margin-bottom:var(--wp--preset--spacing--20);padding-top:var(--wp--preset--spacing--10);padding-right:var(--wp--preset--spacing--10);padding-bottom:var(--wp--preset--spacing--10);padding-left:var(--wp--preset--spacing--10)\">\n<div class=\"wp-block-cover is-light has-custom-content-position is-position-bottom-center wp-duotone-111111-rgb44107109-2\" style=\"border-radius:7px;padding-top:var(--wp--preset--spacing--20);padding-right:var(--wp--preset--spacing--30);padding-bottom:var(--wp--preset--spacing--20);padding-left:var(--wp--preset--spacing--30);min-height:285px;aspect-ratio:unset;\"><span aria-hidden=\"true\" class=\"wp-block-cover__background has-background-dim-0 has-background-dim\" style=\"background-color:#818cb7\"><\/span><img decoding=\"async\" class=\"wp-block-cover__image-background wp-image-3300\" alt=\"\" src=\"https:\/\/festival.cyclo-camping.international\/2025\/wp-content\/uploads\/sites\/3\/2024\/12\/Bourse-Mattis-Leger.jpg\" style=\"object-position:90% 100%\" data-object-fit=\"cover\" data-object-position=\"90% 100%\"\/><div class=\"wp-block-cover__inner-container is-layout-flow wp-container-core-cover-is-layout-ade1e76d wp-block-cover-is-layout-flow\">\n<p class=\"has-text-align-center has-base-2-color has-text-color has-link-color wp-elements-4b6f6dd6cdb241b2ac4c3cba9e627ec5\" style=\"font-size:clamp(0.875rem, 0.875rem + ((1vw - 0.2rem) * 0.208), 1rem);letter-spacing:0.13rem;text-transform:uppercase\"><strong><strong>\u00c9change<\/strong><\/strong><\/p>\n\n\n\n<h3 class=\"wp-block-heading has-text-align-center is-style-default has-contrast-3-color has-text-color has-link-color has-large-font-size wp-elements-72a4ba4198af564b4aa00cf053df511d\" style=\"border-style:none;border-width:0px;font-style:normal;font-weight:700;letter-spacing:0.5px\">Les gagnants de la Bourse<\/h3>\n\n\n\n<div class=\"wp-block-group is-content-justification-center is-layout-flex wp-container-core-group-is-layout-c2d391de wp-block-group-is-layout-flex\" style=\"margin-top:var(--wp--preset--spacing--10);margin-bottom:0;padding-top:0;padding-right:0;padding-bottom:0;padding-left:0\">\n<div class=\"wp-block-group has-contrast-2-color has-accent-background-color has-text-color has-background has-link-color has-small-font-size wp-elements-339061f5a7a13a3bd71d2db3a86cb56b is-layout-flex wp-block-group-is-layout-flex\" style=\"border-style:none;border-width:0px;border-radius:0.5rem;padding-top:0.5rem;padding-right:var(--wp--preset--spacing--10);padding-bottom:0.5rem;padding-left:var(--wp--preset--spacing--10)\">\n<p class=\"has-text-align-center has-body-font-family\" style=\"padding-top:0;padding-right:0;padding-bottom:0;padding-left:0;font-size:clamp(0.875rem, 0.875rem + ((1vw - 0.2rem) * 0.042), 0.9rem);font-style:normal;font-weight:300;letter-spacing:0.025rem\"><strong>Samedi<\/strong><\/p>\n<\/div>\n\n\n\n<div class=\"wp-block-group has-contrast-2-color has-accent-background-color has-text-color has-background has-link-color has-small-font-size wp-elements-9ede172d28f8ed153f1cad2f2c39d9db is-layout-flex wp-block-group-is-layout-flex\" style=\"border-style:none;border-width:0px;border-radius:0.5rem;padding-top:0.5rem;padding-right:var(--wp--preset--spacing--10);padding-bottom:0.5rem;padding-left:var(--wp--preset--spacing--10)\">\n<p class=\"has-text-align-center has-body-font-family\" style=\"padding-top:0;padding-right:0;padding-bottom:0;padding-left:0;font-size:clamp(0.875rem, 0.875rem + ((1vw - 0.2rem) * 0.042), 0.9rem);font-style:normal;font-weight:300;letter-spacing:0.025rem\"><strong>11h<\/strong><\/p>\n<\/div>\n\n\n\n<div class=\"wp-block-group has-contrast-2-color has-accent-background-color has-text-color has-background has-link-color has-small-font-size wp-elements-da42fb60d7ce88d34d56a213d66c39a4 is-layout-flex wp-block-group-is-layout-flex\" style=\"border-style:none;border-width:0px;border-radius:0.5rem;padding-top:0.5rem;padding-right:var(--wp--preset--spacing--10);padding-bottom:0.5rem;padding-left:var(--wp--preset--spacing--10)\">\n<p class=\"has-body-font-family\" style=\"padding-top:0;padding-right:0;padding-bottom:0;padding-left:0;font-size:clamp(0.875rem, 0.875rem + ((1vw - 0.2rem) * 0.042), 0.9rem);font-style:normal;font-weight:300;letter-spacing:0.025rem\"><strong>PCC, salle C<\/strong><\/p>\n<\/div>\n<\/div>\n<\/div><\/div>\n\n\n\n<p>Fanny et Mattis qui ont obtenu la bourse des jeunes l&rsquo;ann\u00e9e pass\u00e9e. Elles racontent leurs voyages et ce que la bourse leur a apport\u00e9<\/p>\n\n\n\n<div class=\"wp-block-group is-layout-flex wp-container-core-group-is-layout-2790ddc5 wp-block-group-is-layout-flex\" style=\"margin-top:0;margin-bottom:0;padding-top:0;padding-bottom:0\">\n<p class=\"has-text-align-left\" style=\"font-size:0.8rem;letter-spacing:0.0625rem;text-transform:uppercase\"><strong>Intervenants<\/strong> : <\/p>\n\n\n\n<p class=\"has-text-align-left has-contrast-color has-text-color has-link-color has-small-font-size wp-elements-07360af310b5052497ac404e877344cc\">Mattis L\u00e9g\u00e9 et Fanny Riom<\/p>\n<\/div>\n\n\n\n<div class=\"wp-block-group is-layout-flex wp-container-core-group-is-layout-2790ddc5 wp-block-group-is-layout-flex\" style=\"margin-top:0;margin-bottom:0;padding-top:0;padding-bottom:0\">\n<p class=\"has-text-align-left\" style=\"font-size:0.8rem;letter-spacing:0.0625rem;text-transform:uppercase\"><strong>animation<\/strong> : <\/p>\n\n\n\n<p class=\"has-text-align-left has-small-font-size\">Claire Carvallo<\/p>\n<\/div>\n\n\n\n<div class=\"wp-block-group is-nowrap is-layout-flex wp-container-core-group-is-layout-18ffa439 wp-block-group-is-layout-flex\" style=\"margin-top:0;margin-bottom:0;padding-top:0;padding-bottom:0\">\n<p class=\"has-text-align-left\" style=\"font-size:0.8rem;letter-spacing:0.0625rem;text-transform:uppercase\"><strong>dur\u00e9e<\/strong> : <\/p>\n\n\n\n<p class=\"has-text-align-left has-small-font-size\">1h<\/p>\n<\/div>\n\n\n\n<div class=\"wp-block-columns is-layout-flex wp-container-core-columns-is-layout-28f84493 wp-block-columns-is-layout-flex\">\n<div class=\"wp-block-column is-layout-flow wp-container-core-column-is-layout-60bd152f wp-block-column-is-layout-flow\" style=\"flex-basis:50%\">\n<p class=\"has-small-font-size\"><strong>Fanny Riom<\/strong>&nbsp;: <\/p>\n\n\n\n<ul class=\"wp-block-social-links is-layout-flex wp-block-social-links-is-layout-flex\"><li class=\"wp-social-link wp-social-link-instagram  wp-block-social-link\"><a href=\"https:\/\/www.instagram.com\/fannyriom\/\" class=\"wp-block-social-link-anchor\"><svg width=\"24\" height=\"24\" viewBox=\"0 0 24 24\" version=\"1.1\" xmlns=\"http:\/\/www.w3.org\/2000\/svg\" aria-hidden=\"true\" focusable=\"false\"><path d=\"M12,4.622c2.403,0,2.688,0.009,3.637,0.052c0.877,0.04,1.354,0.187,1.671,0.31c0.42,0.163,0.72,0.358,1.035,0.673 c0.315,0.315,0.51,0.615,0.673,1.035c0.123,0.317,0.27,0.794,0.31,1.671c0.043,0.949,0.052,1.234,0.052,3.637 s-0.009,2.688-0.052,3.637c-0.04,0.877-0.187,1.354-0.31,1.671c-0.163,0.42-0.358,0.72-0.673,1.035 c-0.315,0.315-0.615,0.51-1.035,0.673c-0.317,0.123-0.794,0.27-1.671,0.31c-0.949,0.043-1.233,0.052-3.637,0.052 s-2.688-0.009-3.637-0.052c-0.877-0.04-1.354-0.187-1.671-0.31c-0.42-0.163-0.72-0.358-1.035-0.673 c-0.315-0.315-0.51-0.615-0.673-1.035c-0.123-0.317-0.27-0.794-0.31-1.671C4.631,14.688,4.622,14.403,4.622,12 s0.009-2.688,0.052-3.637c0.04-0.877,0.187-1.354,0.31-1.671c0.163-0.42,0.358-0.72,0.673-1.035 c0.315-0.315,0.615-0.51,1.035-0.673c0.317-0.123,0.794-0.27,1.671-0.31C9.312,4.631,9.597,4.622,12,4.622 M12,3 C9.556,3,9.249,3.01,8.289,3.054C7.331,3.098,6.677,3.25,6.105,3.472C5.513,3.702,5.011,4.01,4.511,4.511 c-0.5,0.5-0.808,1.002-1.038,1.594C3.25,6.677,3.098,7.331,3.054,8.289C3.01,9.249,3,9.556,3,12c0,2.444,0.01,2.751,0.054,3.711 c0.044,0.958,0.196,1.612,0.418,2.185c0.23,0.592,0.538,1.094,1.038,1.594c0.5,0.5,1.002,0.808,1.594,1.038 c0.572,0.222,1.227,0.375,2.185,0.418C9.249,20.99,9.556,21,12,21s2.751-0.01,3.711-0.054c0.958-0.044,1.612-0.196,2.185-0.418 c0.592-0.23,1.094-0.538,1.594-1.038c0.5-0.5,0.808-1.002,1.038-1.594c0.222-0.572,0.375-1.227,0.418-2.185 C20.99,14.751,21,14.444,21,12s-0.01-2.751-0.054-3.711c-0.044-0.958-0.196-1.612-0.418-2.185c-0.23-0.592-0.538-1.094-1.038-1.594 c-0.5-0.5-1.002-0.808-1.594-1.038c-0.572-0.222-1.227-0.375-2.185-0.418C14.751,3.01,14.444,3,12,3L12,3z M12,7.378 c-2.552,0-4.622,2.069-4.622,4.622S9.448,16.622,12,16.622s4.622-2.069,4.622-4.622S14.552,7.378,12,7.378z M12,15 c-1.657,0-3-1.343-3-3s1.343-3,3-3s3,1.343,3,3S13.657,15,12,15z M16.804,6.116c-0.596,0-1.08,0.484-1.08,1.08 s0.484,1.08,1.08,1.08c0.596,0,1.08-0.484,1.08-1.08S17.401,6.116,16.804,6.116z\"><\/path><\/svg><span class=\"wp-block-social-link-label screen-reader-text\">Instagram<\/span><\/a><\/li><\/ul>\n<\/div>\n\n\n\n<div class=\"wp-block-column is-layout-flow wp-container-core-column-is-layout-60bd152f wp-block-column-is-layout-flow\" style=\"flex-basis:50%\">\n<p class=\"has-small-font-size\"><strong>Mattis L\u00e9g<\/strong>\u00e9&nbsp;: <\/p>\n\n\n\n<ul class=\"wp-block-social-links is-layout-flex wp-block-social-links-is-layout-flex\"><li class=\"wp-social-link wp-social-link-instagram  wp-block-social-link\"><a href=\"https:\/\/www.instagram.com\/mattis.lg51\/\" class=\"wp-block-social-link-anchor\"><svg width=\"24\" height=\"24\" viewBox=\"0 0 24 24\" version=\"1.1\" xmlns=\"http:\/\/www.w3.org\/2000\/svg\" aria-hidden=\"true\" focusable=\"false\"><path d=\"M12,4.622c2.403,0,2.688,0.009,3.637,0.052c0.877,0.04,1.354,0.187,1.671,0.31c0.42,0.163,0.72,0.358,1.035,0.673 c0.315,0.315,0.51,0.615,0.673,1.035c0.123,0.317,0.27,0.794,0.31,1.671c0.043,0.949,0.052,1.234,0.052,3.637 s-0.009,2.688-0.052,3.637c-0.04,0.877-0.187,1.354-0.31,1.671c-0.163,0.42-0.358,0.72-0.673,1.035 c-0.315,0.315-0.615,0.51-1.035,0.673c-0.317,0.123-0.794,0.27-1.671,0.31c-0.949,0.043-1.233,0.052-3.637,0.052 s-2.688-0.009-3.637-0.052c-0.877-0.04-1.354-0.187-1.671-0.31c-0.42-0.163-0.72-0.358-1.035-0.673 c-0.315-0.315-0.51-0.615-0.673-1.035c-0.123-0.317-0.27-0.794-0.31-1.671C4.631,14.688,4.622,14.403,4.622,12 s0.009-2.688,0.052-3.637c0.04-0.877,0.187-1.354,0.31-1.671c0.163-0.42,0.358-0.72,0.673-1.035 c0.315-0.315,0.615-0.51,1.035-0.673c0.317-0.123,0.794-0.27,1.671-0.31C9.312,4.631,9.597,4.622,12,4.622 M12,3 C9.556,3,9.249,3.01,8.289,3.054C7.331,3.098,6.677,3.25,6.105,3.472C5.513,3.702,5.011,4.01,4.511,4.511 c-0.5,0.5-0.808,1.002-1.038,1.594C3.25,6.677,3.098,7.331,3.054,8.289C3.01,9.249,3,9.556,3,12c0,2.444,0.01,2.751,0.054,3.711 c0.044,0.958,0.196,1.612,0.418,2.185c0.23,0.592,0.538,1.094,1.038,1.594c0.5,0.5,1.002,0.808,1.594,1.038 c0.572,0.222,1.227,0.375,2.185,0.418C9.249,20.99,9.556,21,12,21s2.751-0.01,3.711-0.054c0.958-0.044,1.612-0.196,2.185-0.418 c0.592-0.23,1.094-0.538,1.594-1.038c0.5-0.5,0.808-1.002,1.038-1.594c0.222-0.572,0.375-1.227,0.418-2.185 C20.99,14.751,21,14.444,21,12s-0.01-2.751-0.054-3.711c-0.044-0.958-0.196-1.612-0.418-2.185c-0.23-0.592-0.538-1.094-1.038-1.594 c-0.5-0.5-1.002-0.808-1.594-1.038c-0.572-0.222-1.227-0.375-2.185-0.418C14.751,3.01,14.444,3,12,3L12,3z M12,7.378 c-2.552,0-4.622,2.069-4.622,4.622S9.448,16.622,12,16.622s4.622-2.069,4.622-4.622S14.552,7.378,12,7.378z M12,15 c-1.657,0-3-1.343-3-3s1.343-3,3-3s3,1.343,3,3S13.657,15,12,15z M16.804,6.116c-0.596,0-1.08,0.484-1.08,1.08 s0.484,1.08,1.08,1.08c0.596,0,1.08-0.484,1.08-1.08S17.401,6.116,16.804,6.116z\"><\/path><\/svg><span class=\"wp-block-social-link-label screen-reader-text\">Instagram<\/span><\/a><\/li><\/ul>\n<\/div>\n<\/div>\n\n\n\n<p class=\"has-small-font-size\"><strong>Claire Carvallo<\/strong>&nbsp;: Membre du jury de la Bourse Jeune Voyageur-euse de CCI depuis plusieurs ann\u00e9es. Elle voyage \u00e0 v\u00e9lo r\u00e9guli\u00e8rement en France comme en Europe ou m\u00eame un peu plus loin.<\/p>\n\n\n\n<ul class=\"wp-block-social-links is-layout-flex wp-block-social-links-is-layout-flex\"><li class=\"wp-social-link wp-social-link-facebook  wp-block-social-link\"><a href=\"https:\/\/www.facebook.com\/claire.delune.5836\" class=\"wp-block-social-link-anchor\"><svg width=\"24\" height=\"24\" viewBox=\"0 0 24 24\" version=\"1.1\" xmlns=\"http:\/\/www.w3.org\/2000\/svg\" aria-hidden=\"true\" focusable=\"false\"><path d=\"M12 2C6.5 2 2 6.5 2 12c0 5 3.7 9.1 8.4 9.9v-7H7.9V12h2.5V9.8c0-2.5 1.5-3.9 3.8-3.9 1.1 0 2.2.2 2.2.2v2.5h-1.3c-1.2 0-1.6.8-1.6 1.6V12h2.8l-.4 2.9h-2.3v7C18.3 21.1 22 17 22 12c0-5.5-4.5-10-10-10z\"><\/path><\/svg><span class=\"wp-block-social-link-label screen-reader-text\">Facebook<\/span><\/a><\/li><\/ul>\n<\/div>\n\n\n\n<div id=\"Jour1-PM\" class=\"wp-block-group has-background is-vertical is-content-justification-stretch is-layout-flex wp-container-core-group-is-layout-b8843d33 wp-block-group-is-layout-flex\" style=\"border-radius:14px;background-color:#ffffff;margin-top:var(--wp--preset--spacing--20);margin-bottom:var(--wp--preset--spacing--20);padding-top:var(--wp--preset--spacing--10);padding-right:var(--wp--preset--spacing--10);padding-bottom:var(--wp--preset--spacing--10);padding-left:var(--wp--preset--spacing--10)\">\n<div class=\"wp-block-cover is-light has-custom-content-position is-position-bottom-center wp-duotone-111111-rgb44107109-3\" style=\"border-radius:7px;padding-top:var(--wp--preset--spacing--20);padding-right:var(--wp--preset--spacing--30);padding-bottom:var(--wp--preset--spacing--20);padding-left:var(--wp--preset--spacing--30);min-height:285px;aspect-ratio:unset;\"><span aria-hidden=\"true\" class=\"wp-block-cover__background has-background-dim-0 has-background-dim\" style=\"background-color:#bbc2c9\"><\/span><img loading=\"lazy\" decoding=\"async\" width=\"426\" height=\"300\" class=\"wp-block-cover__image-background wp-image-3299\" alt=\"\" src=\"https:\/\/festival.cyclo-camping.international\/2025\/wp-content\/uploads\/sites\/3\/2024\/12\/Rando-Camping-2.jpg\" style=\"object-position:4% 4%\" data-object-fit=\"cover\" data-object-position=\"4% 4%\" srcset=\"https:\/\/festival.cyclo-camping.international\/2025\/wp-content\/uploads\/sites\/3\/2024\/12\/Rando-Camping-2.jpg 426w, https:\/\/festival.cyclo-camping.international\/2025\/wp-content\/uploads\/sites\/3\/2024\/12\/Rando-Camping-2-300x211.jpg 300w\" sizes=\"auto, (max-width: 426px) 100vw, 426px\" \/><div class=\"wp-block-cover__inner-container is-layout-flow wp-container-core-cover-is-layout-ade1e76d wp-block-cover-is-layout-flow\">\n<p class=\"has-text-align-center has-base-2-color has-text-color has-link-color wp-elements-3deb699de1646658896f54784c756e2d\" style=\"font-size:clamp(0.875rem, 0.875rem + ((1vw - 0.2rem) * 0.208), 1rem);letter-spacing:0.13rem;text-transform:uppercase\"><strong>Atelier<\/strong><\/p>\n\n\n\n<h3 class=\"wp-block-heading has-text-align-center is-style-default has-contrast-3-color has-text-color has-link-color has-large-font-size wp-elements-f367c9e82c39dac7e574b8dc1636c4e9\" style=\"border-style:none;border-width:0px;font-style:normal;font-weight:700;letter-spacing:0.5px\">Pr\u00e9sentation du site RandoCamping<\/h3>\n\n\n\n<div class=\"wp-block-group is-content-justification-center is-layout-flex wp-container-core-group-is-layout-c2d391de wp-block-group-is-layout-flex\" style=\"margin-top:var(--wp--preset--spacing--10);margin-bottom:0;padding-top:0;padding-right:0;padding-bottom:0;padding-left:0\">\n<div class=\"wp-block-group has-contrast-2-color has-accent-background-color has-text-color has-background has-link-color has-small-font-size wp-elements-339061f5a7a13a3bd71d2db3a86cb56b is-layout-flex wp-block-group-is-layout-flex\" style=\"border-style:none;border-width:0px;border-radius:0.5rem;padding-top:0.5rem;padding-right:var(--wp--preset--spacing--10);padding-bottom:0.5rem;padding-left:var(--wp--preset--spacing--10)\">\n<p class=\"has-text-align-center has-body-font-family\" style=\"padding-top:0;padding-right:0;padding-bottom:0;padding-left:0;font-size:clamp(0.875rem, 0.875rem + ((1vw - 0.2rem) * 0.042), 0.9rem);font-style:normal;font-weight:300;letter-spacing:0.025rem\"><strong>Samedi<\/strong><\/p>\n<\/div>\n\n\n\n<div class=\"wp-block-group has-contrast-2-color has-accent-background-color has-text-color has-background has-link-color has-small-font-size wp-elements-598566e99f55c400847f4722d80545b5 is-layout-flex wp-block-group-is-layout-flex\" style=\"border-style:none;border-width:0px;border-radius:0.5rem;padding-top:0.5rem;padding-right:var(--wp--preset--spacing--10);padding-bottom:0.5rem;padding-left:var(--wp--preset--spacing--10)\">\n<p class=\"has-text-align-center has-body-font-family\" style=\"padding-top:0;padding-right:0;padding-bottom:0;padding-left:0;font-size:clamp(0.875rem, 0.875rem + ((1vw - 0.2rem) * 0.042), 0.9rem);font-style:normal;font-weight:300;letter-spacing:0.025rem\"><strong>12h30<\/strong><\/p>\n<\/div>\n\n\n\n<div class=\"wp-block-group has-contrast-2-color has-accent-background-color has-text-color has-background has-link-color has-small-font-size wp-elements-da42fb60d7ce88d34d56a213d66c39a4 is-layout-flex wp-block-group-is-layout-flex\" style=\"border-style:none;border-width:0px;border-radius:0.5rem;padding-top:0.5rem;padding-right:var(--wp--preset--spacing--10);padding-bottom:0.5rem;padding-left:var(--wp--preset--spacing--10)\">\n<p class=\"has-body-font-family\" style=\"padding-top:0;padding-right:0;padding-bottom:0;padding-left:0;font-size:clamp(0.875rem, 0.875rem + ((1vw - 0.2rem) * 0.042), 0.9rem);font-style:normal;font-weight:300;letter-spacing:0.025rem\"><strong>PCC, salle C<\/strong><\/p>\n<\/div>\n<\/div>\n<\/div><\/div>\n\n\n\n<p>\u00c0 v\u00e9lo, \u00e0 pied\u2026<br>Le site pour pr\u00e9parer vos itin\u00e9rances : une carte interactive pour rep\u00e9rer un h\u00e9bergement d&rsquo;\u00e9tape, une gare ou planifier un itin\u00e9raire en France !<br>Brunaud pr\u00e9sentera la nouvelle version du site.<\/p>\n\n\n\n<div class=\"wp-block-group is-vertical is-content-justification-left is-layout-flex wp-container-core-group-is-layout-32c97487 wp-block-group-is-layout-flex\" style=\"padding-right:0;padding-left:0\">\n<div class=\"wp-block-columns is-not-stacked-on-mobile is-layout-flex wp-container-core-columns-is-layout-28f84493 wp-block-columns-is-layout-flex\">\n<div class=\"wp-block-column is-layout-flow wp-block-column-is-layout-flow\">\n<ul class=\"wp-block-social-links is-layout-flex wp-block-social-links-is-layout-flex\"><li class=\"wp-social-link wp-social-link-chain  wp-block-social-link\"><a href=\"https:\/\/randocamping.touteslatitudes.fr\/\" class=\"wp-block-social-link-anchor\"><svg width=\"24\" height=\"24\" viewBox=\"0 0 24 24\" version=\"1.1\" xmlns=\"http:\/\/www.w3.org\/2000\/svg\" aria-hidden=\"true\" focusable=\"false\"><path d=\"M15.6,7.2H14v1.5h1.6c2,0,3.7,1.7,3.7,3.7s-1.7,3.7-3.7,3.7H14v1.5h1.6c2.8,0,5.2-2.3,5.2-5.2,0-2.9-2.3-5.2-5.2-5.2zM4.7,12.4c0-2,1.7-3.7,3.7-3.7H10V7.2H8.4c-2.9,0-5.2,2.3-5.2,5.2,0,2.9,2.3,5.2,5.2,5.2H10v-1.5H8.4c-2,0-3.7-1.7-3.7-3.7zm4.6.9h5.3v-1.5H9.3v1.5z\"><\/path><\/svg><span class=\"wp-block-social-link-label screen-reader-text\">Lien<\/span><\/a><\/li><\/ul>\n<\/div>\n\n\n\n<div class=\"wp-block-column is-layout-flow wp-block-column-is-layout-flow\">\n<ul class=\"wp-block-social-links is-layout-flex wp-block-social-links-is-layout-flex\"><li class=\"wp-social-link wp-social-link-facebook  wp-block-social-link\"><a href=\"https:\/\/www.facebook.com\/people\/RandoCamping\/61557491556061\" class=\"wp-block-social-link-anchor\"><svg width=\"24\" height=\"24\" viewBox=\"0 0 24 24\" version=\"1.1\" xmlns=\"http:\/\/www.w3.org\/2000\/svg\" aria-hidden=\"true\" focusable=\"false\"><path d=\"M12 2C6.5 2 2 6.5 2 12c0 5 3.7 9.1 8.4 9.9v-7H7.9V12h2.5V9.8c0-2.5 1.5-3.9 3.8-3.9 1.1 0 2.2.2 2.2.2v2.5h-1.3c-1.2 0-1.6.8-1.6 1.6V12h2.8l-.4 2.9h-2.3v7C18.3 21.1 22 17 22 12c0-5.5-4.5-10-10-10z\"><\/path><\/svg><span class=\"wp-block-social-link-label screen-reader-text\">Facebook<\/span><\/a><\/li><\/ul>\n<\/div>\n\n\n\n<div class=\"wp-block-column is-layout-flow wp-block-column-is-layout-flow\">\n<ul class=\"wp-block-social-links is-layout-flex wp-block-social-links-is-layout-flex\"><li class=\"wp-social-link wp-social-link-instagram  wp-block-social-link\"><a href=\"https:\/\/www.instagram.com\/touteslatitudes\/\" class=\"wp-block-social-link-anchor\"><svg width=\"24\" height=\"24\" viewBox=\"0 0 24 24\" version=\"1.1\" xmlns=\"http:\/\/www.w3.org\/2000\/svg\" aria-hidden=\"true\" focusable=\"false\"><path d=\"M12,4.622c2.403,0,2.688,0.009,3.637,0.052c0.877,0.04,1.354,0.187,1.671,0.31c0.42,0.163,0.72,0.358,1.035,0.673 c0.315,0.315,0.51,0.615,0.673,1.035c0.123,0.317,0.27,0.794,0.31,1.671c0.043,0.949,0.052,1.234,0.052,3.637 s-0.009,2.688-0.052,3.637c-0.04,0.877-0.187,1.354-0.31,1.671c-0.163,0.42-0.358,0.72-0.673,1.035 c-0.315,0.315-0.615,0.51-1.035,0.673c-0.317,0.123-0.794,0.27-1.671,0.31c-0.949,0.043-1.233,0.052-3.637,0.052 s-2.688-0.009-3.637-0.052c-0.877-0.04-1.354-0.187-1.671-0.31c-0.42-0.163-0.72-0.358-1.035-0.673 c-0.315-0.315-0.51-0.615-0.673-1.035c-0.123-0.317-0.27-0.794-0.31-1.671C4.631,14.688,4.622,14.403,4.622,12 s0.009-2.688,0.052-3.637c0.04-0.877,0.187-1.354,0.31-1.671c0.163-0.42,0.358-0.72,0.673-1.035 c0.315-0.315,0.615-0.51,1.035-0.673c0.317-0.123,0.794-0.27,1.671-0.31C9.312,4.631,9.597,4.622,12,4.622 M12,3 C9.556,3,9.249,3.01,8.289,3.054C7.331,3.098,6.677,3.25,6.105,3.472C5.513,3.702,5.011,4.01,4.511,4.511 c-0.5,0.5-0.808,1.002-1.038,1.594C3.25,6.677,3.098,7.331,3.054,8.289C3.01,9.249,3,9.556,3,12c0,2.444,0.01,2.751,0.054,3.711 c0.044,0.958,0.196,1.612,0.418,2.185c0.23,0.592,0.538,1.094,1.038,1.594c0.5,0.5,1.002,0.808,1.594,1.038 c0.572,0.222,1.227,0.375,2.185,0.418C9.249,20.99,9.556,21,12,21s2.751-0.01,3.711-0.054c0.958-0.044,1.612-0.196,2.185-0.418 c0.592-0.23,1.094-0.538,1.594-1.038c0.5-0.5,0.808-1.002,1.038-1.594c0.222-0.572,0.375-1.227,0.418-2.185 C20.99,14.751,21,14.444,21,12s-0.01-2.751-0.054-3.711c-0.044-0.958-0.196-1.612-0.418-2.185c-0.23-0.592-0.538-1.094-1.038-1.594 c-0.5-0.5-1.002-0.808-1.594-1.038c-0.572-0.222-1.227-0.375-2.185-0.418C14.751,3.01,14.444,3,12,3L12,3z M12,7.378 c-2.552,0-4.622,2.069-4.622,4.622S9.448,16.622,12,16.622s4.622-2.069,4.622-4.622S14.552,7.378,12,7.378z M12,15 c-1.657,0-3-1.343-3-3s1.343-3,3-3s3,1.343,3,3S13.657,15,12,15z M16.804,6.116c-0.596,0-1.08,0.484-1.08,1.08 s0.484,1.08,1.08,1.08c0.596,0,1.08-0.484,1.08-1.08S17.401,6.116,16.804,6.116z\"><\/path><\/svg><span class=\"wp-block-social-link-label screen-reader-text\">Instagram<\/span><\/a><\/li><\/ul>\n<\/div>\n<\/div>\n<\/div>\n\n\n\n<div class=\"wp-block-group is-layout-flex wp-container-core-group-is-layout-2790ddc5 wp-block-group-is-layout-flex\" style=\"margin-top:0;margin-bottom:0;padding-top:0;padding-bottom:0\">\n<p class=\"has-text-align-left\" style=\"font-size:0.8rem;letter-spacing:0.0625rem;text-transform:uppercase\"><strong>Intervenant<\/strong> : <\/p>\n\n\n\n<p class=\"has-text-align-left has-contrast-color has-text-color has-link-color has-small-font-size wp-elements-71c102a4d71eea95ac82dbb3a5c22645\">Brunaud Devillard <\/p>\n<\/div>\n\n\n\n<div class=\"wp-block-group is-layout-flex wp-container-core-group-is-layout-2790ddc5 wp-block-group-is-layout-flex\" style=\"margin-top:0;margin-bottom:0;padding-top:0;padding-bottom:0\">\n<p class=\"has-text-align-left\" style=\"font-size:0.8rem;letter-spacing:0.0625rem;text-transform:uppercase\"><strong>animation<\/strong> : <\/p>\n\n\n\n<p class=\"has-text-align-left has-small-font-size\">Maguy Favreli\u00e8re<\/p>\n<\/div>\n\n\n\n<div class=\"wp-block-group is-nowrap is-layout-flex wp-container-core-group-is-layout-18ffa439 wp-block-group-is-layout-flex\" style=\"margin-top:0;margin-bottom:0;padding-top:0;padding-bottom:0\">\n<p class=\"has-text-align-left\" style=\"font-size:0.8rem;letter-spacing:0.0625rem;text-transform:uppercase\"><strong>dur\u00e9e<\/strong> : <\/p>\n\n\n\n<p class=\"has-text-align-left has-small-font-size\">1h<\/p>\n<\/div>\n\n\n\n<div class=\"wp-block-group is-vertical is-layout-flex wp-container-core-group-is-layout-861f1e4f wp-block-group-is-layout-flex\">\n<p class=\"has-small-font-size\"><strong>Brunaud Devillard<\/strong>&nbsp;: Cyclo-randonneur en France et en Europe, contributeur au Manuel du Voyage \u00e0 V\u00e9lo, concepteur du site RandoCamping. D\u00e9l\u00e9gu\u00e9 <a href=\"https:\/\/www.af3v.org\/\" target=\"_blank\" rel=\"noreferrer noopener\">AF3V<\/a> du Loiret.<\/p>\n\n\n\n<ul class=\"wp-block-social-links is-layout-flex wp-block-social-links-is-layout-flex\"><li class=\"wp-social-link wp-social-link-facebook  wp-block-social-link\"><a href=\"https:\/\/www.facebook.com\/profile.php?id=100009263718306\" class=\"wp-block-social-link-anchor\"><svg width=\"24\" height=\"24\" viewBox=\"0 0 24 24\" version=\"1.1\" xmlns=\"http:\/\/www.w3.org\/2000\/svg\" aria-hidden=\"true\" focusable=\"false\"><path d=\"M12 2C6.5 2 2 6.5 2 12c0 5 3.7 9.1 8.4 9.9v-7H7.9V12h2.5V9.8c0-2.5 1.5-3.9 3.8-3.9 1.1 0 2.2.2 2.2.2v2.5h-1.3c-1.2 0-1.6.8-1.6 1.6V12h2.8l-.4 2.9h-2.3v7C18.3 21.1 22 17 22 12c0-5.5-4.5-10-10-10z\"><\/path><\/svg><span class=\"wp-block-social-link-label screen-reader-text\">Facebook<\/span><\/a><\/li><\/ul>\n<\/div>\n\n\n\n<p class=\"has-small-font-size\"><strong>Maguy Favreli\u00e8re<\/strong>&nbsp;: <em>CCIste Angevine<\/em><\/p>\n\n\n\n<p class=\"has-small-font-size\"><em>Active dans un groupe de cyclorandonneurs angevins avec pour objectifs d&rsquo;organiser des rencontres, des \u00e9changes et pr\u00e9sentations des p\u00e9riples r\u00e9alis\u00e9s (ou projets \u00e0 venir), et proposer \u00e9galement des sorties \u00e0 v\u00e9los&#8230; dans le 49.<\/em><\/p>\n\n\n\n<ul class=\"wp-block-social-links is-layout-flex wp-block-social-links-is-layout-flex\"><li class=\"wp-social-link wp-social-link-facebook  wp-block-social-link\"><a href=\"https:\/\/www.facebook.com\/profile.php?id=100014466195687\" class=\"wp-block-social-link-anchor\"><svg width=\"24\" height=\"24\" viewBox=\"0 0 24 24\" version=\"1.1\" xmlns=\"http:\/\/www.w3.org\/2000\/svg\" aria-hidden=\"true\" focusable=\"false\"><path d=\"M12 2C6.5 2 2 6.5 2 12c0 5 3.7 9.1 8.4 9.9v-7H7.9V12h2.5V9.8c0-2.5 1.5-3.9 3.8-3.9 1.1 0 2.2.2 2.2.2v2.5h-1.3c-1.2 0-1.6.8-1.6 1.6V12h2.8l-.4 2.9h-2.3v7C18.3 21.1 22 17 22 12c0-5.5-4.5-10-10-10z\"><\/path><\/svg><span class=\"wp-block-social-link-label screen-reader-text\">Facebook<\/span><\/a><\/li><\/ul>\n\n\n\n<p class=\"has-text-align-center has-contrast-2-color has-text-color has-link-color has-small-font-size wp-elements-80ef48da4621ffcc85d03ecf4ccf5152\" style=\"letter-spacing:0.02rem\"><em>Cet atelier aura aussi lieu dimanche \u00e0 11h<\/em><\/p>\n<\/div>\n\n\n\n<div class=\"wp-block-group has-background is-vertical is-layout-flex wp-container-core-group-is-layout-c75f440b wp-block-group-is-layout-flex\" style=\"border-radius:14px;background-color:#ffffff;margin-top:var(--wp--preset--spacing--20);margin-bottom:var(--wp--preset--spacing--20);padding-top:var(--wp--preset--spacing--10);padding-right:var(--wp--preset--spacing--10);padding-bottom:var(--wp--preset--spacing--10);padding-left:var(--wp--preset--spacing--10)\">\n<div class=\"wp-block-cover is-light has-custom-content-position is-position-bottom-center wp-duotone-111111-rgb44107109-4\" style=\"border-radius:7px;padding-top:var(--wp--preset--spacing--20);padding-right:var(--wp--preset--spacing--30);padding-bottom:var(--wp--preset--spacing--20);padding-left:var(--wp--preset--spacing--30);min-height:285px;aspect-ratio:unset;\"><span aria-hidden=\"true\" class=\"wp-block-cover__background has-background-dim-0 has-background-dim\"><\/span><img loading=\"lazy\" decoding=\"async\" width=\"1200\" height=\"675\" class=\"wp-block-cover__image-background wp-image-257\" alt=\"\" src=\"https:\/\/festival.cyclo-camping.international\/2025\/wp-content\/uploads\/sites\/3\/2023\/12\/Celian_web2.jpg\" data-object-fit=\"cover\" srcset=\"https:\/\/festival.cyclo-camping.international\/2025\/wp-content\/uploads\/sites\/3\/2023\/12\/Celian_web2.jpg 1200w, https:\/\/festival.cyclo-camping.international\/2025\/wp-content\/uploads\/sites\/3\/2023\/12\/Celian_web2-300x169.jpg 300w, https:\/\/festival.cyclo-camping.international\/2025\/wp-content\/uploads\/sites\/3\/2023\/12\/Celian_web2-1024x576.jpg 1024w, https:\/\/festival.cyclo-camping.international\/2025\/wp-content\/uploads\/sites\/3\/2023\/12\/Celian_web2-768x432.jpg 768w\" sizes=\"auto, (max-width: 1200px) 100vw, 1200px\" \/><div class=\"wp-block-cover__inner-container is-layout-flow wp-container-core-cover-is-layout-ade1e76d wp-block-cover-is-layout-flow\">\n<p class=\"has-text-align-center has-base-2-color has-text-color has-link-color wp-elements-b8a164a3378e29f02438d3d78c2e6243\" style=\"font-size:clamp(0.875rem, 0.875rem + ((1vw - 0.2rem) * 0.208), 1rem);letter-spacing:0.13rem;text-transform:uppercase\"><strong>\u00c9change<\/strong><\/p>\n\n\n\n<h3 class=\"wp-block-heading has-text-align-center is-style-default has-contrast-3-color has-text-color has-link-color has-large-font-size wp-elements-f6a3be1044de51cf9b2ba68bec5ddfc9\" style=\"border-style:none;border-width:0px;font-style:normal;font-weight:700;letter-spacing:0.5px\">Je pr\u00e9pare mon premier voyage \u00e0&nbsp;v\u00e9lo. J&rsquo;ose l\u2019aventure&nbsp;!<\/h3>\n\n\n\n<div class=\"wp-block-group is-content-justification-center is-layout-flex wp-container-core-group-is-layout-c2d391de wp-block-group-is-layout-flex\" style=\"margin-top:var(--wp--preset--spacing--10);margin-bottom:0;padding-top:0;padding-right:0;padding-bottom:0;padding-left:0\">\n<div class=\"wp-block-group has-contrast-2-color has-accent-background-color has-text-color has-background has-link-color has-small-font-size wp-elements-339061f5a7a13a3bd71d2db3a86cb56b is-layout-flex wp-block-group-is-layout-flex\" style=\"border-style:none;border-width:0px;border-radius:0.5rem;padding-top:0.5rem;padding-right:var(--wp--preset--spacing--10);padding-bottom:0.5rem;padding-left:var(--wp--preset--spacing--10)\">\n<p class=\"has-text-align-center has-body-font-family\" style=\"padding-top:0;padding-right:0;padding-bottom:0;padding-left:0;font-size:clamp(0.875rem, 0.875rem + ((1vw - 0.2rem) * 0.042), 0.9rem);font-style:normal;font-weight:300;letter-spacing:0.025rem\"><strong>Samedi<\/strong><\/p>\n<\/div>\n\n\n\n<div class=\"wp-block-group has-contrast-2-color has-accent-background-color has-text-color has-background has-link-color has-small-font-size wp-elements-058ed3bb598bae7496b12eebe01811e9 is-layout-flex wp-block-group-is-layout-flex\" style=\"border-style:none;border-width:0px;border-radius:0.5rem;padding-top:0.5rem;padding-right:var(--wp--preset--spacing--10);padding-bottom:0.5rem;padding-left:var(--wp--preset--spacing--10)\">\n<p class=\"has-text-align-center has-body-font-family\" style=\"padding-top:0;padding-right:0;padding-bottom:0;padding-left:0;font-size:clamp(0.875rem, 0.875rem + ((1vw - 0.2rem) * 0.042), 0.9rem);font-style:normal;font-weight:300;letter-spacing:0.025rem\"><strong>15h<\/strong><\/p>\n<\/div>\n\n\n\n<div class=\"wp-block-group has-contrast-2-color has-accent-background-color has-text-color has-background has-link-color has-small-font-size wp-elements-2b294cbd5ab1c9384c62432e9066e05a is-layout-flex wp-block-group-is-layout-flex\" style=\"border-style:none;border-width:0px;border-radius:0.5rem;padding-top:0.5rem;padding-right:var(--wp--preset--spacing--10);padding-bottom:0.5rem;padding-left:var(--wp--preset--spacing--10)\">\n<p class=\"has-body-font-family\" style=\"padding-top:0;padding-right:0;padding-bottom:0;padding-left:0;font-size:clamp(0.875rem, 0.875rem + ((1vw - 0.2rem) * 0.042), 0.9rem);font-style:normal;font-weight:300;letter-spacing:0.025rem\"><strong>PCC, amphi B<\/strong><\/p>\n<\/div>\n<\/div>\n<\/div><\/div>\n\n\n\n<p><\/p>\n\n\n\n<div class=\"wp-block-group is-layout-flex wp-container-core-group-is-layout-2790ddc5 wp-block-group-is-layout-flex\" style=\"margin-top:0;margin-bottom:0;padding-top:0;padding-bottom:0\">\n<p class=\"has-text-align-left\" style=\"font-size:0.8rem;letter-spacing:0.0625rem;text-transform:uppercase\"><strong>Intervenants<\/strong> : <\/p>\n\n\n\n<p class=\"has-text-align-left has-contrast-color has-text-color has-link-color has-small-font-size wp-elements-1db33845f456373fb384f0c1b4fd0ed9\">??? et ???<\/p>\n<\/div>\n\n\n\n<div class=\"wp-block-group is-layout-flex wp-container-core-group-is-layout-2790ddc5 wp-block-group-is-layout-flex\" style=\"margin-top:0;margin-bottom:0;padding-top:0;padding-bottom:0\">\n<p class=\"has-text-align-left\" style=\"font-size:0.8rem;letter-spacing:0.0625rem;text-transform:uppercase\"><strong>animation<\/strong> : <\/p>\n\n\n\n<p class=\"has-text-align-left has-small-font-size\">Fran\u00e7ois Pr\u00e9tot<\/p>\n<\/div>\n\n\n\n<div class=\"wp-block-group is-nowrap is-layout-flex wp-container-core-group-is-layout-18ffa439 wp-block-group-is-layout-flex\" style=\"margin-top:0;margin-bottom:0;padding-top:0;padding-bottom:0\">\n<p class=\"has-text-align-left\" style=\"font-size:0.8rem;letter-spacing:0.0625rem;text-transform:uppercase\"><strong>dur\u00e9e<\/strong> : <\/p>\n\n\n\n<p class=\"has-text-align-left has-small-font-size\">1h30<\/p>\n<\/div>\n\n\n\n<div class=\"wp-block-columns is-layout-flex wp-container-core-columns-is-layout-28f84493 wp-block-columns-is-layout-flex\">\n<div class=\"wp-block-column is-layout-flow wp-block-column-is-layout-flow\" style=\"flex-basis:50%\">\n<p class=\"has-small-font-size\"><strong>???<\/strong>&nbsp;: <\/p>\n<\/div>\n\n\n\n<div class=\"wp-block-column is-layout-flow wp-block-column-is-layout-flow\" style=\"flex-basis:50%\">\n<p class=\"has-small-font-size\"><strong>???<\/strong>&nbsp;: <\/p>\n<\/div>\n<\/div>\n\n\n\n<p class=\"has-small-font-size\"><strong>Fran\u00e7ois Pr\u00e9tot<\/strong>&nbsp;: \u00ab papa solo \u00bb depuis une dizaine d\u2019ann\u00e9es, il part r\u00e9guli\u00e8rement pour des balades de quelques jours avec sa fille Ma\u00eblle (18 ans) et ce, depuis son plus jeune \u00e2ge.<\/p>\n<\/div>\n\n\n\n<div id=\"Voyage-au-feminin\" class=\"wp-block-group has-background is-vertical is-content-justification-stretch is-layout-flex wp-container-core-group-is-layout-b8843d33 wp-block-group-is-layout-flex\" style=\"border-radius:14px;background-color:#ffffff;margin-top:var(--wp--preset--spacing--20);margin-bottom:var(--wp--preset--spacing--20);padding-top:var(--wp--preset--spacing--10);padding-right:var(--wp--preset--spacing--10);padding-bottom:var(--wp--preset--spacing--10);padding-left:var(--wp--preset--spacing--10)\">\n<div class=\"wp-block-cover is-light has-custom-content-position is-position-bottom-center wp-duotone-111111-rgb44107109-5\" style=\"border-radius:7px;padding-top:var(--wp--preset--spacing--20);padding-right:var(--wp--preset--spacing--30);padding-bottom:var(--wp--preset--spacing--20);padding-left:var(--wp--preset--spacing--30);min-height:285px;aspect-ratio:unset;\"><span aria-hidden=\"true\" class=\"wp-block-cover__background has-background-dim-0 has-background-dim\" style=\"background-color:#919397\"><\/span><img loading=\"lazy\" decoding=\"async\" width=\"600\" height=\"341\" class=\"wp-block-cover__image-background wp-image-3068\" alt=\"\" src=\"https:\/\/festival.cyclo-camping.international\/2025\/wp-content\/uploads\/sites\/3\/2024\/12\/Capture-decran-2024-12-18-151124-pt.jpg\" style=\"object-position:65% 69%\" data-object-fit=\"cover\" data-object-position=\"65% 69%\" srcset=\"https:\/\/festival.cyclo-camping.international\/2025\/wp-content\/uploads\/sites\/3\/2024\/12\/Capture-decran-2024-12-18-151124-pt.jpg 600w, https:\/\/festival.cyclo-camping.international\/2025\/wp-content\/uploads\/sites\/3\/2024\/12\/Capture-decran-2024-12-18-151124-pt-300x171.jpg 300w\" sizes=\"auto, (max-width: 600px) 100vw, 600px\" \/><div class=\"wp-block-cover__inner-container is-layout-flow wp-container-core-cover-is-layout-ade1e76d wp-block-cover-is-layout-flow\">\n<p class=\"has-text-align-center has-base-2-color has-text-color has-link-color wp-elements-7e70a3f04a4f20e6e7731f78e6e089b6\" style=\"font-size:clamp(0.875rem, 0.875rem + ((1vw - 0.2rem) * 0.208), 1rem);letter-spacing:0.13rem;text-transform:uppercase\"><strong>Table ronde<\/strong><\/p>\n\n\n\n<h3 class=\"wp-block-heading has-text-align-center is-style-default has-contrast-3-color has-text-color has-link-color has-large-font-size wp-elements-dff645886087ec46eca4ffc717b87f83\" style=\"border-style:none;border-width:0px;font-style:normal;font-weight:700;letter-spacing:0.5px\">Voyage au f\u00e9minin<\/h3>\n\n\n\n<div class=\"wp-block-group is-content-justification-center is-layout-flex wp-container-core-group-is-layout-c2d391de wp-block-group-is-layout-flex\" style=\"margin-top:var(--wp--preset--spacing--10);margin-bottom:0;padding-top:0;padding-right:0;padding-bottom:0;padding-left:0\">\n<div class=\"wp-block-group has-contrast-2-color has-accent-background-color has-text-color has-background has-link-color has-small-font-size wp-elements-339061f5a7a13a3bd71d2db3a86cb56b is-layout-flex wp-block-group-is-layout-flex\" style=\"border-style:none;border-width:0px;border-radius:0.5rem;padding-top:0.5rem;padding-right:var(--wp--preset--spacing--10);padding-bottom:0.5rem;padding-left:var(--wp--preset--spacing--10)\">\n<p class=\"has-text-align-center has-body-font-family\" style=\"padding-top:0;padding-right:0;padding-bottom:0;padding-left:0;font-size:clamp(0.875rem, 0.875rem + ((1vw - 0.2rem) * 0.042), 0.9rem);font-style:normal;font-weight:300;letter-spacing:0.025rem\"><strong>Samedi<\/strong><\/p>\n<\/div>\n\n\n\n<div class=\"wp-block-group has-contrast-2-color has-accent-background-color has-text-color has-background has-link-color has-small-font-size wp-elements-b7c37c81f78f817e8622291d37773fee is-layout-flex wp-block-group-is-layout-flex\" style=\"border-style:none;border-width:0px;border-radius:0.5rem;padding-top:0.5rem;padding-right:var(--wp--preset--spacing--10);padding-bottom:0.5rem;padding-left:var(--wp--preset--spacing--10)\">\n<p class=\"has-text-align-center has-body-font-family\" style=\"padding-top:0;padding-right:0;padding-bottom:0;padding-left:0;font-size:clamp(0.875rem, 0.875rem + ((1vw - 0.2rem) * 0.042), 0.9rem);font-style:normal;font-weight:300;letter-spacing:0.025rem\"><strong>15h00<\/strong><\/p>\n<\/div>\n\n\n\n<div class=\"wp-block-group has-contrast-2-color has-accent-background-color has-text-color has-background has-link-color has-small-font-size wp-elements-da42fb60d7ce88d34d56a213d66c39a4 is-layout-flex wp-block-group-is-layout-flex\" style=\"border-style:none;border-width:0px;border-radius:0.5rem;padding-top:0.5rem;padding-right:var(--wp--preset--spacing--10);padding-bottom:0.5rem;padding-left:var(--wp--preset--spacing--10)\">\n<p class=\"has-body-font-family\" style=\"padding-top:0;padding-right:0;padding-bottom:0;padding-left:0;font-size:clamp(0.875rem, 0.875rem + ((1vw - 0.2rem) * 0.042), 0.9rem);font-style:normal;font-weight:300;letter-spacing:0.025rem\"><strong>PCC, salle C<\/strong><\/p>\n<\/div>\n<\/div>\n<\/div><\/div>\n\n\n\n<p>Partir seule, petits tracas, joie d&rsquo;y arriver, se pr\u00e9parer \u00e0 la m\u00e9canique\u2026<\/p>\n\n\n\n<div class=\"wp-block-group is-layout-flex wp-container-core-group-is-layout-2790ddc5 wp-block-group-is-layout-flex\" style=\"margin-top:0;margin-bottom:0;padding-top:0;padding-bottom:0\">\n<p class=\"has-text-align-left\" style=\"font-size:0.8rem;letter-spacing:0.0625rem;text-transform:uppercase\"><strong>Intervenants<\/strong> :<\/p>\n\n\n\n<p class=\"has-text-align-left has-contrast-color has-text-color has-link-color has-small-font-size wp-elements-855bda2800158c8a2549fc4faed1a5e5\">Marie Coviaux, Alexandra Husta, Philom\u00e8ne Le Lay et Sarah Moreira<\/p>\n<\/div>\n\n\n\n<div class=\"wp-block-group is-layout-flex wp-container-core-group-is-layout-2790ddc5 wp-block-group-is-layout-flex\" style=\"margin-top:0;margin-bottom:0;padding-top:0;padding-bottom:0\">\n<p class=\"has-text-align-left\" style=\"font-size:0.8rem;letter-spacing:0.0625rem;text-transform:uppercase\"><strong>animation<\/strong> : <\/p>\n\n\n\n<p class=\"has-text-align-left has-small-font-size\">Martine Le Lan<\/p>\n<\/div>\n\n\n\n<div class=\"wp-block-group is-nowrap is-layout-flex wp-container-core-group-is-layout-18ffa439 wp-block-group-is-layout-flex\" style=\"margin-top:0;margin-bottom:0;padding-top:0;padding-bottom:0\">\n<p class=\"has-text-align-left\" style=\"font-size:0.8rem;letter-spacing:0.0625rem;text-transform:uppercase\"><strong>dur\u00e9e<\/strong> : <\/p>\n\n\n\n<p class=\"has-text-align-left has-small-font-size\">1h<\/p>\n<\/div>\n\n\n\n<div class=\"wp-block-columns is-layout-flex wp-container-core-columns-is-layout-28f84493 wp-block-columns-is-layout-flex\">\n<div class=\"wp-block-column is-layout-flow wp-block-column-is-layout-flow\" style=\"flex-basis:50%\">\n<p class=\"has-small-font-size\"><strong>Marie Coviaux<\/strong>&nbsp;: Adepte du triathlon, du VTT et du voyage \u00e0 v\u00e9lo, Marie sillonne les routes et les pistes en voyage plusieurs fois dans l\u2019ann\u00e9e. Avec sa s\u0153ur Aur\u00e9lie, elle tient un blog dont le nom parle de lui-m\u00eame : <a href=\"https:\/\/biclousetbidouilles.com\/\">Biclous et bidouilles<\/a>.<\/p>\n\n\n\n<ul class=\"wp-block-social-links is-layout-flex wp-block-social-links-is-layout-flex\"><li class=\"wp-social-link wp-social-link-facebook  wp-block-social-link\"><a href=\"https:\/\/www.facebook.com\/marie.coviaux\/\" class=\"wp-block-social-link-anchor\"><svg width=\"24\" height=\"24\" viewBox=\"0 0 24 24\" version=\"1.1\" xmlns=\"http:\/\/www.w3.org\/2000\/svg\" aria-hidden=\"true\" focusable=\"false\"><path d=\"M12 2C6.5 2 2 6.5 2 12c0 5 3.7 9.1 8.4 9.9v-7H7.9V12h2.5V9.8c0-2.5 1.5-3.9 3.8-3.9 1.1 0 2.2.2 2.2.2v2.5h-1.3c-1.2 0-1.6.8-1.6 1.6V12h2.8l-.4 2.9h-2.3v7C18.3 21.1 22 17 22 12c0-5.5-4.5-10-10-10z\"><\/path><\/svg><span class=\"wp-block-social-link-label screen-reader-text\">Facebook<\/span><\/a><\/li>\n\n<li class=\"wp-social-link wp-social-link-instagram  wp-block-social-link\"><a href=\"https:\/\/www.instagram.com\/coviauxmarie\/\" class=\"wp-block-social-link-anchor\"><svg width=\"24\" height=\"24\" viewBox=\"0 0 24 24\" version=\"1.1\" xmlns=\"http:\/\/www.w3.org\/2000\/svg\" aria-hidden=\"true\" focusable=\"false\"><path d=\"M12,4.622c2.403,0,2.688,0.009,3.637,0.052c0.877,0.04,1.354,0.187,1.671,0.31c0.42,0.163,0.72,0.358,1.035,0.673 c0.315,0.315,0.51,0.615,0.673,1.035c0.123,0.317,0.27,0.794,0.31,1.671c0.043,0.949,0.052,1.234,0.052,3.637 s-0.009,2.688-0.052,3.637c-0.04,0.877-0.187,1.354-0.31,1.671c-0.163,0.42-0.358,0.72-0.673,1.035 c-0.315,0.315-0.615,0.51-1.035,0.673c-0.317,0.123-0.794,0.27-1.671,0.31c-0.949,0.043-1.233,0.052-3.637,0.052 s-2.688-0.009-3.637-0.052c-0.877-0.04-1.354-0.187-1.671-0.31c-0.42-0.163-0.72-0.358-1.035-0.673 c-0.315-0.315-0.51-0.615-0.673-1.035c-0.123-0.317-0.27-0.794-0.31-1.671C4.631,14.688,4.622,14.403,4.622,12 s0.009-2.688,0.052-3.637c0.04-0.877,0.187-1.354,0.31-1.671c0.163-0.42,0.358-0.72,0.673-1.035 c0.315-0.315,0.615-0.51,1.035-0.673c0.317-0.123,0.794-0.27,1.671-0.31C9.312,4.631,9.597,4.622,12,4.622 M12,3 C9.556,3,9.249,3.01,8.289,3.054C7.331,3.098,6.677,3.25,6.105,3.472C5.513,3.702,5.011,4.01,4.511,4.511 c-0.5,0.5-0.808,1.002-1.038,1.594C3.25,6.677,3.098,7.331,3.054,8.289C3.01,9.249,3,9.556,3,12c0,2.444,0.01,2.751,0.054,3.711 c0.044,0.958,0.196,1.612,0.418,2.185c0.23,0.592,0.538,1.094,1.038,1.594c0.5,0.5,1.002,0.808,1.594,1.038 c0.572,0.222,1.227,0.375,2.185,0.418C9.249,20.99,9.556,21,12,21s2.751-0.01,3.711-0.054c0.958-0.044,1.612-0.196,2.185-0.418 c0.592-0.23,1.094-0.538,1.594-1.038c0.5-0.5,0.808-1.002,1.038-1.594c0.222-0.572,0.375-1.227,0.418-2.185 C20.99,14.751,21,14.444,21,12s-0.01-2.751-0.054-3.711c-0.044-0.958-0.196-1.612-0.418-2.185c-0.23-0.592-0.538-1.094-1.038-1.594 c-0.5-0.5-1.002-0.808-1.594-1.038c-0.572-0.222-1.227-0.375-2.185-0.418C14.751,3.01,14.444,3,12,3L12,3z M12,7.378 c-2.552,0-4.622,2.069-4.622,4.622S9.448,16.622,12,16.622s4.622-2.069,4.622-4.622S14.552,7.378,12,7.378z M12,15 c-1.657,0-3-1.343-3-3s1.343-3,3-3s3,1.343,3,3S13.657,15,12,15z M16.804,6.116c-0.596,0-1.08,0.484-1.08,1.08 s0.484,1.08,1.08,1.08c0.596,0,1.08-0.484,1.08-1.08S17.401,6.116,16.804,6.116z\"><\/path><\/svg><span class=\"wp-block-social-link-label screen-reader-text\">Instagram<\/span><\/a><\/li><\/ul>\n<\/div>\n\n\n\n<div class=\"wp-block-column is-layout-flow wp-block-column-is-layout-flow\" style=\"flex-basis:50%\">\n<p class=\"has-small-font-size\"><strong>Alexandra Husta<\/strong>&nbsp;: Tata Alex, d\u00e9couvre \u00e0 31 ans qu&rsquo;elle est atteinte d&rsquo;un cancer du sein.<br>C&rsquo;est lors de ses chimios qu&rsquo;elle d\u00e9couvre le v\u00e9lo comme th\u00e9rapie. Apr\u00e8s traitement, elle parcourt sur trois ans, 23.000 km \u00e0 travers l&rsquo;Europe, une v\u00e9ritable revanche contre la maladie !<\/p>\n\n\n\n<div class=\"wp-block-group is-vertical is-content-justification-left is-layout-flex wp-container-core-group-is-layout-32c97487 wp-block-group-is-layout-flex\" style=\"padding-right:0;padding-left:0\">\n<div class=\"wp-block-columns is-not-stacked-on-mobile is-layout-flex wp-container-core-columns-is-layout-28f84493 wp-block-columns-is-layout-flex\">\n<div class=\"wp-block-column is-layout-flow wp-block-column-is-layout-flow\">\n<ul class=\"wp-block-social-links is-layout-flex wp-block-social-links-is-layout-flex\"><li class=\"wp-social-link wp-social-link-chain  wp-block-social-link\"><a href=\"https:\/\/adventuresoftataalex.com\/\" class=\"wp-block-social-link-anchor\"><svg width=\"24\" height=\"24\" viewBox=\"0 0 24 24\" version=\"1.1\" xmlns=\"http:\/\/www.w3.org\/2000\/svg\" aria-hidden=\"true\" focusable=\"false\"><path d=\"M15.6,7.2H14v1.5h1.6c2,0,3.7,1.7,3.7,3.7s-1.7,3.7-3.7,3.7H14v1.5h1.6c2.8,0,5.2-2.3,5.2-5.2,0-2.9-2.3-5.2-5.2-5.2zM4.7,12.4c0-2,1.7-3.7,3.7-3.7H10V7.2H8.4c-2.9,0-5.2,2.3-5.2,5.2,0,2.9,2.3,5.2,5.2,5.2H10v-1.5H8.4c-2,0-3.7-1.7-3.7-3.7zm4.6.9h5.3v-1.5H9.3v1.5z\"><\/path><\/svg><span class=\"wp-block-social-link-label screen-reader-text\">Lien<\/span><\/a><\/li><\/ul>\n<\/div>\n\n\n\n<div class=\"wp-block-column is-layout-flow wp-block-column-is-layout-flow\">\n<ul class=\"wp-block-social-links is-layout-flex wp-block-social-links-is-layout-flex\"><li class=\"wp-social-link wp-social-link-facebook  wp-block-social-link\"><a href=\"https:\/\/www.facebook.com\/Adventuresoftataalex\" class=\"wp-block-social-link-anchor\"><svg width=\"24\" height=\"24\" viewBox=\"0 0 24 24\" version=\"1.1\" xmlns=\"http:\/\/www.w3.org\/2000\/svg\" aria-hidden=\"true\" focusable=\"false\"><path d=\"M12 2C6.5 2 2 6.5 2 12c0 5 3.7 9.1 8.4 9.9v-7H7.9V12h2.5V9.8c0-2.5 1.5-3.9 3.8-3.9 1.1 0 2.2.2 2.2.2v2.5h-1.3c-1.2 0-1.6.8-1.6 1.6V12h2.8l-.4 2.9h-2.3v7C18.3 21.1 22 17 22 12c0-5.5-4.5-10-10-10z\"><\/path><\/svg><span class=\"wp-block-social-link-label screen-reader-text\">Facebook<\/span><\/a><\/li><\/ul>\n<\/div>\n\n\n\n<div class=\"wp-block-column is-layout-flow wp-block-column-is-layout-flow\">\n<ul class=\"wp-block-social-links is-layout-flex wp-block-social-links-is-layout-flex\"><li class=\"wp-social-link wp-social-link-instagram  wp-block-social-link\"><a href=\"https:\/\/www.instagram.com\/adventures_of_tata_alex\/\" class=\"wp-block-social-link-anchor\"><svg width=\"24\" height=\"24\" viewBox=\"0 0 24 24\" version=\"1.1\" xmlns=\"http:\/\/www.w3.org\/2000\/svg\" aria-hidden=\"true\" focusable=\"false\"><path d=\"M12,4.622c2.403,0,2.688,0.009,3.637,0.052c0.877,0.04,1.354,0.187,1.671,0.31c0.42,0.163,0.72,0.358,1.035,0.673 c0.315,0.315,0.51,0.615,0.673,1.035c0.123,0.317,0.27,0.794,0.31,1.671c0.043,0.949,0.052,1.234,0.052,3.637 s-0.009,2.688-0.052,3.637c-0.04,0.877-0.187,1.354-0.31,1.671c-0.163,0.42-0.358,0.72-0.673,1.035 c-0.315,0.315-0.615,0.51-1.035,0.673c-0.317,0.123-0.794,0.27-1.671,0.31c-0.949,0.043-1.233,0.052-3.637,0.052 s-2.688-0.009-3.637-0.052c-0.877-0.04-1.354-0.187-1.671-0.31c-0.42-0.163-0.72-0.358-1.035-0.673 c-0.315-0.315-0.51-0.615-0.673-1.035c-0.123-0.317-0.27-0.794-0.31-1.671C4.631,14.688,4.622,14.403,4.622,12 s0.009-2.688,0.052-3.637c0.04-0.877,0.187-1.354,0.31-1.671c0.163-0.42,0.358-0.72,0.673-1.035 c0.315-0.315,0.615-0.51,1.035-0.673c0.317-0.123,0.794-0.27,1.671-0.31C9.312,4.631,9.597,4.622,12,4.622 M12,3 C9.556,3,9.249,3.01,8.289,3.054C7.331,3.098,6.677,3.25,6.105,3.472C5.513,3.702,5.011,4.01,4.511,4.511 c-0.5,0.5-0.808,1.002-1.038,1.594C3.25,6.677,3.098,7.331,3.054,8.289C3.01,9.249,3,9.556,3,12c0,2.444,0.01,2.751,0.054,3.711 c0.044,0.958,0.196,1.612,0.418,2.185c0.23,0.592,0.538,1.094,1.038,1.594c0.5,0.5,1.002,0.808,1.594,1.038 c0.572,0.222,1.227,0.375,2.185,0.418C9.249,20.99,9.556,21,12,21s2.751-0.01,3.711-0.054c0.958-0.044,1.612-0.196,2.185-0.418 c0.592-0.23,1.094-0.538,1.594-1.038c0.5-0.5,0.808-1.002,1.038-1.594c0.222-0.572,0.375-1.227,0.418-2.185 C20.99,14.751,21,14.444,21,12s-0.01-2.751-0.054-3.711c-0.044-0.958-0.196-1.612-0.418-2.185c-0.23-0.592-0.538-1.094-1.038-1.594 c-0.5-0.5-1.002-0.808-1.594-1.038c-0.572-0.222-1.227-0.375-2.185-0.418C14.751,3.01,14.444,3,12,3L12,3z M12,7.378 c-2.552,0-4.622,2.069-4.622,4.622S9.448,16.622,12,16.622s4.622-2.069,4.622-4.622S14.552,7.378,12,7.378z M12,15 c-1.657,0-3-1.343-3-3s1.343-3,3-3s3,1.343,3,3S13.657,15,12,15z M16.804,6.116c-0.596,0-1.08,0.484-1.08,1.08 s0.484,1.08,1.08,1.08c0.596,0,1.08-0.484,1.08-1.08S17.401,6.116,16.804,6.116z\"><\/path><\/svg><span class=\"wp-block-social-link-label screen-reader-text\">Instagram<\/span><\/a><\/li><\/ul>\n<\/div>\n<\/div>\n<\/div>\n<\/div>\n<\/div>\n\n\n\n<div class=\"wp-block-columns is-layout-flex wp-container-core-columns-is-layout-28f84493 wp-block-columns-is-layout-flex\">\n<div class=\"wp-block-column is-layout-flow wp-block-column-is-layout-flow\" style=\"flex-basis:50%\">\n<p class=\"has-small-font-size\"><strong>Philom\u00e8ne Le Lay<\/strong>\u00a0: Artiste, illustratrice et voyageuse \u00e0 v\u00e9lo<\/p>\n\n\n\n<ul class=\"wp-block-social-links is-layout-flex wp-block-social-links-is-layout-flex\"><li class=\"wp-social-link wp-social-link-chain  wp-block-social-link\"><a href=\"https:\/\/philomenelelay.com\/\" class=\"wp-block-social-link-anchor\"><svg width=\"24\" height=\"24\" viewBox=\"0 0 24 24\" version=\"1.1\" xmlns=\"http:\/\/www.w3.org\/2000\/svg\" aria-hidden=\"true\" focusable=\"false\"><path d=\"M15.6,7.2H14v1.5h1.6c2,0,3.7,1.7,3.7,3.7s-1.7,3.7-3.7,3.7H14v1.5h1.6c2.8,0,5.2-2.3,5.2-5.2,0-2.9-2.3-5.2-5.2-5.2zM4.7,12.4c0-2,1.7-3.7,3.7-3.7H10V7.2H8.4c-2.9,0-5.2,2.3-5.2,5.2,0,2.9,2.3,5.2,5.2,5.2H10v-1.5H8.4c-2,0-3.7-1.7-3.7-3.7zm4.6.9h5.3v-1.5H9.3v1.5z\"><\/path><\/svg><span class=\"wp-block-social-link-label screen-reader-text\">Lien<\/span><\/a><\/li>\n\n<li class=\"wp-social-link wp-social-link-instagram  wp-block-social-link\"><a href=\"https:\/\/www.instagram.com\/philomenelelay\/\" class=\"wp-block-social-link-anchor\"><svg width=\"24\" height=\"24\" viewBox=\"0 0 24 24\" version=\"1.1\" xmlns=\"http:\/\/www.w3.org\/2000\/svg\" aria-hidden=\"true\" focusable=\"false\"><path d=\"M12,4.622c2.403,0,2.688,0.009,3.637,0.052c0.877,0.04,1.354,0.187,1.671,0.31c0.42,0.163,0.72,0.358,1.035,0.673 c0.315,0.315,0.51,0.615,0.673,1.035c0.123,0.317,0.27,0.794,0.31,1.671c0.043,0.949,0.052,1.234,0.052,3.637 s-0.009,2.688-0.052,3.637c-0.04,0.877-0.187,1.354-0.31,1.671c-0.163,0.42-0.358,0.72-0.673,1.035 c-0.315,0.315-0.615,0.51-1.035,0.673c-0.317,0.123-0.794,0.27-1.671,0.31c-0.949,0.043-1.233,0.052-3.637,0.052 s-2.688-0.009-3.637-0.052c-0.877-0.04-1.354-0.187-1.671-0.31c-0.42-0.163-0.72-0.358-1.035-0.673 c-0.315-0.315-0.51-0.615-0.673-1.035c-0.123-0.317-0.27-0.794-0.31-1.671C4.631,14.688,4.622,14.403,4.622,12 s0.009-2.688,0.052-3.637c0.04-0.877,0.187-1.354,0.31-1.671c0.163-0.42,0.358-0.72,0.673-1.035 c0.315-0.315,0.615-0.51,1.035-0.673c0.317-0.123,0.794-0.27,1.671-0.31C9.312,4.631,9.597,4.622,12,4.622 M12,3 C9.556,3,9.249,3.01,8.289,3.054C7.331,3.098,6.677,3.25,6.105,3.472C5.513,3.702,5.011,4.01,4.511,4.511 c-0.5,0.5-0.808,1.002-1.038,1.594C3.25,6.677,3.098,7.331,3.054,8.289C3.01,9.249,3,9.556,3,12c0,2.444,0.01,2.751,0.054,3.711 c0.044,0.958,0.196,1.612,0.418,2.185c0.23,0.592,0.538,1.094,1.038,1.594c0.5,0.5,1.002,0.808,1.594,1.038 c0.572,0.222,1.227,0.375,2.185,0.418C9.249,20.99,9.556,21,12,21s2.751-0.01,3.711-0.054c0.958-0.044,1.612-0.196,2.185-0.418 c0.592-0.23,1.094-0.538,1.594-1.038c0.5-0.5,0.808-1.002,1.038-1.594c0.222-0.572,0.375-1.227,0.418-2.185 C20.99,14.751,21,14.444,21,12s-0.01-2.751-0.054-3.711c-0.044-0.958-0.196-1.612-0.418-2.185c-0.23-0.592-0.538-1.094-1.038-1.594 c-0.5-0.5-1.002-0.808-1.594-1.038c-0.572-0.222-1.227-0.375-2.185-0.418C14.751,3.01,14.444,3,12,3L12,3z M12,7.378 c-2.552,0-4.622,2.069-4.622,4.622S9.448,16.622,12,16.622s4.622-2.069,4.622-4.622S14.552,7.378,12,7.378z M12,15 c-1.657,0-3-1.343-3-3s1.343-3,3-3s3,1.343,3,3S13.657,15,12,15z M16.804,6.116c-0.596,0-1.08,0.484-1.08,1.08 s0.484,1.08,1.08,1.08c0.596,0,1.08-0.484,1.08-1.08S17.401,6.116,16.804,6.116z\"><\/path><\/svg><span class=\"wp-block-social-link-label screen-reader-text\">Instagram<\/span><\/a><\/li><\/ul>\n<\/div>\n\n\n\n<div class=\"wp-block-column is-layout-flow wp-block-column-is-layout-flow\" style=\"flex-basis:50%\">\n<p class=\"has-small-font-size\"><strong>Sarah Moreira<\/strong>&nbsp;: <\/p>\n\n\n\n<div class=\"wp-block-group is-vertical is-content-justification-left is-layout-flex wp-container-core-group-is-layout-32c97487 wp-block-group-is-layout-flex\" style=\"padding-right:0;padding-left:0\">\n<div class=\"wp-block-columns is-not-stacked-on-mobile is-layout-flex wp-container-core-columns-is-layout-28f84493 wp-block-columns-is-layout-flex\">\n<div class=\"wp-block-column is-layout-flow wp-block-column-is-layout-flow\">\n<ul class=\"wp-block-social-links is-layout-flex wp-block-social-links-is-layout-flex\"><li class=\"wp-social-link wp-social-link-chain  wp-block-social-link\"><a href=\"https:\/\/playtogothere.wixsite.com\/playtogothere\" class=\"wp-block-social-link-anchor\"><svg width=\"24\" height=\"24\" viewBox=\"0 0 24 24\" version=\"1.1\" xmlns=\"http:\/\/www.w3.org\/2000\/svg\" aria-hidden=\"true\" focusable=\"false\"><path d=\"M15.6,7.2H14v1.5h1.6c2,0,3.7,1.7,3.7,3.7s-1.7,3.7-3.7,3.7H14v1.5h1.6c2.8,0,5.2-2.3,5.2-5.2,0-2.9-2.3-5.2-5.2-5.2zM4.7,12.4c0-2,1.7-3.7,3.7-3.7H10V7.2H8.4c-2.9,0-5.2,2.3-5.2,5.2,0,2.9,2.3,5.2,5.2,5.2H10v-1.5H8.4c-2,0-3.7-1.7-3.7-3.7zm4.6.9h5.3v-1.5H9.3v1.5z\"><\/path><\/svg><span class=\"wp-block-social-link-label screen-reader-text\">Lien<\/span><\/a><\/li><\/ul>\n<\/div>\n\n\n\n<div class=\"wp-block-column is-layout-flow wp-block-column-is-layout-flow\">\n<ul class=\"wp-block-social-links is-layout-flex wp-block-social-links-is-layout-flex\"><li class=\"wp-social-link wp-social-link-facebook  wp-block-social-link\"><a href=\"https:\/\/www.facebook.com\/PlayTogothere\" class=\"wp-block-social-link-anchor\"><svg width=\"24\" height=\"24\" viewBox=\"0 0 24 24\" version=\"1.1\" xmlns=\"http:\/\/www.w3.org\/2000\/svg\" aria-hidden=\"true\" focusable=\"false\"><path d=\"M12 2C6.5 2 2 6.5 2 12c0 5 3.7 9.1 8.4 9.9v-7H7.9V12h2.5V9.8c0-2.5 1.5-3.9 3.8-3.9 1.1 0 2.2.2 2.2.2v2.5h-1.3c-1.2 0-1.6.8-1.6 1.6V12h2.8l-.4 2.9h-2.3v7C18.3 21.1 22 17 22 12c0-5.5-4.5-10-10-10z\"><\/path><\/svg><span class=\"wp-block-social-link-label screen-reader-text\">Facebook<\/span><\/a><\/li><\/ul>\n<\/div>\n\n\n\n<div class=\"wp-block-column is-layout-flow wp-block-column-is-layout-flow\">\n<ul class=\"wp-block-social-links is-layout-flex wp-block-social-links-is-layout-flex\"><li class=\"wp-social-link wp-social-link-instagram  wp-block-social-link\"><a href=\"https:\/\/www.instagram.com\/playtogothere\/\" class=\"wp-block-social-link-anchor\"><svg width=\"24\" height=\"24\" viewBox=\"0 0 24 24\" version=\"1.1\" xmlns=\"http:\/\/www.w3.org\/2000\/svg\" aria-hidden=\"true\" focusable=\"false\"><path d=\"M12,4.622c2.403,0,2.688,0.009,3.637,0.052c0.877,0.04,1.354,0.187,1.671,0.31c0.42,0.163,0.72,0.358,1.035,0.673 c0.315,0.315,0.51,0.615,0.673,1.035c0.123,0.317,0.27,0.794,0.31,1.671c0.043,0.949,0.052,1.234,0.052,3.637 s-0.009,2.688-0.052,3.637c-0.04,0.877-0.187,1.354-0.31,1.671c-0.163,0.42-0.358,0.72-0.673,1.035 c-0.315,0.315-0.615,0.51-1.035,0.673c-0.317,0.123-0.794,0.27-1.671,0.31c-0.949,0.043-1.233,0.052-3.637,0.052 s-2.688-0.009-3.637-0.052c-0.877-0.04-1.354-0.187-1.671-0.31c-0.42-0.163-0.72-0.358-1.035-0.673 c-0.315-0.315-0.51-0.615-0.673-1.035c-0.123-0.317-0.27-0.794-0.31-1.671C4.631,14.688,4.622,14.403,4.622,12 s0.009-2.688,0.052-3.637c0.04-0.877,0.187-1.354,0.31-1.671c0.163-0.42,0.358-0.72,0.673-1.035 c0.315-0.315,0.615-0.51,1.035-0.673c0.317-0.123,0.794-0.27,1.671-0.31C9.312,4.631,9.597,4.622,12,4.622 M12,3 C9.556,3,9.249,3.01,8.289,3.054C7.331,3.098,6.677,3.25,6.105,3.472C5.513,3.702,5.011,4.01,4.511,4.511 c-0.5,0.5-0.808,1.002-1.038,1.594C3.25,6.677,3.098,7.331,3.054,8.289C3.01,9.249,3,9.556,3,12c0,2.444,0.01,2.751,0.054,3.711 c0.044,0.958,0.196,1.612,0.418,2.185c0.23,0.592,0.538,1.094,1.038,1.594c0.5,0.5,1.002,0.808,1.594,1.038 c0.572,0.222,1.227,0.375,2.185,0.418C9.249,20.99,9.556,21,12,21s2.751-0.01,3.711-0.054c0.958-0.044,1.612-0.196,2.185-0.418 c0.592-0.23,1.094-0.538,1.594-1.038c0.5-0.5,0.808-1.002,1.038-1.594c0.222-0.572,0.375-1.227,0.418-2.185 C20.99,14.751,21,14.444,21,12s-0.01-2.751-0.054-3.711c-0.044-0.958-0.196-1.612-0.418-2.185c-0.23-0.592-0.538-1.094-1.038-1.594 c-0.5-0.5-1.002-0.808-1.594-1.038c-0.572-0.222-1.227-0.375-2.185-0.418C14.751,3.01,14.444,3,12,3L12,3z M12,7.378 c-2.552,0-4.622,2.069-4.622,4.622S9.448,16.622,12,16.622s4.622-2.069,4.622-4.622S14.552,7.378,12,7.378z M12,15 c-1.657,0-3-1.343-3-3s1.343-3,3-3s3,1.343,3,3S13.657,15,12,15z M16.804,6.116c-0.596,0-1.08,0.484-1.08,1.08 s0.484,1.08,1.08,1.08c0.596,0,1.08-0.484,1.08-1.08S17.401,6.116,16.804,6.116z\"><\/path><\/svg><span class=\"wp-block-social-link-label screen-reader-text\">Instagram<\/span><\/a><\/li><\/ul>\n<\/div>\n<\/div>\n<\/div>\n<\/div>\n<\/div>\n<\/div>\n\n\n\n<div class=\"wp-block-group has-background is-vertical is-layout-flex wp-container-core-group-is-layout-c75f440b wp-block-group-is-layout-flex\" style=\"border-radius:14px;background-color:#ffffff;margin-top:var(--wp--preset--spacing--20);margin-bottom:var(--wp--preset--spacing--20);padding-top:var(--wp--preset--spacing--10);padding-right:var(--wp--preset--spacing--10);padding-bottom:var(--wp--preset--spacing--10);padding-left:var(--wp--preset--spacing--10)\">\n<div class=\"wp-block-cover is-light has-custom-content-position is-position-bottom-center wp-duotone-111111-rgb44107109-6\" style=\"border-radius:7px;padding-top:var(--wp--preset--spacing--20);padding-right:var(--wp--preset--spacing--30);padding-bottom:var(--wp--preset--spacing--20);padding-left:var(--wp--preset--spacing--30);min-height:285px;aspect-ratio:unset;\"><span aria-hidden=\"true\" class=\"wp-block-cover__background has-background-dim-0 has-background-dim\" style=\"background-color:#848383\"><\/span><img loading=\"lazy\" decoding=\"async\" width=\"1200\" height=\"675\" class=\"wp-block-cover__image-background wp-image-257\" alt=\"\" src=\"https:\/\/festival.cyclo-camping.international\/2025\/wp-content\/uploads\/sites\/3\/2023\/12\/Celian_web2.jpg\" style=\"object-position:47% 44%\" data-object-fit=\"cover\" data-object-position=\"47% 44%\" srcset=\"https:\/\/festival.cyclo-camping.international\/2025\/wp-content\/uploads\/sites\/3\/2023\/12\/Celian_web2.jpg 1200w, https:\/\/festival.cyclo-camping.international\/2025\/wp-content\/uploads\/sites\/3\/2023\/12\/Celian_web2-300x169.jpg 300w, https:\/\/festival.cyclo-camping.international\/2025\/wp-content\/uploads\/sites\/3\/2023\/12\/Celian_web2-1024x576.jpg 1024w, https:\/\/festival.cyclo-camping.international\/2025\/wp-content\/uploads\/sites\/3\/2023\/12\/Celian_web2-768x432.jpg 768w\" sizes=\"auto, (max-width: 1200px) 100vw, 1200px\" \/><div class=\"wp-block-cover__inner-container is-layout-flow wp-container-core-cover-is-layout-ade1e76d wp-block-cover-is-layout-flow\">\n<p class=\"has-text-align-center has-base-2-color has-text-color has-link-color wp-elements-b8a164a3378e29f02438d3d78c2e6243\" style=\"font-size:clamp(0.875rem, 0.875rem + ((1vw - 0.2rem) * 0.208), 1rem);letter-spacing:0.13rem;text-transform:uppercase\"><strong>\u00c9change<\/strong><\/p>\n\n\n\n<h3 class=\"wp-block-heading has-text-align-center is-style-default has-contrast-3-color has-text-color has-link-color has-large-font-size wp-elements-0468abe6efe13f13426eb8943bdec680\" style=\"border-style:none;border-width:0px;font-style:normal;font-weight:700;letter-spacing:0.5px\">Voyager \u00e0 v\u00e9lo en famille, c\u2019est&nbsp;facile&nbsp;!<\/h3>\n\n\n\n<div class=\"wp-block-group is-content-justification-center is-layout-flex wp-container-core-group-is-layout-c2d391de wp-block-group-is-layout-flex\" style=\"margin-top:var(--wp--preset--spacing--10);margin-bottom:0;padding-top:0;padding-right:0;padding-bottom:0;padding-left:0\">\n<div class=\"wp-block-group has-contrast-2-color has-accent-background-color has-text-color has-background has-link-color has-small-font-size wp-elements-339061f5a7a13a3bd71d2db3a86cb56b is-layout-flex wp-block-group-is-layout-flex\" style=\"border-style:none;border-width:0px;border-radius:0.5rem;padding-top:0.5rem;padding-right:var(--wp--preset--spacing--10);padding-bottom:0.5rem;padding-left:var(--wp--preset--spacing--10)\">\n<p class=\"has-text-align-center has-body-font-family\" style=\"padding-top:0;padding-right:0;padding-bottom:0;padding-left:0;font-size:clamp(0.875rem, 0.875rem + ((1vw - 0.2rem) * 0.042), 0.9rem);font-style:normal;font-weight:300;letter-spacing:0.025rem\"><strong>Samedi<\/strong><\/p>\n<\/div>\n\n\n\n<div class=\"wp-block-group has-contrast-2-color has-accent-background-color has-text-color has-background has-link-color has-small-font-size wp-elements-bc9f8ca182987d3720cf58705d80fbab is-layout-flex wp-block-group-is-layout-flex\" style=\"border-style:none;border-width:0px;border-radius:0.5rem;padding-top:0.5rem;padding-right:var(--wp--preset--spacing--10);padding-bottom:0.5rem;padding-left:var(--wp--preset--spacing--10)\">\n<p class=\"has-text-align-center has-body-font-family\" style=\"padding-top:0;padding-right:0;padding-bottom:0;padding-left:0;font-size:clamp(0.875rem, 0.875rem + ((1vw - 0.2rem) * 0.042), 0.9rem);font-style:normal;font-weight:300;letter-spacing:0.025rem\"><strong>17h<\/strong><\/p>\n<\/div>\n\n\n\n<div class=\"wp-block-group has-contrast-2-color has-accent-background-color has-text-color has-background has-link-color has-small-font-size wp-elements-2b294cbd5ab1c9384c62432e9066e05a is-layout-flex wp-block-group-is-layout-flex\" style=\"border-style:none;border-width:0px;border-radius:0.5rem;padding-top:0.5rem;padding-right:var(--wp--preset--spacing--10);padding-bottom:0.5rem;padding-left:var(--wp--preset--spacing--10)\">\n<p class=\"has-body-font-family\" style=\"padding-top:0;padding-right:0;padding-bottom:0;padding-left:0;font-size:clamp(0.875rem, 0.875rem + ((1vw - 0.2rem) * 0.042), 0.9rem);font-style:normal;font-weight:300;letter-spacing:0.025rem\"><strong>PCC, amphi B<\/strong><\/p>\n<\/div>\n<\/div>\n<\/div><\/div>\n\n\n\n<p><\/p>\n\n\n\n<div class=\"wp-block-group is-layout-flex wp-container-core-group-is-layout-2790ddc5 wp-block-group-is-layout-flex\" style=\"margin-top:0;margin-bottom:0;padding-top:0;padding-bottom:0\">\n<p class=\"has-text-align-left\" style=\"font-size:0.8rem;letter-spacing:0.0625rem;text-transform:uppercase\"><strong>IntervenanT<\/strong> : <\/p>\n\n\n\n<p class=\"has-text-align-left has-contrast-color has-text-color has-link-color has-small-font-size wp-elements-0f6aa757578c7e9e208fd84fbe1bfb45\">???<\/p>\n<\/div>\n\n\n\n<div class=\"wp-block-group is-layout-flex wp-container-core-group-is-layout-2790ddc5 wp-block-group-is-layout-flex\" style=\"margin-top:0;margin-bottom:0;padding-top:0;padding-bottom:0\">\n<p class=\"has-text-align-left\" style=\"font-size:0.8rem;letter-spacing:0.0625rem;text-transform:uppercase\"><strong>animation<\/strong> : <\/p>\n\n\n\n<p class=\"has-text-align-left has-small-font-size\">Fran\u00e7ois Pr\u00e9tot<\/p>\n<\/div>\n\n\n\n<div class=\"wp-block-group is-nowrap is-layout-flex wp-container-core-group-is-layout-18ffa439 wp-block-group-is-layout-flex\" style=\"margin-top:0;margin-bottom:0;padding-top:0;padding-bottom:0\">\n<p class=\"has-text-align-left\" style=\"font-size:0.8rem;letter-spacing:0.0625rem;text-transform:uppercase\"><strong>dur\u00e9e<\/strong> : <\/p>\n\n\n\n<p class=\"has-text-align-left has-small-font-size\">1h30<\/p>\n<\/div>\n\n\n\n<p class=\"has-small-font-size\"><strong>??? :<\/strong> <\/p>\n\n\n\n<p class=\"has-small-font-size\"><strong>Fran\u00e7ois Pr\u00e9tot<\/strong>&nbsp;: \u00ab papa solo \u00bb depuis une dizaine d\u2019ann\u00e9es, il part r\u00e9guli\u00e8rement pour des balades de quelques jours avec sa fille Ma\u00eblle (18 ans) et ce, depuis son plus jeune \u00e2ge.<\/p>\n<\/div>\n\n\n\n<div class=\"wp-block-group has-background is-vertical is-layout-flex wp-container-core-group-is-layout-c75f440b wp-block-group-is-layout-flex\" style=\"border-radius:14px;background-color:#ffffff;margin-top:var(--wp--preset--spacing--20);margin-bottom:var(--wp--preset--spacing--20);padding-top:var(--wp--preset--spacing--10);padding-right:var(--wp--preset--spacing--10);padding-bottom:var(--wp--preset--spacing--10);padding-left:var(--wp--preset--spacing--10)\">\n<div class=\"wp-block-cover has-custom-content-position is-position-bottom-center wp-duotone-111111-rgb44107109-7\" style=\"border-radius:7px;padding-top:var(--wp--preset--spacing--20);padding-right:var(--wp--preset--spacing--30);padding-bottom:var(--wp--preset--spacing--20);padding-left:var(--wp--preset--spacing--30);min-height:550px;aspect-ratio:unset;\"><span aria-hidden=\"true\" class=\"wp-block-cover__background has-background-dim-0 has-background-dim\"><\/span><img loading=\"lazy\" decoding=\"async\" width=\"2560\" height=\"1441\" class=\"wp-block-cover__image-background wp-image-1481\" alt=\"\" src=\"https:\/\/festival.cyclo-camping.international\/2025\/wp-content\/uploads\/sites\/3\/2024\/01\/BC.IMG_1834_reduit-scaled-1.jpg\" style=\"object-position:53% 0%\" data-object-fit=\"cover\" data-object-position=\"53% 0%\" srcset=\"https:\/\/festival.cyclo-camping.international\/2025\/wp-content\/uploads\/sites\/3\/2024\/01\/BC.IMG_1834_reduit-scaled-1.jpg 2560w, https:\/\/festival.cyclo-camping.international\/2025\/wp-content\/uploads\/sites\/3\/2024\/01\/BC.IMG_1834_reduit-scaled-1-300x169.jpg 300w, https:\/\/festival.cyclo-camping.international\/2025\/wp-content\/uploads\/sites\/3\/2024\/01\/BC.IMG_1834_reduit-scaled-1-1024x576.jpg 1024w, https:\/\/festival.cyclo-camping.international\/2025\/wp-content\/uploads\/sites\/3\/2024\/01\/BC.IMG_1834_reduit-scaled-1-768x432.jpg 768w, https:\/\/festival.cyclo-camping.international\/2025\/wp-content\/uploads\/sites\/3\/2024\/01\/BC.IMG_1834_reduit-scaled-1-1536x865.jpg 1536w, https:\/\/festival.cyclo-camping.international\/2025\/wp-content\/uploads\/sites\/3\/2024\/01\/BC.IMG_1834_reduit-scaled-1-2048x1153.jpg 2048w\" sizes=\"auto, (max-width: 2560px) 100vw, 2560px\" \/><div class=\"wp-block-cover__inner-container is-layout-flow wp-container-core-cover-is-layout-ade1e76d wp-block-cover-is-layout-flow\">\n<p class=\"has-text-align-center has-base-2-color has-text-color has-link-color wp-elements-7e70a3f04a4f20e6e7731f78e6e089b6\" style=\"font-size:clamp(0.875rem, 0.875rem + ((1vw - 0.2rem) * 0.208), 1rem);letter-spacing:0.13rem;text-transform:uppercase\"><strong>Table ronde<\/strong><\/p>\n\n\n\n<h3 class=\"wp-block-heading has-text-align-center is-style-default has-contrast-3-color has-text-color has-link-color has-large-font-size wp-elements-3f86ef52f3a3f3a5915bdac89bf4b09c\" style=\"border-style:none;border-width:0px;font-style:normal;font-weight:700;letter-spacing:0.5px\">Entretien avec des voyageurs et voyageuses de tous les continents<\/h3>\n\n\n\n<div class=\"wp-block-group is-content-justification-center is-layout-flex wp-container-core-group-is-layout-c2d391de wp-block-group-is-layout-flex\" style=\"margin-top:var(--wp--preset--spacing--10);margin-bottom:0;padding-top:0;padding-right:0;padding-bottom:0;padding-left:0\">\n<div class=\"wp-block-group has-contrast-2-color has-accent-background-color has-text-color has-background has-link-color has-small-font-size wp-elements-339061f5a7a13a3bd71d2db3a86cb56b is-layout-flex wp-block-group-is-layout-flex\" style=\"border-style:none;border-width:0px;border-radius:0.5rem;padding-top:0.5rem;padding-right:var(--wp--preset--spacing--10);padding-bottom:0.5rem;padding-left:var(--wp--preset--spacing--10)\">\n<p class=\"has-text-align-center has-body-font-family\" style=\"padding-top:0;padding-right:0;padding-bottom:0;padding-left:0;font-size:clamp(0.875rem, 0.875rem + ((1vw - 0.2rem) * 0.042), 0.9rem);font-style:normal;font-weight:300;letter-spacing:0.025rem\"><strong>Samedi<\/strong><\/p>\n<\/div>\n\n\n\n<div class=\"wp-block-group has-contrast-2-color has-accent-background-color has-text-color has-background has-link-color has-small-font-size wp-elements-21d13bfda9add96fa17fa1641fdd4ccb is-layout-flex wp-block-group-is-layout-flex\" style=\"border-style:none;border-width:0px;border-radius:0.5rem;padding-top:0.5rem;padding-right:var(--wp--preset--spacing--10);padding-bottom:0.5rem;padding-left:var(--wp--preset--spacing--10)\">\n<p class=\"has-text-align-center has-body-font-family\" style=\"padding-top:0;padding-right:0;padding-bottom:0;padding-left:0;font-size:clamp(0.875rem, 0.875rem + ((1vw - 0.2rem) * 0.042), 0.9rem);font-style:normal;font-weight:300;letter-spacing:0.025rem\"><strong>19h<\/strong><\/p>\n<\/div>\n\n\n\n<div class=\"wp-block-group has-contrast-2-color has-accent-background-color has-text-color has-background has-link-color has-small-font-size wp-elements-2b294cbd5ab1c9384c62432e9066e05a is-layout-flex wp-block-group-is-layout-flex\" style=\"border-style:none;border-width:0px;border-radius:0.5rem;padding-top:0.5rem;padding-right:var(--wp--preset--spacing--10);padding-bottom:0.5rem;padding-left:var(--wp--preset--spacing--10)\">\n<p class=\"has-body-font-family\" style=\"padding-top:0;padding-right:0;padding-bottom:0;padding-left:0;font-size:clamp(0.875rem, 0.875rem + ((1vw - 0.2rem) * 0.042), 0.9rem);font-style:normal;font-weight:300;letter-spacing:0.025rem\"><strong>PCC, amphi B<\/strong><\/p>\n<\/div>\n<\/div>\n<\/div><\/div>\n\n\n\n<p>Une rencontre r\u00e9unissant plusieurs voyageurs, notamment ceux ou celles qui en ont fait un r\u00e9cit \u00e9crit, un livre ou un blog. Ils partageront avec nous leurs exp\u00e9riences dans des pays de diff\u00e9rents continents.<\/p>\n\n\n\n<div class=\"wp-block-group is-layout-flex wp-container-core-group-is-layout-2790ddc5 wp-block-group-is-layout-flex\" style=\"margin-top:0;margin-bottom:0;padding-top:0;padding-bottom:0\">\n<p class=\"has-text-align-left\" style=\"font-size:0.8rem;letter-spacing:0.0625rem;text-transform:uppercase\"><strong>animation<\/strong> : <\/p>\n\n\n\n<p class=\"has-text-align-left has-small-font-size\">L\u00e9o V\u00e9tillard<\/p>\n<\/div>\n\n\n\n<div class=\"wp-block-group is-nowrap is-layout-flex wp-container-core-group-is-layout-18ffa439 wp-block-group-is-layout-flex\" style=\"margin-top:0;margin-bottom:0;padding-top:0;padding-bottom:0\">\n<p class=\"has-text-align-left\" style=\"font-size:0.8rem;letter-spacing:0.0625rem;text-transform:uppercase\"><strong>dur\u00e9e<\/strong> : <\/p>\n\n\n\n<p class=\"has-text-align-left has-small-font-size\">1h30<\/p>\n<\/div>\n<\/div>\n\n\n\n<div id=\"Jour2-AM\" class=\"wp-block-group is-vertical is-content-justification-center is-layout-flex wp-container-core-group-is-layout-826aae17 wp-block-group-is-layout-flex\" style=\"margin-top:var(--wp--preset--spacing--20);margin-bottom:var(--wp--preset--spacing--20)\">\n<p class=\"has-bricolage-grotesque-font-family has-large-font-size\" id=\"samedimatin\" style=\"font-style:normal;font-weight:400\">Dimanche 9 f\u00e9vrier 2025<\/p>\n\n\n\n<hr class=\"wp-block-separator has-alpha-channel-opacity is-style-default\" style=\"margin-top:0;margin-bottom:0\"\/>\n<\/div>\n\n\n\n<div class=\"wp-block-group has-background is-vertical is-layout-flex wp-container-core-group-is-layout-c75f440b wp-block-group-is-layout-flex\" style=\"border-radius:14px;background-color:#ffffff;margin-top:var(--wp--preset--spacing--20);margin-bottom:var(--wp--preset--spacing--20);padding-top:var(--wp--preset--spacing--10);padding-right:var(--wp--preset--spacing--10);padding-bottom:var(--wp--preset--spacing--10);padding-left:var(--wp--preset--spacing--10)\">\n<div class=\"wp-block-cover has-custom-content-position is-position-bottom-center wp-duotone-111111-rgb44107109-8\" style=\"border-radius:7px;padding-top:var(--wp--preset--spacing--20);padding-right:var(--wp--preset--spacing--30);padding-bottom:var(--wp--preset--spacing--20);padding-left:var(--wp--preset--spacing--30);min-height:285px;aspect-ratio:unset;\"><span aria-hidden=\"true\" class=\"wp-block-cover__background has-background-dim-0 has-background-dim\" style=\"background-color:#6a80a6\"><\/span><img loading=\"lazy\" decoding=\"async\" width=\"1200\" height=\"675\" class=\"wp-block-cover__image-background wp-image-154\" alt=\"\" src=\"https:\/\/festival.cyclo-camping.international\/2025\/wp-content\/uploads\/sites\/3\/2023\/12\/vial-web3.jpg\" data-object-fit=\"cover\" srcset=\"https:\/\/festival.cyclo-camping.international\/2025\/wp-content\/uploads\/sites\/3\/2023\/12\/vial-web3.jpg 1200w, https:\/\/festival.cyclo-camping.international\/2025\/wp-content\/uploads\/sites\/3\/2023\/12\/vial-web3-300x169.jpg 300w, https:\/\/festival.cyclo-camping.international\/2025\/wp-content\/uploads\/sites\/3\/2023\/12\/vial-web3-1024x576.jpg 1024w, https:\/\/festival.cyclo-camping.international\/2025\/wp-content\/uploads\/sites\/3\/2023\/12\/vial-web3-768x432.jpg 768w\" sizes=\"auto, (max-width: 1200px) 100vw, 1200px\" \/><div class=\"wp-block-cover__inner-container is-layout-flow wp-container-core-cover-is-layout-ade1e76d wp-block-cover-is-layout-flow\">\n<p class=\"has-text-align-center has-base-2-color has-text-color has-link-color wp-elements-1c71965e0adf2efe957eb0981fd02db7\" style=\"font-size:clamp(0.875rem, 0.875rem + ((1vw - 0.2rem) * 0.208), 1rem);letter-spacing:0.13rem;text-transform:uppercase\"><strong>\u00e9change<\/strong><\/p>\n\n\n\n<h3 class=\"wp-block-heading has-text-align-center is-style-default has-contrast-3-color has-text-color has-link-color has-large-font-size wp-elements-272bf181ea2b878c78fdd9cb5153b042\" style=\"border-style:none;border-width:0px;font-style:normal;font-weight:700;letter-spacing:0.5px\">A v\u00e9lo, en bus, en train jusqu\u2019au<br>bout du monde, les joies de&nbsp;la&nbsp;lenteur.<\/h3>\n\n\n\n<p class=\"has-text-align-center\">Ou comment voyager sans prendre l\u2019avion<\/p>\n\n\n\n<div class=\"wp-block-group is-content-justification-center is-layout-flex wp-container-core-group-is-layout-c2d391de wp-block-group-is-layout-flex\" style=\"margin-top:var(--wp--preset--spacing--10);margin-bottom:0;padding-top:0;padding-right:0;padding-bottom:0;padding-left:0\">\n<div class=\"wp-block-group has-contrast-2-color has-accent-background-color has-text-color has-background has-link-color has-small-font-size wp-elements-b2c2b5d67404519687fa76685d7be5e3 is-layout-flex wp-block-group-is-layout-flex\" style=\"border-style:none;border-width:0px;border-radius:0.5rem;padding-top:0.5rem;padding-right:var(--wp--preset--spacing--10);padding-bottom:0.5rem;padding-left:var(--wp--preset--spacing--10)\">\n<p class=\"has-text-align-center has-body-font-family\" style=\"padding-top:0;padding-right:0;padding-bottom:0;padding-left:0;font-size:clamp(0.875rem, 0.875rem + ((1vw - 0.2rem) * 0.042), 0.9rem);font-style:normal;font-weight:300;letter-spacing:0.025rem\"><strong>Dimanche<\/strong><\/p>\n<\/div>\n\n\n\n<div class=\"wp-block-group has-contrast-2-color has-accent-background-color has-text-color has-background has-link-color has-small-font-size wp-elements-dffdbbdaa3e1fb12bcb1e95433252bb7 is-layout-flex wp-block-group-is-layout-flex\" style=\"border-style:none;border-width:0px;border-radius:0.5rem;padding-top:0.5rem;padding-right:var(--wp--preset--spacing--10);padding-bottom:0.5rem;padding-left:var(--wp--preset--spacing--10)\">\n<p class=\"has-text-align-center has-body-font-family\" style=\"padding-top:0;padding-right:0;padding-bottom:0;padding-left:0;font-size:clamp(0.875rem, 0.875rem + ((1vw - 0.2rem) * 0.042), 0.9rem);font-style:normal;font-weight:300;letter-spacing:0.025rem\"><strong>10h<\/strong><\/p>\n<\/div>\n\n\n\n<div class=\"wp-block-group has-contrast-2-color has-accent-background-color has-text-color has-background has-link-color has-small-font-size wp-elements-2b294cbd5ab1c9384c62432e9066e05a is-layout-flex wp-block-group-is-layout-flex\" style=\"border-style:none;border-width:0px;border-radius:0.5rem;padding-top:0.5rem;padding-right:var(--wp--preset--spacing--10);padding-bottom:0.5rem;padding-left:var(--wp--preset--spacing--10)\">\n<p class=\"has-body-font-family\" style=\"padding-top:0;padding-right:0;padding-bottom:0;padding-left:0;font-size:clamp(0.875rem, 0.875rem + ((1vw - 0.2rem) * 0.042), 0.9rem);font-style:normal;font-weight:300;letter-spacing:0.025rem\"><strong>PCC, amphi B<\/strong><\/p>\n<\/div>\n<\/div>\n<\/div><\/div>\n\n\n\n<p>Bertrand et Marion reviennent d&rsquo;un aller-retour Paris-Tokyo de deux ans \u00e0 v\u00e9lo, sans avion et avec tous types de transports en commun terrestres et maritimes. Anecdotes, Transsib\u00e9rien, conseils, ressources : embarquez avec les <a href=\"http:\/\/www.linktr.ee\/blobtrotteurs\">Blobtrotteurs<\/a> pour tout savoir sur les plaisirs du voyage lent !<\/p>\n\n\n\n<div class=\"wp-block-group is-layout-flex wp-container-core-group-is-layout-ddfd8365 wp-block-group-is-layout-flex\" style=\"margin-top:0;margin-bottom:0;padding-top:0;padding-bottom:0\">\n<p class=\"has-text-align-left\" style=\"font-size:0.8rem;letter-spacing:0.0625rem;text-transform:uppercase\"><strong>Intervenants<\/strong> : <\/p>\n\n\n\n<p class=\"has-text-align-left has-contrast-color has-text-color has-link-color has-small-font-size wp-elements-f72fbec9747869f7f6a7d99d08a14a0b\">Bertrand Vidailhet et Marion Jover<\/p>\n<\/div>\n\n\n\n<div class=\"wp-block-group is-layout-flex wp-container-core-group-is-layout-ddfd8365 wp-block-group-is-layout-flex\" style=\"margin-top:0;margin-bottom:0;padding-top:0;padding-bottom:0\">\n<p class=\"has-text-align-left\" style=\"font-size:0.8rem;letter-spacing:0.0625rem;text-transform:uppercase\"><strong>animation<\/strong> : <\/p>\n\n\n\n<p class=\"has-text-align-left has-small-font-size\">Fran\u00e7ois Pr\u00e9tot<\/p>\n<\/div>\n\n\n\n<div class=\"wp-block-group is-nowrap is-layout-flex wp-container-core-group-is-layout-03cf63ba wp-block-group-is-layout-flex\" style=\"margin-top:0;margin-bottom:0;padding-top:0;padding-bottom:0\">\n<p class=\"has-text-align-left\" style=\"font-size:0.8rem;letter-spacing:0.0625rem;text-transform:uppercase\"><strong>dur\u00e9e<\/strong> : <\/p>\n\n\n\n<p class=\"has-text-align-left has-contrast-color has-text-color has-link-color has-small-font-size wp-elements-0da4ef246a3607075430d180c73c9f93\">1h30<\/p>\n<\/div>\n\n\n\n<p class=\"has-small-font-size\"><strong>Fran\u00e7ois Pr\u00e9tot<\/strong>&nbsp;: \u00ab papa solo \u00bb depuis une dizaine d\u2019ann\u00e9es, il part r\u00e9guli\u00e8rement pour des balades de quelques jours avec sa fille Ma\u00eblle (18 ans) et ce, depuis son plus jeune \u00e2ge.<\/p>\n<\/div>\n\n\n\n<div class=\"wp-block-group has-background is-vertical is-content-justification-stretch is-layout-flex wp-container-core-group-is-layout-b8843d33 wp-block-group-is-layout-flex\" style=\"border-radius:14px;background-color:#ffffff;margin-top:var(--wp--preset--spacing--20);margin-bottom:var(--wp--preset--spacing--20);padding-top:var(--wp--preset--spacing--10);padding-right:var(--wp--preset--spacing--10);padding-bottom:var(--wp--preset--spacing--10);padding-left:var(--wp--preset--spacing--10)\">\n<div class=\"wp-block-cover is-light has-custom-content-position is-position-bottom-center wp-duotone-111111-rgb44107109-9\" style=\"border-radius:7px;padding-top:var(--wp--preset--spacing--20);padding-right:var(--wp--preset--spacing--30);padding-bottom:var(--wp--preset--spacing--20);padding-left:var(--wp--preset--spacing--30);min-height:285px;aspect-ratio:unset;\"><span aria-hidden=\"true\" class=\"wp-block-cover__background has-background-dim-0 has-background-dim\" style=\"background-color:#bbc2c9\"><\/span><img loading=\"lazy\" decoding=\"async\" width=\"426\" height=\"300\" class=\"wp-block-cover__image-background wp-image-3299\" alt=\"\" src=\"https:\/\/festival.cyclo-camping.international\/2025\/wp-content\/uploads\/sites\/3\/2024\/12\/Rando-Camping-2.jpg\" style=\"object-position:19% 2%\" data-object-fit=\"cover\" data-object-position=\"19% 2%\" srcset=\"https:\/\/festival.cyclo-camping.international\/2025\/wp-content\/uploads\/sites\/3\/2024\/12\/Rando-Camping-2.jpg 426w, https:\/\/festival.cyclo-camping.international\/2025\/wp-content\/uploads\/sites\/3\/2024\/12\/Rando-Camping-2-300x211.jpg 300w\" sizes=\"auto, (max-width: 426px) 100vw, 426px\" \/><div class=\"wp-block-cover__inner-container is-layout-flow wp-container-core-cover-is-layout-ade1e76d wp-block-cover-is-layout-flow\">\n<p class=\"has-text-align-center has-base-2-color has-text-color has-link-color wp-elements-3deb699de1646658896f54784c756e2d\" style=\"font-size:clamp(0.875rem, 0.875rem + ((1vw - 0.2rem) * 0.208), 1rem);letter-spacing:0.13rem;text-transform:uppercase\"><strong>Atelier<\/strong><\/p>\n\n\n\n<h3 class=\"wp-block-heading has-text-align-center is-style-default has-contrast-3-color has-text-color has-link-color has-large-font-size wp-elements-f367c9e82c39dac7e574b8dc1636c4e9\" style=\"border-style:none;border-width:0px;font-style:normal;font-weight:700;letter-spacing:0.5px\">Pr\u00e9sentation du site RandoCamping<\/h3>\n\n\n\n<div class=\"wp-block-group is-content-justification-center is-layout-flex wp-container-core-group-is-layout-c2d391de wp-block-group-is-layout-flex\" style=\"margin-top:var(--wp--preset--spacing--10);margin-bottom:0;padding-top:0;padding-right:0;padding-bottom:0;padding-left:0\">\n<div class=\"wp-block-group has-contrast-2-color has-accent-background-color has-text-color has-background has-link-color has-small-font-size wp-elements-b2c2b5d67404519687fa76685d7be5e3 is-layout-flex wp-block-group-is-layout-flex\" style=\"border-style:none;border-width:0px;border-radius:0.5rem;padding-top:0.5rem;padding-right:var(--wp--preset--spacing--10);padding-bottom:0.5rem;padding-left:var(--wp--preset--spacing--10)\">\n<p class=\"has-text-align-center has-body-font-family\" style=\"padding-top:0;padding-right:0;padding-bottom:0;padding-left:0;font-size:clamp(0.875rem, 0.875rem + ((1vw - 0.2rem) * 0.042), 0.9rem);font-style:normal;font-weight:300;letter-spacing:0.025rem\"><strong>Dimanche<\/strong><\/p>\n<\/div>\n\n\n\n<div class=\"wp-block-group has-contrast-2-color has-accent-background-color has-text-color has-background has-link-color has-small-font-size wp-elements-0f66567f7268941853dbd163d7a6f3ef is-layout-flex wp-block-group-is-layout-flex\" style=\"border-style:none;border-width:0px;border-radius:0.5rem;padding-top:0.5rem;padding-right:var(--wp--preset--spacing--10);padding-bottom:0.5rem;padding-left:var(--wp--preset--spacing--10)\">\n<p class=\"has-text-align-center has-body-font-family\" style=\"padding-top:0;padding-right:0;padding-bottom:0;padding-left:0;font-size:clamp(0.875rem, 0.875rem + ((1vw - 0.2rem) * 0.042), 0.9rem);font-style:normal;font-weight:300;letter-spacing:0.025rem\"><strong>11h00<\/strong><\/p>\n<\/div>\n\n\n\n<div class=\"wp-block-group has-contrast-2-color has-accent-background-color has-text-color has-background has-link-color has-small-font-size wp-elements-da42fb60d7ce88d34d56a213d66c39a4 is-layout-flex wp-block-group-is-layout-flex\" style=\"border-style:none;border-width:0px;border-radius:0.5rem;padding-top:0.5rem;padding-right:var(--wp--preset--spacing--10);padding-bottom:0.5rem;padding-left:var(--wp--preset--spacing--10)\">\n<p class=\"has-body-font-family\" style=\"padding-top:0;padding-right:0;padding-bottom:0;padding-left:0;font-size:clamp(0.875rem, 0.875rem + ((1vw - 0.2rem) * 0.042), 0.9rem);font-style:normal;font-weight:300;letter-spacing:0.025rem\"><strong>PCC, salle C<\/strong><\/p>\n<\/div>\n<\/div>\n<\/div><\/div>\n\n\n\n<p>\u00c0 v\u00e9lo, \u00e0 pied\u2026<br>Le site pour pr\u00e9parer vos itin\u00e9rances : une carte interactive pour rep\u00e9rer un h\u00e9bergement d&rsquo;\u00e9tape, une gare ou planifier un itin\u00e9raire en France !<br>Brunaud pr\u00e9sentera la nouvelle version du site.<\/p>\n\n\n\n<div class=\"wp-block-group is-vertical is-content-justification-left is-layout-flex wp-container-core-group-is-layout-32c97487 wp-block-group-is-layout-flex\" style=\"padding-right:0;padding-left:0\">\n<div class=\"wp-block-columns is-not-stacked-on-mobile is-layout-flex wp-container-core-columns-is-layout-28f84493 wp-block-columns-is-layout-flex\">\n<div class=\"wp-block-column is-layout-flow wp-block-column-is-layout-flow\">\n<ul class=\"wp-block-social-links is-layout-flex wp-block-social-links-is-layout-flex\"><li class=\"wp-social-link wp-social-link-chain  wp-block-social-link\"><a href=\"https:\/\/randocamping.touteslatitudes.fr\/\" class=\"wp-block-social-link-anchor\"><svg width=\"24\" height=\"24\" viewBox=\"0 0 24 24\" version=\"1.1\" xmlns=\"http:\/\/www.w3.org\/2000\/svg\" aria-hidden=\"true\" focusable=\"false\"><path d=\"M15.6,7.2H14v1.5h1.6c2,0,3.7,1.7,3.7,3.7s-1.7,3.7-3.7,3.7H14v1.5h1.6c2.8,0,5.2-2.3,5.2-5.2,0-2.9-2.3-5.2-5.2-5.2zM4.7,12.4c0-2,1.7-3.7,3.7-3.7H10V7.2H8.4c-2.9,0-5.2,2.3-5.2,5.2,0,2.9,2.3,5.2,5.2,5.2H10v-1.5H8.4c-2,0-3.7-1.7-3.7-3.7zm4.6.9h5.3v-1.5H9.3v1.5z\"><\/path><\/svg><span class=\"wp-block-social-link-label screen-reader-text\">Lien<\/span><\/a><\/li><\/ul>\n<\/div>\n\n\n\n<div class=\"wp-block-column is-layout-flow wp-block-column-is-layout-flow\">\n<ul class=\"wp-block-social-links is-layout-flex wp-block-social-links-is-layout-flex\"><li class=\"wp-social-link wp-social-link-facebook  wp-block-social-link\"><a href=\"https:\/\/www.facebook.com\/people\/RandoCamping\/61557491556061\" class=\"wp-block-social-link-anchor\"><svg width=\"24\" height=\"24\" viewBox=\"0 0 24 24\" version=\"1.1\" xmlns=\"http:\/\/www.w3.org\/2000\/svg\" aria-hidden=\"true\" focusable=\"false\"><path d=\"M12 2C6.5 2 2 6.5 2 12c0 5 3.7 9.1 8.4 9.9v-7H7.9V12h2.5V9.8c0-2.5 1.5-3.9 3.8-3.9 1.1 0 2.2.2 2.2.2v2.5h-1.3c-1.2 0-1.6.8-1.6 1.6V12h2.8l-.4 2.9h-2.3v7C18.3 21.1 22 17 22 12c0-5.5-4.5-10-10-10z\"><\/path><\/svg><span class=\"wp-block-social-link-label screen-reader-text\">Facebook<\/span><\/a><\/li><\/ul>\n<\/div>\n\n\n\n<div class=\"wp-block-column is-layout-flow wp-block-column-is-layout-flow\">\n<ul class=\"wp-block-social-links is-layout-flex wp-block-social-links-is-layout-flex\"><li class=\"wp-social-link wp-social-link-instagram  wp-block-social-link\"><a href=\"https:\/\/www.instagram.com\/touteslatitudes\/\" class=\"wp-block-social-link-anchor\"><svg width=\"24\" height=\"24\" viewBox=\"0 0 24 24\" version=\"1.1\" xmlns=\"http:\/\/www.w3.org\/2000\/svg\" aria-hidden=\"true\" focusable=\"false\"><path d=\"M12,4.622c2.403,0,2.688,0.009,3.637,0.052c0.877,0.04,1.354,0.187,1.671,0.31c0.42,0.163,0.72,0.358,1.035,0.673 c0.315,0.315,0.51,0.615,0.673,1.035c0.123,0.317,0.27,0.794,0.31,1.671c0.043,0.949,0.052,1.234,0.052,3.637 s-0.009,2.688-0.052,3.637c-0.04,0.877-0.187,1.354-0.31,1.671c-0.163,0.42-0.358,0.72-0.673,1.035 c-0.315,0.315-0.615,0.51-1.035,0.673c-0.317,0.123-0.794,0.27-1.671,0.31c-0.949,0.043-1.233,0.052-3.637,0.052 s-2.688-0.009-3.637-0.052c-0.877-0.04-1.354-0.187-1.671-0.31c-0.42-0.163-0.72-0.358-1.035-0.673 c-0.315-0.315-0.51-0.615-0.673-1.035c-0.123-0.317-0.27-0.794-0.31-1.671C4.631,14.688,4.622,14.403,4.622,12 s0.009-2.688,0.052-3.637c0.04-0.877,0.187-1.354,0.31-1.671c0.163-0.42,0.358-0.72,0.673-1.035 c0.315-0.315,0.615-0.51,1.035-0.673c0.317-0.123,0.794-0.27,1.671-0.31C9.312,4.631,9.597,4.622,12,4.622 M12,3 C9.556,3,9.249,3.01,8.289,3.054C7.331,3.098,6.677,3.25,6.105,3.472C5.513,3.702,5.011,4.01,4.511,4.511 c-0.5,0.5-0.808,1.002-1.038,1.594C3.25,6.677,3.098,7.331,3.054,8.289C3.01,9.249,3,9.556,3,12c0,2.444,0.01,2.751,0.054,3.711 c0.044,0.958,0.196,1.612,0.418,2.185c0.23,0.592,0.538,1.094,1.038,1.594c0.5,0.5,1.002,0.808,1.594,1.038 c0.572,0.222,1.227,0.375,2.185,0.418C9.249,20.99,9.556,21,12,21s2.751-0.01,3.711-0.054c0.958-0.044,1.612-0.196,2.185-0.418 c0.592-0.23,1.094-0.538,1.594-1.038c0.5-0.5,0.808-1.002,1.038-1.594c0.222-0.572,0.375-1.227,0.418-2.185 C20.99,14.751,21,14.444,21,12s-0.01-2.751-0.054-3.711c-0.044-0.958-0.196-1.612-0.418-2.185c-0.23-0.592-0.538-1.094-1.038-1.594 c-0.5-0.5-1.002-0.808-1.594-1.038c-0.572-0.222-1.227-0.375-2.185-0.418C14.751,3.01,14.444,3,12,3L12,3z M12,7.378 c-2.552,0-4.622,2.069-4.622,4.622S9.448,16.622,12,16.622s4.622-2.069,4.622-4.622S14.552,7.378,12,7.378z M12,15 c-1.657,0-3-1.343-3-3s1.343-3,3-3s3,1.343,3,3S13.657,15,12,15z M16.804,6.116c-0.596,0-1.08,0.484-1.08,1.08 s0.484,1.08,1.08,1.08c0.596,0,1.08-0.484,1.08-1.08S17.401,6.116,16.804,6.116z\"><\/path><\/svg><span class=\"wp-block-social-link-label screen-reader-text\">Instagram<\/span><\/a><\/li><\/ul>\n<\/div>\n<\/div>\n<\/div>\n\n\n\n<div class=\"wp-block-group is-layout-flex wp-container-core-group-is-layout-2790ddc5 wp-block-group-is-layout-flex\" style=\"margin-top:0;margin-bottom:0;padding-top:0;padding-bottom:0\">\n<p class=\"has-text-align-left\" style=\"font-size:0.8rem;letter-spacing:0.0625rem;text-transform:uppercase\"><strong>Intervenant<\/strong> :<\/p>\n\n\n\n<p class=\"has-text-align-left has-contrast-color has-text-color has-link-color has-small-font-size wp-elements-71c102a4d71eea95ac82dbb3a5c22645\">Brunaud Devillard <\/p>\n<\/div>\n\n\n\n<div class=\"wp-block-group is-layout-flex wp-container-core-group-is-layout-2790ddc5 wp-block-group-is-layout-flex\" style=\"margin-top:0;margin-bottom:0;padding-top:0;padding-bottom:0\">\n<p class=\"has-text-align-left\" style=\"font-size:0.8rem;letter-spacing:0.0625rem;text-transform:uppercase\"><strong>animation<\/strong> : <\/p>\n\n\n\n<p class=\"has-text-align-left has-small-font-size\">Maguy Favreli\u00e8re<\/p>\n<\/div>\n\n\n\n<div class=\"wp-block-group is-nowrap is-layout-flex wp-container-core-group-is-layout-18ffa439 wp-block-group-is-layout-flex\" style=\"margin-top:0;margin-bottom:0;padding-top:0;padding-bottom:0\">\n<p class=\"has-text-align-left\" style=\"font-size:0.8rem;letter-spacing:0.0625rem;text-transform:uppercase\"><strong>dur\u00e9e<\/strong> : <\/p>\n\n\n\n<p class=\"has-text-align-left has-small-font-size\">1h<\/p>\n<\/div>\n\n\n\n<div class=\"wp-block-group is-vertical is-layout-flex wp-container-core-group-is-layout-861f1e4f wp-block-group-is-layout-flex\">\n<p class=\"has-small-font-size\"><strong>Brunaud Devillard<\/strong>&nbsp;: Cyclo-randonneur en France et en Europe, contributeur au Manuel du Voyage \u00e0 V\u00e9lo, concepteur du site RandoCamping. D\u00e9l\u00e9gu\u00e9 <a href=\"https:\/\/www.af3v.org\/\" target=\"_blank\" rel=\"noreferrer noopener\">AF3V<\/a> du Loiret.<\/p>\n\n\n\n<ul class=\"wp-block-social-links is-layout-flex wp-block-social-links-is-layout-flex\"><li class=\"wp-social-link wp-social-link-facebook  wp-block-social-link\"><a href=\"https:\/\/www.facebook.com\/profile.php?id=100009263718306\" class=\"wp-block-social-link-anchor\"><svg width=\"24\" height=\"24\" viewBox=\"0 0 24 24\" version=\"1.1\" xmlns=\"http:\/\/www.w3.org\/2000\/svg\" aria-hidden=\"true\" focusable=\"false\"><path d=\"M12 2C6.5 2 2 6.5 2 12c0 5 3.7 9.1 8.4 9.9v-7H7.9V12h2.5V9.8c0-2.5 1.5-3.9 3.8-3.9 1.1 0 2.2.2 2.2.2v2.5h-1.3c-1.2 0-1.6.8-1.6 1.6V12h2.8l-.4 2.9h-2.3v7C18.3 21.1 22 17 22 12c0-5.5-4.5-10-10-10z\"><\/path><\/svg><span class=\"wp-block-social-link-label screen-reader-text\">Facebook<\/span><\/a><\/li><\/ul>\n<\/div>\n\n\n\n<p class=\"has-small-font-size\"><strong>Maguy Favreli\u00e8re<\/strong>&nbsp;: <em>CCIste Angevine<\/em><\/p>\n\n\n\n<p class=\"has-small-font-size\"><em>Active dans un groupe de cyclorandonneurs angevins avec pour objectifs d&rsquo;organiser des rencontres, des \u00e9changes et pr\u00e9sentations des p\u00e9riples r\u00e9alis\u00e9s (ou projets \u00e0 venir), et proposer \u00e9galement des sorties \u00e0 v\u00e9los&#8230; dans le 49.<\/em><\/p>\n\n\n\n<ul class=\"wp-block-social-links is-layout-flex wp-block-social-links-is-layout-flex\"><li class=\"wp-social-link wp-social-link-facebook  wp-block-social-link\"><a href=\"https:\/\/www.facebook.com\/profile.php?id=100014466195687\" class=\"wp-block-social-link-anchor\"><svg width=\"24\" height=\"24\" viewBox=\"0 0 24 24\" version=\"1.1\" xmlns=\"http:\/\/www.w3.org\/2000\/svg\" aria-hidden=\"true\" focusable=\"false\"><path d=\"M12 2C6.5 2 2 6.5 2 12c0 5 3.7 9.1 8.4 9.9v-7H7.9V12h2.5V9.8c0-2.5 1.5-3.9 3.8-3.9 1.1 0 2.2.2 2.2.2v2.5h-1.3c-1.2 0-1.6.8-1.6 1.6V12h2.8l-.4 2.9h-2.3v7C18.3 21.1 22 17 22 12c0-5.5-4.5-10-10-10z\"><\/path><\/svg><span class=\"wp-block-social-link-label screen-reader-text\">Facebook<\/span><\/a><\/li><\/ul>\n\n\n\n<p class=\"has-text-align-center has-contrast-2-color has-text-color has-link-color has-small-font-size wp-elements-4492c080d44e186f888903772af1d414\" style=\"letter-spacing:0.02rem\"><em>Cet atelier aura aussi lieu samedi \u00e0 12h30<\/em><\/p>\n<\/div>\n\n\n\n<div id=\"Jour2-PM\" class=\"wp-block-group has-background is-vertical is-content-justification-stretch is-layout-flex wp-container-core-group-is-layout-b8843d33 wp-block-group-is-layout-flex\" style=\"border-radius:14px;background-color:#ffffff;margin-top:var(--wp--preset--spacing--20);margin-bottom:var(--wp--preset--spacing--20);padding-top:var(--wp--preset--spacing--10);padding-right:var(--wp--preset--spacing--10);padding-bottom:var(--wp--preset--spacing--10);padding-left:var(--wp--preset--spacing--10)\">\n<div class=\"wp-block-cover has-custom-content-position is-position-bottom-center wp-duotone-111111-rgb44107109-10\" style=\"border-radius:7px;padding-top:var(--wp--preset--spacing--20);padding-right:var(--wp--preset--spacing--30);padding-bottom:var(--wp--preset--spacing--20);padding-left:var(--wp--preset--spacing--30);min-height:285px;aspect-ratio:unset;\"><span aria-hidden=\"true\" class=\"wp-block-cover__background has-background-dim-0 has-background-dim\" style=\"background-color:#777a85\"><\/span><img loading=\"lazy\" decoding=\"async\" width=\"922\" height=\"734\" class=\"wp-block-cover__image-background wp-image-3294\" alt=\"\" src=\"https:\/\/festival.cyclo-camping.international\/2025\/wp-content\/uploads\/sites\/3\/2024\/12\/semaine_pinceaux_et_velos_Allier_2022-4-1-e1734825802971.jpg\" data-object-fit=\"cover\" srcset=\"https:\/\/festival.cyclo-camping.international\/2025\/wp-content\/uploads\/sites\/3\/2024\/12\/semaine_pinceaux_et_velos_Allier_2022-4-1-e1734825802971.jpg 922w, https:\/\/festival.cyclo-camping.international\/2025\/wp-content\/uploads\/sites\/3\/2024\/12\/semaine_pinceaux_et_velos_Allier_2022-4-1-e1734825802971-300x239.jpg 300w, https:\/\/festival.cyclo-camping.international\/2025\/wp-content\/uploads\/sites\/3\/2024\/12\/semaine_pinceaux_et_velos_Allier_2022-4-1-e1734825802971-768x611.jpg 768w\" sizes=\"auto, (max-width: 922px) 100vw, 922px\" \/><div class=\"wp-block-cover__inner-container is-layout-flow wp-container-core-cover-is-layout-ade1e76d wp-block-cover-is-layout-flow\">\n<p class=\"has-text-align-center has-base-2-color has-text-color has-link-color wp-elements-7e70a3f04a4f20e6e7731f78e6e089b6\" style=\"font-size:clamp(0.875rem, 0.875rem + ((1vw - 0.2rem) * 0.208), 1rem);letter-spacing:0.13rem;text-transform:uppercase\"><strong>Table ronde<\/strong><\/p>\n\n\n\n<h3 class=\"wp-block-heading has-text-align-center is-style-default has-contrast-3-color has-text-color has-link-color has-large-font-size wp-elements-af4035ee16b9036dc17fe4d84fbeca2e\" style=\"border-style:none;border-width:0px;font-style:normal;font-weight:700;letter-spacing:0.5px\">Nos quinzaines<\/h3>\n\n\n\n<div class=\"wp-block-group is-content-justification-center is-layout-flex wp-container-core-group-is-layout-c2d391de wp-block-group-is-layout-flex\" style=\"margin-top:var(--wp--preset--spacing--10);margin-bottom:0;padding-top:0;padding-right:0;padding-bottom:0;padding-left:0\">\n<div class=\"wp-block-group has-contrast-2-color has-accent-background-color has-text-color has-background has-link-color has-small-font-size wp-elements-b2c2b5d67404519687fa76685d7be5e3 is-layout-flex wp-block-group-is-layout-flex\" style=\"border-style:none;border-width:0px;border-radius:0.5rem;padding-top:0.5rem;padding-right:var(--wp--preset--spacing--10);padding-bottom:0.5rem;padding-left:var(--wp--preset--spacing--10)\">\n<p class=\"has-text-align-center has-body-font-family\" style=\"padding-top:0;padding-right:0;padding-bottom:0;padding-left:0;font-size:clamp(0.875rem, 0.875rem + ((1vw - 0.2rem) * 0.042), 0.9rem);font-style:normal;font-weight:300;letter-spacing:0.025rem\"><strong>Dimanche<\/strong><\/p>\n<\/div>\n\n\n\n<div class=\"wp-block-group has-contrast-2-color has-accent-background-color has-text-color has-background has-link-color has-small-font-size wp-elements-598566e99f55c400847f4722d80545b5 is-layout-flex wp-block-group-is-layout-flex\" style=\"border-style:none;border-width:0px;border-radius:0.5rem;padding-top:0.5rem;padding-right:var(--wp--preset--spacing--10);padding-bottom:0.5rem;padding-left:var(--wp--preset--spacing--10)\">\n<p class=\"has-text-align-center has-body-font-family\" style=\"padding-top:0;padding-right:0;padding-bottom:0;padding-left:0;font-size:clamp(0.875rem, 0.875rem + ((1vw - 0.2rem) * 0.042), 0.9rem);font-style:normal;font-weight:300;letter-spacing:0.025rem\"><strong>12h30<\/strong><\/p>\n<\/div>\n\n\n\n<div class=\"wp-block-group has-contrast-2-color has-accent-background-color has-text-color has-background has-link-color has-small-font-size wp-elements-da42fb60d7ce88d34d56a213d66c39a4 is-layout-flex wp-block-group-is-layout-flex\" style=\"border-style:none;border-width:0px;border-radius:0.5rem;padding-top:0.5rem;padding-right:var(--wp--preset--spacing--10);padding-bottom:0.5rem;padding-left:var(--wp--preset--spacing--10)\">\n<p class=\"has-body-font-family\" style=\"padding-top:0;padding-right:0;padding-bottom:0;padding-left:0;font-size:clamp(0.875rem, 0.875rem + ((1vw - 0.2rem) * 0.042), 0.9rem);font-style:normal;font-weight:300;letter-spacing:0.025rem\"><strong>PCC, salle C<\/strong><\/p>\n<\/div>\n<\/div>\n<\/div><\/div>\n\n\n\n<p>Les adh\u00e9rent.e.s de CCI organisent des voyages en groupes, entre 2 jours et 2 semaines. Ils et elles d\u00e9finissent les \u00e9tapes, et se retrouvent le soir pour partager leurs impressions sur leur journ\u00e9e. <\/p>\n\n\n\n<div class=\"wp-block-group is-layout-flex wp-container-core-group-is-layout-2790ddc5 wp-block-group-is-layout-flex\" style=\"margin-top:0;margin-bottom:0;padding-top:0;padding-bottom:0\">\n<p class=\"has-text-align-left\" style=\"font-size:0.8rem;letter-spacing:0.0625rem;text-transform:uppercase\"><strong>Intervenants<\/strong> :<\/p>\n\n\n\n<p class=\"has-text-align-left has-contrast-color has-text-color has-link-color has-small-font-size wp-elements-853abcf4be6c2384c70c78bf8bbf8138\"> Jean-Marc Bezert, Charles Esmenjaud, Annick Potier et V\u00e9ronique Quiblier<\/p>\n<\/div>\n\n\n\n<div class=\"wp-block-group is-layout-flex wp-container-core-group-is-layout-2790ddc5 wp-block-group-is-layout-flex\" style=\"margin-top:0;margin-bottom:0;padding-top:0;padding-bottom:0\">\n<p class=\"has-text-align-left\" style=\"font-size:0.8rem;letter-spacing:0.0625rem;text-transform:uppercase\"><strong>animation<\/strong> : <\/p>\n\n\n\n<p class=\"has-text-align-left has-small-font-size\">Martine Le Lan<\/p>\n<\/div>\n\n\n\n<div class=\"wp-block-group is-nowrap is-layout-flex wp-container-core-group-is-layout-18ffa439 wp-block-group-is-layout-flex\" style=\"margin-top:0;margin-bottom:0;padding-top:0;padding-bottom:0\">\n<p class=\"has-text-align-left\" style=\"font-size:0.8rem;letter-spacing:0.0625rem;text-transform:uppercase\"><strong>dur\u00e9e<\/strong> : <\/p>\n\n\n\n<p class=\"has-text-align-left has-small-font-size\">1h<\/p>\n<\/div>\n<\/div>\n\n\n\n<div class=\"wp-block-group has-background is-vertical is-content-justification-stretch is-layout-flex wp-container-core-group-is-layout-b8843d33 wp-block-group-is-layout-flex\" style=\"border-radius:14px;background-color:#ffffff;margin-top:var(--wp--preset--spacing--20);margin-bottom:var(--wp--preset--spacing--20);padding-top:var(--wp--preset--spacing--10);padding-right:var(--wp--preset--spacing--10);padding-bottom:var(--wp--preset--spacing--10);padding-left:var(--wp--preset--spacing--10)\">\n<div class=\"wp-block-cover wp-duotone-111111-rgb44107109-11\" style=\"border-radius:7px;padding-top:var(--wp--preset--spacing--20);padding-right:var(--wp--preset--spacing--30);padding-bottom:var(--wp--preset--spacing--20);padding-left:var(--wp--preset--spacing--30);min-height:285px;aspect-ratio:unset;\"><span aria-hidden=\"true\" class=\"wp-block-cover__background has-background-dim-0 has-background-dim\"><\/span><img loading=\"lazy\" decoding=\"async\" width=\"1200\" height=\"873\" class=\"wp-block-cover__image-background wp-image-246\" alt=\"\" src=\"https:\/\/festival.cyclo-camping.international\/2025\/wp-content\/uploads\/sites\/3\/2023\/12\/Bellavance_web-3.jpg\" style=\"object-position:100% 0%\" data-object-fit=\"cover\" data-object-position=\"100% 0%\" srcset=\"https:\/\/festival.cyclo-camping.international\/2025\/wp-content\/uploads\/sites\/3\/2023\/12\/Bellavance_web-3.jpg 1200w, https:\/\/festival.cyclo-camping.international\/2025\/wp-content\/uploads\/sites\/3\/2023\/12\/Bellavance_web-3-300x218.jpg 300w, https:\/\/festival.cyclo-camping.international\/2025\/wp-content\/uploads\/sites\/3\/2023\/12\/Bellavance_web-3-1024x745.jpg 1024w, https:\/\/festival.cyclo-camping.international\/2025\/wp-content\/uploads\/sites\/3\/2023\/12\/Bellavance_web-3-768x559.jpg 768w\" sizes=\"auto, (max-width: 1200px) 100vw, 1200px\" \/><div class=\"wp-block-cover__inner-container is-layout-flow wp-container-core-cover-is-layout-ade1e76d wp-block-cover-is-layout-flow\">\n<p class=\"has-text-align-center has-base-2-color has-text-color has-link-color wp-elements-b8a164a3378e29f02438d3d78c2e6243\" style=\"font-size:clamp(0.875rem, 0.875rem + ((1vw - 0.2rem) * 0.208), 1rem);letter-spacing:0.13rem;text-transform:uppercase\"><strong>\u00c9change<\/strong><\/p>\n\n\n\n<h3 class=\"wp-block-heading has-text-align-center is-style-default has-contrast-3-color has-text-color has-link-color has-large-font-size wp-elements-d41a57ba1dce63758100bed211c7a0c2\" style=\"border-style:none;border-width:0px;font-style:normal;font-weight:700;letter-spacing:0.5px\">Je fais voyager mon handicap \u00e0&nbsp;v\u00e9lo<\/h3>\n\n\n\n<p class=\"has-text-align-center\">(Voyage \u00e0 v\u00e9lo en situation de handicap)<\/p>\n\n\n\n<div class=\"wp-block-group is-content-justification-center is-layout-flex wp-container-core-group-is-layout-c2d391de wp-block-group-is-layout-flex\" style=\"margin-top:var(--wp--preset--spacing--10);margin-bottom:0;padding-top:0;padding-right:0;padding-bottom:0;padding-left:0\">\n<div class=\"wp-block-group has-contrast-2-color has-accent-background-color has-text-color has-background has-link-color has-small-font-size wp-elements-b2c2b5d67404519687fa76685d7be5e3 is-layout-flex wp-block-group-is-layout-flex\" style=\"border-style:none;border-width:0px;border-radius:0.5rem;padding-top:0.5rem;padding-right:var(--wp--preset--spacing--10);padding-bottom:0.5rem;padding-left:var(--wp--preset--spacing--10)\">\n<p class=\"has-text-align-center has-body-font-family\" style=\"padding-top:0;padding-right:0;padding-bottom:0;padding-left:0;font-size:clamp(0.875rem, 0.875rem + ((1vw - 0.2rem) * 0.042), 0.9rem);font-style:normal;font-weight:300;letter-spacing:0.025rem\"><strong>Dimanche<\/strong><\/p>\n<\/div>\n\n\n\n<div class=\"wp-block-group has-contrast-2-color has-accent-background-color has-text-color has-background has-link-color has-small-font-size wp-elements-5a73e6ea0ecc3dfd6e924e84c3cf7989 is-layout-flex wp-block-group-is-layout-flex\" style=\"border-style:none;border-width:0px;border-radius:0.5rem;padding-top:0.5rem;padding-right:var(--wp--preset--spacing--10);padding-bottom:0.5rem;padding-left:var(--wp--preset--spacing--10)\">\n<p class=\"has-text-align-center has-body-font-family\" style=\"padding-top:0;padding-right:0;padding-bottom:0;padding-left:0;font-size:clamp(0.875rem, 0.875rem + ((1vw - 0.2rem) * 0.042), 0.9rem);font-style:normal;font-weight:300;letter-spacing:0.025rem\"><strong>14h30<\/strong><\/p>\n<\/div>\n\n\n\n<div class=\"wp-block-group has-contrast-2-color has-accent-background-color has-text-color has-background has-link-color has-small-font-size wp-elements-2b294cbd5ab1c9384c62432e9066e05a is-layout-flex wp-block-group-is-layout-flex\" style=\"border-style:none;border-width:0px;border-radius:0.5rem;padding-top:0.5rem;padding-right:var(--wp--preset--spacing--10);padding-bottom:0.5rem;padding-left:var(--wp--preset--spacing--10)\">\n<p class=\"has-body-font-family\" style=\"padding-top:0;padding-right:0;padding-bottom:0;padding-left:0;font-size:clamp(0.875rem, 0.875rem + ((1vw - 0.2rem) * 0.042), 0.9rem);font-style:normal;font-weight:300;letter-spacing:0.025rem\"><strong>PCC, amphi B<\/strong><\/p>\n<\/div>\n<\/div>\n<\/div><\/div>\n\n\n\n<p>Visible ou invisible le handicap part en voyage \u00e0 v\u00e9lo avec St\u00e9phane, Estelle, Adrien, Herv\u00e9 et Nathalie.<br>Iels nous invitent \u00e0 un temps d&rsquo;\u00e9change afin de d\u00e9couvrir, comprendre et faire avancer ensemble la jolie roue de nos diff\u00e9rences.<\/p>\n\n\n\n<div class=\"wp-block-group is-layout-flex wp-container-core-group-is-layout-2790ddc5 wp-block-group-is-layout-flex\" style=\"margin-top:0;margin-bottom:0;padding-top:0;padding-bottom:0\">\n<p class=\"has-text-align-left\" style=\"font-size:0.8rem;letter-spacing:0.0625rem;text-transform:uppercase\"><strong>Intervenants<\/strong> : <\/p>\n\n\n\n<p class=\"has-text-align-left has-contrast-color has-text-color has-link-color has-small-font-size wp-elements-2ccae72352d3e594258614a7c132fa74\">Estelle, Nathalie, Adrien Charle, Herv\u00e9 Macke et St\u00e9phane Razat<\/p>\n<\/div>\n\n\n\n<div class=\"wp-block-group is-layout-flex wp-container-core-group-is-layout-2790ddc5 wp-block-group-is-layout-flex\" style=\"margin-top:0;margin-bottom:0;padding-top:0;padding-bottom:0\">\n<p class=\"has-text-align-left\" style=\"font-size:0.8rem;letter-spacing:0.0625rem;text-transform:uppercase\"><strong>animation<\/strong> : <\/p>\n\n\n\n<p class=\"has-text-align-left has-small-font-size\">Fran\u00e7ois Pr\u00e9tot<\/p>\n<\/div>\n\n\n\n<div class=\"wp-block-group is-nowrap is-layout-flex wp-container-core-group-is-layout-18ffa439 wp-block-group-is-layout-flex\" style=\"margin-top:0;margin-bottom:0;padding-top:0;padding-bottom:0\">\n<p class=\"has-text-align-left\" style=\"font-size:0.8rem;letter-spacing:0.0625rem;text-transform:uppercase\"><strong>dur\u00e9e<\/strong> : <\/p>\n\n\n\n<p class=\"has-text-align-left has-contrast-color has-text-color has-link-color has-small-font-size wp-elements-0da4ef246a3607075430d180c73c9f93\">1h30<\/p>\n<\/div>\n\n\n\n<div class=\"wp-block-columns is-layout-flex wp-container-core-columns-is-layout-28f84493 wp-block-columns-is-layout-flex\">\n<div class=\"wp-block-column is-layout-flow wp-block-column-is-layout-flow\" style=\"flex-basis:50%\">\n<p class=\"has-small-font-size\"><strong>Herv\u00e9 Macke<\/strong>\u00a0:<br><em>Vous pouvez retrouver Herv\u00e9 sur la stand <a href=\"https:\/\/mobilypark.fr\/\">MobilyPark<\/a>, au C\u00e9noman.<\/em><\/p>\n<\/div>\n\n\n\n<div class=\"wp-block-column is-layout-flow wp-block-column-is-layout-flow\"><\/div>\n\n\n\n<div class=\"wp-block-column is-layout-flow wp-block-column-is-layout-flow\" style=\"flex-basis:50%\">\n<p class=\"has-small-font-size\"><strong>St\u00e9phane Razat<\/strong>\u00a0: T\u00e9trapl\u00e9gique suite \u00e0 un accident de moto il red\u00e9couvre le sport d&rsquo;une autre fa\u00e7on et le handbike qui devient vite une nouvelle passion et source d&rsquo;adr\u00e9naline.<\/p>\n\n\n\n<p class=\"has-small-font-size\"><em>Vous pouvez voir <a href=\"https:\/\/festival.cyclo-camping.international\/2025\/programme-des-films-2025\/film-qu-est-ce-qui-t-en-empeche\/\">le film de St\u00e9phane<\/a> le samedi, \u00e0 14h30<\/em><\/p>\n<\/div>\n<\/div>\n\n\n\n<div class=\"wp-block-columns is-layout-flex wp-container-core-columns-is-layout-28f84493 wp-block-columns-is-layout-flex\">\n<div class=\"wp-block-column is-layout-flow wp-block-column-is-layout-flow\" style=\"flex-basis:50%\">\n<p class=\"has-small-font-size\"><strong>Nathalie<\/strong>\u00a0: atteinte d&rsquo;une polyarthrite rhumato\u00efde elle rentre d&rsquo;un voyage \u00e0 v\u00e9lo de deux ans sur la plan\u00e8te avec son compagnon. (V\u00e9lo musculaire)<\/p>\n<\/div>\n\n\n\n<div class=\"wp-block-column is-layout-flow wp-block-column-is-layout-flow\"><\/div>\n\n\n\n<div class=\"wp-block-column is-layout-flow wp-block-column-is-layout-flow\" style=\"flex-basis:50%\">\n<p class=\"has-small-font-size\"><strong>Adrien<\/strong> <strong>Charle<\/strong>\u00a0: aventurier solidaire et conf\u00e9rencier, il roule pour sensibiliser \u00e0 l&rsquo;autisme et briser les tabous sur le handicap invisible.<\/p>\n\n\n\n<ul class=\"wp-block-social-links is-layout-flex wp-block-social-links-is-layout-flex\"><li class=\"wp-social-link wp-social-link-chain  wp-block-social-link\"><a href=\"https:\/\/adriencharle.com\/\" class=\"wp-block-social-link-anchor\"><svg width=\"24\" height=\"24\" viewBox=\"0 0 24 24\" version=\"1.1\" xmlns=\"http:\/\/www.w3.org\/2000\/svg\" aria-hidden=\"true\" focusable=\"false\"><path d=\"M15.6,7.2H14v1.5h1.6c2,0,3.7,1.7,3.7,3.7s-1.7,3.7-3.7,3.7H14v1.5h1.6c2.8,0,5.2-2.3,5.2-5.2,0-2.9-2.3-5.2-5.2-5.2zM4.7,12.4c0-2,1.7-3.7,3.7-3.7H10V7.2H8.4c-2.9,0-5.2,2.3-5.2,5.2,0,2.9,2.3,5.2,5.2,5.2H10v-1.5H8.4c-2,0-3.7-1.7-3.7-3.7zm4.6.9h5.3v-1.5H9.3v1.5z\"><\/path><\/svg><span class=\"wp-block-social-link-label screen-reader-text\">Lien<\/span><\/a><\/li>\n\n<li class=\"wp-social-link wp-social-link-instagram  wp-block-social-link\"><a href=\"https:\/\/www.instagram.com\/cyclingforautism\/\" class=\"wp-block-social-link-anchor\"><svg width=\"24\" height=\"24\" viewBox=\"0 0 24 24\" version=\"1.1\" xmlns=\"http:\/\/www.w3.org\/2000\/svg\" aria-hidden=\"true\" focusable=\"false\"><path d=\"M12,4.622c2.403,0,2.688,0.009,3.637,0.052c0.877,0.04,1.354,0.187,1.671,0.31c0.42,0.163,0.72,0.358,1.035,0.673 c0.315,0.315,0.51,0.615,0.673,1.035c0.123,0.317,0.27,0.794,0.31,1.671c0.043,0.949,0.052,1.234,0.052,3.637 s-0.009,2.688-0.052,3.637c-0.04,0.877-0.187,1.354-0.31,1.671c-0.163,0.42-0.358,0.72-0.673,1.035 c-0.315,0.315-0.615,0.51-1.035,0.673c-0.317,0.123-0.794,0.27-1.671,0.31c-0.949,0.043-1.233,0.052-3.637,0.052 s-2.688-0.009-3.637-0.052c-0.877-0.04-1.354-0.187-1.671-0.31c-0.42-0.163-0.72-0.358-1.035-0.673 c-0.315-0.315-0.51-0.615-0.673-1.035c-0.123-0.317-0.27-0.794-0.31-1.671C4.631,14.688,4.622,14.403,4.622,12 s0.009-2.688,0.052-3.637c0.04-0.877,0.187-1.354,0.31-1.671c0.163-0.42,0.358-0.72,0.673-1.035 c0.315-0.315,0.615-0.51,1.035-0.673c0.317-0.123,0.794-0.27,1.671-0.31C9.312,4.631,9.597,4.622,12,4.622 M12,3 C9.556,3,9.249,3.01,8.289,3.054C7.331,3.098,6.677,3.25,6.105,3.472C5.513,3.702,5.011,4.01,4.511,4.511 c-0.5,0.5-0.808,1.002-1.038,1.594C3.25,6.677,3.098,7.331,3.054,8.289C3.01,9.249,3,9.556,3,12c0,2.444,0.01,2.751,0.054,3.711 c0.044,0.958,0.196,1.612,0.418,2.185c0.23,0.592,0.538,1.094,1.038,1.594c0.5,0.5,1.002,0.808,1.594,1.038 c0.572,0.222,1.227,0.375,2.185,0.418C9.249,20.99,9.556,21,12,21s2.751-0.01,3.711-0.054c0.958-0.044,1.612-0.196,2.185-0.418 c0.592-0.23,1.094-0.538,1.594-1.038c0.5-0.5,0.808-1.002,1.038-1.594c0.222-0.572,0.375-1.227,0.418-2.185 C20.99,14.751,21,14.444,21,12s-0.01-2.751-0.054-3.711c-0.044-0.958-0.196-1.612-0.418-2.185c-0.23-0.592-0.538-1.094-1.038-1.594 c-0.5-0.5-1.002-0.808-1.594-1.038c-0.572-0.222-1.227-0.375-2.185-0.418C14.751,3.01,14.444,3,12,3L12,3z M12,7.378 c-2.552,0-4.622,2.069-4.622,4.622S9.448,16.622,12,16.622s4.622-2.069,4.622-4.622S14.552,7.378,12,7.378z M12,15 c-1.657,0-3-1.343-3-3s1.343-3,3-3s3,1.343,3,3S13.657,15,12,15z M16.804,6.116c-0.596,0-1.08,0.484-1.08,1.08 s0.484,1.08,1.08,1.08c0.596,0,1.08-0.484,1.08-1.08S17.401,6.116,16.804,6.116z\"><\/path><\/svg><span class=\"wp-block-social-link-label screen-reader-text\">Instagram<\/span><\/a><\/li>\n\n<li class=\"wp-social-link wp-social-link-linkedin  wp-block-social-link\"><a href=\"https:\/\/www.linkedin.com\/in\/acharle\/\" class=\"wp-block-social-link-anchor\"><svg width=\"24\" height=\"24\" viewBox=\"0 0 24 24\" version=\"1.1\" xmlns=\"http:\/\/www.w3.org\/2000\/svg\" aria-hidden=\"true\" focusable=\"false\"><path d=\"M19.7,3H4.3C3.582,3,3,3.582,3,4.3v15.4C3,20.418,3.582,21,4.3,21h15.4c0.718,0,1.3-0.582,1.3-1.3V4.3 C21,3.582,20.418,3,19.7,3z M8.339,18.338H5.667v-8.59h2.672V18.338z M7.004,8.574c-0.857,0-1.549-0.694-1.549-1.548 c0-0.855,0.691-1.548,1.549-1.548c0.854,0,1.547,0.694,1.547,1.548C8.551,7.881,7.858,8.574,7.004,8.574z M18.339,18.338h-2.669 v-4.177c0-0.996-0.017-2.278-1.387-2.278c-1.389,0-1.601,1.086-1.601,2.206v4.249h-2.667v-8.59h2.559v1.174h0.037 c0.356-0.675,1.227-1.387,2.526-1.387c2.703,0,3.203,1.779,3.203,4.092V18.338z\"><\/path><\/svg><span class=\"wp-block-social-link-label screen-reader-text\">LinkedIn<\/span><\/a><\/li><\/ul>\n<\/div>\n<\/div>\n\n\n\n<p class=\"has-small-font-size\"><strong>Estelle<\/strong>\u00a0: baign\u00e9e dans le cyclotourisme sur un VTT depuis ses 10 ans avec une maladie orpheline des exostoses multiples c&rsquo;est \u00e0 37 ans apr\u00e8s un probl\u00e8me de sant\u00e9 qu&rsquo;Estelle et son mari ach\u00e8tent un handbike pour effectuer des randonn\u00e9es plut\u00f4t en VTT.<\/p>\n\n\n\n<p class=\"has-small-font-size\"><strong>Fran\u00e7ois Pr\u00e9tot<\/strong>&nbsp;: \u00ab papa solo \u00bb depuis une dizaine d\u2019ann\u00e9es, il part r\u00e9guli\u00e8rement pour des balades de quelques jours avec sa fille Ma\u00eblle (18 ans) et ce, depuis son plus jeune \u00e2ge.<\/p>\n<\/div>\n\n\n\n<div style=\"height:14px;width:0px\" aria-hidden=\"true\" class=\"wp-block-spacer\"><\/div>\n\n\n\n<div class=\"wp-block-group has-global-padding is-layout-constrained wp-block-group-is-layout-constrained\">\n<p class=\"has-text-align-center\" style=\"font-size:0.8rem;letter-spacing:0.0625rem;text-transform:uppercase\"><strong>Autres activit\u00e9s<\/strong><\/p>\n\n\n\n<div class=\"wp-block-buttons is-content-justification-center is-layout-flex wp-container-core-buttons-is-layout-a89b3969 wp-block-buttons-is-layout-flex\">\n<div class=\"wp-block-button is-style-outline is-style-outline--12\"><a class=\"wp-block-button__link wp-element-button\" href=\"\/2025\/activites\/ateliers-pratiques-voyage-velo\/\">Atelier pratiques<\/a><\/div>\n\n\n\n<div class=\"wp-block-button is-style-outline is-style-outline--13\"><a class=\"wp-block-button__link wp-element-button\" href=\"\/2025\/activites\/rencontres-cyclo-pays-festival-velo\/\">Rencontres cyclo-pays<\/a><\/div>\n\n\n\n<div class=\"wp-block-button is-style-outline is-style-outline--14\"><a class=\"wp-block-button__link wp-element-button\" href=\"\/2025\/activites\/festival-des-enfants\/\">Festival des enfants<\/a><\/div>\n<\/div>\n<\/div>\n\n\n\n<div style=\"height:14px;width:0px\" aria-hidden=\"true\" class=\"wp-block-spacer\"><\/div>\n","protected":false},"excerpt":{"rendered":"<p>D\u00e9bats, conf\u00e9rences et&nbsp;tables&nbsp;rondes Palais des Congr\u00e8s et de la Culture Les&nbsp;titres et horaires sont d\u00e9cid\u00e9s. Les&nbsp;descriptifs et noms des intervenants seront int\u00e9gr\u00e9s au fur et \u00e0 mesure de l&rsquo;avancement de la pr\u00e9paration au&nbsp;festival. Samedi 8 f\u00e9vrier 2025 Fanny et Mattis qui ont obtenu la bourse des jeunes l&rsquo;ann\u00e9e pass\u00e9e. Elles racontent leurs voyages et ce [&hellip;]<\/p>\n","protected":false},"author":1,"featured_media":0,"parent":77,"menu_order":1,"comment_status":"closed","ping_status":"closed","template":"page-no-title","meta":{"footnotes":""},"class_list":["post-447","page","type-page","status-publish","hentry"],"yoast_head":"<!-- This site is optimized with the Yoast SEO plugin v27.5 - https:\/\/yoast.com\/product\/yoast-seo-wordpress\/ -->\n<title>Conf\u00e9rences d\u00e9bats festival voyage v\u00e9lo<\/title>\n<meta name=\"description\" content=\"Programme des d\u00e9bats du 38e festival international du voyage \u00e0 v\u00e9lo au Mans : voyager en train, voyage en famille, voyage au f\u00e9minin\u2026\" \/>\n<meta name=\"robots\" content=\"index, follow, max-snippet:-1, max-image-preview:large, max-video-preview:-1\" \/>\n<link rel=\"canonical\" href=\"https:\/\/festival.cyclo-camping.international\/2025\/activites\/debats\/\" \/>\n<meta property=\"og:locale\" content=\"fr_FR\" \/>\n<meta property=\"og:type\" content=\"article\" \/>\n<meta property=\"og:title\" content=\"Conf\u00e9rences d\u00e9bats festival voyage v\u00e9lo\" \/>\n<meta property=\"og:description\" content=\"Programme des d\u00e9bats du 38e festival international du voyage \u00e0 v\u00e9lo au Mans : voyager en train, voyage en famille, voyage au f\u00e9minin\u2026\" \/>\n<meta property=\"og:url\" content=\"https:\/\/festival.cyclo-camping.international\/2025\/activites\/debats\/\" \/>\n<meta property=\"og:site_name\" content=\"38e Festival International du Voyage \u00e0 V\u00e9lo\" \/>\n<meta property=\"article:modified_time\" content=\"2025-02-06T08:23:28+00:00\" \/>\n<meta property=\"og:image\" content=\"https:\/\/festival.cyclo-camping.international\/2025\/wp-content\/uploads\/sites\/3\/2024\/12\/Bourse-Mattis-Leger.jpg\" \/>\n<meta name=\"twitter:card\" content=\"summary_large_image\" \/>\n<meta name=\"twitter:label1\" content=\"Dur\u00e9e de lecture estim\u00e9e\" \/>\n\t<meta name=\"twitter:data1\" content=\"2 minutes\" \/>\n<script type=\"application\/ld+json\" class=\"yoast-schema-graph\">{\"@context\":\"https:\\\/\\\/schema.org\",\"@graph\":[{\"@type\":\"WebPage\",\"@id\":\"https:\\\/\\\/festival.cyclo-camping.international\\\/2025\\\/activites\\\/debats\\\/\",\"url\":\"https:\\\/\\\/festival.cyclo-camping.international\\\/2025\\\/activites\\\/debats\\\/\",\"name\":\"Conf\u00e9rences d\u00e9bats festival voyage v\u00e9lo\",\"isPartOf\":{\"@id\":\"https:\\\/\\\/festival.cyclo-camping.international\\\/2025\\\/#website\"},\"primaryImageOfPage\":{\"@id\":\"https:\\\/\\\/festival.cyclo-camping.international\\\/2025\\\/activites\\\/debats\\\/#primaryimage\"},\"image\":{\"@id\":\"https:\\\/\\\/festival.cyclo-camping.international\\\/2025\\\/activites\\\/debats\\\/#primaryimage\"},\"thumbnailUrl\":\"https:\\\/\\\/festival.cyclo-camping.international\\\/2025\\\/wp-content\\\/uploads\\\/sites\\\/3\\\/2024\\\/12\\\/Bourse-Mattis-Leger.jpg\",\"datePublished\":\"2024-01-07T15:23:31+00:00\",\"dateModified\":\"2025-02-06T08:23:28+00:00\",\"description\":\"Programme des d\u00e9bats du 38e festival international du voyage \u00e0 v\u00e9lo au Mans : voyager en train, voyage en famille, voyage au f\u00e9minin\u2026\",\"breadcrumb\":{\"@id\":\"https:\\\/\\\/festival.cyclo-camping.international\\\/2025\\\/activites\\\/debats\\\/#breadcrumb\"},\"inLanguage\":\"fr-FR\",\"potentialAction\":[{\"@type\":\"ReadAction\",\"target\":[\"https:\\\/\\\/festival.cyclo-camping.international\\\/2025\\\/activites\\\/debats\\\/\"]}]},{\"@type\":\"ImageObject\",\"inLanguage\":\"fr-FR\",\"@id\":\"https:\\\/\\\/festival.cyclo-camping.international\\\/2025\\\/activites\\\/debats\\\/#primaryimage\",\"url\":\"https:\\\/\\\/festival.cyclo-camping.international\\\/2025\\\/wp-content\\\/uploads\\\/sites\\\/3\\\/2024\\\/12\\\/Bourse-Mattis-Leger-e1735396750808.jpg\",\"contentUrl\":\"https:\\\/\\\/festival.cyclo-camping.international\\\/2025\\\/wp-content\\\/uploads\\\/sites\\\/3\\\/2024\\\/12\\\/Bourse-Mattis-Leger-e1735396750808.jpg\",\"width\":246,\"height\":183},{\"@type\":\"BreadcrumbList\",\"@id\":\"https:\\\/\\\/festival.cyclo-camping.international\\\/2025\\\/activites\\\/debats\\\/#breadcrumb\",\"itemListElement\":[{\"@type\":\"ListItem\",\"position\":1,\"name\":\"Accueil\",\"item\":\"https:\\\/\\\/festival.cyclo-camping.international\\\/2025\\\/\"},{\"@type\":\"ListItem\",\"position\":2,\"name\":\"Activit\u00e9s\",\"item\":\"https:\\\/\\\/festival.cyclo-camping.international\\\/2025\\\/activites\\\/\"},{\"@type\":\"ListItem\",\"position\":3,\"name\":\"D\u00e9bats-Conf\u00e9rences-Tables rondes\"}]},{\"@type\":\"WebSite\",\"@id\":\"https:\\\/\\\/festival.cyclo-camping.international\\\/2025\\\/#website\",\"url\":\"https:\\\/\\\/festival.cyclo-camping.international\\\/2025\\\/\",\"name\":\"38e Festival International du Voyage \u00e0 V\u00e9lo\",\"description\":\"\",\"publisher\":{\"@id\":\"https:\\\/\\\/festival.cyclo-camping.international\\\/2025\\\/#organization\"},\"potentialAction\":[{\"@type\":\"SearchAction\",\"target\":{\"@type\":\"EntryPoint\",\"urlTemplate\":\"https:\\\/\\\/festival.cyclo-camping.international\\\/2025\\\/?s={search_term_string}\"},\"query-input\":{\"@type\":\"PropertyValueSpecification\",\"valueRequired\":true,\"valueName\":\"search_term_string\"}}],\"inLanguage\":\"fr-FR\"},{\"@type\":\"Organization\",\"@id\":\"https:\\\/\\\/festival.cyclo-camping.international\\\/2025\\\/#organization\",\"name\":\"38e Festival International du Voyage \u00e0 V\u00e9lo\",\"url\":\"https:\\\/\\\/festival.cyclo-camping.international\\\/2025\\\/\",\"logo\":{\"@type\":\"ImageObject\",\"inLanguage\":\"fr-FR\",\"@id\":\"https:\\\/\\\/festival.cyclo-camping.international\\\/2025\\\/#\\\/schema\\\/logo\\\/image\\\/\",\"url\":\"https:\\\/\\\/festival.cyclo-camping.international\\\/2025\\\/wp-content\\\/uploads\\\/sites\\\/3\\\/2023\\\/12\\\/logo_cci_petit.png\",\"contentUrl\":\"https:\\\/\\\/festival.cyclo-camping.international\\\/2025\\\/wp-content\\\/uploads\\\/sites\\\/3\\\/2023\\\/12\\\/logo_cci_petit.png\",\"width\":264,\"height\":113,\"caption\":\"38e Festival International du Voyage \u00e0 V\u00e9lo\"},\"image\":{\"@id\":\"https:\\\/\\\/festival.cyclo-camping.international\\\/2025\\\/#\\\/schema\\\/logo\\\/image\\\/\"}}]}<\/script>\n<!-- \/ Yoast SEO plugin. -->","yoast_head_json":{"title":"Conf\u00e9rences d\u00e9bats festival voyage v\u00e9lo","description":"Programme des d\u00e9bats du 38e festival international du voyage \u00e0 v\u00e9lo au Mans : voyager en train, voyage en famille, voyage au f\u00e9minin\u2026","robots":{"index":"index","follow":"follow","max-snippet":"max-snippet:-1","max-image-preview":"max-image-preview:large","max-video-preview":"max-video-preview:-1"},"canonical":"https:\/\/festival.cyclo-camping.international\/2025\/activites\/debats\/","og_locale":"fr_FR","og_type":"article","og_title":"Conf\u00e9rences d\u00e9bats festival voyage v\u00e9lo","og_description":"Programme des d\u00e9bats du 38e festival international du voyage \u00e0 v\u00e9lo au Mans : voyager en train, voyage en famille, voyage au f\u00e9minin\u2026","og_url":"https:\/\/festival.cyclo-camping.international\/2025\/activites\/debats\/","og_site_name":"38e Festival International du Voyage \u00e0 V\u00e9lo","article_modified_time":"2025-02-06T08:23:28+00:00","og_image":[{"url":"https:\/\/festival.cyclo-camping.international\/2025\/wp-content\/uploads\/sites\/3\/2024\/12\/Bourse-Mattis-Leger.jpg","type":"","width":"","height":""}],"twitter_card":"summary_large_image","twitter_misc":{"Dur\u00e9e de lecture estim\u00e9e":"2 minutes"},"schema":{"@context":"https:\/\/schema.org","@graph":[{"@type":"WebPage","@id":"https:\/\/festival.cyclo-camping.international\/2025\/activites\/debats\/","url":"https:\/\/festival.cyclo-camping.international\/2025\/activites\/debats\/","name":"Conf\u00e9rences d\u00e9bats festival voyage v\u00e9lo","isPartOf":{"@id":"https:\/\/festival.cyclo-camping.international\/2025\/#website"},"primaryImageOfPage":{"@id":"https:\/\/festival.cyclo-camping.international\/2025\/activites\/debats\/#primaryimage"},"image":{"@id":"https:\/\/festival.cyclo-camping.international\/2025\/activites\/debats\/#primaryimage"},"thumbnailUrl":"https:\/\/festival.cyclo-camping.international\/2025\/wp-content\/uploads\/sites\/3\/2024\/12\/Bourse-Mattis-Leger.jpg","datePublished":"2024-01-07T15:23:31+00:00","dateModified":"2025-02-06T08:23:28+00:00","description":"Programme des d\u00e9bats du 38e festival international du voyage \u00e0 v\u00e9lo au Mans : voyager en train, voyage en famille, voyage au f\u00e9minin\u2026","breadcrumb":{"@id":"https:\/\/festival.cyclo-camping.international\/2025\/activites\/debats\/#breadcrumb"},"inLanguage":"fr-FR","potentialAction":[{"@type":"ReadAction","target":["https:\/\/festival.cyclo-camping.international\/2025\/activites\/debats\/"]}]},{"@type":"ImageObject","inLanguage":"fr-FR","@id":"https:\/\/festival.cyclo-camping.international\/2025\/activites\/debats\/#primaryimage","url":"https:\/\/festival.cyclo-camping.international\/2025\/wp-content\/uploads\/sites\/3\/2024\/12\/Bourse-Mattis-Leger-e1735396750808.jpg","contentUrl":"https:\/\/festival.cyclo-camping.international\/2025\/wp-content\/uploads\/sites\/3\/2024\/12\/Bourse-Mattis-Leger-e1735396750808.jpg","width":246,"height":183},{"@type":"BreadcrumbList","@id":"https:\/\/festival.cyclo-camping.international\/2025\/activites\/debats\/#breadcrumb","itemListElement":[{"@type":"ListItem","position":1,"name":"Accueil","item":"https:\/\/festival.cyclo-camping.international\/2025\/"},{"@type":"ListItem","position":2,"name":"Activit\u00e9s","item":"https:\/\/festival.cyclo-camping.international\/2025\/activites\/"},{"@type":"ListItem","position":3,"name":"D\u00e9bats-Conf\u00e9rences-Tables rondes"}]},{"@type":"WebSite","@id":"https:\/\/festival.cyclo-camping.international\/2025\/#website","url":"https:\/\/festival.cyclo-camping.international\/2025\/","name":"38e Festival International du Voyage \u00e0 V\u00e9lo","description":"","publisher":{"@id":"https:\/\/festival.cyclo-camping.international\/2025\/#organization"},"potentialAction":[{"@type":"SearchAction","target":{"@type":"EntryPoint","urlTemplate":"https:\/\/festival.cyclo-camping.international\/2025\/?s={search_term_string}"},"query-input":{"@type":"PropertyValueSpecification","valueRequired":true,"valueName":"search_term_string"}}],"inLanguage":"fr-FR"},{"@type":"Organization","@id":"https:\/\/festival.cyclo-camping.international\/2025\/#organization","name":"38e Festival International du Voyage \u00e0 V\u00e9lo","url":"https:\/\/festival.cyclo-camping.international\/2025\/","logo":{"@type":"ImageObject","inLanguage":"fr-FR","@id":"https:\/\/festival.cyclo-camping.international\/2025\/#\/schema\/logo\/image\/","url":"https:\/\/festival.cyclo-camping.international\/2025\/wp-content\/uploads\/sites\/3\/2023\/12\/logo_cci_petit.png","contentUrl":"https:\/\/festival.cyclo-camping.international\/2025\/wp-content\/uploads\/sites\/3\/2023\/12\/logo_cci_petit.png","width":264,"height":113,"caption":"38e Festival International du Voyage \u00e0 V\u00e9lo"},"image":{"@id":"https:\/\/festival.cyclo-camping.international\/2025\/#\/schema\/logo\/image\/"}}]}},"_links":{"self":[{"href":"https:\/\/festival.cyclo-camping.international\/2025\/wp-json\/wp\/v2\/pages\/447","targetHints":{"allow":["GET"]}}],"collection":[{"href":"https:\/\/festival.cyclo-camping.international\/2025\/wp-json\/wp\/v2\/pages"}],"about":[{"href":"https:\/\/festival.cyclo-camping.international\/2025\/wp-json\/wp\/v2\/types\/page"}],"author":[{"embeddable":true,"href":"https:\/\/festival.cyclo-camping.international\/2025\/wp-json\/wp\/v2\/users\/1"}],"replies":[{"embeddable":true,"href":"https:\/\/festival.cyclo-camping.international\/2025\/wp-json\/wp\/v2\/comments?post=447"}],"version-history":[{"count":64,"href":"https:\/\/festival.cyclo-camping.international\/2025\/wp-json\/wp\/v2\/pages\/447\/revisions"}],"predecessor-version":[{"id":3855,"href":"https:\/\/festival.cyclo-camping.international\/2025\/wp-json\/wp\/v2\/pages\/447\/revisions\/3855"}],"up":[{"embeddable":true,"href":"https:\/\/festival.cyclo-camping.international\/2025\/wp-json\/wp\/v2\/pages\/77"}],"wp:attachment":[{"href":"https:\/\/festival.cyclo-camping.international\/2025\/wp-json\/wp\/v2\/media?parent=447"}],"curies":[{"name":"wp","href":"https:\/\/api.w.org\/{rel}","templated":true}]}}