{"id":274,"date":"2023-12-31T17:44:52","date_gmt":"2023-12-31T16:44:52","guid":{"rendered":"https:\/\/festival.cyclo-camping.international\/2024\/?page_id=274"},"modified":"2024-12-28T10:55:25","modified_gmt":"2024-12-28T09:55:25","slug":"film-above-and-beyond","status":"publish","type":"page","link":"https:\/\/festival.cyclo-camping.international\/2025\/programme-des-films-2025\/film-above-and-beyond\/","title":{"rendered":"Above and Beyond, une famille \u00e0 la d\u00e9couverte de l\u2019 Asie centrale"},"content":{"rendered":"\n<div class=\"wp-block-cover alignfull is-light wp-embed-aspect-21-9 wp-has-aspect-ratio wp-duotone-unset-1\" style=\"margin-top:0;padding-top:2rem;padding-right:2rem;padding-bottom:2rem;padding-left:2rem;min-height:66vh;aspect-ratio:unset;\"><span aria-hidden=\"true\" class=\"wp-block-cover__background has-background-dim-30 has-background-dim\" style=\"background-color:#8199b5\"><\/span><img loading=\"lazy\" decoding=\"async\" width=\"1200\" height=\"675\" class=\"wp-block-cover__image-background wp-image-2567\" alt=\"\" src=\"https:\/\/festival.cyclo-camping.international\/2025\/wp-content\/uploads\/sites\/3\/2024\/12\/Cover_Film-mo.jpeg\" data-object-fit=\"cover\" srcset=\"https:\/\/festival.cyclo-camping.international\/2025\/wp-content\/uploads\/sites\/3\/2024\/12\/Cover_Film-mo.jpeg 1200w, https:\/\/festival.cyclo-camping.international\/2025\/wp-content\/uploads\/sites\/3\/2024\/12\/Cover_Film-mo-300x169.jpeg 300w, https:\/\/festival.cyclo-camping.international\/2025\/wp-content\/uploads\/sites\/3\/2024\/12\/Cover_Film-mo-1024x576.jpeg 1024w, https:\/\/festival.cyclo-camping.international\/2025\/wp-content\/uploads\/sites\/3\/2024\/12\/Cover_Film-mo-768x432.jpeg 768w\" sizes=\"auto, (max-width: 1200px) 100vw, 1200px\" \/><div class=\"wp-block-cover__inner-container is-layout-flow wp-block-cover-is-layout-flow\">\n<div class=\"wp-block-group has-global-padding is-content-justification-center is-layout-constrained wp-container-core-group-is-layout-b3bc50f0 wp-block-group-is-layout-constrained\">\n<h1 class=\"wp-block-heading has-text-align-center has-white-color has-text-color\" style=\"font-size:clamp(28.836px, 1.802rem + ((1vw - 3.2px) * 2.205), 50px);font-style:normal;font-weight:700;letter-spacing:0px;line-height:1.1;text-transform:uppercase\">Above and Beyond, <br>une famille \u00e0 la d\u00e9couverte de l\u2019 Asie centrale<\/h1>\n\n\n\n<div class=\"wp-block-group is-vertical is-content-justification-center is-layout-flex wp-container-core-group-is-layout-df21e9f8 wp-block-group-is-layout-flex\" style=\"margin-top:0;margin-bottom:var(--wp--preset--spacing--10);padding-top:0;padding-bottom:0\">\n<h2 class=\"wp-block-heading has-text-align-center has-text-color has-link-color wp-elements-c6c2f35c457685ab5a6921fac7295459\" style=\"color:#ffffff\">Famille Fangeat<\/h2>\n\n\n\n<p class=\"has-text-align-center has-base-2-color has-text-color has-link-color has-small-font-size wp-elements-5ddce2bd145c12e7d78fadff703b50b1\" style=\"line-height:1.2\">12 min<\/p>\n<\/div>\n<\/div>\n\n\n\n<div style=\"margin-top:0;margin-bottom:0;height:3rem\" aria-hidden=\"true\" class=\"wp-block-spacer\"><\/div>\n\n\n\n<div class=\"wp-block-columns are-vertically-aligned-bottom is-layout-flex wp-container-core-columns-is-layout-0111f410 wp-block-columns-is-layout-flex\" style=\"padding-right:var(--wp--preset--spacing--50);padding-left:var(--wp--preset--spacing--50)\">\n<div class=\"wp-block-column is-vertically-aligned-bottom is-layout-flow wp-block-column-is-layout-flow\" style=\"flex-basis:33.33%\"><\/div>\n\n\n\n<div class=\"wp-block-column is-vertically-aligned-bottom is-layout-flow wp-block-column-is-layout-flow\" style=\"flex-basis:33.33%\">\n<div class=\"wp-block-group has-border-color is-layout-flow wp-container-core-group-is-layout-494e086b wp-block-group-is-layout-flow\" style=\"border-color:#ffffff;border-width:1px;border-radius:600px;margin-top:0;margin-bottom:0;padding-top:0.5rem;padding-right:0.5rem;padding-bottom:0.5rem;padding-left:0.5rem\">\n<h3 class=\"wp-block-heading has-text-align-center has-text-color has-link-color has-medium-font-size wp-elements-6d5b98ba8c4bcf151c0dd6e0524055f4\" style=\"color:#ffffff\">S\u00e9ance 9 <\/h3>\n\n\n\n<p class=\"has-text-align-center has-base-2-color has-text-color has-link-color has-small-font-size wp-elements-76f4bd743d0ea7d3ed2630a272cfefbc\">Dimanche \u2013 16h30 \u2013 Salle A  <\/p>\n<\/div>\n<\/div>\n\n\n\n<div class=\"wp-block-column is-vertically-aligned-bottom is-layout-flow wp-block-column-is-layout-flow\" style=\"flex-basis:33.33%\"><\/div>\n<\/div>\n<\/div><\/div>\n\n\n\n<div style=\"height:14px\" aria-hidden=\"true\" class=\"wp-block-spacer wp-embed-aspect-21-9 wp-has-aspect-ratio\"><\/div>\n\n\n\n<p class=\"wp-embed-aspect-21-9 wp-has-aspect-ratio\">C\u00e9dric, Ropu Chen et leur fils Azur sont partis 3 semaines au Kazakhstan et au Kirghizistan, le pays o\u00f9 une montagne en suit une autre&#8230; C\u2019est l\u2019immersion dans un paysage toujours changeant, un univers de rochers et de poussi\u00e8re o\u00f9 les montagnes sont tour \u00e0 tour arides, verdoyantes ou sous forme de dunes&nbsp;: \u00ab&nbsp;un festival sensoriel d\u00e9licieux&nbsp;\u00bb, nous dit C\u00e9dric.<\/p>\n\n\n\n<p class=\"wp-embed-aspect-21-9 wp-has-aspect-ratio\">Ils passent par le lac sal\u00e9 d\u2019Issyk-Kul (1&nbsp;607 m) et celui d\u2019eau douce de Song-K\u00f6l (3&nbsp;016 m), et surtout par une s\u00e9rie de cols qu\u2019Azur, encore adolescent, affronte avec entrain. Mais c\u2019est surtout la g\u00e9n\u00e9rosit\u00e9 des Kirghizes qu\u2019ils ont appr\u00e9ci\u00e9e, et tout ce qui fait partie d\u2019un voyage&nbsp;: pannes, camping sauvage, invitations \u00e0 partager un repas, etc.<\/p>\n\n\n\n<div style=\"height:14px\" aria-hidden=\"true\" class=\"wp-block-spacer wp-embed-aspect-21-9 wp-has-aspect-ratio\"><\/div>\n\n\n\n<p class=\"has-text-align-left wp-embed-aspect-21-9 wp-has-aspect-ratio\" style=\"font-size:0.8rem;letter-spacing:0.0625rem;text-transform:uppercase\"><strong>Bio express<\/strong><\/p>\n\n\n\n<p class=\"wp-embed-aspect-21-9 wp-has-aspect-ratio\">Professeur de musique \u00e0 Londres et artiste 3D, <strong>C\u00e9dric<\/strong> est le p\u00e8re et le planificateur de SixSpinningLegs. Originaire de France, il est celui qui organise les itin\u00e9raires ambitieux et g\u00e8re la logistique des voyages. Passionn\u00e9 par les d\u00e9fis de longue distance et la d\u00e9couverte de nouvelles cultures, il guide la famille avec enthousiasme \u00e0 travers des aventures inoubliables.<\/p>\n\n\n\n<p class=\"wp-embed-aspect-21-9 wp-has-aspect-ratio\">\u00c9ditrice vid\u00e9o originaire de Ta\u00efwan, <strong>RoPu<\/strong>&nbsp; est la \u00ab\u00a0maman\u00a0\u00bb de SixSpinningLegs. C&rsquo;est elle qui, la premi\u00e8re, a r\u00eav\u00e9 de ces grandes aventures \u00e0 v\u00e9lo en famille. Toujours pr\u00eate \u00e0 immortaliser les moments forts de leurs voyages, elle combine sa passion pour l&rsquo;image avec son amour de l&rsquo;exploration et sa r\u00e9silience face aux d\u00e9fis.<\/p>\n\n\n\n<p>Jeune aventurier passionn\u00e9 de musique et de cyclisme, <strong>Azur<\/strong> a commenc\u00e9 \u00e0 p\u00e9daler d\u00e8s l&rsquo;\u00e2ge de 2 ans. \u00c0 4 ans, il a r\u00e9alis\u00e9 son premier tour sur son propre v\u00e9lo : 160 km en 6 jours. Depuis, il a parcouru des milliers de kilom\u00e8tres \u00e0 travers l&rsquo;Europe et l&rsquo;Asie centrale. Expert en BMX, VTT et cyclisme sur route, il rel\u00e8ve chaque d\u00e9fi avec \u00e9nergie et curiosit\u00e9, prouvant que l&rsquo;esprit d&rsquo;exploration n&rsquo;a pas d&rsquo;\u00e2ge.<\/p>\n\n\n\n<div style=\"height:14px\" aria-hidden=\"true\" class=\"wp-block-spacer wp-embed-aspect-21-9 wp-has-aspect-ratio\"><\/div>\n\n\n\n<p class=\"has-text-align-left wp-embed-aspect-21-9 wp-has-aspect-ratio\" style=\"font-size:0.8rem;letter-spacing:0.0625rem;text-transform:uppercase\"><strong>Les suivre<\/strong><\/p>\n\n\n\n<div class=\"wp-block-group is-vertical is-content-justification-left is-layout-flex wp-container-core-group-is-layout-32c97487 wp-block-group-is-layout-flex\" style=\"padding-right:0;padding-left:0\">\n<div class=\"wp-block-columns is-not-stacked-on-mobile is-layout-flex wp-container-core-columns-is-layout-28f84493 wp-block-columns-is-layout-flex\">\n<div class=\"wp-block-column is-layout-flow wp-block-column-is-layout-flow\">\n<ul class=\"wp-block-social-links is-layout-flex wp-block-social-links-is-layout-flex\"><li class=\"wp-social-link wp-social-link-facebook  wp-block-social-link\"><a href=\"https:\/\/www.facebook.com\/@sixspinninglegs\" class=\"wp-block-social-link-anchor\"><svg width=\"24\" height=\"24\" viewBox=\"0 0 24 24\" version=\"1.1\" xmlns=\"http:\/\/www.w3.org\/2000\/svg\" aria-hidden=\"true\" focusable=\"false\"><path d=\"M12 2C6.5 2 2 6.5 2 12c0 5 3.7 9.1 8.4 9.9v-7H7.9V12h2.5V9.8c0-2.5 1.5-3.9 3.8-3.9 1.1 0 2.2.2 2.2.2v2.5h-1.3c-1.2 0-1.6.8-1.6 1.6V12h2.8l-.4 2.9h-2.3v7C18.3 21.1 22 17 22 12c0-5.5-4.5-10-10-10z\"><\/path><\/svg><span class=\"wp-block-social-link-label screen-reader-text\">Facebook<\/span><\/a><\/li>\n\n<li class=\"wp-social-link wp-social-link-instagram  wp-block-social-link\"><a href=\"https:\/\/www.instagram.com\/sixspinninglegs\/\" class=\"wp-block-social-link-anchor\"><svg width=\"24\" height=\"24\" viewBox=\"0 0 24 24\" version=\"1.1\" xmlns=\"http:\/\/www.w3.org\/2000\/svg\" aria-hidden=\"true\" focusable=\"false\"><path d=\"M12,4.622c2.403,0,2.688,0.009,3.637,0.052c0.877,0.04,1.354,0.187,1.671,0.31c0.42,0.163,0.72,0.358,1.035,0.673 c0.315,0.315,0.51,0.615,0.673,1.035c0.123,0.317,0.27,0.794,0.31,1.671c0.043,0.949,0.052,1.234,0.052,3.637 s-0.009,2.688-0.052,3.637c-0.04,0.877-0.187,1.354-0.31,1.671c-0.163,0.42-0.358,0.72-0.673,1.035 c-0.315,0.315-0.615,0.51-1.035,0.673c-0.317,0.123-0.794,0.27-1.671,0.31c-0.949,0.043-1.233,0.052-3.637,0.052 s-2.688-0.009-3.637-0.052c-0.877-0.04-1.354-0.187-1.671-0.31c-0.42-0.163-0.72-0.358-1.035-0.673 c-0.315-0.315-0.51-0.615-0.673-1.035c-0.123-0.317-0.27-0.794-0.31-1.671C4.631,14.688,4.622,14.403,4.622,12 s0.009-2.688,0.052-3.637c0.04-0.877,0.187-1.354,0.31-1.671c0.163-0.42,0.358-0.72,0.673-1.035 c0.315-0.315,0.615-0.51,1.035-0.673c0.317-0.123,0.794-0.27,1.671-0.31C9.312,4.631,9.597,4.622,12,4.622 M12,3 C9.556,3,9.249,3.01,8.289,3.054C7.331,3.098,6.677,3.25,6.105,3.472C5.513,3.702,5.011,4.01,4.511,4.511 c-0.5,0.5-0.808,1.002-1.038,1.594C3.25,6.677,3.098,7.331,3.054,8.289C3.01,9.249,3,9.556,3,12c0,2.444,0.01,2.751,0.054,3.711 c0.044,0.958,0.196,1.612,0.418,2.185c0.23,0.592,0.538,1.094,1.038,1.594c0.5,0.5,1.002,0.808,1.594,1.038 c0.572,0.222,1.227,0.375,2.185,0.418C9.249,20.99,9.556,21,12,21s2.751-0.01,3.711-0.054c0.958-0.044,1.612-0.196,2.185-0.418 c0.592-0.23,1.094-0.538,1.594-1.038c0.5-0.5,0.808-1.002,1.038-1.594c0.222-0.572,0.375-1.227,0.418-2.185 C20.99,14.751,21,14.444,21,12s-0.01-2.751-0.054-3.711c-0.044-0.958-0.196-1.612-0.418-2.185c-0.23-0.592-0.538-1.094-1.038-1.594 c-0.5-0.5-1.002-0.808-1.594-1.038c-0.572-0.222-1.227-0.375-2.185-0.418C14.751,3.01,14.444,3,12,3L12,3z M12,7.378 c-2.552,0-4.622,2.069-4.622,4.622S9.448,16.622,12,16.622s4.622-2.069,4.622-4.622S14.552,7.378,12,7.378z M12,15 c-1.657,0-3-1.343-3-3s1.343-3,3-3s3,1.343,3,3S13.657,15,12,15z M16.804,6.116c-0.596,0-1.08,0.484-1.08,1.08 s0.484,1.08,1.08,1.08c0.596,0,1.08-0.484,1.08-1.08S17.401,6.116,16.804,6.116z\"><\/path><\/svg><span class=\"wp-block-social-link-label screen-reader-text\">Instagram<\/span><\/a><\/li><\/ul>\n<\/div>\n<\/div>\n<\/div>\n\n\n\n<div style=\"height:14px\" aria-hidden=\"true\" class=\"wp-block-spacer wp-embed-aspect-21-9 wp-has-aspect-ratio\"><\/div>\n\n\n\n<figure class=\"wp-block-embed is-type-video is-provider-youtube wp-block-embed-youtube wp-embed-aspect-16-9 wp-has-aspect-ratio\"><div class=\"wp-block-embed__wrapper\">\n<iframe loading=\"lazy\" title=\"Six Spinning Legs\" width=\"500\" height=\"281\" src=\"https:\/\/www.youtube.com\/embed\/-Wizzu_dXUo?feature=oembed\" frameborder=\"0\" allow=\"accelerometer; autoplay; clipboard-write; encrypted-media; gyroscope; picture-in-picture; web-share\" referrerpolicy=\"strict-origin-when-cross-origin\" allowfullscreen><\/iframe>\n<\/div><\/figure>\n\n\n\n<div style=\"height:14px\" aria-hidden=\"true\" class=\"wp-block-spacer wp-embed-aspect-21-9 wp-has-aspect-ratio\"><\/div>\n\n\n<div class=\"n2-section-smartslider fitvidsignore  n2_clear\" data-ssid=\"17\"><div id=\"n2-ss-17-align\" class=\"n2-ss-align\"><div class=\"n2-padding\"><div id=\"n2-ss-17\" data-creator=\"Smart Slider 3\" data-responsive=\"auto\" class=\"n2-ss-slider n2-ow n2-has-hover n2notransition  \"><div class=\"n2-ss-slider-wrapper-inside\">\n        <div class=\"n2-ss-slider-1 n2_ss__touch_element n2-ow\">\n            <div class=\"n2-ss-slider-2 n2-ow\">\n                                                <div class=\"n2-ss-slider-3 n2-ow\">\n\n                    <div class=\"n2-ss-slide-backgrounds n2-ow-all\"><div class=\"n2-ss-slide-background\" data-public-id=\"1\" data-mode=\"fill\"><div class=\"n2-ss-slide-background-image\" data-blur=\"0\" data-opacity=\"100\" data-x=\"50\" data-y=\"50\" data-alt=\"\" data-title=\"\"><picture class=\"skip-lazy\" data-skip-lazy=\"1\"><img decoding=\"async\" src=\"\/\/festival.cyclo-camping.international\/2025\/wp-content\/uploads\/sites\/3\/2024\/12\/Cover_Film-pt.jpeg\" alt=\"\" title=\"\" loading=\"lazy\" class=\"skip-lazy\" data-skip-lazy=\"1\"><\/picture><\/div><div data-color=\"RGBA(255,255,255,0)\" style=\"background-color: RGBA(255,255,255,0);\" class=\"n2-ss-slide-background-color\"><\/div><\/div><div class=\"n2-ss-slide-background\" data-public-id=\"2\" data-mode=\"fill\" aria-hidden=\"true\"><div class=\"n2-ss-slide-background-image\" data-blur=\"0\" data-opacity=\"100\" data-x=\"50\" data-y=\"50\" data-alt=\"\" data-title=\"\"><picture class=\"skip-lazy\" data-skip-lazy=\"1\"><img decoding=\"async\" src=\"\/\/festival.cyclo-camping.international\/2025\/wp-content\/uploads\/sites\/3\/2024\/12\/Azur_A_Long_Way_Up-pt.jpeg\" alt=\"\" title=\"\" loading=\"lazy\" class=\"skip-lazy\" data-skip-lazy=\"1\"><\/picture><\/div><div data-color=\"RGBA(255,255,255,0)\" style=\"background-color: RGBA(255,255,255,0);\" class=\"n2-ss-slide-background-color\"><\/div><\/div><div class=\"n2-ss-slide-background\" data-public-id=\"3\" data-mode=\"fill\" aria-hidden=\"true\"><div class=\"n2-ss-slide-background-image\" data-blur=\"0\" data-opacity=\"100\" data-x=\"50\" data-y=\"50\" data-alt=\"\" data-title=\"\"><picture class=\"skip-lazy\" data-skip-lazy=\"1\"><img decoding=\"async\" src=\"\/\/festival.cyclo-camping.international\/2025\/wp-content\/uploads\/sites\/3\/2024\/12\/Whole_Family_High_Pass_3346metres-pt.jpeg\" alt=\"\" title=\"\" loading=\"lazy\" class=\"skip-lazy\" data-skip-lazy=\"1\"><\/picture><\/div><div data-color=\"RGBA(255,255,255,0)\" style=\"background-color: RGBA(255,255,255,0);\" class=\"n2-ss-slide-background-color\"><\/div><\/div><\/div>                    <div class=\"n2-ss-slider-4 n2-ow\">\n                        <svg xmlns=\"http:\/\/www.w3.org\/2000\/svg\" viewBox=\"0 0 600 338\" data-related-device=\"desktopPortrait\" class=\"n2-ow n2-ss-preserve-size n2-ss-preserve-size--slider n2-ss-slide-limiter\"><\/svg><div data-first=\"1\" data-slide-duration=\"0\" data-id=\"51\" data-slide-public-id=\"1\" data-title=\"Cover_Film pt\" class=\"n2-ss-slide n2-ow  n2-ss-slide-51\"><div role=\"note\" class=\"n2-ss-slide--focus\" tabindex=\"-1\">Cover_Film pt<\/div><div class=\"n2-ss-layers-container n2-ss-slide-limiter n2-ow\"><div class=\"n2-ss-layer n2-ow n-uc-YjMW9sTfRoDa\" data-sstype=\"slide\" data-pm=\"default\"><\/div><\/div><\/div><div data-slide-duration=\"0\" data-id=\"52\" data-slide-public-id=\"2\" aria-hidden=\"true\" data-title=\"Azur_A_Long_Way_Up pt\" class=\"n2-ss-slide n2-ow  n2-ss-slide-52\"><div role=\"note\" class=\"n2-ss-slide--focus\" tabindex=\"-1\">Azur_A_Long_Way_Up pt<\/div><div class=\"n2-ss-layers-container n2-ss-slide-limiter n2-ow\"><div class=\"n2-ss-layer n2-ow n-uc-nCAE2IE9lB4v\" data-sstype=\"slide\" data-pm=\"default\"><\/div><\/div><\/div><div data-slide-duration=\"0\" data-id=\"53\" data-slide-public-id=\"3\" aria-hidden=\"true\" data-title=\"Whole_Family_High_Pass_3346metres pt\" class=\"n2-ss-slide n2-ow  n2-ss-slide-53\"><div role=\"note\" class=\"n2-ss-slide--focus\" tabindex=\"-1\">Whole_Family_High_Pass_3346metres pt<\/div><div class=\"n2-ss-layers-container n2-ss-slide-limiter n2-ow\"><div class=\"n2-ss-layer n2-ow n-uc-0B3qGMdhNZ0X\" data-sstype=\"slide\" data-pm=\"default\"><\/div><\/div><\/div>                    <\/div>\n\n                                    <\/div>\n            <\/div>\n        <\/div>\n        <div class=\"n2-ss-slider-controls n2-ss-slider-controls-absolute-left-center\"><div style=\"--widget-offset:15px;\" class=\"n2-ss-widget nextend-arrow n2-ow-all nextend-arrow-previous  nextend-arrow-animated-fade\" data-hide-mobileportrait=\"1\" id=\"n2-ss-17-arrow-previous\" role=\"button\" aria-label=\"previous arrow\" tabindex=\"0\"><img loading=\"lazy\" decoding=\"async\" width=\"32\" height=\"32\" class=\"skip-lazy\" data-skip-lazy=\"1\" src=\"data:image\/svg+xml;base64,PHN2ZyB3aWR0aD0iMzIiIGhlaWdodD0iMzIiIHZpZXdCb3g9IjAgMCAzMiAzMiIgeG1sbnM9Imh0dHA6Ly93d3cudzMub3JnLzIwMDAvc3ZnIj4KICAgIDxwYXRoIGQ9Ik0xMS40MzMgMTUuOTkyTDIyLjY5IDUuNzEyYy4zOTMtLjM5LjM5My0xLjAzIDAtMS40Mi0uMzkzLS4zOS0xLjAzLS4zOS0xLjQyMyAwbC0xMS45OCAxMC45NGMtLjIxLjIxLS4zLjQ5LS4yODUuNzYtLjAxNS4yOC4wNzUuNTYuMjg0Ljc3bDExLjk4IDEwLjk0Yy4zOTMuMzkgMS4wMy4zOSAxLjQyNCAwIC4zOTMtLjQuMzkzLTEuMDMgMC0xLjQybC0xMS4yNTctMTAuMjkiCiAgICAgICAgICBmaWxsPSIjZmZmZmZmIiBvcGFjaXR5PSIwLjgiIGZpbGwtcnVsZT0iZXZlbm9kZCIvPgo8L3N2Zz4=\" alt=\"previous arrow\"><\/div><\/div><div class=\"n2-ss-slider-controls n2-ss-slider-controls-absolute-right-center\"><div style=\"--widget-offset:15px;\" class=\"n2-ss-widget nextend-arrow n2-ow-all nextend-arrow-next  nextend-arrow-animated-fade\" data-hide-mobileportrait=\"1\" id=\"n2-ss-17-arrow-next\" role=\"button\" aria-label=\"next arrow\" tabindex=\"0\"><img loading=\"lazy\" decoding=\"async\" width=\"32\" height=\"32\" class=\"skip-lazy\" data-skip-lazy=\"1\" src=\"data:image\/svg+xml;base64,PHN2ZyB3aWR0aD0iMzIiIGhlaWdodD0iMzIiIHZpZXdCb3g9IjAgMCAzMiAzMiIgeG1sbnM9Imh0dHA6Ly93d3cudzMub3JnLzIwMDAvc3ZnIj4KICAgIDxwYXRoIGQ9Ik0xMC43MjIgNC4yOTNjLS4zOTQtLjM5LTEuMDMyLS4zOS0xLjQyNyAwLS4zOTMuMzktLjM5MyAxLjAzIDAgMS40MmwxMS4yODMgMTAuMjgtMTEuMjgzIDEwLjI5Yy0uMzkzLjM5LS4zOTMgMS4wMiAwIDEuNDIuMzk1LjM5IDEuMDMzLjM5IDEuNDI3IDBsMTIuMDA3LTEwLjk0Yy4yMS0uMjEuMy0uNDkuMjg0LS43Ny4wMTQtLjI3LS4wNzYtLjU1LS4yODYtLjc2TDEwLjcyIDQuMjkzeiIKICAgICAgICAgIGZpbGw9IiNmZmZmZmYiIG9wYWNpdHk9IjAuOCIgZmlsbC1ydWxlPSJldmVub2RkIi8+Cjwvc3ZnPg==\" alt=\"next arrow\"><\/div><\/div><\/div><\/div><ss3-loader><\/ss3-loader><\/div><\/div><div class=\"n2_clear\"><\/div><\/div>\n\n\n<p class=\"has-text-align-center wp-embed-aspect-21-9 wp-has-aspect-ratio\" style=\"font-size:0.8rem;letter-spacing:0.0625rem;text-transform:uppercase\"><strong>Dans la m\u00eame s\u00e9ance<\/strong><\/p>\n\n\n\n<div class=\"wp-block-columns are-vertically-aligned-top is-layout-flex wp-container-core-columns-is-layout-28f84493 wp-block-columns-is-layout-flex\">\n<div class=\"wp-block-column is-vertically-aligned-top is-layout-flow wp-block-column-is-layout-flow\" style=\"flex-basis:50%\">\n<div class=\"wp-block-group has-background is-vertical is-content-justification-center is-layout-flex wp-container-core-group-is-layout-43e4665b wp-block-group-is-layout-flex\" style=\"border-radius:14px;background-color:#ffffff;padding-top:var(--wp--preset--spacing--30);padding-right:var(--wp--preset--spacing--30);padding-bottom:var(--wp--preset--spacing--30);padding-left:var(--wp--preset--spacing--30)\">\n<figure class=\"wp-block-image size-thumbnail is-resized has-custom-border wp-duotone-unset-2\"><img loading=\"lazy\" decoding=\"async\" width=\"150\" height=\"150\" src=\"https:\/\/festival.cyclo-camping.international\/2025\/wp-content\/uploads\/sites\/3\/2024\/12\/TXBR4046-pt-150x150.jpg\" alt=\"\" class=\"wp-image-2575\" style=\"border-radius:100px;width:115px;height:auto\"\/><\/figure>\n\n\n\n<h3 class=\"wp-block-heading has-text-align-center\"><a href=\"\/2025\/programme-des-films-2025\/film-aller-retour-au-cap-nord\/\">Aller-retour au Cap Nord,<\/a><br><a href=\"\/2025\/programme-des-films-2025\/film-aller-retour-au-cap-nord\/\">10 000 km \u00e0 v\u00e9lo<\/a><\/h3>\n\n\n\n<p class=\"has-text-align-center\" style=\"line-height:1.3\">Happy-cyclos<\/p>\n\n\n\n<p style=\"line-height:1.3\">32 min<\/p>\n\n\n\n<div style=\"height:7px\" aria-hidden=\"true\" class=\"wp-block-spacer\"><\/div>\n\n\n\n<p class=\"has-text-align-center\">6 mois via Prague, Berlin, la Pologne puis les pays nordiques\u2026 et retour.<\/p>\n\n\n\n<p class=\"has-small-font-size\"><a href=\"\/2025\/programme-des-films-2025\/film-aller-retour-au-cap-nord\/\"><strong>En savoir plus<\/strong><\/a><\/p>\n<\/div>\n<\/div>\n\n\n\n<div class=\"wp-block-column is-layout-flow wp-block-column-is-layout-flow\" style=\"flex-basis:50%\">\n<div class=\"wp-block-group has-background is-vertical is-content-justification-center is-layout-flex wp-container-core-group-is-layout-43e4665b wp-block-group-is-layout-flex\" style=\"border-radius:14px;background-color:#ffffff;padding-top:var(--wp--preset--spacing--30);padding-right:var(--wp--preset--spacing--30);padding-bottom:var(--wp--preset--spacing--30);padding-left:var(--wp--preset--spacing--30)\">\n<figure class=\"wp-block-image size-thumbnail is-resized has-custom-border wp-duotone-unset-3\"><img loading=\"lazy\" decoding=\"async\" width=\"150\" height=\"150\" src=\"https:\/\/festival.cyclo-camping.international\/2025\/wp-content\/uploads\/sites\/3\/2024\/12\/Capture-decran-2024-12-17-155455-pt-150x150.jpg\" alt=\"\" class=\"wp-image-3046\" style=\"border-radius:100px;width:115px;height:auto\"\/><\/figure>\n\n\n\n<h3 class=\"wp-block-heading has-text-align-center\"><a href=\"\/2025\/programme-des-films-2025\/film-bikepacking-colors\/\">Bikepacking Colors,<\/a><br><a href=\"\/2025\/programme-des-films-2025\/film-bikepacking-colors\/\">Home to Marrakesh<\/a><\/h3>\n\n\n\n<p>Antoine Bussier<\/p>\n\n\n\n<p>40 min<\/p>\n\n\n\n<p>Film en fran\u00e7ais<\/p>\n\n\n\n<div style=\"height:7px\" aria-hidden=\"true\" class=\"wp-block-spacer\"><\/div>\n\n\n\n<p class=\"has-text-align-center\" style=\"line-height:1.4\">4&nbsp;000 km en couple et en gravel de la France au Maroc, via l\u2019Espagne et le Portugal<\/p>\n\n\n\n<p class=\"has-small-font-size\"><a href=\"\/2025\/programme-des-films-2025\/film-bikepacking-colors\/\"><strong>En savoir plus<\/strong><\/a><\/p>\n<\/div>\n<\/div>\n<\/div>\n\n\n\n<div class=\"wp-block-buttons is-content-justification-center is-layout-flex wp-container-core-buttons-is-layout-f3767f4c wp-block-buttons-is-layout-flex\" style=\"margin-top:var(--wp--preset--spacing--20)\">\n<div class=\"wp-block-button is-style-outline is-style-outline--4\"><a class=\"wp-block-button__link wp-element-button\" href=\"\/2025\/programme-des-films-2025\/film-l-americavelo\/\">S\u00e9ance pr\u00e9c\u00e9dente<\/a><\/div>\n<\/div>\n\n\n\n<div class=\"wp-block-buttons is-content-justification-center is-layout-flex wp-container-core-buttons-is-layout-98935462 wp-block-buttons-is-layout-flex\" style=\"margin-top:var(--wp--preset--spacing--10);margin-bottom:var(--wp--preset--spacing--10)\">\n<div class=\"wp-block-button\"><a class=\"wp-block-button__link wp-element-button\" href=\"\/2025\/programme-des-films-2025\/\">Retour au programme des films<\/a><\/div>\n<\/div>\n","protected":false},"excerpt":{"rendered":"<p>C\u00e9dric, Ropu Chen et leur fils Azur sont partis 3 semaines au Kazakhstan et au Kirghizistan, le pays o\u00f9 une montagne en suit une autre&#8230; C\u2019est l\u2019immersion dans un paysage toujours changeant, un univers de rochers et de poussi\u00e8re o\u00f9 les montagnes sont tour \u00e0 tour arides, verdoyantes ou sous forme de dunes&nbsp;: \u00ab&nbsp;un festival [&hellip;]<\/p>\n","protected":false},"author":1,"featured_media":2568,"parent":944,"menu_order":20,"comment_status":"closed","ping_status":"closed","template":"page-no-title","meta":{"footnotes":""},"class_list":["post-274","page","type-page","status-publish","has-post-thumbnail","hentry"],"yoast_head":"<!-- This site is optimized with the Yoast SEO plugin v27.5 - https:\/\/yoast.com\/product\/yoast-seo-wordpress\/ -->\n<title>Film Above and Beyond<\/title>\n<meta name=\"description\" content=\"Le film &quot;Above and Beyond&quot; raconte le voyage \u00e0 v\u00e9lo d&#039;une famille \u00e0 la d\u00e9couverte de l\u2019Asie centrale.\" \/>\n<meta name=\"robots\" content=\"index, follow, max-snippet:-1, max-image-preview:large, max-video-preview:-1\" \/>\n<link rel=\"canonical\" href=\"https:\/\/festival.cyclo-camping.international\/2025\/programme-des-films-2025\/film-above-and-beyond\/\" \/>\n<meta property=\"og:locale\" content=\"fr_FR\" \/>\n<meta property=\"og:type\" content=\"article\" \/>\n<meta property=\"og:title\" content=\"Film Above and Beyond\" \/>\n<meta property=\"og:description\" content=\"Le film &quot;Above and Beyond&quot; raconte le voyage \u00e0 v\u00e9lo d&#039;une famille \u00e0 la d\u00e9couverte de l\u2019Asie centrale.\" \/>\n<meta property=\"og:url\" content=\"https:\/\/festival.cyclo-camping.international\/2025\/programme-des-films-2025\/film-above-and-beyond\/\" \/>\n<meta property=\"og:site_name\" content=\"38e Festival International du Voyage \u00e0 V\u00e9lo\" \/>\n<meta property=\"article:modified_time\" content=\"2024-12-28T09:55:25+00:00\" \/>\n<meta property=\"og:image\" content=\"https:\/\/festival.cyclo-camping.international\/2025\/wp-content\/uploads\/sites\/3\/2024\/12\/Cover_Film-pt.jpeg\" \/>\n\t<meta property=\"og:image:width\" content=\"600\" \/>\n\t<meta property=\"og:image:height\" content=\"338\" \/>\n\t<meta property=\"og:image:type\" content=\"image\/jpeg\" \/>\n<meta name=\"twitter:card\" content=\"summary_large_image\" \/>\n<meta name=\"twitter:label1\" content=\"Dur\u00e9e de lecture estim\u00e9e\" \/>\n\t<meta name=\"twitter:data1\" content=\"7 minutes\" \/>\n<script type=\"application\/ld+json\" class=\"yoast-schema-graph\">{\"@context\":\"https:\\\/\\\/schema.org\",\"@graph\":[{\"@type\":\"WebPage\",\"@id\":\"https:\\\/\\\/festival.cyclo-camping.international\\\/2025\\\/programme-des-films-2025\\\/film-above-and-beyond\\\/\",\"url\":\"https:\\\/\\\/festival.cyclo-camping.international\\\/2025\\\/programme-des-films-2025\\\/film-above-and-beyond\\\/\",\"name\":\"Film Above and Beyond\",\"isPartOf\":{\"@id\":\"https:\\\/\\\/festival.cyclo-camping.international\\\/2025\\\/#website\"},\"primaryImageOfPage\":{\"@id\":\"https:\\\/\\\/festival.cyclo-camping.international\\\/2025\\\/programme-des-films-2025\\\/film-above-and-beyond\\\/#primaryimage\"},\"image\":{\"@id\":\"https:\\\/\\\/festival.cyclo-camping.international\\\/2025\\\/programme-des-films-2025\\\/film-above-and-beyond\\\/#primaryimage\"},\"thumbnailUrl\":\"https:\\\/\\\/festival.cyclo-camping.international\\\/2025\\\/wp-content\\\/uploads\\\/sites\\\/3\\\/2024\\\/12\\\/Cover_Film-pt.jpeg\",\"datePublished\":\"2023-12-31T16:44:52+00:00\",\"dateModified\":\"2024-12-28T09:55:25+00:00\",\"description\":\"Le film \\\"Above and Beyond\\\" raconte le voyage \u00e0 v\u00e9lo d'une famille \u00e0 la d\u00e9couverte de l\u2019Asie centrale.\",\"breadcrumb\":{\"@id\":\"https:\\\/\\\/festival.cyclo-camping.international\\\/2025\\\/programme-des-films-2025\\\/film-above-and-beyond\\\/#breadcrumb\"},\"inLanguage\":\"fr-FR\",\"potentialAction\":[{\"@type\":\"ReadAction\",\"target\":[\"https:\\\/\\\/festival.cyclo-camping.international\\\/2025\\\/programme-des-films-2025\\\/film-above-and-beyond\\\/\"]}]},{\"@type\":\"ImageObject\",\"inLanguage\":\"fr-FR\",\"@id\":\"https:\\\/\\\/festival.cyclo-camping.international\\\/2025\\\/programme-des-films-2025\\\/film-above-and-beyond\\\/#primaryimage\",\"url\":\"https:\\\/\\\/festival.cyclo-camping.international\\\/2025\\\/wp-content\\\/uploads\\\/sites\\\/3\\\/2024\\\/12\\\/Cover_Film-pt.jpeg\",\"contentUrl\":\"https:\\\/\\\/festival.cyclo-camping.international\\\/2025\\\/wp-content\\\/uploads\\\/sites\\\/3\\\/2024\\\/12\\\/Cover_Film-pt.jpeg\",\"width\":600,\"height\":338},{\"@type\":\"BreadcrumbList\",\"@id\":\"https:\\\/\\\/festival.cyclo-camping.international\\\/2025\\\/programme-des-films-2025\\\/film-above-and-beyond\\\/#breadcrumb\",\"itemListElement\":[{\"@type\":\"ListItem\",\"position\":1,\"name\":\"Accueil\",\"item\":\"https:\\\/\\\/festival.cyclo-camping.international\\\/2025\\\/\"},{\"@type\":\"ListItem\",\"position\":2,\"name\":\"Programme des films en 2025\",\"item\":\"https:\\\/\\\/festival.cyclo-camping.international\\\/2025\\\/programme-des-films-2025\\\/\"},{\"@type\":\"ListItem\",\"position\":3,\"name\":\"Above and Beyond, une famille \u00e0 la d\u00e9couverte de l\u2019 Asie centrale\"}]},{\"@type\":\"WebSite\",\"@id\":\"https:\\\/\\\/festival.cyclo-camping.international\\\/2025\\\/#website\",\"url\":\"https:\\\/\\\/festival.cyclo-camping.international\\\/2025\\\/\",\"name\":\"38e Festival International du Voyage \u00e0 V\u00e9lo\",\"description\":\"\",\"publisher\":{\"@id\":\"https:\\\/\\\/festival.cyclo-camping.international\\\/2025\\\/#organization\"},\"potentialAction\":[{\"@type\":\"SearchAction\",\"target\":{\"@type\":\"EntryPoint\",\"urlTemplate\":\"https:\\\/\\\/festival.cyclo-camping.international\\\/2025\\\/?s={search_term_string}\"},\"query-input\":{\"@type\":\"PropertyValueSpecification\",\"valueRequired\":true,\"valueName\":\"search_term_string\"}}],\"inLanguage\":\"fr-FR\"},{\"@type\":\"Organization\",\"@id\":\"https:\\\/\\\/festival.cyclo-camping.international\\\/2025\\\/#organization\",\"name\":\"38e Festival International du Voyage \u00e0 V\u00e9lo\",\"url\":\"https:\\\/\\\/festival.cyclo-camping.international\\\/2025\\\/\",\"logo\":{\"@type\":\"ImageObject\",\"inLanguage\":\"fr-FR\",\"@id\":\"https:\\\/\\\/festival.cyclo-camping.international\\\/2025\\\/#\\\/schema\\\/logo\\\/image\\\/\",\"url\":\"https:\\\/\\\/festival.cyclo-camping.international\\\/2025\\\/wp-content\\\/uploads\\\/sites\\\/3\\\/2023\\\/12\\\/logo_cci_petit.png\",\"contentUrl\":\"https:\\\/\\\/festival.cyclo-camping.international\\\/2025\\\/wp-content\\\/uploads\\\/sites\\\/3\\\/2023\\\/12\\\/logo_cci_petit.png\",\"width\":264,\"height\":113,\"caption\":\"38e Festival International du Voyage \u00e0 V\u00e9lo\"},\"image\":{\"@id\":\"https:\\\/\\\/festival.cyclo-camping.international\\\/2025\\\/#\\\/schema\\\/logo\\\/image\\\/\"}}]}<\/script>\n<!-- \/ Yoast SEO plugin. -->","yoast_head_json":{"title":"Film Above and Beyond","description":"Le film \"Above and Beyond\" raconte le voyage \u00e0 v\u00e9lo d'une famille \u00e0 la d\u00e9couverte de l\u2019Asie centrale.","robots":{"index":"index","follow":"follow","max-snippet":"max-snippet:-1","max-image-preview":"max-image-preview:large","max-video-preview":"max-video-preview:-1"},"canonical":"https:\/\/festival.cyclo-camping.international\/2025\/programme-des-films-2025\/film-above-and-beyond\/","og_locale":"fr_FR","og_type":"article","og_title":"Film Above and Beyond","og_description":"Le film \"Above and Beyond\" raconte le voyage \u00e0 v\u00e9lo d'une famille \u00e0 la d\u00e9couverte de l\u2019Asie centrale.","og_url":"https:\/\/festival.cyclo-camping.international\/2025\/programme-des-films-2025\/film-above-and-beyond\/","og_site_name":"38e Festival International du Voyage \u00e0 V\u00e9lo","article_modified_time":"2024-12-28T09:55:25+00:00","og_image":[{"width":600,"height":338,"url":"https:\/\/festival.cyclo-camping.international\/2025\/wp-content\/uploads\/sites\/3\/2024\/12\/Cover_Film-pt.jpeg","type":"image\/jpeg"}],"twitter_card":"summary_large_image","twitter_misc":{"Dur\u00e9e de lecture estim\u00e9e":"7 minutes"},"schema":{"@context":"https:\/\/schema.org","@graph":[{"@type":"WebPage","@id":"https:\/\/festival.cyclo-camping.international\/2025\/programme-des-films-2025\/film-above-and-beyond\/","url":"https:\/\/festival.cyclo-camping.international\/2025\/programme-des-films-2025\/film-above-and-beyond\/","name":"Film Above and Beyond","isPartOf":{"@id":"https:\/\/festival.cyclo-camping.international\/2025\/#website"},"primaryImageOfPage":{"@id":"https:\/\/festival.cyclo-camping.international\/2025\/programme-des-films-2025\/film-above-and-beyond\/#primaryimage"},"image":{"@id":"https:\/\/festival.cyclo-camping.international\/2025\/programme-des-films-2025\/film-above-and-beyond\/#primaryimage"},"thumbnailUrl":"https:\/\/festival.cyclo-camping.international\/2025\/wp-content\/uploads\/sites\/3\/2024\/12\/Cover_Film-pt.jpeg","datePublished":"2023-12-31T16:44:52+00:00","dateModified":"2024-12-28T09:55:25+00:00","description":"Le film \"Above and Beyond\" raconte le voyage \u00e0 v\u00e9lo d'une famille \u00e0 la d\u00e9couverte de l\u2019Asie centrale.","breadcrumb":{"@id":"https:\/\/festival.cyclo-camping.international\/2025\/programme-des-films-2025\/film-above-and-beyond\/#breadcrumb"},"inLanguage":"fr-FR","potentialAction":[{"@type":"ReadAction","target":["https:\/\/festival.cyclo-camping.international\/2025\/programme-des-films-2025\/film-above-and-beyond\/"]}]},{"@type":"ImageObject","inLanguage":"fr-FR","@id":"https:\/\/festival.cyclo-camping.international\/2025\/programme-des-films-2025\/film-above-and-beyond\/#primaryimage","url":"https:\/\/festival.cyclo-camping.international\/2025\/wp-content\/uploads\/sites\/3\/2024\/12\/Cover_Film-pt.jpeg","contentUrl":"https:\/\/festival.cyclo-camping.international\/2025\/wp-content\/uploads\/sites\/3\/2024\/12\/Cover_Film-pt.jpeg","width":600,"height":338},{"@type":"BreadcrumbList","@id":"https:\/\/festival.cyclo-camping.international\/2025\/programme-des-films-2025\/film-above-and-beyond\/#breadcrumb","itemListElement":[{"@type":"ListItem","position":1,"name":"Accueil","item":"https:\/\/festival.cyclo-camping.international\/2025\/"},{"@type":"ListItem","position":2,"name":"Programme des films en 2025","item":"https:\/\/festival.cyclo-camping.international\/2025\/programme-des-films-2025\/"},{"@type":"ListItem","position":3,"name":"Above and Beyond, une famille \u00e0 la d\u00e9couverte de l\u2019 Asie centrale"}]},{"@type":"WebSite","@id":"https:\/\/festival.cyclo-camping.international\/2025\/#website","url":"https:\/\/festival.cyclo-camping.international\/2025\/","name":"38e Festival International du Voyage \u00e0 V\u00e9lo","description":"","publisher":{"@id":"https:\/\/festival.cyclo-camping.international\/2025\/#organization"},"potentialAction":[{"@type":"SearchAction","target":{"@type":"EntryPoint","urlTemplate":"https:\/\/festival.cyclo-camping.international\/2025\/?s={search_term_string}"},"query-input":{"@type":"PropertyValueSpecification","valueRequired":true,"valueName":"search_term_string"}}],"inLanguage":"fr-FR"},{"@type":"Organization","@id":"https:\/\/festival.cyclo-camping.international\/2025\/#organization","name":"38e Festival International du Voyage \u00e0 V\u00e9lo","url":"https:\/\/festival.cyclo-camping.international\/2025\/","logo":{"@type":"ImageObject","inLanguage":"fr-FR","@id":"https:\/\/festival.cyclo-camping.international\/2025\/#\/schema\/logo\/image\/","url":"https:\/\/festival.cyclo-camping.international\/2025\/wp-content\/uploads\/sites\/3\/2023\/12\/logo_cci_petit.png","contentUrl":"https:\/\/festival.cyclo-camping.international\/2025\/wp-content\/uploads\/sites\/3\/2023\/12\/logo_cci_petit.png","width":264,"height":113,"caption":"38e Festival International du Voyage \u00e0 V\u00e9lo"},"image":{"@id":"https:\/\/festival.cyclo-camping.international\/2025\/#\/schema\/logo\/image\/"}}]}},"_links":{"self":[{"href":"https:\/\/festival.cyclo-camping.international\/2025\/wp-json\/wp\/v2\/pages\/274","targetHints":{"allow":["GET"]}}],"collection":[{"href":"https:\/\/festival.cyclo-camping.international\/2025\/wp-json\/wp\/v2\/pages"}],"about":[{"href":"https:\/\/festival.cyclo-camping.international\/2025\/wp-json\/wp\/v2\/types\/page"}],"author":[{"embeddable":true,"href":"https:\/\/festival.cyclo-camping.international\/2025\/wp-json\/wp\/v2\/users\/1"}],"replies":[{"embeddable":true,"href":"https:\/\/festival.cyclo-camping.international\/2025\/wp-json\/wp\/v2\/comments?post=274"}],"version-history":[{"count":7,"href":"https:\/\/festival.cyclo-camping.international\/2025\/wp-json\/wp\/v2\/pages\/274\/revisions"}],"predecessor-version":[{"id":3491,"href":"https:\/\/festival.cyclo-camping.international\/2025\/wp-json\/wp\/v2\/pages\/274\/revisions\/3491"}],"up":[{"embeddable":true,"href":"https:\/\/festival.cyclo-camping.international\/2025\/wp-json\/wp\/v2\/pages\/944"}],"wp:featuredmedia":[{"embeddable":true,"href":"https:\/\/festival.cyclo-camping.international\/2025\/wp-json\/wp\/v2\/media\/2568"}],"wp:attachment":[{"href":"https:\/\/festival.cyclo-camping.international\/2025\/wp-json\/wp\/v2\/media?parent=274"}],"curies":[{"name":"wp","href":"https:\/\/api.w.org\/{rel}","templated":true}]}}