{"id":272,"date":"2023-12-31T17:42:52","date_gmt":"2023-12-31T16:42:52","guid":{"rendered":"https:\/\/festival.cyclo-camping.international\/2024\/?page_id=272"},"modified":"2025-01-05T15:04:27","modified_gmt":"2025-01-05T14:04:27","slug":"film-bikepacking-colors","status":"publish","type":"page","link":"https:\/\/festival.cyclo-camping.international\/2025\/programme-des-films-2025\/film-bikepacking-colors\/","title":{"rendered":"Bikepacking Colors, Home to Marrakesh"},"content":{"rendered":"\n<div class=\"wp-block-cover alignfull is-light wp-duotone-unset-1\" style=\"margin-top:0;padding-top:2rem;padding-right:2rem;padding-bottom:2rem;padding-left:2rem;min-height:66vh;aspect-ratio:unset;\"><span aria-hidden=\"true\" class=\"wp-block-cover__background has-background-dim-30 has-background-dim\" style=\"background-color:#c4af96\"><\/span><img loading=\"lazy\" decoding=\"async\" width=\"1200\" height=\"649\" class=\"wp-block-cover__image-background wp-image-3045\" alt=\"\" src=\"https:\/\/festival.cyclo-camping.international\/2025\/wp-content\/uploads\/sites\/3\/2024\/12\/Capture-decran-2024-12-17-155455-mo.jpg\" data-object-fit=\"cover\" srcset=\"https:\/\/festival.cyclo-camping.international\/2025\/wp-content\/uploads\/sites\/3\/2024\/12\/Capture-decran-2024-12-17-155455-mo.jpg 1200w, https:\/\/festival.cyclo-camping.international\/2025\/wp-content\/uploads\/sites\/3\/2024\/12\/Capture-decran-2024-12-17-155455-mo-300x162.jpg 300w, https:\/\/festival.cyclo-camping.international\/2025\/wp-content\/uploads\/sites\/3\/2024\/12\/Capture-decran-2024-12-17-155455-mo-1024x554.jpg 1024w, https:\/\/festival.cyclo-camping.international\/2025\/wp-content\/uploads\/sites\/3\/2024\/12\/Capture-decran-2024-12-17-155455-mo-768x415.jpg 768w\" sizes=\"auto, (max-width: 1200px) 100vw, 1200px\" \/><div class=\"wp-block-cover__inner-container is-layout-flow wp-block-cover-is-layout-flow\">\n<div class=\"wp-block-group has-global-padding is-content-justification-center is-layout-constrained wp-container-core-group-is-layout-b3bc50f0 wp-block-group-is-layout-constrained\">\n<h1 class=\"wp-block-heading has-text-align-center has-white-color has-text-color\" style=\"font-size:clamp(28.836px, 1.802rem + ((1vw - 3.2px) * 2.205), 50px);font-style:normal;font-weight:700;letter-spacing:0px;line-height:1.1;text-transform:uppercase\">Bikepacking Colors, Home to Marrakesh<\/h1>\n\n\n\n<div class=\"wp-block-group is-vertical is-content-justification-center is-layout-flex wp-container-core-group-is-layout-df21e9f8 wp-block-group-is-layout-flex\" style=\"margin-top:0;margin-bottom:var(--wp--preset--spacing--10);padding-top:0;padding-bottom:0\">\n<h2 class=\"wp-block-heading has-text-align-center has-text-color has-link-color wp-elements-cf60b6ccd68fae8fa8e2d3c62164ec3a\" style=\"color:#fefefe\">Antoine Bussier<\/h2>\n\n\n\n<p class=\"has-text-align-center has-base-2-color has-text-color has-link-color has-small-font-size wp-elements-ab1096a20999bd4ce1d59ac025f4ea19\" style=\"line-height:1.2\">40 min<\/p>\n\n\n\n<p class=\"has-base-2-color has-text-color has-link-color wp-elements-aea2714754988238e87d4c34e7868d07\">Film en fran\u00e7ais<\/p>\n<\/div>\n<\/div>\n\n\n\n<div style=\"margin-top:0;margin-bottom:0;height:3rem\" aria-hidden=\"true\" class=\"wp-block-spacer\"><\/div>\n\n\n\n<div class=\"wp-block-columns are-vertically-aligned-bottom is-layout-flex wp-container-core-columns-is-layout-0111f410 wp-block-columns-is-layout-flex\" style=\"padding-right:var(--wp--preset--spacing--50);padding-left:var(--wp--preset--spacing--50)\">\n<div class=\"wp-block-column is-vertically-aligned-bottom is-layout-flow wp-block-column-is-layout-flow\" style=\"flex-basis:33.33%\"><\/div>\n\n\n\n<div class=\"wp-block-column is-vertically-aligned-bottom is-layout-flow wp-block-column-is-layout-flow\" style=\"flex-basis:33.33%\">\n<div class=\"wp-block-group has-border-color is-layout-flow wp-container-core-group-is-layout-494e086b wp-block-group-is-layout-flow\" style=\"border-color:#ffffff;border-width:1px;border-radius:600px;margin-top:0;margin-bottom:0;padding-top:0.5rem;padding-right:0.5rem;padding-bottom:0.5rem;padding-left:0.5rem\">\n<h3 class=\"wp-block-heading has-text-align-center has-custom-texte-color has-text-color has-link-color has-medium-font-size wp-elements-83bf4a7f53ace0ab9ed4dddf4c1a8012\">S\u00e9ance 9<\/h3>\n\n\n\n<p class=\"has-text-align-center has-custom-texte-color has-text-color has-link-color has-small-font-size wp-elements-730f9bf469d428f5063b5a2af2fd1df0\">Dimanche \u2013 16h30 \u2013 Salle A<\/p>\n<\/div>\n<\/div>\n\n\n\n<div class=\"wp-block-column is-vertically-aligned-bottom is-layout-flow wp-block-column-is-layout-flow\" style=\"flex-basis:33.33%\"><\/div>\n<\/div>\n<\/div><\/div>\n\n\n\n<div style=\"height:14px\" aria-hidden=\"true\" class=\"wp-block-spacer\"><\/div>\n\n\n\n<p>Le film retrace un voyage entre Clermont-Ferrand et Marrakech entre octobre et d\u00e9cembre 2022. Les 70 jours et 4000km sont racont\u00e9s par Antoine, son auteur, et oscille entre anecdotes et philosophie du voyage comme par exemple les liens qui nouent les humains entre eux et le fabuleux pouvoir du voyage \u00e0 v\u00e9lo.<\/p>\n\n\n\n<div style=\"height:14px\" aria-hidden=\"true\" class=\"wp-block-spacer\"><\/div>\n\n\n\n<p class=\"has-text-align-left\" style=\"font-size:0.8rem;letter-spacing:0.0625rem;text-transform:uppercase\"><strong>Bio express<\/strong><\/p>\n\n\n\n<p><strong>Antoine<\/strong> a d&rsquo;abord \u00e9t\u00e9 enduriste VTT pour ensuite devenir moniteur de VTT. Le v\u00e9lo de voyage est arriv\u00e9 en 2012 avec le tour des Annapurnas au N\u00e9pal. Depuis, le voyage \u00e0 v\u00e9lo ne le quitte plus et c&rsquo;est sur plus de 20 weekends dans l&rsquo;ann\u00e9e qu&rsquo;ils arpentent avec H\u00e9l\u00e8ne les contr\u00e9es avec leurs v\u00e9los (VTT\/gravels).<br>Il aime photographier et filmer les activit\u00e9s outdoor qu&rsquo;il pratique (v\u00e9lo \/ ski de rando \/ via-ferrata \/ packraft \/ etc&#8230;) et accorde une importance particuli\u00e8re \u00e0 les partager avec ses proches. Et comme il est convaincu que le monde ira mieux en communiquant et en sortant dans la nature, il a cr\u00e9\u00e9 des weekends v\u00e9lo \u00ab\u00a0Foutons Le Camp\u00a0\u00bb (<a href=\"http:\/\/www.foutonslecamp.fr\/\" target=\"_blank\" rel=\"noreferrer noopener\">www.foutonslecamp.fr<\/a>) gratuits et sur les chemins.<\/p>\n\n\n\n<p>Auvergnate de naissance, <strong>H\u00e9l\u00e8ne<\/strong> est arriv\u00e9e en Is\u00e8re il y a 9 ans. Traileuse \u00e0 la base, elle a commenc\u00e9 le v\u00e9lo plus s\u00e9rieusement en 2018 avec une travers\u00e9e du Japon en gravel. Avec Antoine, ils pratiquent tous les types du v\u00e9los, mais aussi de la via ferrata, du canyoning et du packraft. Il y a des sorties programm\u00e9es, mais aussi de derni\u00e8re minute, parfait pour pimenter un weekend ! \ud83d\ude09&nbsp;<\/p>\n\n\n\n<div style=\"height:14px\" aria-hidden=\"true\" class=\"wp-block-spacer\"><\/div>\n\n\n\n<p class=\"has-text-align-left\" style=\"font-size:0.8rem;letter-spacing:0.0625rem;text-transform:uppercase\"><strong>Le suivre<\/strong><\/p>\n\n\n\n<div class=\"wp-block-group is-vertical is-content-justification-left is-layout-flex wp-container-core-group-is-layout-32c97487 wp-block-group-is-layout-flex\" style=\"padding-right:0;padding-left:0\">\n<div class=\"wp-block-columns is-not-stacked-on-mobile is-layout-flex wp-container-core-columns-is-layout-28f84493 wp-block-columns-is-layout-flex\">\n<div class=\"wp-block-column is-layout-flow wp-block-column-is-layout-flow\">\n<ul class=\"wp-block-social-links is-layout-flex wp-block-social-links-is-layout-flex\"><li class=\"wp-social-link wp-social-link-instagram  wp-block-social-link\"><a href=\"https:\/\/www.instagram.com\/antoinebussier\" class=\"wp-block-social-link-anchor\"><svg width=\"24\" height=\"24\" viewBox=\"0 0 24 24\" version=\"1.1\" xmlns=\"http:\/\/www.w3.org\/2000\/svg\" aria-hidden=\"true\" focusable=\"false\"><path d=\"M12,4.622c2.403,0,2.688,0.009,3.637,0.052c0.877,0.04,1.354,0.187,1.671,0.31c0.42,0.163,0.72,0.358,1.035,0.673 c0.315,0.315,0.51,0.615,0.673,1.035c0.123,0.317,0.27,0.794,0.31,1.671c0.043,0.949,0.052,1.234,0.052,3.637 s-0.009,2.688-0.052,3.637c-0.04,0.877-0.187,1.354-0.31,1.671c-0.163,0.42-0.358,0.72-0.673,1.035 c-0.315,0.315-0.615,0.51-1.035,0.673c-0.317,0.123-0.794,0.27-1.671,0.31c-0.949,0.043-1.233,0.052-3.637,0.052 s-2.688-0.009-3.637-0.052c-0.877-0.04-1.354-0.187-1.671-0.31c-0.42-0.163-0.72-0.358-1.035-0.673 c-0.315-0.315-0.51-0.615-0.673-1.035c-0.123-0.317-0.27-0.794-0.31-1.671C4.631,14.688,4.622,14.403,4.622,12 s0.009-2.688,0.052-3.637c0.04-0.877,0.187-1.354,0.31-1.671c0.163-0.42,0.358-0.72,0.673-1.035 c0.315-0.315,0.615-0.51,1.035-0.673c0.317-0.123,0.794-0.27,1.671-0.31C9.312,4.631,9.597,4.622,12,4.622 M12,3 C9.556,3,9.249,3.01,8.289,3.054C7.331,3.098,6.677,3.25,6.105,3.472C5.513,3.702,5.011,4.01,4.511,4.511 c-0.5,0.5-0.808,1.002-1.038,1.594C3.25,6.677,3.098,7.331,3.054,8.289C3.01,9.249,3,9.556,3,12c0,2.444,0.01,2.751,0.054,3.711 c0.044,0.958,0.196,1.612,0.418,2.185c0.23,0.592,0.538,1.094,1.038,1.594c0.5,0.5,1.002,0.808,1.594,1.038 c0.572,0.222,1.227,0.375,2.185,0.418C9.249,20.99,9.556,21,12,21s2.751-0.01,3.711-0.054c0.958-0.044,1.612-0.196,2.185-0.418 c0.592-0.23,1.094-0.538,1.594-1.038c0.5-0.5,0.808-1.002,1.038-1.594c0.222-0.572,0.375-1.227,0.418-2.185 C20.99,14.751,21,14.444,21,12s-0.01-2.751-0.054-3.711c-0.044-0.958-0.196-1.612-0.418-2.185c-0.23-0.592-0.538-1.094-1.038-1.594 c-0.5-0.5-1.002-0.808-1.594-1.038c-0.572-0.222-1.227-0.375-2.185-0.418C14.751,3.01,14.444,3,12,3L12,3z M12,7.378 c-2.552,0-4.622,2.069-4.622,4.622S9.448,16.622,12,16.622s4.622-2.069,4.622-4.622S14.552,7.378,12,7.378z M12,15 c-1.657,0-3-1.343-3-3s1.343-3,3-3s3,1.343,3,3S13.657,15,12,15z M16.804,6.116c-0.596,0-1.08,0.484-1.08,1.08 s0.484,1.08,1.08,1.08c0.596,0,1.08-0.484,1.08-1.08S17.401,6.116,16.804,6.116z\"><\/path><\/svg><span class=\"wp-block-social-link-label screen-reader-text\">Instagram<\/span><\/a><\/li><\/ul>\n<\/div>\n<\/div>\n<\/div>\n\n\n\n<div style=\"height:14px\" aria-hidden=\"true\" class=\"wp-block-spacer\"><\/div>\n\n\n\n<figure class=\"wp-block-embed is-type-video is-provider-youtube wp-block-embed-youtube wp-embed-aspect-16-9 wp-has-aspect-ratio\"><div class=\"wp-block-embed__wrapper\">\n<iframe loading=\"lazy\" title=\"\ud83e\udde1 \ud83d\udeb4\ud83c\udffb\u200d\u2640\ufe0f [BANDE-ANNONCE] - Bikepacking Colors \u00b7 Home to Marrakesh \ud83c\udfdc\ufe0f\ud83c\udf0a\" width=\"500\" height=\"281\" src=\"https:\/\/www.youtube.com\/embed\/1s16ZDOMebI?feature=oembed\" frameborder=\"0\" allow=\"accelerometer; autoplay; clipboard-write; encrypted-media; gyroscope; picture-in-picture; web-share\" referrerpolicy=\"strict-origin-when-cross-origin\" allowfullscreen><\/iframe>\n<\/div><\/figure>\n\n\n\n<div style=\"height:14px\" aria-hidden=\"true\" class=\"wp-block-spacer\"><\/div>\n\n\n<div class=\"n2-section-smartslider fitvidsignore  n2_clear\" data-ssid=\"19\"><div id=\"n2-ss-19-align\" class=\"n2-ss-align\"><div class=\"n2-padding\"><div id=\"n2-ss-19\" data-creator=\"Smart Slider 3\" data-responsive=\"auto\" class=\"n2-ss-slider n2-ow n2-has-hover n2notransition  \"><div class=\"n2-ss-slider-wrapper-inside\">\n        <div class=\"n2-ss-slider-1 n2_ss__touch_element n2-ow\">\n            <div class=\"n2-ss-slider-2 n2-ow\">\n                                                <div class=\"n2-ss-slider-3 n2-ow\">\n\n                    <div class=\"n2-ss-slide-backgrounds n2-ow-all\"><div class=\"n2-ss-slide-background\" data-public-id=\"1\" data-mode=\"fill\"><div class=\"n2-ss-slide-background-image\" data-blur=\"0\" data-opacity=\"100\" data-x=\"50\" data-y=\"50\" data-alt=\"\" data-title=\"\"><picture class=\"skip-lazy\" data-skip-lazy=\"1\"><img decoding=\"async\" src=\"\/\/festival.cyclo-camping.international\/2025\/wp-content\/uploads\/sites\/3\/2024\/12\/Capture-decran-2024-12-17-155455-pt.jpg\" alt=\"\" title=\"\" loading=\"lazy\" class=\"skip-lazy\" data-skip-lazy=\"1\"><\/picture><\/div><div data-color=\"RGBA(255,255,255,0)\" style=\"background-color: RGBA(255,255,255,0);\" class=\"n2-ss-slide-background-color\"><\/div><\/div><div class=\"n2-ss-slide-background\" data-public-id=\"2\" data-mode=\"fill\" aria-hidden=\"true\"><div class=\"n2-ss-slide-background-image\" data-blur=\"0\" data-opacity=\"100\" data-x=\"50\" data-y=\"50\" data-alt=\"\" data-title=\"\"><picture class=\"skip-lazy\" data-skip-lazy=\"1\"><img decoding=\"async\" src=\"\/\/festival.cyclo-camping.international\/2025\/wp-content\/uploads\/sites\/3\/2024\/12\/Capture-decran-2024-12-17-155101-pt.jpg\" alt=\"\" title=\"\" loading=\"lazy\" class=\"skip-lazy\" data-skip-lazy=\"1\"><\/picture><\/div><div data-color=\"RGBA(255,255,255,0)\" style=\"background-color: RGBA(255,255,255,0);\" class=\"n2-ss-slide-background-color\"><\/div><\/div><div class=\"n2-ss-slide-background\" data-public-id=\"3\" data-mode=\"fill\" aria-hidden=\"true\"><div class=\"n2-ss-slide-background-image\" data-blur=\"0\" data-opacity=\"100\" data-x=\"50\" data-y=\"50\" data-alt=\"\" data-title=\"\"><picture class=\"skip-lazy\" data-skip-lazy=\"1\"><img decoding=\"async\" src=\"\/\/festival.cyclo-camping.international\/2025\/wp-content\/uploads\/sites\/3\/2024\/12\/Capture-decran-2024-12-17-154918-pt.jpg\" alt=\"\" title=\"\" loading=\"lazy\" class=\"skip-lazy\" data-skip-lazy=\"1\"><\/picture><\/div><div data-color=\"RGBA(255,255,255,0)\" style=\"background-color: RGBA(255,255,255,0);\" class=\"n2-ss-slide-background-color\"><\/div><\/div><\/div>                    <div class=\"n2-ss-slider-4 n2-ow\">\n                        <svg xmlns=\"http:\/\/www.w3.org\/2000\/svg\" viewBox=\"0 0 600 300\" data-related-device=\"desktopPortrait\" class=\"n2-ow n2-ss-preserve-size n2-ss-preserve-size--slider n2-ss-slide-limiter\"><\/svg><div data-first=\"1\" data-slide-duration=\"0\" data-id=\"57\" data-slide-public-id=\"1\" data-title=\"Capture d\u2019e\u0301cran 2024-12-17 155455 pt\" class=\"n2-ss-slide n2-ow  n2-ss-slide-57\"><div role=\"note\" class=\"n2-ss-slide--focus\" tabindex=\"-1\">Capture d\u2019e\u0301cran 2024-12-17 155455 pt<\/div><div class=\"n2-ss-layers-container n2-ss-slide-limiter n2-ow\"><div class=\"n2-ss-layer n2-ow n-uc-1YzBe4hCnKON\" data-sstype=\"slide\" data-pm=\"default\"><\/div><\/div><\/div><div data-slide-duration=\"0\" data-id=\"59\" data-slide-public-id=\"2\" aria-hidden=\"true\" data-title=\"Capture d\u2019e\u0301cran 2024-12-17 155101 pt\" class=\"n2-ss-slide n2-ow  n2-ss-slide-59\"><div role=\"note\" class=\"n2-ss-slide--focus\" tabindex=\"-1\">Capture d\u2019e\u0301cran 2024-12-17 155101 pt<\/div><div class=\"n2-ss-layers-container n2-ss-slide-limiter n2-ow\"><div class=\"n2-ss-layer n2-ow n-uc-zHsy7AhRu9or\" data-sstype=\"slide\" data-pm=\"default\"><\/div><\/div><\/div><div data-slide-duration=\"0\" data-id=\"60\" data-slide-public-id=\"3\" aria-hidden=\"true\" data-title=\"Capture d\u2019e\u0301cran 2024-12-17 154918 pt\" class=\"n2-ss-slide n2-ow  n2-ss-slide-60\"><div role=\"note\" class=\"n2-ss-slide--focus\" tabindex=\"-1\">Capture d\u2019e\u0301cran 2024-12-17 154918 pt<\/div><div class=\"n2-ss-layers-container n2-ss-slide-limiter n2-ow\"><div class=\"n2-ss-layer n2-ow n-uc-wZF2jLQd2HBe\" data-sstype=\"slide\" data-pm=\"default\"><\/div><\/div><\/div>                    <\/div>\n\n                                    <\/div>\n            <\/div>\n        <\/div>\n        <div class=\"n2-ss-slider-controls n2-ss-slider-controls-absolute-left-center\"><div style=\"--widget-offset:15px;\" class=\"n2-ss-widget nextend-arrow n2-ow-all nextend-arrow-previous  nextend-arrow-animated-fade\" data-hide-mobileportrait=\"1\" id=\"n2-ss-19-arrow-previous\" role=\"button\" aria-label=\"previous arrow\" tabindex=\"0\"><img loading=\"lazy\" decoding=\"async\" width=\"32\" height=\"32\" class=\"skip-lazy\" data-skip-lazy=\"1\" src=\"data:image\/svg+xml;base64,PHN2ZyB3aWR0aD0iMzIiIGhlaWdodD0iMzIiIHZpZXdCb3g9IjAgMCAzMiAzMiIgeG1sbnM9Imh0dHA6Ly93d3cudzMub3JnLzIwMDAvc3ZnIj4KICAgIDxwYXRoIGQ9Ik0xMS40MzMgMTUuOTkyTDIyLjY5IDUuNzEyYy4zOTMtLjM5LjM5My0xLjAzIDAtMS40Mi0uMzkzLS4zOS0xLjAzLS4zOS0xLjQyMyAwbC0xMS45OCAxMC45NGMtLjIxLjIxLS4zLjQ5LS4yODUuNzYtLjAxNS4yOC4wNzUuNTYuMjg0Ljc3bDExLjk4IDEwLjk0Yy4zOTMuMzkgMS4wMy4zOSAxLjQyNCAwIC4zOTMtLjQuMzkzLTEuMDMgMC0xLjQybC0xMS4yNTctMTAuMjkiCiAgICAgICAgICBmaWxsPSIjZmZmZmZmIiBvcGFjaXR5PSIwLjgiIGZpbGwtcnVsZT0iZXZlbm9kZCIvPgo8L3N2Zz4=\" alt=\"previous arrow\"><\/div><\/div><div class=\"n2-ss-slider-controls n2-ss-slider-controls-absolute-right-center\"><div style=\"--widget-offset:15px;\" class=\"n2-ss-widget nextend-arrow n2-ow-all nextend-arrow-next  nextend-arrow-animated-fade\" data-hide-mobileportrait=\"1\" id=\"n2-ss-19-arrow-next\" role=\"button\" aria-label=\"next arrow\" tabindex=\"0\"><img loading=\"lazy\" decoding=\"async\" width=\"32\" height=\"32\" class=\"skip-lazy\" data-skip-lazy=\"1\" src=\"data:image\/svg+xml;base64,PHN2ZyB3aWR0aD0iMzIiIGhlaWdodD0iMzIiIHZpZXdCb3g9IjAgMCAzMiAzMiIgeG1sbnM9Imh0dHA6Ly93d3cudzMub3JnLzIwMDAvc3ZnIj4KICAgIDxwYXRoIGQ9Ik0xMC43MjIgNC4yOTNjLS4zOTQtLjM5LTEuMDMyLS4zOS0xLjQyNyAwLS4zOTMuMzktLjM5MyAxLjAzIDAgMS40MmwxMS4yODMgMTAuMjgtMTEuMjgzIDEwLjI5Yy0uMzkzLjM5LS4zOTMgMS4wMiAwIDEuNDIuMzk1LjM5IDEuMDMzLjM5IDEuNDI3IDBsMTIuMDA3LTEwLjk0Yy4yMS0uMjEuMy0uNDkuMjg0LS43Ny4wMTQtLjI3LS4wNzYtLjU1LS4yODYtLjc2TDEwLjcyIDQuMjkzeiIKICAgICAgICAgIGZpbGw9IiNmZmZmZmYiIG9wYWNpdHk9IjAuOCIgZmlsbC1ydWxlPSJldmVub2RkIi8+Cjwvc3ZnPg==\" alt=\"next arrow\"><\/div><\/div><\/div><\/div><ss3-loader><\/ss3-loader><\/div><\/div><div class=\"n2_clear\"><\/div><\/div>\n\n\n<p class=\"has-text-align-center\" style=\"font-size:0.8rem;letter-spacing:0.0625rem;text-transform:uppercase\"><strong>Dans la m\u00eame s\u00e9ance<\/strong><\/p>\n\n\n\n<div class=\"wp-block-columns are-vertically-aligned-top is-layout-flex wp-container-core-columns-is-layout-28f84493 wp-block-columns-is-layout-flex\">\n<div class=\"wp-block-column is-vertically-aligned-top is-layout-flow wp-block-column-is-layout-flow\" style=\"flex-basis:50%\">\n<div class=\"wp-block-group has-background is-vertical is-content-justification-center is-layout-flex wp-container-core-group-is-layout-43e4665b wp-block-group-is-layout-flex\" style=\"border-radius:14px;background-color:#ffffff;padding-top:var(--wp--preset--spacing--30);padding-right:var(--wp--preset--spacing--30);padding-bottom:var(--wp--preset--spacing--30);padding-left:var(--wp--preset--spacing--30)\">\n<figure class=\"wp-block-image size-thumbnail is-resized has-custom-border wp-duotone-unset-2\"><img loading=\"lazy\" decoding=\"async\" width=\"150\" height=\"150\" src=\"https:\/\/festival.cyclo-camping.international\/2025\/wp-content\/uploads\/sites\/3\/2024\/12\/Cover_Film-pt-150x150.jpeg\" alt=\"\" class=\"wp-image-2568\" style=\"border-radius:100px;width:115px;height:auto\" \/><\/figure>\n\n\n\n<h3 class=\"wp-block-heading has-text-align-center\"><a href=\"\/2025\/programme-des-films-2025\/film-above-and-beyond\/\">Above and Beyond,<\/a><br><a href=\"\/2025\/programme-des-films-2025\/film-above-and-beyond\/\">une famille \u00e0 la d\u00e9couverte de l\u2019 Asie centrale<\/a><\/h3>\n\n\n\n<p class=\"has-text-align-center\" style=\"line-height:1.3\">Famille Fangeat<\/p>\n\n\n\n<p style=\"line-height:1.2\">12 min<\/p>\n\n\n\n<div style=\"height:7px\" aria-hidden=\"true\" class=\"wp-block-spacer\"><\/div>\n\n\n\n<p class=\"has-text-align-center\" style=\"line-height:1.4\">21 jours au Kazakhstan et au Kirghizistan avec les Six Spinning Legs.<\/p>\n\n\n\n<p class=\"has-small-font-size\"><a href=\"\/2025\/programme-des-films-2025\/film-above-and-beyond\/\"><strong>En savoir plus<\/strong><\/a><\/p>\n<\/div>\n<\/div>\n\n\n\n<div class=\"wp-block-column is-layout-flow wp-block-column-is-layout-flow\" style=\"flex-basis:50%\">\n<div class=\"wp-block-group has-background is-vertical is-content-justification-center is-layout-flex wp-container-core-group-is-layout-43e4665b wp-block-group-is-layout-flex\" style=\"border-radius:14px;background-color:#ffffff;padding-top:var(--wp--preset--spacing--30);padding-right:var(--wp--preset--spacing--30);padding-bottom:var(--wp--preset--spacing--30);padding-left:var(--wp--preset--spacing--30)\">\n<figure class=\"wp-block-image size-thumbnail is-resized has-custom-border wp-duotone-unset-3\"><img loading=\"lazy\" decoding=\"async\" width=\"150\" height=\"150\" src=\"https:\/\/festival.cyclo-camping.international\/2025\/wp-content\/uploads\/sites\/3\/2024\/12\/TXBR4046-pt-150x150.jpg\" alt=\"\" class=\"wp-image-2575\" style=\"border-radius:100px;width:115px;height:auto\"\/><\/figure>\n\n\n\n<h3 class=\"wp-block-heading has-text-align-center\"><a href=\"\/2025\/programme-des-films-2025\/film-aller-retour-au-cap-nord\/\">Aller-retour au Cap Nord,<\/a><br><a href=\"\/2025\/programme-des-films-2025\/film-aller-retour-au-cap-nord\/\">10 000 km \u00e0 v\u00e9lo<\/a><\/h3>\n\n\n\n<p class=\"has-text-align-center\" style=\"line-height:1.3\">Happy-cyclos<\/p>\n\n\n\n<p style=\"line-height:1.3\">32 min<\/p>\n\n\n\n<div style=\"height:7px\" aria-hidden=\"true\" class=\"wp-block-spacer\"><\/div>\n\n\n\n<p class=\"has-text-align-center\">6 mois via Prague, Berlin, la Pologne puis les pays nordiques\u2026 et retour.<\/p>\n\n\n\n<p class=\"has-small-font-size\"><a href=\"\/2025\/programme-des-films-2025\/film-aller-retour-au-cap-nord\/\"><strong>En savoir plus<\/strong><\/a><\/p>\n<\/div>\n<\/div>\n<\/div>\n\n\n\n<div class=\"wp-block-buttons is-content-justification-center is-layout-flex wp-container-core-buttons-is-layout-f3767f4c wp-block-buttons-is-layout-flex\" style=\"margin-top:var(--wp--preset--spacing--20)\">\n<div class=\"wp-block-button is-style-outline is-style-outline--4\"><a class=\"wp-block-button__link wp-element-button\" href=\"\/2025\/programme-des-films-2025\/film-l-americavelo\/\">S\u00e9ance pr\u00e9c\u00e9dente<\/a><\/div>\n<\/div>\n\n\n\n<div class=\"wp-block-buttons is-content-justification-center is-layout-flex wp-container-core-buttons-is-layout-98935462 wp-block-buttons-is-layout-flex\" style=\"margin-top:var(--wp--preset--spacing--10);margin-bottom:var(--wp--preset--spacing--10)\">\n<div class=\"wp-block-button\"><a class=\"wp-block-button__link wp-element-button\" href=\"\/2025\/programme-des-films-2025\/\">Retour au programme des films<\/a><\/div>\n<\/div>\n\n\n\n<p><\/p>\n","protected":false},"excerpt":{"rendered":"<p>Le film retrace un voyage entre Clermont-Ferrand et Marrakech entre octobre et d\u00e9cembre 2022. Les 70 jours et 4000km sont racont\u00e9s par Antoine, son auteur, et oscille entre anecdotes et philosophie du voyage comme par exemple les liens qui nouent les humains entre eux et le fabuleux pouvoir du voyage \u00e0 v\u00e9lo. Bio express Antoine [&hellip;]<\/p>\n","protected":false},"author":1,"featured_media":3045,"parent":944,"menu_order":22,"comment_status":"closed","ping_status":"closed","template":"page-no-title","meta":{"footnotes":""},"class_list":["post-272","page","type-page","status-publish","has-post-thumbnail","hentry"],"yoast_head":"<!-- This site is optimized with the Yoast SEO plugin v27.5 - https:\/\/yoast.com\/product\/yoast-seo-wordpress\/ -->\n<title>Film Bikepacking Colors<\/title>\n<meta name=\"description\" content=\"Le film &quot;Bikepacking Colors, Home to Marrakesh&quot; raconte le voyage \u00e0 v\u00e9lo d&#039;un couple entre entre Clermont-Ferrand et Marrakech.\" \/>\n<meta name=\"robots\" content=\"index, follow, max-snippet:-1, max-image-preview:large, max-video-preview:-1\" \/>\n<link rel=\"canonical\" href=\"https:\/\/festival.cyclo-camping.international\/2025\/programme-des-films-2025\/film-bikepacking-colors\/\" \/>\n<meta property=\"og:locale\" content=\"fr_FR\" \/>\n<meta property=\"og:type\" content=\"article\" \/>\n<meta property=\"og:title\" content=\"Film Bikepacking Colors\" \/>\n<meta property=\"og:description\" content=\"Le film &quot;Bikepacking Colors, Home to Marrakesh&quot; raconte le voyage \u00e0 v\u00e9lo d&#039;un couple entre entre Clermont-Ferrand et Marrakech.\" \/>\n<meta property=\"og:url\" content=\"https:\/\/festival.cyclo-camping.international\/2025\/programme-des-films-2025\/film-bikepacking-colors\/\" \/>\n<meta property=\"og:site_name\" content=\"38e Festival International du Voyage \u00e0 V\u00e9lo\" \/>\n<meta property=\"article:modified_time\" content=\"2025-01-05T14:04:27+00:00\" \/>\n<meta property=\"og:image\" content=\"https:\/\/festival.cyclo-camping.international\/2025\/wp-content\/uploads\/sites\/3\/2024\/12\/Capture-decran-2024-12-17-155455-mo.jpg\" \/>\n\t<meta property=\"og:image:width\" content=\"1200\" \/>\n\t<meta property=\"og:image:height\" content=\"649\" \/>\n\t<meta property=\"og:image:type\" content=\"image\/jpeg\" \/>\n<meta name=\"twitter:card\" content=\"summary_large_image\" \/>\n<meta name=\"twitter:label1\" content=\"Dur\u00e9e de lecture estim\u00e9e\" \/>\n\t<meta name=\"twitter:data1\" content=\"6 minutes\" \/>\n<script type=\"application\/ld+json\" class=\"yoast-schema-graph\">{\"@context\":\"https:\\\/\\\/schema.org\",\"@graph\":[{\"@type\":\"WebPage\",\"@id\":\"https:\\\/\\\/festival.cyclo-camping.international\\\/2025\\\/programme-des-films-2025\\\/film-bikepacking-colors\\\/\",\"url\":\"https:\\\/\\\/festival.cyclo-camping.international\\\/2025\\\/programme-des-films-2025\\\/film-bikepacking-colors\\\/\",\"name\":\"Film Bikepacking Colors\",\"isPartOf\":{\"@id\":\"https:\\\/\\\/festival.cyclo-camping.international\\\/2025\\\/#website\"},\"primaryImageOfPage\":{\"@id\":\"https:\\\/\\\/festival.cyclo-camping.international\\\/2025\\\/programme-des-films-2025\\\/film-bikepacking-colors\\\/#primaryimage\"},\"image\":{\"@id\":\"https:\\\/\\\/festival.cyclo-camping.international\\\/2025\\\/programme-des-films-2025\\\/film-bikepacking-colors\\\/#primaryimage\"},\"thumbnailUrl\":\"https:\\\/\\\/festival.cyclo-camping.international\\\/2025\\\/wp-content\\\/uploads\\\/sites\\\/3\\\/2024\\\/12\\\/Capture-decran-2024-12-17-155455-mo.jpg\",\"datePublished\":\"2023-12-31T16:42:52+00:00\",\"dateModified\":\"2025-01-05T14:04:27+00:00\",\"description\":\"Le film \\\"Bikepacking Colors, Home to Marrakesh\\\" raconte le voyage \u00e0 v\u00e9lo d'un couple entre entre Clermont-Ferrand et Marrakech.\",\"breadcrumb\":{\"@id\":\"https:\\\/\\\/festival.cyclo-camping.international\\\/2025\\\/programme-des-films-2025\\\/film-bikepacking-colors\\\/#breadcrumb\"},\"inLanguage\":\"fr-FR\",\"potentialAction\":[{\"@type\":\"ReadAction\",\"target\":[\"https:\\\/\\\/festival.cyclo-camping.international\\\/2025\\\/programme-des-films-2025\\\/film-bikepacking-colors\\\/\"]}]},{\"@type\":\"ImageObject\",\"inLanguage\":\"fr-FR\",\"@id\":\"https:\\\/\\\/festival.cyclo-camping.international\\\/2025\\\/programme-des-films-2025\\\/film-bikepacking-colors\\\/#primaryimage\",\"url\":\"https:\\\/\\\/festival.cyclo-camping.international\\\/2025\\\/wp-content\\\/uploads\\\/sites\\\/3\\\/2024\\\/12\\\/Capture-decran-2024-12-17-155455-mo.jpg\",\"contentUrl\":\"https:\\\/\\\/festival.cyclo-camping.international\\\/2025\\\/wp-content\\\/uploads\\\/sites\\\/3\\\/2024\\\/12\\\/Capture-decran-2024-12-17-155455-mo.jpg\",\"width\":1200,\"height\":649},{\"@type\":\"BreadcrumbList\",\"@id\":\"https:\\\/\\\/festival.cyclo-camping.international\\\/2025\\\/programme-des-films-2025\\\/film-bikepacking-colors\\\/#breadcrumb\",\"itemListElement\":[{\"@type\":\"ListItem\",\"position\":1,\"name\":\"Accueil\",\"item\":\"https:\\\/\\\/festival.cyclo-camping.international\\\/2025\\\/\"},{\"@type\":\"ListItem\",\"position\":2,\"name\":\"Programme des films en 2025\",\"item\":\"https:\\\/\\\/festival.cyclo-camping.international\\\/2025\\\/programme-des-films-2025\\\/\"},{\"@type\":\"ListItem\",\"position\":3,\"name\":\"Bikepacking Colors, Home to Marrakesh\"}]},{\"@type\":\"WebSite\",\"@id\":\"https:\\\/\\\/festival.cyclo-camping.international\\\/2025\\\/#website\",\"url\":\"https:\\\/\\\/festival.cyclo-camping.international\\\/2025\\\/\",\"name\":\"38e Festival International du Voyage \u00e0 V\u00e9lo\",\"description\":\"\",\"publisher\":{\"@id\":\"https:\\\/\\\/festival.cyclo-camping.international\\\/2025\\\/#organization\"},\"potentialAction\":[{\"@type\":\"SearchAction\",\"target\":{\"@type\":\"EntryPoint\",\"urlTemplate\":\"https:\\\/\\\/festival.cyclo-camping.international\\\/2025\\\/?s={search_term_string}\"},\"query-input\":{\"@type\":\"PropertyValueSpecification\",\"valueRequired\":true,\"valueName\":\"search_term_string\"}}],\"inLanguage\":\"fr-FR\"},{\"@type\":\"Organization\",\"@id\":\"https:\\\/\\\/festival.cyclo-camping.international\\\/2025\\\/#organization\",\"name\":\"38e Festival International du Voyage \u00e0 V\u00e9lo\",\"url\":\"https:\\\/\\\/festival.cyclo-camping.international\\\/2025\\\/\",\"logo\":{\"@type\":\"ImageObject\",\"inLanguage\":\"fr-FR\",\"@id\":\"https:\\\/\\\/festival.cyclo-camping.international\\\/2025\\\/#\\\/schema\\\/logo\\\/image\\\/\",\"url\":\"https:\\\/\\\/festival.cyclo-camping.international\\\/2025\\\/wp-content\\\/uploads\\\/sites\\\/3\\\/2023\\\/12\\\/logo_cci_petit.png\",\"contentUrl\":\"https:\\\/\\\/festival.cyclo-camping.international\\\/2025\\\/wp-content\\\/uploads\\\/sites\\\/3\\\/2023\\\/12\\\/logo_cci_petit.png\",\"width\":264,\"height\":113,\"caption\":\"38e Festival International du Voyage \u00e0 V\u00e9lo\"},\"image\":{\"@id\":\"https:\\\/\\\/festival.cyclo-camping.international\\\/2025\\\/#\\\/schema\\\/logo\\\/image\\\/\"}}]}<\/script>\n<!-- \/ Yoast SEO plugin. -->","yoast_head_json":{"title":"Film Bikepacking Colors","description":"Le film \"Bikepacking Colors, Home to Marrakesh\" raconte le voyage \u00e0 v\u00e9lo d'un couple entre entre Clermont-Ferrand et Marrakech.","robots":{"index":"index","follow":"follow","max-snippet":"max-snippet:-1","max-image-preview":"max-image-preview:large","max-video-preview":"max-video-preview:-1"},"canonical":"https:\/\/festival.cyclo-camping.international\/2025\/programme-des-films-2025\/film-bikepacking-colors\/","og_locale":"fr_FR","og_type":"article","og_title":"Film Bikepacking Colors","og_description":"Le film \"Bikepacking Colors, Home to Marrakesh\" raconte le voyage \u00e0 v\u00e9lo d'un couple entre entre Clermont-Ferrand et Marrakech.","og_url":"https:\/\/festival.cyclo-camping.international\/2025\/programme-des-films-2025\/film-bikepacking-colors\/","og_site_name":"38e Festival International du Voyage \u00e0 V\u00e9lo","article_modified_time":"2025-01-05T14:04:27+00:00","og_image":[{"width":1200,"height":649,"url":"https:\/\/festival.cyclo-camping.international\/2025\/wp-content\/uploads\/sites\/3\/2024\/12\/Capture-decran-2024-12-17-155455-mo.jpg","type":"image\/jpeg"}],"twitter_card":"summary_large_image","twitter_misc":{"Dur\u00e9e de lecture estim\u00e9e":"6 minutes"},"schema":{"@context":"https:\/\/schema.org","@graph":[{"@type":"WebPage","@id":"https:\/\/festival.cyclo-camping.international\/2025\/programme-des-films-2025\/film-bikepacking-colors\/","url":"https:\/\/festival.cyclo-camping.international\/2025\/programme-des-films-2025\/film-bikepacking-colors\/","name":"Film Bikepacking Colors","isPartOf":{"@id":"https:\/\/festival.cyclo-camping.international\/2025\/#website"},"primaryImageOfPage":{"@id":"https:\/\/festival.cyclo-camping.international\/2025\/programme-des-films-2025\/film-bikepacking-colors\/#primaryimage"},"image":{"@id":"https:\/\/festival.cyclo-camping.international\/2025\/programme-des-films-2025\/film-bikepacking-colors\/#primaryimage"},"thumbnailUrl":"https:\/\/festival.cyclo-camping.international\/2025\/wp-content\/uploads\/sites\/3\/2024\/12\/Capture-decran-2024-12-17-155455-mo.jpg","datePublished":"2023-12-31T16:42:52+00:00","dateModified":"2025-01-05T14:04:27+00:00","description":"Le film \"Bikepacking Colors, Home to Marrakesh\" raconte le voyage \u00e0 v\u00e9lo d'un couple entre entre Clermont-Ferrand et Marrakech.","breadcrumb":{"@id":"https:\/\/festival.cyclo-camping.international\/2025\/programme-des-films-2025\/film-bikepacking-colors\/#breadcrumb"},"inLanguage":"fr-FR","potentialAction":[{"@type":"ReadAction","target":["https:\/\/festival.cyclo-camping.international\/2025\/programme-des-films-2025\/film-bikepacking-colors\/"]}]},{"@type":"ImageObject","inLanguage":"fr-FR","@id":"https:\/\/festival.cyclo-camping.international\/2025\/programme-des-films-2025\/film-bikepacking-colors\/#primaryimage","url":"https:\/\/festival.cyclo-camping.international\/2025\/wp-content\/uploads\/sites\/3\/2024\/12\/Capture-decran-2024-12-17-155455-mo.jpg","contentUrl":"https:\/\/festival.cyclo-camping.international\/2025\/wp-content\/uploads\/sites\/3\/2024\/12\/Capture-decran-2024-12-17-155455-mo.jpg","width":1200,"height":649},{"@type":"BreadcrumbList","@id":"https:\/\/festival.cyclo-camping.international\/2025\/programme-des-films-2025\/film-bikepacking-colors\/#breadcrumb","itemListElement":[{"@type":"ListItem","position":1,"name":"Accueil","item":"https:\/\/festival.cyclo-camping.international\/2025\/"},{"@type":"ListItem","position":2,"name":"Programme des films en 2025","item":"https:\/\/festival.cyclo-camping.international\/2025\/programme-des-films-2025\/"},{"@type":"ListItem","position":3,"name":"Bikepacking Colors, Home to Marrakesh"}]},{"@type":"WebSite","@id":"https:\/\/festival.cyclo-camping.international\/2025\/#website","url":"https:\/\/festival.cyclo-camping.international\/2025\/","name":"38e Festival International du Voyage \u00e0 V\u00e9lo","description":"","publisher":{"@id":"https:\/\/festival.cyclo-camping.international\/2025\/#organization"},"potentialAction":[{"@type":"SearchAction","target":{"@type":"EntryPoint","urlTemplate":"https:\/\/festival.cyclo-camping.international\/2025\/?s={search_term_string}"},"query-input":{"@type":"PropertyValueSpecification","valueRequired":true,"valueName":"search_term_string"}}],"inLanguage":"fr-FR"},{"@type":"Organization","@id":"https:\/\/festival.cyclo-camping.international\/2025\/#organization","name":"38e Festival International du Voyage \u00e0 V\u00e9lo","url":"https:\/\/festival.cyclo-camping.international\/2025\/","logo":{"@type":"ImageObject","inLanguage":"fr-FR","@id":"https:\/\/festival.cyclo-camping.international\/2025\/#\/schema\/logo\/image\/","url":"https:\/\/festival.cyclo-camping.international\/2025\/wp-content\/uploads\/sites\/3\/2023\/12\/logo_cci_petit.png","contentUrl":"https:\/\/festival.cyclo-camping.international\/2025\/wp-content\/uploads\/sites\/3\/2023\/12\/logo_cci_petit.png","width":264,"height":113,"caption":"38e Festival International du Voyage \u00e0 V\u00e9lo"},"image":{"@id":"https:\/\/festival.cyclo-camping.international\/2025\/#\/schema\/logo\/image\/"}}]}},"_links":{"self":[{"href":"https:\/\/festival.cyclo-camping.international\/2025\/wp-json\/wp\/v2\/pages\/272","targetHints":{"allow":["GET"]}}],"collection":[{"href":"https:\/\/festival.cyclo-camping.international\/2025\/wp-json\/wp\/v2\/pages"}],"about":[{"href":"https:\/\/festival.cyclo-camping.international\/2025\/wp-json\/wp\/v2\/types\/page"}],"author":[{"embeddable":true,"href":"https:\/\/festival.cyclo-camping.international\/2025\/wp-json\/wp\/v2\/users\/1"}],"replies":[{"embeddable":true,"href":"https:\/\/festival.cyclo-camping.international\/2025\/wp-json\/wp\/v2\/comments?post=272"}],"version-history":[{"count":6,"href":"https:\/\/festival.cyclo-camping.international\/2025\/wp-json\/wp\/v2\/pages\/272\/revisions"}],"predecessor-version":[{"id":3702,"href":"https:\/\/festival.cyclo-camping.international\/2025\/wp-json\/wp\/v2\/pages\/272\/revisions\/3702"}],"up":[{"embeddable":true,"href":"https:\/\/festival.cyclo-camping.international\/2025\/wp-json\/wp\/v2\/pages\/944"}],"wp:featuredmedia":[{"embeddable":true,"href":"https:\/\/festival.cyclo-camping.international\/2025\/wp-json\/wp\/v2\/media\/3045"}],"wp:attachment":[{"href":"https:\/\/festival.cyclo-camping.international\/2025\/wp-json\/wp\/v2\/media?parent=272"}],"curies":[{"name":"wp","href":"https:\/\/api.w.org\/{rel}","templated":true}]}}