{"id":270,"date":"2023-12-31T17:41:33","date_gmt":"2023-12-31T16:41:33","guid":{"rendered":"https:\/\/festival.cyclo-camping.international\/2024\/?page_id=270"},"modified":"2024-12-21T15:33:35","modified_gmt":"2024-12-21T14:33:35","slug":"film-rome-tokyo-a-velo","status":"publish","type":"page","link":"https:\/\/festival.cyclo-camping.international\/2025\/programme-des-films-2025\/film-rome-tokyo-a-velo\/","title":{"rendered":"Rome-Tokyo \u00e0 v\u00e9lo (ou presque)"},"content":{"rendered":"\n<div class=\"wp-block-cover alignfull is-light wp-duotone-unset-1\" style=\"margin-top:0;padding-top:2rem;padding-right:2rem;padding-bottom:2rem;padding-left:2rem;min-height:66vh;aspect-ratio:unset;\"><span aria-hidden=\"true\" class=\"wp-block-cover__background has-background-dim-30 has-background-dim\" style=\"background-color:#FFF\"><\/span><img loading=\"lazy\" decoding=\"async\" width=\"1200\" height=\"800\" class=\"wp-block-cover__image-background wp-image-2560\" alt=\"Film Rome-Tokyo \u00e0 v\u00e9lo\" src=\"https:\/\/festival.cyclo-camping.international\/2025\/wp-content\/uploads\/sites\/3\/2024\/12\/THONON1-mo.jpg\" data-object-fit=\"cover\" srcset=\"https:\/\/festival.cyclo-camping.international\/2025\/wp-content\/uploads\/sites\/3\/2024\/12\/THONON1-mo.jpg 1200w, https:\/\/festival.cyclo-camping.international\/2025\/wp-content\/uploads\/sites\/3\/2024\/12\/THONON1-mo-300x200.jpg 300w, https:\/\/festival.cyclo-camping.international\/2025\/wp-content\/uploads\/sites\/3\/2024\/12\/THONON1-mo-1024x683.jpg 1024w, https:\/\/festival.cyclo-camping.international\/2025\/wp-content\/uploads\/sites\/3\/2024\/12\/THONON1-mo-768x512.jpg 768w\" sizes=\"auto, (max-width: 1200px) 100vw, 1200px\" \/><div class=\"wp-block-cover__inner-container is-layout-flow wp-block-cover-is-layout-flow\">\n<div class=\"wp-block-group has-global-padding is-content-justification-center is-layout-constrained wp-container-core-group-is-layout-b3bc50f0 wp-block-group-is-layout-constrained\">\n<h1 class=\"wp-block-heading has-text-align-center has-white-color has-text-color\" style=\"font-size:clamp(28.836px, 1.802rem + ((1vw - 3.2px) * 2.205), 50px);font-style:normal;font-weight:700;letter-spacing:0px;line-height:1.1;text-transform:uppercase\">Rome-Tokyo \u00e0 v\u00e9lo (ou presque)<\/h1>\n\n\n\n<div class=\"wp-block-group is-vertical is-content-justification-center is-layout-flex wp-container-core-group-is-layout-df21e9f8 wp-block-group-is-layout-flex\" style=\"margin-top:0;margin-bottom:var(--wp--preset--spacing--10);padding-top:0;padding-bottom:0\">\n<h2 class=\"wp-block-heading has-text-align-center has-text-color has-link-color wp-elements-be26f136d29b8f5e5a917841f9d318a8\" style=\"color:#ffffff\">Famille Thonon-Schaar<\/h2>\n\n\n\n<p class=\"has-text-align-center has-base-2-color has-text-color has-link-color has-small-font-size wp-elements-11eacba86be9c12108e22804818a5de6\" style=\"line-height:1.2\">49 min<\/p>\n<\/div>\n<\/div>\n\n\n\n<div style=\"margin-top:0;margin-bottom:0;height:3rem\" aria-hidden=\"true\" class=\"wp-block-spacer\"><\/div>\n\n\n\n<div class=\"wp-block-columns are-vertically-aligned-bottom is-layout-flex wp-container-core-columns-is-layout-0111f410 wp-block-columns-is-layout-flex\" style=\"padding-right:var(--wp--preset--spacing--50);padding-left:var(--wp--preset--spacing--50)\">\n<div class=\"wp-block-column is-vertically-aligned-bottom is-layout-flow wp-block-column-is-layout-flow\" style=\"flex-basis:33.33%\"><\/div>\n\n\n\n<div class=\"wp-block-column is-vertically-aligned-bottom is-layout-flow wp-block-column-is-layout-flow\" style=\"flex-basis:33.33%\">\n<div class=\"wp-block-group has-border-color is-layout-flow wp-container-core-group-is-layout-494e086b wp-block-group-is-layout-flow\" style=\"border-color:#ffffff;border-width:1px;border-radius:600px;margin-top:0;margin-bottom:0;padding-top:0.5rem;padding-right:0.5rem;padding-bottom:0.5rem;padding-left:0.5rem\">\n<h3 class=\"wp-block-heading has-text-align-center has-text-color has-link-color has-medium-font-size wp-elements-3f093551d9a63a403b07a33b87cbc6a7\" style=\"color:#fefefe\">S\u00e9ance 8 <\/h3>\n\n\n\n<p class=\"has-text-align-center has-base-2-color has-text-color has-link-color has-small-font-size wp-elements-750859704aba88c7204a3f8f638f45ee\">Dimanche \u2013 14h \u2013 Salle A<\/p>\n<\/div>\n<\/div>\n\n\n\n<div class=\"wp-block-column is-vertically-aligned-bottom is-layout-flow wp-block-column-is-layout-flow\" style=\"flex-basis:33.33%\"><\/div>\n<\/div>\n<\/div><\/div>\n\n\n\n<div style=\"height:14px\" aria-hidden=\"true\" class=\"wp-block-spacer\"><\/div>\n\n\n\n<p>Le grand voyage, c\u2019est une pause : une pause en mouvement, une pause en famille, une pause pour d\u00e9couvrir. Un voyage en deux temps : pays de soir\u00e9es chaudes (Italie, Gr\u00e8ce et Turquie) puis pays du matin calme (Cor\u00e9e du Sud) et pays du soleil levant. L\u2019id\u00e9e du film se profile en chemin pour partager et revivre le voyage, encore et encore.<\/p>\n\n\n\n<div style=\"height:14px\" aria-hidden=\"true\" class=\"wp-block-spacer\"><\/div>\n\n\n\n<p class=\"has-text-align-left\" style=\"font-size:0.8rem;letter-spacing:0.0625rem;text-transform:uppercase\"><strong>Bio express<\/strong><\/p>\n\n\n\n<p>Une famille. Un couple, <strong>C\u00e9line<\/strong> et <strong>Matthieu<\/strong>, et leurs trois enfants \u00e2g\u00e9s de 6 \u00e0 12 ans : <strong>Gaston<\/strong>, <strong>Marius<\/strong> et <strong>Rosalie<\/strong>. Cinq protagonistes filant de Rome \u00e0 Tokyo \u00e0 v\u00e9lo\u2026 Deux pauses carri\u00e8res. Six mois (de f\u00e9vrier \u00e0 juillet 2023). Cinq v\u00e9los. Seize sacoches.<br>Et l\u2019envie tenace de prendre le temps. D\u2019observer. D\u2019\u00e9carquiller. De d\u00e9couvrir. De voir grandir. De profiter.<\/p>\n\n\n\n<div style=\"height:14px\" aria-hidden=\"true\" class=\"wp-block-spacer\"><\/div>\n\n\n\n<p class=\"has-text-align-left\" style=\"font-size:0.8rem;letter-spacing:0.0625rem;text-transform:uppercase\"><strong>Les suivre<\/strong><\/p>\n\n\n\n<ul class=\"wp-block-social-links is-layout-flex wp-block-social-links-is-layout-flex\"><li class=\"wp-social-link wp-social-link-chain  wp-block-social-link\"><a href=\"https:\/\/rometokyoavelo.wordpress.com\/\" class=\"wp-block-social-link-anchor\"><svg width=\"24\" height=\"24\" viewBox=\"0 0 24 24\" version=\"1.1\" xmlns=\"http:\/\/www.w3.org\/2000\/svg\" aria-hidden=\"true\" focusable=\"false\"><path d=\"M15.6,7.2H14v1.5h1.6c2,0,3.7,1.7,3.7,3.7s-1.7,3.7-3.7,3.7H14v1.5h1.6c2.8,0,5.2-2.3,5.2-5.2,0-2.9-2.3-5.2-5.2-5.2zM4.7,12.4c0-2,1.7-3.7,3.7-3.7H10V7.2H8.4c-2.9,0-5.2,2.3-5.2,5.2,0,2.9,2.3,5.2,5.2,5.2H10v-1.5H8.4c-2,0-3.7-1.7-3.7-3.7zm4.6.9h5.3v-1.5H9.3v1.5z\"><\/path><\/svg><span class=\"wp-block-social-link-label screen-reader-text\">Lien<\/span><\/a><\/li><\/ul>\n\n\n\n<div style=\"height:14px\" aria-hidden=\"true\" class=\"wp-block-spacer\"><\/div>\n\n\n\n<figure class=\"wp-block-embed is-type-video is-provider-youtube wp-block-embed-youtube wp-embed-aspect-16-9 wp-has-aspect-ratio\"><div class=\"wp-block-embed__wrapper\">\n<iframe loading=\"lazy\" title=\"Le grand voyage Rome-Tokyo\" width=\"500\" height=\"281\" src=\"https:\/\/www.youtube.com\/embed\/9t93Wtol-qI?feature=oembed\" frameborder=\"0\" allow=\"accelerometer; autoplay; clipboard-write; encrypted-media; gyroscope; picture-in-picture; web-share\" referrerpolicy=\"strict-origin-when-cross-origin\" allowfullscreen><\/iframe>\n<\/div><\/figure>\n\n\n\n<div style=\"height:14px\" aria-hidden=\"true\" class=\"wp-block-spacer\"><\/div>\n\n\n<div class=\"n2-section-smartslider fitvidsignore  n2_clear\" data-ssid=\"16\"><div id=\"n2-ss-16-align\" class=\"n2-ss-align\"><div class=\"n2-padding\"><div id=\"n2-ss-16\" data-creator=\"Smart Slider 3\" data-responsive=\"auto\" class=\"n2-ss-slider n2-ow n2-has-hover n2notransition  \"><div class=\"n2-ss-slider-wrapper-inside\">\n        <div class=\"n2-ss-slider-1 n2_ss__touch_element n2-ow\">\n            <div class=\"n2-ss-slider-2 n2-ow\">\n                                                <div class=\"n2-ss-slider-3 n2-ow\">\n\n                    <div class=\"n2-ss-slide-backgrounds n2-ow-all\"><div class=\"n2-ss-slide-background\" data-public-id=\"1\" data-mode=\"fill\"><div class=\"n2-ss-slide-background-image\" data-blur=\"0\" data-opacity=\"100\" data-x=\"50\" data-y=\"50\" data-alt=\"\" data-title=\"\"><picture class=\"skip-lazy\" data-skip-lazy=\"1\"><img decoding=\"async\" src=\"\/\/festival.cyclo-camping.international\/2025\/wp-content\/uploads\/sites\/3\/2024\/12\/THONON1-pt.jpg\" alt=\"\" title=\"\" loading=\"lazy\" class=\"skip-lazy\" data-skip-lazy=\"1\"><\/picture><\/div><div data-color=\"RGBA(255,255,255,0)\" style=\"background-color: RGBA(255,255,255,0);\" class=\"n2-ss-slide-background-color\"><\/div><\/div><div class=\"n2-ss-slide-background\" data-public-id=\"2\" data-mode=\"fill\" aria-hidden=\"true\"><div class=\"n2-ss-slide-background-image\" data-blur=\"0\" data-opacity=\"100\" data-x=\"50\" data-y=\"50\" data-alt=\"\" data-title=\"\"><picture class=\"skip-lazy\" data-skip-lazy=\"1\"><img decoding=\"async\" src=\"\/\/festival.cyclo-camping.international\/2025\/wp-content\/uploads\/sites\/3\/2024\/12\/THONON2-pt.jpg\" alt=\"\" title=\"\" loading=\"lazy\" class=\"skip-lazy\" data-skip-lazy=\"1\"><\/picture><\/div><div data-color=\"RGBA(255,255,255,0)\" style=\"background-color: RGBA(255,255,255,0);\" class=\"n2-ss-slide-background-color\"><\/div><\/div><div class=\"n2-ss-slide-background\" data-public-id=\"3\" data-mode=\"fill\" aria-hidden=\"true\"><div class=\"n2-ss-slide-background-image\" data-blur=\"0\" data-opacity=\"100\" data-x=\"50\" data-y=\"50\" data-alt=\"\" data-title=\"\"><picture class=\"skip-lazy\" data-skip-lazy=\"1\"><img decoding=\"async\" src=\"\/\/festival.cyclo-camping.international\/2025\/wp-content\/uploads\/sites\/3\/2024\/12\/THONON3-pt.jpg\" alt=\"\" title=\"\" loading=\"lazy\" class=\"skip-lazy\" data-skip-lazy=\"1\"><\/picture><\/div><div data-color=\"RGBA(255,255,255,0)\" style=\"background-color: RGBA(255,255,255,0);\" class=\"n2-ss-slide-background-color\"><\/div><\/div><\/div>                    <div class=\"n2-ss-slider-4 n2-ow\">\n                        <svg xmlns=\"http:\/\/www.w3.org\/2000\/svg\" viewBox=\"0 0 600 400\" data-related-device=\"desktopPortrait\" class=\"n2-ow n2-ss-preserve-size n2-ss-preserve-size--slider n2-ss-slide-limiter\"><\/svg><div data-first=\"1\" data-slide-duration=\"0\" data-id=\"48\" data-slide-public-id=\"1\" data-title=\"THONON1 pt\" class=\"n2-ss-slide n2-ow  n2-ss-slide-48\"><div role=\"note\" class=\"n2-ss-slide--focus\" tabindex=\"-1\">THONON1 pt<\/div><div class=\"n2-ss-layers-container n2-ss-slide-limiter n2-ow\"><div class=\"n2-ss-layer n2-ow n-uc-P38YTzsuOert\" data-sstype=\"slide\" data-pm=\"default\"><\/div><\/div><\/div><div data-slide-duration=\"0\" data-id=\"49\" data-slide-public-id=\"2\" aria-hidden=\"true\" data-title=\"THONON2 pt\" class=\"n2-ss-slide n2-ow  n2-ss-slide-49\"><div role=\"note\" class=\"n2-ss-slide--focus\" tabindex=\"-1\">THONON2 pt<\/div><div class=\"n2-ss-layers-container n2-ss-slide-limiter n2-ow\"><div class=\"n2-ss-layer n2-ow n-uc-bfhDfNQqabnS\" data-sstype=\"slide\" data-pm=\"default\"><\/div><\/div><\/div><div data-slide-duration=\"0\" data-id=\"50\" data-slide-public-id=\"3\" aria-hidden=\"true\" data-title=\"THONON3 pt\" class=\"n2-ss-slide n2-ow  n2-ss-slide-50\"><div role=\"note\" class=\"n2-ss-slide--focus\" tabindex=\"-1\">THONON3 pt<\/div><div class=\"n2-ss-layers-container n2-ss-slide-limiter n2-ow\"><div class=\"n2-ss-layer n2-ow n-uc-V97P0O5WezHg\" data-sstype=\"slide\" data-pm=\"default\"><\/div><\/div><\/div>                    <\/div>\n\n                                    <\/div>\n            <\/div>\n        <\/div>\n        <div class=\"n2-ss-slider-controls n2-ss-slider-controls-absolute-left-center\"><div style=\"--widget-offset:15px;\" class=\"n2-ss-widget nextend-arrow n2-ow-all nextend-arrow-previous  nextend-arrow-animated-fade\" data-hide-mobileportrait=\"1\" id=\"n2-ss-16-arrow-previous\" role=\"button\" aria-label=\"previous arrow\" tabindex=\"0\"><img loading=\"lazy\" decoding=\"async\" width=\"32\" height=\"32\" class=\"skip-lazy\" data-skip-lazy=\"1\" src=\"data:image\/svg+xml;base64,PHN2ZyB3aWR0aD0iMzIiIGhlaWdodD0iMzIiIHZpZXdCb3g9IjAgMCAzMiAzMiIgeG1sbnM9Imh0dHA6Ly93d3cudzMub3JnLzIwMDAvc3ZnIj4KICAgIDxwYXRoIGQ9Ik0xMS40MzMgMTUuOTkyTDIyLjY5IDUuNzEyYy4zOTMtLjM5LjM5My0xLjAzIDAtMS40Mi0uMzkzLS4zOS0xLjAzLS4zOS0xLjQyMyAwbC0xMS45OCAxMC45NGMtLjIxLjIxLS4zLjQ5LS4yODUuNzYtLjAxNS4yOC4wNzUuNTYuMjg0Ljc3bDExLjk4IDEwLjk0Yy4zOTMuMzkgMS4wMy4zOSAxLjQyNCAwIC4zOTMtLjQuMzkzLTEuMDMgMC0xLjQybC0xMS4yNTctMTAuMjkiCiAgICAgICAgICBmaWxsPSIjZmZmZmZmIiBvcGFjaXR5PSIwLjgiIGZpbGwtcnVsZT0iZXZlbm9kZCIvPgo8L3N2Zz4=\" alt=\"previous arrow\"><\/div><\/div><div class=\"n2-ss-slider-controls n2-ss-slider-controls-absolute-right-center\"><div style=\"--widget-offset:15px;\" class=\"n2-ss-widget nextend-arrow n2-ow-all nextend-arrow-next  nextend-arrow-animated-fade\" data-hide-mobileportrait=\"1\" id=\"n2-ss-16-arrow-next\" role=\"button\" aria-label=\"next arrow\" tabindex=\"0\"><img loading=\"lazy\" decoding=\"async\" width=\"32\" height=\"32\" class=\"skip-lazy\" data-skip-lazy=\"1\" src=\"data:image\/svg+xml;base64,PHN2ZyB3aWR0aD0iMzIiIGhlaWdodD0iMzIiIHZpZXdCb3g9IjAgMCAzMiAzMiIgeG1sbnM9Imh0dHA6Ly93d3cudzMub3JnLzIwMDAvc3ZnIj4KICAgIDxwYXRoIGQ9Ik0xMC43MjIgNC4yOTNjLS4zOTQtLjM5LTEuMDMyLS4zOS0xLjQyNyAwLS4zOTMuMzktLjM5MyAxLjAzIDAgMS40MmwxMS4yODMgMTAuMjgtMTEuMjgzIDEwLjI5Yy0uMzkzLjM5LS4zOTMgMS4wMiAwIDEuNDIuMzk1LjM5IDEuMDMzLjM5IDEuNDI3IDBsMTIuMDA3LTEwLjk0Yy4yMS0uMjEuMy0uNDkuMjg0LS43Ny4wMTQtLjI3LS4wNzYtLjU1LS4yODYtLjc2TDEwLjcyIDQuMjkzeiIKICAgICAgICAgIGZpbGw9IiNmZmZmZmYiIG9wYWNpdHk9IjAuOCIgZmlsbC1ydWxlPSJldmVub2RkIi8+Cjwvc3ZnPg==\" alt=\"next arrow\"><\/div><\/div><\/div><\/div><ss3-loader><\/ss3-loader><\/div><\/div><div class=\"n2_clear\"><\/div><\/div>\n\n\n<p class=\"has-text-align-center\" style=\"font-size:0.8rem;letter-spacing:0.0625rem;text-transform:uppercase\"><strong>Dans la m\u00eame s\u00e9ance<\/strong><\/p>\n\n\n\n<div class=\"wp-block-group has-background is-vertical is-content-justification-center is-layout-flex wp-container-core-group-is-layout-43e4665b wp-block-group-is-layout-flex\" style=\"border-radius:14px;background-color:#ffffff;padding-top:var(--wp--preset--spacing--30);padding-right:var(--wp--preset--spacing--30);padding-bottom:var(--wp--preset--spacing--30);padding-left:var(--wp--preset--spacing--30)\">\n<figure class=\"wp-block-image size-thumbnail is-resized has-custom-border wp-duotone-unset-2\"><img loading=\"lazy\" decoding=\"async\" width=\"150\" height=\"150\" src=\"https:\/\/festival.cyclo-camping.international\/2025\/wp-content\/uploads\/sites\/3\/2024\/12\/DSC01192-pt-150x150.jpg\" alt=\"\" class=\"wp-image-2554\" style=\"border-radius:100px;width:115px;height:auto\"\/><\/figure>\n\n\n\n<h3 class=\"wp-block-heading has-text-align-center\"><a href=\"\/2025\/programme-des-films-2025\/film-l-americavelo\/\">L\u2019 Am\u00e9ricav\u00e9lo<\/a><\/h3>\n\n\n\n<p class=\"has-text-align-center\" style=\"line-height:1.3\">Famille Cabotse\/Joncheray<\/p>\n\n\n\n<p style=\"line-height:1.2\">29 min<\/p>\n\n\n\n<div style=\"height:7px\" aria-hidden=\"true\" class=\"wp-block-spacer\"><\/div>\n\n\n\n<p class=\"has-text-align-center\" style=\"line-height:1.4\">En famille du Canada \u00e0 la fronti\u00e8re mexicaine via les grands parcs.<\/p>\n\n\n\n<p class=\"has-small-font-size\"><a href=\"\/2025\/programme-des-films-2025\/film-l-americavelo\/\"><strong>En savoir plus<\/strong><\/a><\/p>\n<\/div>\n\n\n\n<div class=\"wp-block-buttons is-content-justification-space-between is-layout-flex wp-container-core-buttons-is-layout-cb28d6de wp-block-buttons-is-layout-flex\" style=\"margin-top:var(--wp--preset--spacing--20)\">\n<div class=\"wp-block-button is-style-outline is-style-outline--3\"><a class=\"wp-block-button__link wp-element-button\" href=\"\/2025\/programme-des-films-2025\/film-islande-une-traversee-hivernale\/\">S\u00e9ance pr\u00e9c\u00e9dente<\/a><\/div>\n\n\n\n<div class=\"wp-block-button is-style-outline is-style-outline--4\"><a class=\"wp-block-button__link wp-element-button\" href=\"\/2025\/programme-des-films-2025\/film-above-and-beyond\/\">S\u00e9ance suivante<\/a><\/div>\n<\/div>\n\n\n\n<div class=\"wp-block-buttons is-content-justification-center is-layout-flex wp-container-core-buttons-is-layout-98935462 wp-block-buttons-is-layout-flex\" style=\"margin-top:var(--wp--preset--spacing--10);margin-bottom:var(--wp--preset--spacing--10)\">\n<div class=\"wp-block-button\"><a class=\"wp-block-button__link wp-element-button\" href=\"\/2025\/programme-des-films-2025\/\">Retour au programme des films<\/a><\/div>\n<\/div>\n\n\n\n<p><\/p>\n","protected":false},"excerpt":{"rendered":"<p>Le grand voyage, c\u2019est une pause : une pause en mouvement, une pause en famille, une pause pour d\u00e9couvrir. Un voyage en deux temps : pays de soir\u00e9es chaudes (Italie, Gr\u00e8ce et Turquie) puis pays du matin calme (Cor\u00e9e du Sud) et pays du soleil levant. L\u2019id\u00e9e du film se profile en chemin pour partager [&hellip;]<\/p>\n","protected":false},"author":1,"featured_media":2561,"parent":944,"menu_order":17,"comment_status":"closed","ping_status":"closed","template":"page-no-title","meta":{"footnotes":""},"class_list":["post-270","page","type-page","status-publish","has-post-thumbnail","hentry"],"yoast_head":"<!-- This site is optimized with the Yoast SEO plugin v27.5 - https:\/\/yoast.com\/product\/yoast-seo-wordpress\/ -->\n<title>Film Rome-Tokyo \u00e0 v\u00e9lo<\/title>\n<meta name=\"description\" content=\"Le film &quot;Rome-Tokyo \u00e0 v\u00e9lo (ou presque)&quot; raconte le voyage \u00e0 v\u00e9lo d&#039;une famille en Italie, puis en Cor\u00e9e et au Japon.\" \/>\n<meta name=\"robots\" content=\"index, follow, max-snippet:-1, max-image-preview:large, max-video-preview:-1\" \/>\n<link rel=\"canonical\" href=\"https:\/\/festival.cyclo-camping.international\/2025\/programme-des-films-2025\/film-rome-tokyo-a-velo\/\" \/>\n<meta property=\"og:locale\" content=\"fr_FR\" \/>\n<meta property=\"og:type\" content=\"article\" \/>\n<meta property=\"og:title\" content=\"Film Rome-Tokyo \u00e0 v\u00e9lo\" \/>\n<meta property=\"og:description\" content=\"Le film &quot;Rome-Tokyo \u00e0 v\u00e9lo (ou presque)&quot; raconte le voyage \u00e0 v\u00e9lo d&#039;une famille en Italie, puis en Cor\u00e9e et au Japon.\" \/>\n<meta property=\"og:url\" content=\"https:\/\/festival.cyclo-camping.international\/2025\/programme-des-films-2025\/film-rome-tokyo-a-velo\/\" \/>\n<meta property=\"og:site_name\" content=\"38e Festival International du Voyage \u00e0 V\u00e9lo\" \/>\n<meta property=\"article:modified_time\" content=\"2024-12-21T14:33:35+00:00\" \/>\n<meta property=\"og:image\" content=\"https:\/\/festival.cyclo-camping.international\/2025\/wp-content\/uploads\/sites\/3\/2024\/12\/THONON1-pt.jpg\" \/>\n\t<meta property=\"og:image:width\" content=\"600\" \/>\n\t<meta property=\"og:image:height\" content=\"400\" \/>\n\t<meta property=\"og:image:type\" content=\"image\/jpeg\" \/>\n<meta name=\"twitter:card\" content=\"summary_large_image\" \/>\n<meta name=\"twitter:label1\" content=\"Dur\u00e9e de lecture estim\u00e9e\" \/>\n\t<meta name=\"twitter:data1\" content=\"2 minutes\" \/>\n<script type=\"application\/ld+json\" class=\"yoast-schema-graph\">{\"@context\":\"https:\\\/\\\/schema.org\",\"@graph\":[{\"@type\":\"WebPage\",\"@id\":\"https:\\\/\\\/festival.cyclo-camping.international\\\/2025\\\/programme-des-films-2025\\\/film-rome-tokyo-a-velo\\\/\",\"url\":\"https:\\\/\\\/festival.cyclo-camping.international\\\/2025\\\/programme-des-films-2025\\\/film-rome-tokyo-a-velo\\\/\",\"name\":\"Film Rome-Tokyo \u00e0 v\u00e9lo\",\"isPartOf\":{\"@id\":\"https:\\\/\\\/festival.cyclo-camping.international\\\/2025\\\/#website\"},\"primaryImageOfPage\":{\"@id\":\"https:\\\/\\\/festival.cyclo-camping.international\\\/2025\\\/programme-des-films-2025\\\/film-rome-tokyo-a-velo\\\/#primaryimage\"},\"image\":{\"@id\":\"https:\\\/\\\/festival.cyclo-camping.international\\\/2025\\\/programme-des-films-2025\\\/film-rome-tokyo-a-velo\\\/#primaryimage\"},\"thumbnailUrl\":\"https:\\\/\\\/festival.cyclo-camping.international\\\/2025\\\/wp-content\\\/uploads\\\/sites\\\/3\\\/2024\\\/12\\\/THONON1-pt.jpg\",\"datePublished\":\"2023-12-31T16:41:33+00:00\",\"dateModified\":\"2024-12-21T14:33:35+00:00\",\"description\":\"Le film \\\"Rome-Tokyo \u00e0 v\u00e9lo (ou presque)\\\" raconte le voyage \u00e0 v\u00e9lo d'une famille en Italie, puis en Cor\u00e9e et au Japon.\",\"breadcrumb\":{\"@id\":\"https:\\\/\\\/festival.cyclo-camping.international\\\/2025\\\/programme-des-films-2025\\\/film-rome-tokyo-a-velo\\\/#breadcrumb\"},\"inLanguage\":\"fr-FR\",\"potentialAction\":[{\"@type\":\"ReadAction\",\"target\":[\"https:\\\/\\\/festival.cyclo-camping.international\\\/2025\\\/programme-des-films-2025\\\/film-rome-tokyo-a-velo\\\/\"]}]},{\"@type\":\"ImageObject\",\"inLanguage\":\"fr-FR\",\"@id\":\"https:\\\/\\\/festival.cyclo-camping.international\\\/2025\\\/programme-des-films-2025\\\/film-rome-tokyo-a-velo\\\/#primaryimage\",\"url\":\"https:\\\/\\\/festival.cyclo-camping.international\\\/2025\\\/wp-content\\\/uploads\\\/sites\\\/3\\\/2024\\\/12\\\/THONON1-pt.jpg\",\"contentUrl\":\"https:\\\/\\\/festival.cyclo-camping.international\\\/2025\\\/wp-content\\\/uploads\\\/sites\\\/3\\\/2024\\\/12\\\/THONON1-pt.jpg\",\"width\":600,\"height\":400},{\"@type\":\"BreadcrumbList\",\"@id\":\"https:\\\/\\\/festival.cyclo-camping.international\\\/2025\\\/programme-des-films-2025\\\/film-rome-tokyo-a-velo\\\/#breadcrumb\",\"itemListElement\":[{\"@type\":\"ListItem\",\"position\":1,\"name\":\"Accueil\",\"item\":\"https:\\\/\\\/festival.cyclo-camping.international\\\/2025\\\/\"},{\"@type\":\"ListItem\",\"position\":2,\"name\":\"Programme des films en 2025\",\"item\":\"https:\\\/\\\/festival.cyclo-camping.international\\\/2025\\\/programme-des-films-2025\\\/\"},{\"@type\":\"ListItem\",\"position\":3,\"name\":\"Rome-Tokyo \u00e0 v\u00e9lo (ou presque)\"}]},{\"@type\":\"WebSite\",\"@id\":\"https:\\\/\\\/festival.cyclo-camping.international\\\/2025\\\/#website\",\"url\":\"https:\\\/\\\/festival.cyclo-camping.international\\\/2025\\\/\",\"name\":\"38e Festival International du Voyage \u00e0 V\u00e9lo\",\"description\":\"\",\"publisher\":{\"@id\":\"https:\\\/\\\/festival.cyclo-camping.international\\\/2025\\\/#organization\"},\"potentialAction\":[{\"@type\":\"SearchAction\",\"target\":{\"@type\":\"EntryPoint\",\"urlTemplate\":\"https:\\\/\\\/festival.cyclo-camping.international\\\/2025\\\/?s={search_term_string}\"},\"query-input\":{\"@type\":\"PropertyValueSpecification\",\"valueRequired\":true,\"valueName\":\"search_term_string\"}}],\"inLanguage\":\"fr-FR\"},{\"@type\":\"Organization\",\"@id\":\"https:\\\/\\\/festival.cyclo-camping.international\\\/2025\\\/#organization\",\"name\":\"38e Festival International du Voyage \u00e0 V\u00e9lo\",\"url\":\"https:\\\/\\\/festival.cyclo-camping.international\\\/2025\\\/\",\"logo\":{\"@type\":\"ImageObject\",\"inLanguage\":\"fr-FR\",\"@id\":\"https:\\\/\\\/festival.cyclo-camping.international\\\/2025\\\/#\\\/schema\\\/logo\\\/image\\\/\",\"url\":\"https:\\\/\\\/festival.cyclo-camping.international\\\/2025\\\/wp-content\\\/uploads\\\/sites\\\/3\\\/2023\\\/12\\\/logo_cci_petit.png\",\"contentUrl\":\"https:\\\/\\\/festival.cyclo-camping.international\\\/2025\\\/wp-content\\\/uploads\\\/sites\\\/3\\\/2023\\\/12\\\/logo_cci_petit.png\",\"width\":264,\"height\":113,\"caption\":\"38e Festival International du Voyage \u00e0 V\u00e9lo\"},\"image\":{\"@id\":\"https:\\\/\\\/festival.cyclo-camping.international\\\/2025\\\/#\\\/schema\\\/logo\\\/image\\\/\"}}]}<\/script>\n<!-- \/ Yoast SEO plugin. -->","yoast_head_json":{"title":"Film Rome-Tokyo \u00e0 v\u00e9lo","description":"Le film \"Rome-Tokyo \u00e0 v\u00e9lo (ou presque)\" raconte le voyage \u00e0 v\u00e9lo d'une famille en Italie, puis en Cor\u00e9e et au Japon.","robots":{"index":"index","follow":"follow","max-snippet":"max-snippet:-1","max-image-preview":"max-image-preview:large","max-video-preview":"max-video-preview:-1"},"canonical":"https:\/\/festival.cyclo-camping.international\/2025\/programme-des-films-2025\/film-rome-tokyo-a-velo\/","og_locale":"fr_FR","og_type":"article","og_title":"Film Rome-Tokyo \u00e0 v\u00e9lo","og_description":"Le film \"Rome-Tokyo \u00e0 v\u00e9lo (ou presque)\" raconte le voyage \u00e0 v\u00e9lo d'une famille en Italie, puis en Cor\u00e9e et au Japon.","og_url":"https:\/\/festival.cyclo-camping.international\/2025\/programme-des-films-2025\/film-rome-tokyo-a-velo\/","og_site_name":"38e Festival International du Voyage \u00e0 V\u00e9lo","article_modified_time":"2024-12-21T14:33:35+00:00","og_image":[{"width":600,"height":400,"url":"https:\/\/festival.cyclo-camping.international\/2025\/wp-content\/uploads\/sites\/3\/2024\/12\/THONON1-pt.jpg","type":"image\/jpeg"}],"twitter_card":"summary_large_image","twitter_misc":{"Dur\u00e9e de lecture estim\u00e9e":"2 minutes"},"schema":{"@context":"https:\/\/schema.org","@graph":[{"@type":"WebPage","@id":"https:\/\/festival.cyclo-camping.international\/2025\/programme-des-films-2025\/film-rome-tokyo-a-velo\/","url":"https:\/\/festival.cyclo-camping.international\/2025\/programme-des-films-2025\/film-rome-tokyo-a-velo\/","name":"Film Rome-Tokyo \u00e0 v\u00e9lo","isPartOf":{"@id":"https:\/\/festival.cyclo-camping.international\/2025\/#website"},"primaryImageOfPage":{"@id":"https:\/\/festival.cyclo-camping.international\/2025\/programme-des-films-2025\/film-rome-tokyo-a-velo\/#primaryimage"},"image":{"@id":"https:\/\/festival.cyclo-camping.international\/2025\/programme-des-films-2025\/film-rome-tokyo-a-velo\/#primaryimage"},"thumbnailUrl":"https:\/\/festival.cyclo-camping.international\/2025\/wp-content\/uploads\/sites\/3\/2024\/12\/THONON1-pt.jpg","datePublished":"2023-12-31T16:41:33+00:00","dateModified":"2024-12-21T14:33:35+00:00","description":"Le film \"Rome-Tokyo \u00e0 v\u00e9lo (ou presque)\" raconte le voyage \u00e0 v\u00e9lo d'une famille en Italie, puis en Cor\u00e9e et au Japon.","breadcrumb":{"@id":"https:\/\/festival.cyclo-camping.international\/2025\/programme-des-films-2025\/film-rome-tokyo-a-velo\/#breadcrumb"},"inLanguage":"fr-FR","potentialAction":[{"@type":"ReadAction","target":["https:\/\/festival.cyclo-camping.international\/2025\/programme-des-films-2025\/film-rome-tokyo-a-velo\/"]}]},{"@type":"ImageObject","inLanguage":"fr-FR","@id":"https:\/\/festival.cyclo-camping.international\/2025\/programme-des-films-2025\/film-rome-tokyo-a-velo\/#primaryimage","url":"https:\/\/festival.cyclo-camping.international\/2025\/wp-content\/uploads\/sites\/3\/2024\/12\/THONON1-pt.jpg","contentUrl":"https:\/\/festival.cyclo-camping.international\/2025\/wp-content\/uploads\/sites\/3\/2024\/12\/THONON1-pt.jpg","width":600,"height":400},{"@type":"BreadcrumbList","@id":"https:\/\/festival.cyclo-camping.international\/2025\/programme-des-films-2025\/film-rome-tokyo-a-velo\/#breadcrumb","itemListElement":[{"@type":"ListItem","position":1,"name":"Accueil","item":"https:\/\/festival.cyclo-camping.international\/2025\/"},{"@type":"ListItem","position":2,"name":"Programme des films en 2025","item":"https:\/\/festival.cyclo-camping.international\/2025\/programme-des-films-2025\/"},{"@type":"ListItem","position":3,"name":"Rome-Tokyo \u00e0 v\u00e9lo (ou presque)"}]},{"@type":"WebSite","@id":"https:\/\/festival.cyclo-camping.international\/2025\/#website","url":"https:\/\/festival.cyclo-camping.international\/2025\/","name":"38e Festival International du Voyage \u00e0 V\u00e9lo","description":"","publisher":{"@id":"https:\/\/festival.cyclo-camping.international\/2025\/#organization"},"potentialAction":[{"@type":"SearchAction","target":{"@type":"EntryPoint","urlTemplate":"https:\/\/festival.cyclo-camping.international\/2025\/?s={search_term_string}"},"query-input":{"@type":"PropertyValueSpecification","valueRequired":true,"valueName":"search_term_string"}}],"inLanguage":"fr-FR"},{"@type":"Organization","@id":"https:\/\/festival.cyclo-camping.international\/2025\/#organization","name":"38e Festival International du Voyage \u00e0 V\u00e9lo","url":"https:\/\/festival.cyclo-camping.international\/2025\/","logo":{"@type":"ImageObject","inLanguage":"fr-FR","@id":"https:\/\/festival.cyclo-camping.international\/2025\/#\/schema\/logo\/image\/","url":"https:\/\/festival.cyclo-camping.international\/2025\/wp-content\/uploads\/sites\/3\/2023\/12\/logo_cci_petit.png","contentUrl":"https:\/\/festival.cyclo-camping.international\/2025\/wp-content\/uploads\/sites\/3\/2023\/12\/logo_cci_petit.png","width":264,"height":113,"caption":"38e Festival International du Voyage \u00e0 V\u00e9lo"},"image":{"@id":"https:\/\/festival.cyclo-camping.international\/2025\/#\/schema\/logo\/image\/"}}]}},"_links":{"self":[{"href":"https:\/\/festival.cyclo-camping.international\/2025\/wp-json\/wp\/v2\/pages\/270","targetHints":{"allow":["GET"]}}],"collection":[{"href":"https:\/\/festival.cyclo-camping.international\/2025\/wp-json\/wp\/v2\/pages"}],"about":[{"href":"https:\/\/festival.cyclo-camping.international\/2025\/wp-json\/wp\/v2\/types\/page"}],"author":[{"embeddable":true,"href":"https:\/\/festival.cyclo-camping.international\/2025\/wp-json\/wp\/v2\/users\/1"}],"replies":[{"embeddable":true,"href":"https:\/\/festival.cyclo-camping.international\/2025\/wp-json\/wp\/v2\/comments?post=270"}],"version-history":[{"count":3,"href":"https:\/\/festival.cyclo-camping.international\/2025\/wp-json\/wp\/v2\/pages\/270\/revisions"}],"predecessor-version":[{"id":3222,"href":"https:\/\/festival.cyclo-camping.international\/2025\/wp-json\/wp\/v2\/pages\/270\/revisions\/3222"}],"up":[{"embeddable":true,"href":"https:\/\/festival.cyclo-camping.international\/2025\/wp-json\/wp\/v2\/pages\/944"}],"wp:featuredmedia":[{"embeddable":true,"href":"https:\/\/festival.cyclo-camping.international\/2025\/wp-json\/wp\/v2\/media\/2561"}],"wp:attachment":[{"href":"https:\/\/festival.cyclo-camping.international\/2025\/wp-json\/wp\/v2\/media?parent=270"}],"curies":[{"name":"wp","href":"https:\/\/api.w.org\/{rel}","templated":true}]}}