{"id":190,"date":"2023-12-31T15:16:51","date_gmt":"2023-12-31T14:16:51","guid":{"rendered":"https:\/\/festival.cyclo-camping.international\/2024\/?page_id=190"},"modified":"2025-01-06T12:38:36","modified_gmt":"2025-01-06T11:38:36","slug":"film-romain","status":"publish","type":"page","link":"https:\/\/festival.cyclo-camping.international\/2025\/programme-des-films-2025\/film-romain\/","title":{"rendered":"Romain"},"content":{"rendered":"\n<div class=\"wp-block-cover alignfull is-light wp-duotone-unset-1\" style=\"margin-top:0;padding-top:2rem;padding-right:2rem;padding-bottom:2rem;padding-left:2rem;min-height:66vh;aspect-ratio:unset;\"><span aria-hidden=\"true\" class=\"wp-block-cover__background has-background-dim-30 has-background-dim\" style=\"background-color:#83827c\"><\/span><img loading=\"lazy\" decoding=\"async\" width=\"1200\" height=\"674\" class=\"wp-block-cover__image-background wp-image-2427\" alt=\"Film Romain\" src=\"https:\/\/festival.cyclo-camping.international\/2025\/wp-content\/uploads\/sites\/3\/2024\/12\/romain-petit-dej-mo.png\" data-object-fit=\"cover\" srcset=\"https:\/\/festival.cyclo-camping.international\/2025\/wp-content\/uploads\/sites\/3\/2024\/12\/romain-petit-dej-mo.png 1200w, https:\/\/festival.cyclo-camping.international\/2025\/wp-content\/uploads\/sites\/3\/2024\/12\/romain-petit-dej-mo-300x169.png 300w, https:\/\/festival.cyclo-camping.international\/2025\/wp-content\/uploads\/sites\/3\/2024\/12\/romain-petit-dej-mo-1024x575.png 1024w, https:\/\/festival.cyclo-camping.international\/2025\/wp-content\/uploads\/sites\/3\/2024\/12\/romain-petit-dej-mo-768x431.png 768w\" sizes=\"auto, (max-width: 1200px) 100vw, 1200px\" \/><div class=\"wp-block-cover__inner-container is-layout-flow wp-block-cover-is-layout-flow\">\n<div class=\"wp-block-group has-global-padding is-content-justification-center is-layout-constrained wp-container-core-group-is-layout-b3bc50f0 wp-block-group-is-layout-constrained\">\n<h1 class=\"wp-block-heading has-text-align-center has-base-2-color has-text-color has-link-color has-bricolage-grotesque-font-family wp-elements-074323af8661ffd86f47c7ac88d48ca3\" style=\"font-size:clamp(33.419px, 2.089rem + ((1vw - 3.2px) * 2.769), 60px);font-style:normal;font-weight:800;letter-spacing:0px;line-height:1.1;text-transform:none\">Romain<\/h1>\n\n\n\n<div class=\"wp-block-group is-vertical is-content-justification-center is-layout-flex wp-container-core-group-is-layout-df21e9f8 wp-block-group-is-layout-flex\" style=\"margin-top:0;margin-bottom:var(--wp--preset--spacing--10);padding-top:0;padding-bottom:0\">\n<h2 class=\"wp-block-heading has-text-align-center has-text-color has-link-color has-bricolage-grotesque-font-family wp-elements-bb3cbd28b4a9522ea5559ff80711ed8b\" style=\"color:#ffffff;font-size:clamp(0.984rem, 0.984rem + ((1vw - 0.2rem) * 0.86), 1.5rem);font-style:normal;font-weight:800\">Nicolas Moreau<\/h2>\n\n\n\n<p class=\"has-text-align-center has-base-2-color has-text-color has-link-color has-small-font-size wp-elements-3122e2dab2851050b419af7d775bd0c1\" style=\"line-height:1.2\">19 min<\/p>\n<\/div>\n<\/div>\n\n\n\n<div style=\"margin-top:0;margin-bottom:0;height:3rem\" aria-hidden=\"true\" class=\"wp-block-spacer\"><\/div>\n\n\n\n<div class=\"wp-block-columns are-vertically-aligned-bottom is-layout-flex wp-container-core-columns-is-layout-0111f410 wp-block-columns-is-layout-flex\" style=\"padding-right:var(--wp--preset--spacing--50);padding-left:var(--wp--preset--spacing--50)\">\n<div class=\"wp-block-column is-vertically-aligned-bottom is-layout-flow wp-block-column-is-layout-flow\" style=\"flex-basis:33.33%\"><\/div>\n\n\n\n<div class=\"wp-block-column is-vertically-aligned-bottom is-layout-flow wp-block-column-is-layout-flow\" style=\"flex-basis:33.33%\">\n<div class=\"wp-block-group has-border-color is-layout-flow wp-container-core-group-is-layout-494e086b wp-block-group-is-layout-flow\" style=\"border-color:#ffffff;border-width:1px;border-radius:600px;margin-top:0;margin-bottom:0;padding-top:0.5rem;padding-right:0.5rem;padding-bottom:0.5rem;padding-left:0.5rem\">\n<h3 class=\"wp-block-heading has-text-align-center has-text-color has-link-color has-medium-font-size wp-elements-bb3578b95a163a104dee8af21973c41a\" style=\"color:#fefefe\">S\u00e9ance 4 <\/h3>\n\n\n\n<p class=\"has-text-align-center has-base-2-color has-text-color has-link-color has-small-font-size wp-elements-0e95d7d2bb435c9d8417650ba7a508c9\">Samedi \u2013 17h00 \u2013 Salle A  <\/p>\n<\/div>\n<\/div>\n\n\n\n<div class=\"wp-block-column is-vertically-aligned-bottom is-layout-flow wp-block-column-is-layout-flow\" style=\"flex-basis:33.33%\"><\/div>\n<\/div>\n<\/div><\/div>\n\n\n\n<div style=\"height:14px\" aria-hidden=\"true\" class=\"wp-block-spacer\"><\/div>\n\n\n\n<p class=\"has-drop-cap\" style=\"font-style:normal;font-weight:500\">Apr\u00e8s le confinement, Romain d\u00e9laisse son camion et fabrique une roulotte qu\u2019il accroche \u00e0 son v\u00e9lo couch\u00e9 pour sillonner les routes et partir \u00e0 la rencontre des gens. Sa vie tient dans deux m\u00e8tres carr\u00e9s qu\u2019il d\u00e9place uniquement gr\u00e2ce \u00e0 la force de ses jambes, \u00e0 travers la France, mais aussi l\u2019Europe. <em>\u00ab Le plus important c\u2019est de s\u2019\u00e9couter soit en fait et de trouver sa place, il n\u2019y a pas une fa\u00e7on de faire id\u00e9ale, c\u2019est juste tout un tas de petites choses assembl\u00e9es qui font une vie\u2026 Y\u2019a pas une solution, une voie toute trac\u00e9e, y\u2019a que des exp\u00e9rimentations, un chemin \u00e0 construire, \u00e0 explorer petit \u00e0 petit\u2026 \u00bb<\/em> Romain, cyclo-roulottier<\/p>\n\n\n\n<div style=\"height:14px\" aria-hidden=\"true\" class=\"wp-block-spacer\"><\/div>\n\n\n\n<details class=\"wp-block-details is-layout-flow wp-block-details-is-layout-flow\"><summary><strong>Bio express<\/strong><\/summary>\n<p><strong>Romain<\/strong> a 27 ans et est originaire de Charente-Maritime. Apr\u00e8s ses \u00e9tudes, il a du mal \u00e0 se poser. Il voyage un peu partout, \u00e0 v\u00e9lo, en camion et aujourd\u2019hui en \u00ab\u00a0roulotte\u00a0\u00bb. Il travaille ici et l\u00e0 dans diff\u00e9rents domaines, ce qui lui permet de vivre correctement, d&rsquo;am\u00e9liorer sa roulotte et son v\u00e9lo.<\/p>\n\n\n\n<p><strong>Nicolas<\/strong> a 39 ans, il est originaire du Mans. Il d\u00e9veloppe des am\u00e9nagements pour v\u00e9los pour une collectivit\u00e9 et n\u2019h\u00e9site pas, au gr\u00e9 de ses envies, \u00e0 partir quelques jours avec son vieux v\u00e9lo et sa toile de tente. Un jour, il croise la route de Romain et ils restent en contact.<br>Passionn\u00e9 par la photographie et la vid\u00e9o, Nicolas propose \u00e0 Romain de le suivre quelques jours pour r\u00e9aliser un court documentaire.<\/p>\n<\/details>\n\n\n\n<details class=\"wp-block-details is-layout-flow wp-block-details-is-layout-flow\"><summary><strong>Suivre Nicolas<\/strong><\/summary>\n<div class=\"wp-block-group is-nowrap is-layout-flex wp-container-core-group-is-layout-6c531013 wp-block-group-is-layout-flex\">\n<ul class=\"wp-block-social-links has-visible-labels is-layout-flex wp-block-social-links-is-layout-flex\"><li class=\"wp-social-link wp-social-link-instagram  wp-block-social-link\"><a rel=\"noopener nofollow\" target=\"_blank\" href=\"https:\/\/www.instagram.com\/nicolasjmd\" class=\"wp-block-social-link-anchor\"><svg width=\"24\" height=\"24\" viewBox=\"0 0 24 24\" version=\"1.1\" xmlns=\"http:\/\/www.w3.org\/2000\/svg\" aria-hidden=\"true\" focusable=\"false\"><path d=\"M12,4.622c2.403,0,2.688,0.009,3.637,0.052c0.877,0.04,1.354,0.187,1.671,0.31c0.42,0.163,0.72,0.358,1.035,0.673 c0.315,0.315,0.51,0.615,0.673,1.035c0.123,0.317,0.27,0.794,0.31,1.671c0.043,0.949,0.052,1.234,0.052,3.637 s-0.009,2.688-0.052,3.637c-0.04,0.877-0.187,1.354-0.31,1.671c-0.163,0.42-0.358,0.72-0.673,1.035 c-0.315,0.315-0.615,0.51-1.035,0.673c-0.317,0.123-0.794,0.27-1.671,0.31c-0.949,0.043-1.233,0.052-3.637,0.052 s-2.688-0.009-3.637-0.052c-0.877-0.04-1.354-0.187-1.671-0.31c-0.42-0.163-0.72-0.358-1.035-0.673 c-0.315-0.315-0.51-0.615-0.673-1.035c-0.123-0.317-0.27-0.794-0.31-1.671C4.631,14.688,4.622,14.403,4.622,12 s0.009-2.688,0.052-3.637c0.04-0.877,0.187-1.354,0.31-1.671c0.163-0.42,0.358-0.72,0.673-1.035 c0.315-0.315,0.615-0.51,1.035-0.673c0.317-0.123,0.794-0.27,1.671-0.31C9.312,4.631,9.597,4.622,12,4.622 M12,3 C9.556,3,9.249,3.01,8.289,3.054C7.331,3.098,6.677,3.25,6.105,3.472C5.513,3.702,5.011,4.01,4.511,4.511 c-0.5,0.5-0.808,1.002-1.038,1.594C3.25,6.677,3.098,7.331,3.054,8.289C3.01,9.249,3,9.556,3,12c0,2.444,0.01,2.751,0.054,3.711 c0.044,0.958,0.196,1.612,0.418,2.185c0.23,0.592,0.538,1.094,1.038,1.594c0.5,0.5,1.002,0.808,1.594,1.038 c0.572,0.222,1.227,0.375,2.185,0.418C9.249,20.99,9.556,21,12,21s2.751-0.01,3.711-0.054c0.958-0.044,1.612-0.196,2.185-0.418 c0.592-0.23,1.094-0.538,1.594-1.038c0.5-0.5,0.808-1.002,1.038-1.594c0.222-0.572,0.375-1.227,0.418-2.185 C20.99,14.751,21,14.444,21,12s-0.01-2.751-0.054-3.711c-0.044-0.958-0.196-1.612-0.418-2.185c-0.23-0.592-0.538-1.094-1.038-1.594 c-0.5-0.5-1.002-0.808-1.594-1.038c-0.572-0.222-1.227-0.375-2.185-0.418C14.751,3.01,14.444,3,12,3L12,3z M12,7.378 c-2.552,0-4.622,2.069-4.622,4.622S9.448,16.622,12,16.622s4.622-2.069,4.622-4.622S14.552,7.378,12,7.378z M12,15 c-1.657,0-3-1.343-3-3s1.343-3,3-3s3,1.343,3,3S13.657,15,12,15z M16.804,6.116c-0.596,0-1.08,0.484-1.08,1.08 s0.484,1.08,1.08,1.08c0.596,0,1.08-0.484,1.08-1.08S17.401,6.116,16.804,6.116z\"><\/path><\/svg><span class=\"wp-block-social-link-label\">@nicolasjmd<\/span><\/a><\/li><\/ul>\n<\/div>\n<\/details>\n\n\n\n<div style=\"height:14px\" aria-hidden=\"true\" class=\"wp-block-spacer\"><\/div>\n\n\n\n<figure class=\"wp-block-embed is-type-video is-provider-youtube wp-block-embed-youtube wp-embed-aspect-16-9 wp-has-aspect-ratio\"><div class=\"wp-block-embed__wrapper\">\n<iframe loading=\"lazy\" title=\"Romain - Teaser\" width=\"500\" height=\"281\" src=\"https:\/\/www.youtube.com\/embed\/mkTjYMUnZCI?feature=oembed\" frameborder=\"0\" allow=\"accelerometer; autoplay; clipboard-write; encrypted-media; gyroscope; picture-in-picture; web-share\" referrerpolicy=\"strict-origin-when-cross-origin\" allowfullscreen><\/iframe>\n<\/div><\/figure>\n\n\n\n<div style=\"height:14px\" aria-hidden=\"true\" class=\"wp-block-spacer\"><\/div>\n\n\n<div class=\"n2-section-smartslider fitvidsignore  n2_clear\" data-ssid=\"8\"><div id=\"n2-ss-8-align\" class=\"n2-ss-align\"><div class=\"n2-padding\"><div id=\"n2-ss-8\" data-creator=\"Smart Slider 3\" data-responsive=\"auto\" class=\"n2-ss-slider n2-ow n2-has-hover n2notransition  \"><div class=\"n2-ss-slider-wrapper-inside\">\n        <div class=\"n2-ss-slider-1 n2_ss__touch_element n2-ow\">\n            <div class=\"n2-ss-slider-2 n2-ow\">\n                                                <div class=\"n2-ss-slider-3 n2-ow\">\n\n                    <div class=\"n2-ss-slide-backgrounds n2-ow-all\"><div class=\"n2-ss-slide-background\" data-public-id=\"1\" data-mode=\"fill\"><div class=\"n2-ss-slide-background-image\" data-blur=\"0\" data-opacity=\"100\" data-x=\"50\" data-y=\"50\" data-alt=\"\" data-title=\"\"><picture class=\"skip-lazy\" data-skip-lazy=\"1\"><img decoding=\"async\" src=\"\/\/festival.cyclo-camping.international\/2025\/wp-content\/uploads\/sites\/3\/2024\/12\/romain-petit-dej-pt.png\" alt=\"\" title=\"\" loading=\"lazy\" class=\"skip-lazy\" data-skip-lazy=\"1\"><\/picture><\/div><div data-color=\"RGBA(255,255,255,0)\" style=\"background-color: RGBA(255,255,255,0);\" class=\"n2-ss-slide-background-color\"><\/div><\/div><div class=\"n2-ss-slide-background\" data-public-id=\"2\" data-mode=\"fill\" aria-hidden=\"true\"><div class=\"n2-ss-slide-background-image\" data-blur=\"0\" data-opacity=\"100\" data-x=\"50\" data-y=\"50\" data-alt=\"\" data-title=\"\"><picture class=\"skip-lazy\" data-skip-lazy=\"1\"><img decoding=\"async\" src=\"\/\/festival.cyclo-camping.international\/2025\/wp-content\/uploads\/sites\/3\/2024\/12\/romain-guitare-roulotte-pt.png\" alt=\"\" title=\"\" loading=\"lazy\" class=\"skip-lazy\" data-skip-lazy=\"1\"><\/picture><\/div><div data-color=\"RGBA(255,255,255,0)\" style=\"background-color: RGBA(255,255,255,0);\" class=\"n2-ss-slide-background-color\"><\/div><\/div><div class=\"n2-ss-slide-background\" data-public-id=\"3\" data-mode=\"fill\" aria-hidden=\"true\"><div class=\"n2-ss-slide-background-image\" data-blur=\"0\" data-opacity=\"100\" data-x=\"50\" data-y=\"50\" data-alt=\"\" data-title=\"\"><picture class=\"skip-lazy\" data-skip-lazy=\"1\"><img decoding=\"async\" src=\"\/\/festival.cyclo-camping.international\/2025\/wp-content\/uploads\/sites\/3\/2024\/12\/affiche-pt.png\" alt=\"\" title=\"\" loading=\"lazy\" class=\"skip-lazy\" data-skip-lazy=\"1\"><\/picture><\/div><div data-color=\"RGBA(255,255,255,0)\" style=\"background-color: RGBA(255,255,255,0);\" class=\"n2-ss-slide-background-color\"><\/div><\/div><\/div>                    <div class=\"n2-ss-slider-4 n2-ow\">\n                        <svg xmlns=\"http:\/\/www.w3.org\/2000\/svg\" viewBox=\"0 0 600 450\" data-related-device=\"desktopPortrait\" class=\"n2-ow n2-ss-preserve-size n2-ss-preserve-size--slider n2-ss-slide-limiter\"><\/svg><div data-first=\"1\" data-slide-duration=\"0\" data-id=\"22\" data-slide-public-id=\"1\" data-title=\"romain-petit-dej pt\" class=\"n2-ss-slide n2-ow  n2-ss-slide-22\"><div role=\"note\" class=\"n2-ss-slide--focus\" tabindex=\"-1\">romain-petit-dej pt<\/div><div class=\"n2-ss-layers-container n2-ss-slide-limiter n2-ow\"><div class=\"n2-ss-layer n2-ow n-uc-yiEXvdgvS0cE\" data-sstype=\"slide\" data-pm=\"default\"><\/div><\/div><\/div><div data-slide-duration=\"0\" data-id=\"23\" data-slide-public-id=\"2\" aria-hidden=\"true\" data-title=\"romain-guitare-roulotte pt\" class=\"n2-ss-slide n2-ow  n2-ss-slide-23\"><div role=\"note\" class=\"n2-ss-slide--focus\" tabindex=\"-1\">romain-guitare-roulotte pt<\/div><div class=\"n2-ss-layers-container n2-ss-slide-limiter n2-ow\"><div class=\"n2-ss-layer n2-ow n-uc-X0aH1U3ptQTY\" data-sstype=\"slide\" data-pm=\"default\"><\/div><\/div><\/div><div data-slide-duration=\"0\" data-id=\"24\" data-slide-public-id=\"3\" aria-hidden=\"true\" data-title=\"affiche pt\" class=\"n2-ss-slide n2-ow  n2-ss-slide-24\"><div role=\"note\" class=\"n2-ss-slide--focus\" tabindex=\"-1\">affiche pt<\/div><div class=\"n2-ss-layers-container n2-ss-slide-limiter n2-ow\"><div class=\"n2-ss-layer n2-ow n-uc-rYZ1sAICkeTy\" data-sstype=\"slide\" data-pm=\"default\"><\/div><\/div><\/div>                    <\/div>\n\n                                    <\/div>\n            <\/div>\n        <\/div>\n        <div class=\"n2-ss-slider-controls n2-ss-slider-controls-absolute-left-center\"><div style=\"--widget-offset:15px;\" class=\"n2-ss-widget nextend-arrow n2-ow-all nextend-arrow-previous  nextend-arrow-animated-fade\" data-hide-mobileportrait=\"1\" id=\"n2-ss-8-arrow-previous\" role=\"button\" aria-label=\"previous arrow\" tabindex=\"0\"><img loading=\"lazy\" decoding=\"async\" width=\"32\" height=\"32\" class=\"skip-lazy\" data-skip-lazy=\"1\" src=\"data:image\/svg+xml;base64,PHN2ZyB3aWR0aD0iMzIiIGhlaWdodD0iMzIiIHZpZXdCb3g9IjAgMCAzMiAzMiIgeG1sbnM9Imh0dHA6Ly93d3cudzMub3JnLzIwMDAvc3ZnIj4KICAgIDxwYXRoIGQ9Ik0xMS40MzMgMTUuOTkyTDIyLjY5IDUuNzEyYy4zOTMtLjM5LjM5My0xLjAzIDAtMS40Mi0uMzkzLS4zOS0xLjAzLS4zOS0xLjQyMyAwbC0xMS45OCAxMC45NGMtLjIxLjIxLS4zLjQ5LS4yODUuNzYtLjAxNS4yOC4wNzUuNTYuMjg0Ljc3bDExLjk4IDEwLjk0Yy4zOTMuMzkgMS4wMy4zOSAxLjQyNCAwIC4zOTMtLjQuMzkzLTEuMDMgMC0xLjQybC0xMS4yNTctMTAuMjkiCiAgICAgICAgICBmaWxsPSIjZmZmZmZmIiBvcGFjaXR5PSIwLjgiIGZpbGwtcnVsZT0iZXZlbm9kZCIvPgo8L3N2Zz4=\" alt=\"previous arrow\"><\/div><\/div><div class=\"n2-ss-slider-controls n2-ss-slider-controls-absolute-right-center\"><div style=\"--widget-offset:15px;\" class=\"n2-ss-widget nextend-arrow n2-ow-all nextend-arrow-next  nextend-arrow-animated-fade\" data-hide-mobileportrait=\"1\" id=\"n2-ss-8-arrow-next\" role=\"button\" aria-label=\"next arrow\" tabindex=\"0\"><img loading=\"lazy\" decoding=\"async\" width=\"32\" height=\"32\" class=\"skip-lazy\" data-skip-lazy=\"1\" src=\"data:image\/svg+xml;base64,PHN2ZyB3aWR0aD0iMzIiIGhlaWdodD0iMzIiIHZpZXdCb3g9IjAgMCAzMiAzMiIgeG1sbnM9Imh0dHA6Ly93d3cudzMub3JnLzIwMDAvc3ZnIj4KICAgIDxwYXRoIGQ9Ik0xMC43MjIgNC4yOTNjLS4zOTQtLjM5LTEuMDMyLS4zOS0xLjQyNyAwLS4zOTMuMzktLjM5MyAxLjAzIDAgMS40MmwxMS4yODMgMTAuMjgtMTEuMjgzIDEwLjI5Yy0uMzkzLjM5LS4zOTMgMS4wMiAwIDEuNDIuMzk1LjM5IDEuMDMzLjM5IDEuNDI3IDBsMTIuMDA3LTEwLjk0Yy4yMS0uMjEuMy0uNDkuMjg0LS43Ny4wMTQtLjI3LS4wNzYtLjU1LS4yODYtLjc2TDEwLjcyIDQuMjkzeiIKICAgICAgICAgIGZpbGw9IiNmZmZmZmYiIG9wYWNpdHk9IjAuOCIgZmlsbC1ydWxlPSJldmVub2RkIi8+Cjwvc3ZnPg==\" alt=\"next arrow\"><\/div><\/div><\/div><\/div><ss3-loader><\/ss3-loader><\/div><\/div><div class=\"n2_clear\"><\/div><\/div>\n\n\n<p class=\"has-text-align-center\" style=\"font-size:0.8rem;letter-spacing:0.0625rem;text-transform:uppercase\"><strong>Dans la m\u00eame s\u00e9ance<\/strong><\/p>\n\n\n\n<div class=\"wp-block-columns are-vertically-aligned-top is-layout-flex wp-container-core-columns-is-layout-28f84493 wp-block-columns-is-layout-flex\">\n<div class=\"wp-block-column is-vertically-aligned-top is-layout-flow wp-block-column-is-layout-flow\" style=\"flex-basis:50%\">\n<div class=\"wp-block-group has-background is-vertical is-content-justification-center is-layout-flex wp-container-core-group-is-layout-43e4665b wp-block-group-is-layout-flex\" style=\"border-radius:14px;background-color:#ffffff;padding-top:var(--wp--preset--spacing--30);padding-right:var(--wp--preset--spacing--30);padding-bottom:var(--wp--preset--spacing--30);padding-left:var(--wp--preset--spacing--30)\">\n<figure class=\"wp-block-image size-thumbnail is-resized has-custom-border wp-duotone-unset-2\"><img loading=\"lazy\" decoding=\"async\" width=\"150\" height=\"150\" src=\"https:\/\/festival.cyclo-camping.international\/2025\/wp-content\/uploads\/sites\/3\/2024\/12\/foto4_mongolia-pt-150x150.jpg\" alt=\"\" class=\"wp-image-2415\" style=\"border-radius:100px;width:115px;height:auto\"\/><\/figure>\n\n\n\n<h3 class=\"wp-block-heading has-text-align-center\"><a href=\"\/2025\/programme-des-films-2025\/film-nomadland\/\">Nomadland, une aventure en bikepacking en Mongolie<\/a><\/h3>\n\n\n\n<p class=\"has-text-align-center\" style=\"line-height:1.3\">Ricard Calmet<\/p>\n\n\n\n<p style=\"line-height:1.2\">13 min<\/p>\n\n\n\n<div style=\"height:7px\" aria-hidden=\"true\" class=\"wp-block-spacer\"><\/div>\n\n\n\n<p class=\"has-text-align-center\">En couple sur les pistes de Mongolie.<\/p>\n\n\n\n<p class=\"has-text-align-center has-small-font-size\"><strong><a href=\"\/2025\/programme-des-films-2025\/film-nomadland\/\">En savoir plus<\/a><\/strong><\/p>\n<\/div>\n<\/div>\n\n\n\n<div class=\"wp-block-column is-layout-flow wp-block-column-is-layout-flow\" style=\"flex-basis:50%\">\n<div class=\"wp-block-group has-background is-vertical is-content-justification-center is-layout-flex wp-container-core-group-is-layout-43e4665b wp-block-group-is-layout-flex\" style=\"border-radius:14px;background-color:#ffffff;padding-top:var(--wp--preset--spacing--30);padding-right:var(--wp--preset--spacing--30);padding-bottom:var(--wp--preset--spacing--30);padding-left:var(--wp--preset--spacing--30)\">\n<figure class=\"wp-block-image size-thumbnail is-resized has-custom-border wp-duotone-unset-3\"><img loading=\"lazy\" decoding=\"async\" width=\"150\" height=\"150\" src=\"https:\/\/festival.cyclo-camping.international\/2025\/wp-content\/uploads\/sites\/3\/2024\/12\/Capture-decran-2024-12-18-152144-mo-150x150.jpg\" alt=\"\" class=\"wp-image-3071\" style=\"border-radius:100px;width:115px;height:auto\"\/><\/figure>\n\n\n\n<h3 class=\"wp-block-heading has-text-align-center\"><a href=\"\/2025\/programme-des-films-2025\/film-vous-aviez-vraiment-besoin-d-un-velo\/\">Vous aviez vraiment besoin d\u2019un v\u00e9lo&nbsp;?<\/a><\/h3>\n\n\n\n<p>Leonid Pozniakov<\/p>\n\n\n\n<p>en russe sous-titr\u00e9<\/p>\n\n\n\n<p>30 min<\/p>\n\n\n\n<div style=\"height:7px\" aria-hidden=\"true\" class=\"wp-block-spacer\"><\/div>\n\n\n\n<p class=\"has-text-align-center\" style=\"line-height:1.4\">Un raid de folie de 7 cyclos au temps de l\u2019URSS<\/p>\n\n\n\n<p class=\"has-small-font-size\"><a href=\"\/2025\/programme-des-films-2025\/film-vous-aviez-vraiment-besoin-d-un-velo\/\"><strong>En savoir plus<\/strong><\/a><\/p>\n<\/div>\n<\/div>\n<\/div>\n\n\n\n<div class=\"wp-block-buttons is-content-justification-space-between is-layout-flex wp-container-core-buttons-is-layout-cb28d6de wp-block-buttons-is-layout-flex\" style=\"margin-top:var(--wp--preset--spacing--20)\">\n<div class=\"wp-block-button is-style-outline is-style-outline--4\"><a class=\"wp-block-button__link wp-element-button\" href=\"\/2025\/programme-des-films-2025\/film-qu-est-ce-qui-t-en-empeche\/\">S\u00e9ance pr\u00e9c\u00e9dente<\/a><\/div>\n\n\n\n<div class=\"wp-block-button is-style-outline is-style-outline--5\"><a class=\"wp-block-button__link wp-element-button\" href=\"\/2025\/programme-des-films-2025\/film-en-chasse-patate\/\">S\u00e9ance suivante<\/a><\/div>\n<\/div>\n\n\n\n<div class=\"wp-block-buttons is-content-justification-center is-layout-flex wp-container-core-buttons-is-layout-98935462 wp-block-buttons-is-layout-flex\" style=\"margin-top:var(--wp--preset--spacing--10);margin-bottom:var(--wp--preset--spacing--10)\">\n<div class=\"wp-block-button\"><a class=\"wp-block-button__link wp-element-button\" href=\"\/2025\/programme-des-films-2025\/\">Retour au programme des films<\/a><\/div>\n<\/div>\n","protected":false},"excerpt":{"rendered":"<p>Apr\u00e8s le confinement, Romain d\u00e9laisse son camion et fabrique une roulotte qu\u2019il accroche \u00e0 son v\u00e9lo couch\u00e9 pour sillonner les routes et partir \u00e0 la rencontre des gens. Sa vie tient dans deux m\u00e8tres carr\u00e9s qu\u2019il d\u00e9place uniquement gr\u00e2ce \u00e0 la force de ses jambes, \u00e0 travers la France, mais aussi l\u2019Europe. \u00ab Le plus [&hellip;]<\/p>\n","protected":false},"author":1,"featured_media":2428,"parent":944,"menu_order":9,"comment_status":"closed","ping_status":"closed","template":"page-no-title","meta":{"footnotes":""},"class_list":["post-190","page","type-page","status-publish","has-post-thumbnail","hentry"],"yoast_head":"<!-- This site is optimized with the Yoast SEO plugin v27.5 - https:\/\/yoast.com\/product\/yoast-seo-wordpress\/ -->\n<title>Film Romain<\/title>\n<meta name=\"description\" content=\"Le film Romain suit la vie de Romain Couteau, cycloroulottier\" \/>\n<meta name=\"robots\" content=\"index, follow, max-snippet:-1, max-image-preview:large, max-video-preview:-1\" \/>\n<link rel=\"canonical\" href=\"https:\/\/festival.cyclo-camping.international\/2025\/programme-des-films-2025\/film-romain\/\" \/>\n<meta property=\"og:locale\" content=\"fr_FR\" \/>\n<meta property=\"og:type\" content=\"article\" \/>\n<meta property=\"og:title\" content=\"Film Romain\" \/>\n<meta property=\"og:description\" content=\"Le film Romain suit la vie de Romain Couteau, cycloroulottier\" \/>\n<meta property=\"og:url\" content=\"https:\/\/festival.cyclo-camping.international\/2025\/programme-des-films-2025\/film-romain\/\" \/>\n<meta property=\"og:site_name\" content=\"38e Festival International du Voyage \u00e0 V\u00e9lo\" \/>\n<meta property=\"article:modified_time\" content=\"2025-01-06T11:38:36+00:00\" \/>\n<meta property=\"og:image\" content=\"https:\/\/festival.cyclo-camping.international\/2025\/wp-content\/uploads\/sites\/3\/2024\/12\/romain-petit-dej-pt.png\" \/>\n\t<meta property=\"og:image:width\" content=\"600\" \/>\n\t<meta property=\"og:image:height\" content=\"337\" \/>\n\t<meta property=\"og:image:type\" content=\"image\/png\" \/>\n<meta name=\"twitter:card\" content=\"summary_large_image\" \/>\n<meta name=\"twitter:label1\" content=\"Dur\u00e9e de lecture estim\u00e9e\" \/>\n\t<meta name=\"twitter:data1\" content=\"5 minutes\" \/>\n<script type=\"application\/ld+json\" class=\"yoast-schema-graph\">{\"@context\":\"https:\\\/\\\/schema.org\",\"@graph\":[{\"@type\":\"WebPage\",\"@id\":\"https:\\\/\\\/festival.cyclo-camping.international\\\/2025\\\/programme-des-films-2025\\\/film-romain\\\/\",\"url\":\"https:\\\/\\\/festival.cyclo-camping.international\\\/2025\\\/programme-des-films-2025\\\/film-romain\\\/\",\"name\":\"Film Romain\",\"isPartOf\":{\"@id\":\"https:\\\/\\\/festival.cyclo-camping.international\\\/2025\\\/#website\"},\"primaryImageOfPage\":{\"@id\":\"https:\\\/\\\/festival.cyclo-camping.international\\\/2025\\\/programme-des-films-2025\\\/film-romain\\\/#primaryimage\"},\"image\":{\"@id\":\"https:\\\/\\\/festival.cyclo-camping.international\\\/2025\\\/programme-des-films-2025\\\/film-romain\\\/#primaryimage\"},\"thumbnailUrl\":\"https:\\\/\\\/festival.cyclo-camping.international\\\/2025\\\/wp-content\\\/uploads\\\/sites\\\/3\\\/2024\\\/12\\\/romain-petit-dej-pt.png\",\"datePublished\":\"2023-12-31T14:16:51+00:00\",\"dateModified\":\"2025-01-06T11:38:36+00:00\",\"description\":\"Le film Romain suit la vie de Romain Couteau, cycloroulottier\",\"breadcrumb\":{\"@id\":\"https:\\\/\\\/festival.cyclo-camping.international\\\/2025\\\/programme-des-films-2025\\\/film-romain\\\/#breadcrumb\"},\"inLanguage\":\"fr-FR\",\"potentialAction\":[{\"@type\":\"ReadAction\",\"target\":[\"https:\\\/\\\/festival.cyclo-camping.international\\\/2025\\\/programme-des-films-2025\\\/film-romain\\\/\"]}]},{\"@type\":\"ImageObject\",\"inLanguage\":\"fr-FR\",\"@id\":\"https:\\\/\\\/festival.cyclo-camping.international\\\/2025\\\/programme-des-films-2025\\\/film-romain\\\/#primaryimage\",\"url\":\"https:\\\/\\\/festival.cyclo-camping.international\\\/2025\\\/wp-content\\\/uploads\\\/sites\\\/3\\\/2024\\\/12\\\/romain-petit-dej-pt.png\",\"contentUrl\":\"https:\\\/\\\/festival.cyclo-camping.international\\\/2025\\\/wp-content\\\/uploads\\\/sites\\\/3\\\/2024\\\/12\\\/romain-petit-dej-pt.png\",\"width\":600,\"height\":337},{\"@type\":\"BreadcrumbList\",\"@id\":\"https:\\\/\\\/festival.cyclo-camping.international\\\/2025\\\/programme-des-films-2025\\\/film-romain\\\/#breadcrumb\",\"itemListElement\":[{\"@type\":\"ListItem\",\"position\":1,\"name\":\"Accueil\",\"item\":\"https:\\\/\\\/festival.cyclo-camping.international\\\/2025\\\/\"},{\"@type\":\"ListItem\",\"position\":2,\"name\":\"Programme des films en 2025\",\"item\":\"https:\\\/\\\/festival.cyclo-camping.international\\\/2025\\\/programme-des-films-2025\\\/\"},{\"@type\":\"ListItem\",\"position\":3,\"name\":\"Romain\"}]},{\"@type\":\"WebSite\",\"@id\":\"https:\\\/\\\/festival.cyclo-camping.international\\\/2025\\\/#website\",\"url\":\"https:\\\/\\\/festival.cyclo-camping.international\\\/2025\\\/\",\"name\":\"38e Festival International du Voyage \u00e0 V\u00e9lo\",\"description\":\"\",\"publisher\":{\"@id\":\"https:\\\/\\\/festival.cyclo-camping.international\\\/2025\\\/#organization\"},\"potentialAction\":[{\"@type\":\"SearchAction\",\"target\":{\"@type\":\"EntryPoint\",\"urlTemplate\":\"https:\\\/\\\/festival.cyclo-camping.international\\\/2025\\\/?s={search_term_string}\"},\"query-input\":{\"@type\":\"PropertyValueSpecification\",\"valueRequired\":true,\"valueName\":\"search_term_string\"}}],\"inLanguage\":\"fr-FR\"},{\"@type\":\"Organization\",\"@id\":\"https:\\\/\\\/festival.cyclo-camping.international\\\/2025\\\/#organization\",\"name\":\"38e Festival International du Voyage \u00e0 V\u00e9lo\",\"url\":\"https:\\\/\\\/festival.cyclo-camping.international\\\/2025\\\/\",\"logo\":{\"@type\":\"ImageObject\",\"inLanguage\":\"fr-FR\",\"@id\":\"https:\\\/\\\/festival.cyclo-camping.international\\\/2025\\\/#\\\/schema\\\/logo\\\/image\\\/\",\"url\":\"https:\\\/\\\/festival.cyclo-camping.international\\\/2025\\\/wp-content\\\/uploads\\\/sites\\\/3\\\/2023\\\/12\\\/logo_cci_petit.png\",\"contentUrl\":\"https:\\\/\\\/festival.cyclo-camping.international\\\/2025\\\/wp-content\\\/uploads\\\/sites\\\/3\\\/2023\\\/12\\\/logo_cci_petit.png\",\"width\":264,\"height\":113,\"caption\":\"38e Festival International du Voyage \u00e0 V\u00e9lo\"},\"image\":{\"@id\":\"https:\\\/\\\/festival.cyclo-camping.international\\\/2025\\\/#\\\/schema\\\/logo\\\/image\\\/\"}}]}<\/script>\n<!-- \/ Yoast SEO plugin. -->","yoast_head_json":{"title":"Film Romain","description":"Le film Romain suit la vie de Romain Couteau, cycloroulottier","robots":{"index":"index","follow":"follow","max-snippet":"max-snippet:-1","max-image-preview":"max-image-preview:large","max-video-preview":"max-video-preview:-1"},"canonical":"https:\/\/festival.cyclo-camping.international\/2025\/programme-des-films-2025\/film-romain\/","og_locale":"fr_FR","og_type":"article","og_title":"Film Romain","og_description":"Le film Romain suit la vie de Romain Couteau, cycloroulottier","og_url":"https:\/\/festival.cyclo-camping.international\/2025\/programme-des-films-2025\/film-romain\/","og_site_name":"38e Festival International du Voyage \u00e0 V\u00e9lo","article_modified_time":"2025-01-06T11:38:36+00:00","og_image":[{"width":600,"height":337,"url":"https:\/\/festival.cyclo-camping.international\/2025\/wp-content\/uploads\/sites\/3\/2024\/12\/romain-petit-dej-pt.png","type":"image\/png"}],"twitter_card":"summary_large_image","twitter_misc":{"Dur\u00e9e de lecture estim\u00e9e":"5 minutes"},"schema":{"@context":"https:\/\/schema.org","@graph":[{"@type":"WebPage","@id":"https:\/\/festival.cyclo-camping.international\/2025\/programme-des-films-2025\/film-romain\/","url":"https:\/\/festival.cyclo-camping.international\/2025\/programme-des-films-2025\/film-romain\/","name":"Film Romain","isPartOf":{"@id":"https:\/\/festival.cyclo-camping.international\/2025\/#website"},"primaryImageOfPage":{"@id":"https:\/\/festival.cyclo-camping.international\/2025\/programme-des-films-2025\/film-romain\/#primaryimage"},"image":{"@id":"https:\/\/festival.cyclo-camping.international\/2025\/programme-des-films-2025\/film-romain\/#primaryimage"},"thumbnailUrl":"https:\/\/festival.cyclo-camping.international\/2025\/wp-content\/uploads\/sites\/3\/2024\/12\/romain-petit-dej-pt.png","datePublished":"2023-12-31T14:16:51+00:00","dateModified":"2025-01-06T11:38:36+00:00","description":"Le film Romain suit la vie de Romain Couteau, cycloroulottier","breadcrumb":{"@id":"https:\/\/festival.cyclo-camping.international\/2025\/programme-des-films-2025\/film-romain\/#breadcrumb"},"inLanguage":"fr-FR","potentialAction":[{"@type":"ReadAction","target":["https:\/\/festival.cyclo-camping.international\/2025\/programme-des-films-2025\/film-romain\/"]}]},{"@type":"ImageObject","inLanguage":"fr-FR","@id":"https:\/\/festival.cyclo-camping.international\/2025\/programme-des-films-2025\/film-romain\/#primaryimage","url":"https:\/\/festival.cyclo-camping.international\/2025\/wp-content\/uploads\/sites\/3\/2024\/12\/romain-petit-dej-pt.png","contentUrl":"https:\/\/festival.cyclo-camping.international\/2025\/wp-content\/uploads\/sites\/3\/2024\/12\/romain-petit-dej-pt.png","width":600,"height":337},{"@type":"BreadcrumbList","@id":"https:\/\/festival.cyclo-camping.international\/2025\/programme-des-films-2025\/film-romain\/#breadcrumb","itemListElement":[{"@type":"ListItem","position":1,"name":"Accueil","item":"https:\/\/festival.cyclo-camping.international\/2025\/"},{"@type":"ListItem","position":2,"name":"Programme des films en 2025","item":"https:\/\/festival.cyclo-camping.international\/2025\/programme-des-films-2025\/"},{"@type":"ListItem","position":3,"name":"Romain"}]},{"@type":"WebSite","@id":"https:\/\/festival.cyclo-camping.international\/2025\/#website","url":"https:\/\/festival.cyclo-camping.international\/2025\/","name":"38e Festival International du Voyage \u00e0 V\u00e9lo","description":"","publisher":{"@id":"https:\/\/festival.cyclo-camping.international\/2025\/#organization"},"potentialAction":[{"@type":"SearchAction","target":{"@type":"EntryPoint","urlTemplate":"https:\/\/festival.cyclo-camping.international\/2025\/?s={search_term_string}"},"query-input":{"@type":"PropertyValueSpecification","valueRequired":true,"valueName":"search_term_string"}}],"inLanguage":"fr-FR"},{"@type":"Organization","@id":"https:\/\/festival.cyclo-camping.international\/2025\/#organization","name":"38e Festival International du Voyage \u00e0 V\u00e9lo","url":"https:\/\/festival.cyclo-camping.international\/2025\/","logo":{"@type":"ImageObject","inLanguage":"fr-FR","@id":"https:\/\/festival.cyclo-camping.international\/2025\/#\/schema\/logo\/image\/","url":"https:\/\/festival.cyclo-camping.international\/2025\/wp-content\/uploads\/sites\/3\/2023\/12\/logo_cci_petit.png","contentUrl":"https:\/\/festival.cyclo-camping.international\/2025\/wp-content\/uploads\/sites\/3\/2023\/12\/logo_cci_petit.png","width":264,"height":113,"caption":"38e Festival International du Voyage \u00e0 V\u00e9lo"},"image":{"@id":"https:\/\/festival.cyclo-camping.international\/2025\/#\/schema\/logo\/image\/"}}]}},"_links":{"self":[{"href":"https:\/\/festival.cyclo-camping.international\/2025\/wp-json\/wp\/v2\/pages\/190","targetHints":{"allow":["GET"]}}],"collection":[{"href":"https:\/\/festival.cyclo-camping.international\/2025\/wp-json\/wp\/v2\/pages"}],"about":[{"href":"https:\/\/festival.cyclo-camping.international\/2025\/wp-json\/wp\/v2\/types\/page"}],"author":[{"embeddable":true,"href":"https:\/\/festival.cyclo-camping.international\/2025\/wp-json\/wp\/v2\/users\/1"}],"replies":[{"embeddable":true,"href":"https:\/\/festival.cyclo-camping.international\/2025\/wp-json\/wp\/v2\/comments?post=190"}],"version-history":[{"count":10,"href":"https:\/\/festival.cyclo-camping.international\/2025\/wp-json\/wp\/v2\/pages\/190\/revisions"}],"predecessor-version":[{"id":3710,"href":"https:\/\/festival.cyclo-camping.international\/2025\/wp-json\/wp\/v2\/pages\/190\/revisions\/3710"}],"up":[{"embeddable":true,"href":"https:\/\/festival.cyclo-camping.international\/2025\/wp-json\/wp\/v2\/pages\/944"}],"wp:featuredmedia":[{"embeddable":true,"href":"https:\/\/festival.cyclo-camping.international\/2025\/wp-json\/wp\/v2\/media\/2428"}],"wp:attachment":[{"href":"https:\/\/festival.cyclo-camping.international\/2025\/wp-json\/wp\/v2\/media?parent=190"}],"curies":[{"name":"wp","href":"https:\/\/api.w.org\/{rel}","templated":true}]}}