{"id":457,"date":"2024-01-07T16:25:32","date_gmt":"2024-01-07T15:25:32","guid":{"rendered":"https:\/\/festival.cyclo-camping.international\/2024\/?page_id=457"},"modified":"2024-01-07T16:25:32","modified_gmt":"2024-01-07T15:25:32","slug":"equipements","status":"publish","type":"page","link":"https:\/\/festival.cyclo-camping.international\/2024\/exposants-2024\/equipements\/","title":{"rendered":"Equipements"},"content":{"rendered":"\n<h2 class=\"wp-block-heading has-text-align-center\">Les stands pour l\u2019\u00e9quipement<\/h2>\n\n\n\n<div class=\"wp-block-group is-content-justification-center is-layout-flex wp-container-core-group-is-layout-f39b1780 wp-block-group-is-layout-flex\" style=\"margin-top:24px;margin-bottom:24px;padding-top:0;padding-right:0;padding-bottom:0;padding-left:0\">\n<div class=\"wp-block-group has-contrast-2-color has-custom-couleur-1-background-color has-text-color has-background has-link-color has-small-font-size wp-elements-638728acd3bb812976b5ad62db86e688 is-nowrap is-layout-flex wp-container-core-group-is-layout-701b6c09 wp-block-group-is-layout-flex\" style=\"border-radius:50px;padding-top:0.5rem;padding-right:var(--wp--preset--spacing--10);padding-bottom:0.5rem;padding-left:var(--wp--preset--spacing--10)\">\n<p class=\"is-style-default\"><strong> Au rez-de-chauss\u00e9e du b\u00e2timent C\u00e9noman<\/strong><\/p>\n<\/div>\n<\/div>\n\n\n\n<p>Vous y trouverez tout le mat\u00e9riel et l&rsquo;\u00e9quipement n\u00e9cessaire pour partir en voyage : sacoches, remorques, tentes, accessoires de camping et bivouac, etc.<\/p>\n\n\n\n<div class=\"wp-block-group has-global-padding is-layout-constrained wp-block-group-is-layout-constrained\">\n<div class=\"wp-block-columns is-layout-flex wp-container-core-columns-is-layout-28f84493 wp-block-columns-is-layout-flex\">\n<div class=\"wp-block-column is-layout-flow wp-container-core-column-is-layout-e3d1c41b wp-block-column-is-layout-flow\" style=\"flex-basis:50%\">\n<div class=\"wp-block-group has-background is-vertical is-content-justification-center is-layout-flex wp-container-core-group-is-layout-38d0277c wp-block-group-is-layout-flex\" style=\"border-radius:1rem;background-color:#ffffff;min-height:310px;padding-top:24px;padding-right:24px;padding-bottom:24px;padding-left:24px\">\n<figure class=\"wp-block-image size-full is-resized\"><img loading=\"lazy\" decoding=\"async\" width=\"120\" height=\"120\" src=\"https:\/\/festival.cyclo-camping.international\/wp-content\/uploads\/2024\/01\/logo-noir-et-blanc-e1689690243729-q9lkh69sdez2z60bwo6xv2ro7rheh7kd07naqe8re8.jpg\" alt=\"Logo Au fil des cols\" class=\"wp-image-1163\" style=\"width:105px\" \/><\/figure>\n\n\n\n<h3 class=\"wp-block-heading has-medium-font-size\">Au fil des cols<\/h3>\n\n\n\n<p class=\"has-text-align-center\" style=\"line-height:1.3\">Bagagerie v\u00e9lo<\/p>\n\n\n\n<div class=\"wp-block-buttons is-layout-flex wp-block-buttons-is-layout-flex\">\n<div class=\"wp-block-button is-style-outline is-style-outline--1\"><a class=\"wp-block-button__link has-contrast-color has-text-color has-link-color has-border-color has-contrast-border-color wp-element-button\" href=\"https:\/\/www.aufildescols.com\/\" target=\"_blank\" rel=\"noreferrer noopener\">Site web<\/a><\/div>\n<\/div>\n<\/div>\n\n\n\n<div class=\"wp-block-group has-background is-vertical is-content-justification-center is-layout-flex wp-container-core-group-is-layout-38d0277c wp-block-group-is-layout-flex\" style=\"border-radius:1rem;background-color:#ffffff;min-height:310px;padding-top:24px;padding-right:24px;padding-bottom:24px;padding-left:24px\">\n<h3 class=\"wp-block-heading has-text-align-center has-medium-font-size\">Camp cycle<\/h3>\n\n\n\n<p class=\"has-text-align-center\" style=\"line-height:1.3\">Le RyB (Ride your Bed) caravane&nbsp;pour&nbsp;v\u00e9lo<\/p>\n\n\n\n<div class=\"wp-block-buttons is-layout-flex wp-block-buttons-is-layout-flex\">\n<div class=\"wp-block-button is-style-outline is-style-outline--2\"><a class=\"wp-block-button__link has-contrast-color has-text-color has-link-color has-border-color has-contrast-border-color wp-element-button\" href=\"http:\/\/campcycle.ch\/\" target=\"_blank\" rel=\"noreferrer noopener\">Site web<\/a><\/div>\n<\/div>\n<\/div>\n\n\n\n<div class=\"wp-block-group has-background is-vertical is-content-justification-center is-layout-flex wp-container-core-group-is-layout-38d0277c wp-block-group-is-layout-flex\" style=\"border-radius:1rem;background-color:#ffffff;min-height:310px;padding-top:24px;padding-right:24px;padding-bottom:24px;padding-left:24px\">\n<figure class=\"wp-block-image size-medium is-resized\"><img loading=\"lazy\" decoding=\"async\" width=\"300\" height=\"52\" src=\"https:\/\/festival.cyclo-camping.international\/wp-content\/uploads\/2024\/01\/logo_ferzil-300x52.png\" alt=\"Logo Ferzil\" class=\"wp-image-1165\" style=\"width:150px\" srcset=\"https:\/\/festival.cyclo-camping.international\/2024\/wp-content\/uploads\/sites\/2\/2024\/01\/logo_ferzil-300x52.png 300w, https:\/\/festival.cyclo-camping.international\/2024\/wp-content\/uploads\/sites\/2\/2024\/01\/logo_ferzil.png 732w\" sizes=\"auto, (max-width: 300px) 100vw, 300px\" \/><\/figure>\n\n\n\n<h3 class=\"wp-block-heading has-medium-font-size\">Ferzil<\/h3>\n\n\n\n<p class=\"has-text-align-center\" style=\"line-height:1.3\">R\u00e9chauds \u00e0 bois<\/p>\n\n\n\n<div class=\"wp-block-buttons is-layout-flex wp-block-buttons-is-layout-flex\">\n<div class=\"wp-block-button is-style-outline is-style-outline--3\"><a class=\"wp-block-button__link has-contrast-color has-text-color has-link-color has-border-color has-contrast-border-color wp-element-button\" href=\"https:\/\/ferzil.fr\/\" target=\"_blank\" rel=\"noreferrer noopener\">Site web<\/a><\/div>\n<\/div>\n<\/div>\n\n\n\n<div class=\"wp-block-group has-background is-vertical is-content-justification-center is-layout-flex wp-container-core-group-is-layout-38d0277c wp-block-group-is-layout-flex\" style=\"border-radius:1rem;background-color:#ffffff;min-height:310px;padding-top:24px;padding-right:24px;padding-bottom:24px;padding-left:24px\">\n<figure class=\"wp-block-image size-full is-resized\"><img loading=\"lazy\" decoding=\"async\" width=\"37\" height=\"40\" src=\"https:\/\/festival.cyclo-camping.international\/wp-content\/uploads\/2024\/01\/logo-la-pince-a-velo.png\" alt=\"Logo La Pince \u00e0 V\u00e9lo\" class=\"wp-image-1175\" style=\"width:75px\" \/><\/figure>\n\n\n\n<h3 class=\"wp-block-heading has-medium-font-size\">La Pince \u00e0 V\u00e9lo<\/h3>\n\n\n\n<p class=\"has-text-align-center\" style=\"line-height:1.3\">Caf\u00e9-v\u00e9lo : Cycle neuf, occasion, r\u00e9paration, article vintage, \u00e9picerie, bar<\/p>\n\n\n\n<div class=\"wp-block-buttons is-layout-flex wp-block-buttons-is-layout-flex\">\n<div class=\"wp-block-button is-style-outline is-style-outline--4\"><a class=\"wp-block-button__link has-contrast-color has-text-color has-link-color has-border-color has-contrast-border-color wp-element-button\" href=\"https:\/\/lapinceavelo.eatbu.com\/\" target=\"_blank\" rel=\"noreferrer noopener\">Site web<\/a><\/div>\n<\/div>\n<\/div>\n\n\n\n<div class=\"wp-block-group has-background is-vertical is-content-justification-center is-layout-flex wp-container-core-group-is-layout-38d0277c wp-block-group-is-layout-flex\" style=\"border-radius:1rem;background-color:#ffffff;min-height:310px;padding-top:24px;padding-right:24px;padding-bottom:24px;padding-left:24px\">\n<figure class=\"wp-block-image size-full\"><img loading=\"lazy\" decoding=\"async\" width=\"168\" height=\"72\" src=\"https:\/\/festival.cyclo-camping.international\/wp-content\/uploads\/2024\/01\/la_sacoche_filante.png\" alt=\"Logo La sacoche filante\" class=\"wp-image-1168\" \/><\/figure>\n\n\n\n<h3 class=\"wp-block-heading has-medium-font-size\">La Sacoche Filante<\/h3>\n\n\n\n<p class=\"has-text-align-center\" style=\"line-height:1.3\">Sacoches v\u00e9lo en mat\u00e9riau recycl\u00e9<\/p>\n\n\n\n<div class=\"wp-block-buttons is-layout-flex wp-block-buttons-is-layout-flex\">\n<div class=\"wp-block-button is-style-outline is-style-outline--5\"><a class=\"wp-block-button__link has-contrast-color has-text-color has-link-color has-border-color has-contrast-border-color wp-element-button\" href=\"https:\/\/sacochevelo.fr\/\" target=\"_blank\" rel=\"noreferrer noopener\">Site web<\/a><\/div>\n<\/div>\n<\/div>\n\n\n\n<div class=\"wp-block-group has-background is-vertical is-content-justification-center is-layout-flex wp-container-core-group-is-layout-38d0277c wp-block-group-is-layout-flex\" style=\"border-radius:1rem;background-color:#ffffff;min-height:310px;padding-top:24px;padding-right:24px;padding-bottom:24px;padding-left:24px\">\n<figure class=\"wp-block-image size-full is-resized\"><img loading=\"lazy\" decoding=\"async\" width=\"8406\" height=\"1348\" src=\"https:\/\/festival.cyclo-camping.international\/wp-content\/uploads\/2024\/01\/t4s-logo-1609345207.png\" alt=\"Logo Tentes4saisons\" class=\"wp-image-1170\" style=\"width:220px\" srcset=\"https:\/\/festival.cyclo-camping.international\/2024\/wp-content\/uploads\/sites\/2\/2024\/01\/t4s-logo-1609345207.png 8406w, https:\/\/festival.cyclo-camping.international\/2024\/wp-content\/uploads\/sites\/2\/2024\/01\/t4s-logo-1609345207-300x48.png 300w, https:\/\/festival.cyclo-camping.international\/2024\/wp-content\/uploads\/sites\/2\/2024\/01\/t4s-logo-1609345207-1024x164.png 1024w, https:\/\/festival.cyclo-camping.international\/2024\/wp-content\/uploads\/sites\/2\/2024\/01\/t4s-logo-1609345207-768x123.png 768w, https:\/\/festival.cyclo-camping.international\/2024\/wp-content\/uploads\/sites\/2\/2024\/01\/t4s-logo-1609345207-1536x246.png 1536w, https:\/\/festival.cyclo-camping.international\/2024\/wp-content\/uploads\/sites\/2\/2024\/01\/t4s-logo-1609345207-2048x328.png 2048w\" sizes=\"auto, (max-width: 8406px) 100vw, 8406px\" \/><\/figure>\n\n\n\n<h3 class=\"wp-block-heading has-medium-font-size\">Tentes4Saisons<\/h3>\n\n\n\n<p class=\"has-text-align-center\" style=\"line-height:1.3\">Tentes et mat\u00e9riel de couchage : Hilleberg, Exped, Terra Nova \u2026.<\/p>\n\n\n\n<div class=\"wp-block-buttons is-layout-flex wp-block-buttons-is-layout-flex\">\n<div class=\"wp-block-button is-style-outline is-style-outline--6\"><a class=\"wp-block-button__link has-contrast-color has-text-color has-link-color has-border-color has-contrast-border-color wp-element-button\" href=\"http:\/\/www.tentes4saisons.com\/\" target=\"_blank\" rel=\"noreferrer noopener\">Site web<\/a><\/div>\n<\/div>\n<\/div>\n\n\n\n<div class=\"wp-block-group has-background is-vertical is-content-justification-center is-layout-flex wp-container-core-group-is-layout-38d0277c wp-block-group-is-layout-flex\" style=\"border-radius:1rem;background-color:#ffffff;min-height:310px;padding-top:24px;padding-right:24px;padding-bottom:24px;padding-left:24px\">\n<figure class=\"wp-block-image size-full is-resized\"><img loading=\"lazy\" decoding=\"async\" width=\"353\" height=\"86\" src=\"https:\/\/festival.cyclo-camping.international\/wp-content\/uploads\/2024\/01\/TZC_remorques_2.png\" alt=\"Logo TZC\" class=\"wp-image-1172\" style=\"width:250px\" srcset=\"https:\/\/festival.cyclo-camping.international\/2024\/wp-content\/uploads\/sites\/2\/2024\/01\/TZC_remorques_2.png 353w, https:\/\/festival.cyclo-camping.international\/2024\/wp-content\/uploads\/sites\/2\/2024\/01\/TZC_remorques_2-300x73.png 300w\" sizes=\"auto, (max-width: 353px) 100vw, 353px\" \/><\/figure>\n\n\n\n<h3 class=\"wp-block-heading has-medium-font-size\">TZC Remorque<\/h3>\n\n\n\n<p class=\"has-text-align-center\" style=\"line-height:1.3\">Remorques monocoques \u00e9tanches et v\u00e9los couch\u00e9s<\/p>\n\n\n\n<div class=\"wp-block-buttons is-layout-flex wp-block-buttons-is-layout-flex\">\n<div class=\"wp-block-button is-style-outline is-style-outline--7\"><a class=\"wp-block-button__link has-contrast-color has-text-color has-link-color has-border-color has-contrast-border-color wp-element-button\" href=\"http:\/\/www.tzc.fr\/\" target=\"_blank\" rel=\"noreferrer noopener\">Site web<\/a><\/div>\n<\/div>\n<\/div>\n<\/div>\n\n\n\n<div class=\"wp-block-column is-layout-flow wp-container-core-column-is-layout-e3d1c41b wp-block-column-is-layout-flow\" style=\"flex-basis:50%\">\n<div class=\"wp-block-group has-background is-vertical is-content-justification-center is-layout-flex wp-container-core-group-is-layout-38d0277c wp-block-group-is-layout-flex\" style=\"border-radius:1rem;background-color:#ffffff;min-height:310px;padding-top:24px;padding-right:24px;padding-bottom:24px;padding-left:24px\">\n<figure class=\"wp-block-image size-medium is-resized\"><img loading=\"lazy\" decoding=\"async\" width=\"300\" height=\"216\" src=\"https:\/\/festival.cyclo-camping.international\/wp-content\/uploads\/2024\/02\/BeMojoo-logo-noir-L_400x-300x216.webp\" alt=\"\" class=\"wp-image-2068\" style=\"width:150px\" srcset=\"https:\/\/festival.cyclo-camping.international\/2024\/wp-content\/uploads\/sites\/2\/2024\/02\/BeMojoo-logo-noir-L_400x-300x216.webp 300w, https:\/\/festival.cyclo-camping.international\/2024\/wp-content\/uploads\/sites\/2\/2024\/02\/BeMojoo-logo-noir-L_400x.webp 400w\" sizes=\"auto, (max-width: 300px) 100vw, 300px\" \/><\/figure>\n\n\n\n<h3 class=\"wp-block-heading has-medium-font-size\">BeMojoo<\/h3>\n\n\n\n<p class=\"has-text-align-center\" style=\"line-height:1.3\">Casques lumineux et clignotants<\/p>\n\n\n\n<div class=\"wp-block-buttons is-layout-flex wp-block-buttons-is-layout-flex\">\n<div class=\"wp-block-button is-style-outline is-style-outline--8\"><a class=\"wp-block-button__link has-contrast-color has-text-color has-link-color has-border-color has-contrast-border-color wp-element-button\" href=\"http:\/\/BeMojoo.com\" target=\"_blank\" rel=\"noreferrer noopener\">Site web<\/a><\/div>\n<\/div>\n<\/div>\n\n\n\n<div class=\"wp-block-group has-background is-vertical is-content-justification-center is-layout-flex wp-container-core-group-is-layout-38d0277c wp-block-group-is-layout-flex\" style=\"border-radius:1rem;background-color:#ffffff;min-height:310px;padding-top:24px;padding-right:24px;padding-bottom:24px;padding-left:24px\">\n<figure class=\"wp-block-image size-full is-resized\"><img loading=\"lazy\" decoding=\"async\" width=\"180\" height=\"180\" src=\"https:\/\/festival.cyclo-camping.international\/wp-content\/uploads\/2024\/01\/cropped-favicon-daily-bike-180x180-1.png\" alt=\"Logo Daily Bike\" class=\"wp-image-1164\" style=\"width:105px\" srcset=\"https:\/\/festival.cyclo-camping.international\/2024\/wp-content\/uploads\/sites\/2\/2024\/01\/cropped-favicon-daily-bike-180x180-1.png 180w, https:\/\/festival.cyclo-camping.international\/2024\/wp-content\/uploads\/sites\/2\/2024\/01\/cropped-favicon-daily-bike-180x180-1-150x150.png 150w\" sizes=\"auto, (max-width: 180px) 100vw, 180px\" \/><\/figure>\n\n\n\n<h3 class=\"wp-block-heading has-medium-font-size\">Daily Bike<\/h3>\n\n\n\n<p class=\"has-text-align-center\" style=\"line-height:1.3\">V\u00eatements \u00e9thiques et chics pour cyclo-randonneurs<\/p>\n\n\n\n<div class=\"wp-block-buttons is-layout-flex wp-block-buttons-is-layout-flex\">\n<div class=\"wp-block-button is-style-outline is-style-outline--9\"><a class=\"wp-block-button__link has-contrast-color has-text-color has-link-color has-border-color has-contrast-border-color wp-element-button\" href=\"http:\/\/www.daily-bike.com\/\" target=\"_blank\" rel=\"noreferrer noopener\">Site web<\/a><\/div>\n<\/div>\n<\/div>\n\n\n\n<div class=\"wp-block-group has-background is-vertical is-content-justification-center is-layout-flex wp-container-core-group-is-layout-38d0277c wp-block-group-is-layout-flex\" style=\"border-radius:1rem;background-color:#ffffff;min-height:310px;padding-top:24px;padding-right:24px;padding-bottom:24px;padding-left:24px\">\n<figure class=\"wp-block-image size-full is-resized\"><img loading=\"lazy\" decoding=\"async\" width=\"132\" height=\"137\" src=\"https:\/\/festival.cyclo-camping.international\/wp-content\/uploads\/2024\/01\/Logo-Liego.webp\" alt=\"Logo Liego\" class=\"wp-image-1176\" style=\"width:86px\" \/><\/figure>\n\n\n\n<h3 class=\"wp-block-heading has-medium-font-size\">Liego<\/h3>\n\n\n\n<p class=\"has-text-align-center\" style=\"line-height:1.3\">sacoches v\u00e9g\u00e9tales \u00e9cologiques en tissu de li\u00e8ge, sans mati\u00e8res plastiques<\/p>\n\n\n\n<div class=\"wp-block-buttons is-layout-flex wp-block-buttons-is-layout-flex\">\n<div class=\"wp-block-button is-style-outline is-style-outline--10\"><a class=\"wp-block-button__link has-contrast-color has-text-color has-link-color has-border-color has-contrast-border-color wp-element-button\" href=\"https:\/\/www.liego.fr\/\" target=\"_blank\" rel=\"noreferrer noopener\">Site web<\/a><\/div>\n<\/div>\n<\/div>\n\n\n\n<div class=\"wp-block-group has-background is-vertical is-content-justification-center is-layout-flex wp-container-core-group-is-layout-38d0277c wp-block-group-is-layout-flex\" style=\"border-radius:1rem;background-color:#ffffff;min-height:310px;padding-top:24px;padding-right:24px;padding-bottom:24px;padding-left:24px\">\n<figure class=\"wp-block-image size-full is-resized\"><img loading=\"lazy\" decoding=\"async\" width=\"300\" height=\"93\" src=\"https:\/\/festival.cyclo-camping.international\/wp-content\/uploads\/2024\/01\/cropped-Kololulu2-300x93-1.jpeg\" alt=\"Logo Kololulu\" class=\"wp-image-1166\" style=\"width:180px\" \/><\/figure>\n\n\n\n<h3 class=\"wp-block-heading has-medium-font-size\">IK Solutions<\/h3>\n\n\n\n<p class=\"has-text-align-center\" style=\"line-height:1.3\"><a href=\"https:\/\/kololulu.fr\/\">&nbsp;<\/a>Porte lunettes<\/p>\n\n\n\n<div class=\"wp-block-buttons is-layout-flex wp-block-buttons-is-layout-flex\">\n<div class=\"wp-block-button is-style-outline is-style-outline--11\"><a class=\"wp-block-button__link has-contrast-color has-text-color has-link-color has-border-color has-contrast-border-color wp-element-button\" href=\"https:\/\/kololulu.fr\/\" target=\"_blank\" rel=\"noreferrer noopener\">Site web<\/a><\/div>\n<\/div>\n<\/div>\n\n\n\n<div class=\"wp-block-group has-background is-vertical is-content-justification-center is-layout-flex wp-container-core-group-is-layout-38d0277c wp-block-group-is-layout-flex\" style=\"border-radius:1rem;background-color:#ffffff;min-height:310px;padding-top:24px;padding-right:24px;padding-bottom:24px;padding-left:24px\">\n<figure class=\"wp-block-image size-full is-resized\"><img loading=\"lazy\" decoding=\"async\" width=\"300\" height=\"300\" src=\"https:\/\/festival.cyclo-camping.international\/wp-content\/uploads\/2024\/01\/Le_Rouquin_Qui_Roule_300x300.jpg\" alt=\"Logo Le Rouquin qui Roule\" class=\"wp-image-1167\" style=\"width:110px\" srcset=\"https:\/\/festival.cyclo-camping.international\/2024\/wp-content\/uploads\/sites\/2\/2024\/01\/Le_Rouquin_Qui_Roule_300x300.jpg 300w, https:\/\/festival.cyclo-camping.international\/2024\/wp-content\/uploads\/sites\/2\/2024\/01\/Le_Rouquin_Qui_Roule_300x300-150x150.jpg 150w\" sizes=\"auto, (max-width: 300px) 100vw, 300px\" \/><\/figure>\n\n\n\n<h3 class=\"wp-block-heading has-medium-font-size\">Le Rouquin qui Roule<\/h3>\n\n\n\n<p class=\"has-text-align-center\" style=\"line-height:1.3\">Sacoches de v\u00e9lo \u00e9co-cousues depuis le Centre Bretagne<\/p>\n\n\n\n<div class=\"wp-block-buttons is-layout-flex wp-block-buttons-is-layout-flex\">\n<div class=\"wp-block-button is-style-outline is-style-outline--12\"><a class=\"wp-block-button__link has-contrast-color has-text-color has-link-color has-border-color has-contrast-border-color wp-element-button\" href=\"https:\/\/lerouquinquiroule.com\/\" target=\"_blank\" rel=\"noreferrer noopener\">Site web<\/a><\/div>\n<\/div>\n<\/div>\n\n\n\n<div class=\"wp-block-group has-background is-vertical is-content-justification-center is-layout-flex wp-container-core-group-is-layout-38d0277c wp-block-group-is-layout-flex\" style=\"border-radius:1rem;background-color:#ffffff;min-height:310px;padding-top:24px;padding-right:24px;padding-bottom:24px;padding-left:24px\">\n<figure class=\"wp-block-image size-full is-resized\"><img loading=\"lazy\" decoding=\"async\" width=\"2660\" height=\"465\" src=\"https:\/\/festival.cyclo-camping.international\/wp-content\/uploads\/2024\/01\/SolarMoov.png\" alt=\"Logo Solarmoov\" class=\"wp-image-1169\" style=\"width:130px\" srcset=\"https:\/\/festival.cyclo-camping.international\/2024\/wp-content\/uploads\/sites\/2\/2024\/01\/SolarMoov.png 2660w, https:\/\/festival.cyclo-camping.international\/2024\/wp-content\/uploads\/sites\/2\/2024\/01\/SolarMoov-300x52.png 300w, https:\/\/festival.cyclo-camping.international\/2024\/wp-content\/uploads\/sites\/2\/2024\/01\/SolarMoov-1024x179.png 1024w, https:\/\/festival.cyclo-camping.international\/2024\/wp-content\/uploads\/sites\/2\/2024\/01\/SolarMoov-768x134.png 768w, https:\/\/festival.cyclo-camping.international\/2024\/wp-content\/uploads\/sites\/2\/2024\/01\/SolarMoov-1536x269.png 1536w, https:\/\/festival.cyclo-camping.international\/2024\/wp-content\/uploads\/sites\/2\/2024\/01\/SolarMoov-2048x358.png 2048w\" sizes=\"auto, (max-width: 2660px) 100vw, 2660px\" \/><\/figure>\n\n\n\n<h3 class=\"wp-block-heading has-medium-font-size\">SolarMoov<\/h3>\n\n\n\n<p class=\"has-text-align-center\" style=\"line-height:1.3\">Fabricant de remorques de voyage<\/p>\n\n\n\n<div class=\"wp-block-buttons is-layout-flex wp-block-buttons-is-layout-flex\">\n<div class=\"wp-block-button is-style-outline is-style-outline--13\"><a class=\"wp-block-button__link has-contrast-color has-text-color has-link-color has-border-color has-contrast-border-color wp-element-button\" href=\"https:\/\/solarmoov.com\/\" target=\"_blank\" rel=\"noreferrer noopener\">Site web<\/a><\/div>\n<\/div>\n<\/div>\n\n\n\n<div class=\"wp-block-group has-background is-vertical is-content-justification-center is-layout-flex wp-container-core-group-is-layout-38d0277c wp-block-group-is-layout-flex\" style=\"border-radius:1rem;background-color:#ffffff;min-height:310px;padding-top:24px;padding-right:24px;padding-bottom:24px;padding-left:24px\">\n<figure class=\"wp-block-image size-full is-resized\"><img loading=\"lazy\" decoding=\"async\" width=\"180\" height=\"71\" src=\"https:\/\/festival.cyclo-camping.international\/wp-content\/uploads\/2024\/01\/logo-v1.4petit.png\" alt=\"Logo Tipik\" class=\"wp-image-1174\" style=\"width:150px\" \/><\/figure>\n\n\n\n<h3 class=\"wp-block-heading has-medium-font-size\">Tipik Tentes<\/h3>\n\n\n\n<p class=\"has-text-align-center\" style=\"line-height:1.3\">Fabricant de tentes artisanales<\/p>\n\n\n\n<div class=\"wp-block-buttons is-layout-flex wp-block-buttons-is-layout-flex\">\n<div class=\"wp-block-button is-style-outline is-style-outline--14\"><a class=\"wp-block-button__link has-contrast-color has-text-color has-link-color has-border-color has-contrast-border-color wp-element-button\" href=\"https:\/\/tipik-tentes.fr\" target=\"_blank\" rel=\"noreferrer noopener\">Site web<\/a><\/div>\n<\/div>\n<\/div>\n<\/div>\n<\/div>\n<\/div>\n\n\n\n<div class=\"wp-block-group has-global-padding is-layout-constrained wp-block-group-is-layout-constrained\">\n<p class=\"has-text-align-center\" style=\"font-size:0.8rem;letter-spacing:0.0625rem;text-transform:uppercase\"><strong>Autres exposants<\/strong><\/p>\n\n\n\n<div class=\"wp-block-buttons is-content-justification-center is-layout-flex wp-container-core-buttons-is-layout-a89b3969 wp-block-buttons-is-layout-flex\">\n<div class=\"wp-block-button is-style-outline is-style-outline--15\"><a class=\"wp-block-button__link wp-element-button\" href=\"https:\/\/festival.cyclo-camping.international\/2024\/exposants-2024\/associations-festival-velo\/\">Associations<\/a><\/div>\n\n\n\n<div class=\"wp-block-button is-style-outline is-style-outline--16\"><a class=\"wp-block-button__link wp-element-button\" href=\"https:\/\/festival.cyclo-camping.international\/2024\/exposants-2024\/editeurs-festival-velo\/\">\u00c9diteurs<\/a><\/div>\n\n\n\n<div class=\"wp-block-button is-style-outline is-style-outline--17\"><a class=\"wp-block-button__link wp-element-button\" href=\"https:\/\/festival.cyclo-camping.international\/2024\/exposants-2024\/auteurs-festival-voyage-velo\/\">Auteurs<\/a><\/div>\n\n\n\n<div class=\"wp-block-button is-style-outline is-style-outline--18\"><a class=\"wp-block-button__link wp-element-button\" href=\"https:\/\/festival.cyclo-camping.international\/2024\/exposants-2024\/velos\/\">V\u00e9los<\/a><\/div>\n<\/div>\n<\/div>\n","protected":false},"excerpt":{"rendered":"<p>Les stands pour l\u2019\u00e9quipement Au rez-de-chauss\u00e9e du b\u00e2timent C\u00e9noman Vous y trouverez tout le mat\u00e9riel et l&rsquo;\u00e9quipement n\u00e9cessaire pour partir en voyage : sacoches, remorques, tentes, accessoires de camping et bivouac, etc. Au fil des cols Bagagerie v\u00e9lo Camp cycle Le RyB (Ride your Bed) caravane&nbsp;pour&nbsp;v\u00e9lo Ferzil R\u00e9chauds \u00e0 bois La Pince \u00e0 V\u00e9lo Caf\u00e9-v\u00e9lo [&hellip;]<\/p>\n","protected":false},"author":1,"featured_media":0,"parent":79,"menu_order":5,"comment_status":"closed","ping_status":"closed","template":"page-no-title","meta":{"footnotes":""},"class_list":["post-457","page","type-page","status-publish","hentry"],"yoast_head":"<!-- This site is optimized with the Yoast SEO plugin v27.5 - https:\/\/yoast.com\/product\/yoast-seo-wordpress\/ -->\n<title>Exposant mat\u00e9riel festival v\u00e9lo<\/title>\n<meta name=\"description\" content=\"Liste des exposants de mat\u00e9riels et \u00e9quipements v\u00e9lo au 37e festival international du voyage \u00e0 v\u00e9lo du Mans\" \/>\n<meta name=\"robots\" content=\"index, follow, max-snippet:-1, max-image-preview:large, max-video-preview:-1\" \/>\n<link rel=\"canonical\" href=\"https:\/\/festival.cyclo-camping.international\/2024\/exposants-2024\/equipements\/\" \/>\n<meta property=\"og:locale\" content=\"fr_FR\" \/>\n<meta property=\"og:type\" content=\"article\" \/>\n<meta property=\"og:title\" content=\"Exposant mat\u00e9riel festival v\u00e9lo\" \/>\n<meta property=\"og:description\" content=\"Liste des exposants de mat\u00e9riels et \u00e9quipements v\u00e9lo au 37e festival international du voyage \u00e0 v\u00e9lo du Mans\" \/>\n<meta property=\"og:url\" content=\"https:\/\/festival.cyclo-camping.international\/2024\/exposants-2024\/equipements\/\" \/>\n<meta property=\"og:site_name\" content=\"37e Festival international du voyage \u00e0 v\u00e9lo\" \/>\n<meta property=\"og:image\" content=\"https:\/\/festival.cyclo-camping.international\/wp-content\/uploads\/2024\/01\/logo-noir-et-blanc-e1689690243729-q9lkh69sdez2z60bwo6xv2ro7rheh7kd07naqe8re8.jpg\" \/>\n<meta name=\"twitter:card\" content=\"summary_large_image\" \/>\n<meta name=\"twitter:label1\" content=\"Dur\u00e9e de lecture estim\u00e9e\" \/>\n\t<meta name=\"twitter:data1\" content=\"4 minutes\" \/>\n<script type=\"application\/ld+json\" class=\"yoast-schema-graph\">{\"@context\":\"https:\\\/\\\/schema.org\",\"@graph\":[{\"@type\":\"WebPage\",\"@id\":\"https:\\\/\\\/festival.cyclo-camping.international\\\/2024\\\/exposants-2024\\\/equipements\\\/\",\"url\":\"https:\\\/\\\/festival.cyclo-camping.international\\\/2024\\\/exposants-2024\\\/equipements\\\/\",\"name\":\"Exposant mat\u00e9riel festival v\u00e9lo\",\"isPartOf\":{\"@id\":\"https:\\\/\\\/festival.cyclo-camping.international\\\/2024\\\/#website\"},\"primaryImageOfPage\":{\"@id\":\"https:\\\/\\\/festival.cyclo-camping.international\\\/2024\\\/exposants-2024\\\/equipements\\\/#primaryimage\"},\"image\":{\"@id\":\"https:\\\/\\\/festival.cyclo-camping.international\\\/2024\\\/exposants-2024\\\/equipements\\\/#primaryimage\"},\"thumbnailUrl\":\"https:\\\/\\\/festival.cyclo-camping.international\\\/wp-content\\\/uploads\\\/2024\\\/01\\\/logo-noir-et-blanc-e1689690243729-q9lkh69sdez2z60bwo6xv2ro7rheh7kd07naqe8re8.jpg\",\"datePublished\":\"2024-01-07T15:25:32+00:00\",\"description\":\"Liste des exposants de mat\u00e9riels et \u00e9quipements v\u00e9lo au 37e festival international du voyage \u00e0 v\u00e9lo du Mans\",\"breadcrumb\":{\"@id\":\"https:\\\/\\\/festival.cyclo-camping.international\\\/2024\\\/exposants-2024\\\/equipements\\\/#breadcrumb\"},\"inLanguage\":\"fr-FR\",\"potentialAction\":[{\"@type\":\"ReadAction\",\"target\":[\"https:\\\/\\\/festival.cyclo-camping.international\\\/2024\\\/exposants-2024\\\/equipements\\\/\"]}]},{\"@type\":\"ImageObject\",\"inLanguage\":\"fr-FR\",\"@id\":\"https:\\\/\\\/festival.cyclo-camping.international\\\/2024\\\/exposants-2024\\\/equipements\\\/#primaryimage\",\"url\":\"https:\\\/\\\/festival.cyclo-camping.international\\\/wp-content\\\/uploads\\\/2024\\\/01\\\/logo-noir-et-blanc-e1689690243729-q9lkh69sdez2z60bwo6xv2ro7rheh7kd07naqe8re8.jpg\",\"contentUrl\":\"https:\\\/\\\/festival.cyclo-camping.international\\\/wp-content\\\/uploads\\\/2024\\\/01\\\/logo-noir-et-blanc-e1689690243729-q9lkh69sdez2z60bwo6xv2ro7rheh7kd07naqe8re8.jpg\"},{\"@type\":\"BreadcrumbList\",\"@id\":\"https:\\\/\\\/festival.cyclo-camping.international\\\/2024\\\/exposants-2024\\\/equipements\\\/#breadcrumb\",\"itemListElement\":[{\"@type\":\"ListItem\",\"position\":1,\"name\":\"Accueil\",\"item\":\"https:\\\/\\\/festival.cyclo-camping.international\\\/2024\\\/\"},{\"@type\":\"ListItem\",\"position\":2,\"name\":\"Exposants\",\"item\":\"https:\\\/\\\/festival.cyclo-camping.international\\\/2024\\\/exposants-2024\\\/\"},{\"@type\":\"ListItem\",\"position\":3,\"name\":\"Equipements\"}]},{\"@type\":\"WebSite\",\"@id\":\"https:\\\/\\\/festival.cyclo-camping.international\\\/2024\\\/#website\",\"url\":\"https:\\\/\\\/festival.cyclo-camping.international\\\/2024\\\/\",\"name\":\"37e Festival international du voyage \u00e0 v\u00e9lo\",\"description\":\"\",\"potentialAction\":[{\"@type\":\"SearchAction\",\"target\":{\"@type\":\"EntryPoint\",\"urlTemplate\":\"https:\\\/\\\/festival.cyclo-camping.international\\\/2024\\\/?s={search_term_string}\"},\"query-input\":{\"@type\":\"PropertyValueSpecification\",\"valueRequired\":true,\"valueName\":\"search_term_string\"}}],\"inLanguage\":\"fr-FR\"}]}<\/script>\n<!-- \/ Yoast SEO plugin. -->","yoast_head_json":{"title":"Exposant mat\u00e9riel festival v\u00e9lo","description":"Liste des exposants de mat\u00e9riels et \u00e9quipements v\u00e9lo au 37e festival international du voyage \u00e0 v\u00e9lo du Mans","robots":{"index":"index","follow":"follow","max-snippet":"max-snippet:-1","max-image-preview":"max-image-preview:large","max-video-preview":"max-video-preview:-1"},"canonical":"https:\/\/festival.cyclo-camping.international\/2024\/exposants-2024\/equipements\/","og_locale":"fr_FR","og_type":"article","og_title":"Exposant mat\u00e9riel festival v\u00e9lo","og_description":"Liste des exposants de mat\u00e9riels et \u00e9quipements v\u00e9lo au 37e festival international du voyage \u00e0 v\u00e9lo du Mans","og_url":"https:\/\/festival.cyclo-camping.international\/2024\/exposants-2024\/equipements\/","og_site_name":"37e Festival international du voyage \u00e0 v\u00e9lo","og_image":[{"url":"https:\/\/festival.cyclo-camping.international\/wp-content\/uploads\/2024\/01\/logo-noir-et-blanc-e1689690243729-q9lkh69sdez2z60bwo6xv2ro7rheh7kd07naqe8re8.jpg","type":"","width":"","height":""}],"twitter_card":"summary_large_image","twitter_misc":{"Dur\u00e9e de lecture estim\u00e9e":"4 minutes"},"schema":{"@context":"https:\/\/schema.org","@graph":[{"@type":"WebPage","@id":"https:\/\/festival.cyclo-camping.international\/2024\/exposants-2024\/equipements\/","url":"https:\/\/festival.cyclo-camping.international\/2024\/exposants-2024\/equipements\/","name":"Exposant mat\u00e9riel festival v\u00e9lo","isPartOf":{"@id":"https:\/\/festival.cyclo-camping.international\/2024\/#website"},"primaryImageOfPage":{"@id":"https:\/\/festival.cyclo-camping.international\/2024\/exposants-2024\/equipements\/#primaryimage"},"image":{"@id":"https:\/\/festival.cyclo-camping.international\/2024\/exposants-2024\/equipements\/#primaryimage"},"thumbnailUrl":"https:\/\/festival.cyclo-camping.international\/wp-content\/uploads\/2024\/01\/logo-noir-et-blanc-e1689690243729-q9lkh69sdez2z60bwo6xv2ro7rheh7kd07naqe8re8.jpg","datePublished":"2024-01-07T15:25:32+00:00","description":"Liste des exposants de mat\u00e9riels et \u00e9quipements v\u00e9lo au 37e festival international du voyage \u00e0 v\u00e9lo du Mans","breadcrumb":{"@id":"https:\/\/festival.cyclo-camping.international\/2024\/exposants-2024\/equipements\/#breadcrumb"},"inLanguage":"fr-FR","potentialAction":[{"@type":"ReadAction","target":["https:\/\/festival.cyclo-camping.international\/2024\/exposants-2024\/equipements\/"]}]},{"@type":"ImageObject","inLanguage":"fr-FR","@id":"https:\/\/festival.cyclo-camping.international\/2024\/exposants-2024\/equipements\/#primaryimage","url":"https:\/\/festival.cyclo-camping.international\/wp-content\/uploads\/2024\/01\/logo-noir-et-blanc-e1689690243729-q9lkh69sdez2z60bwo6xv2ro7rheh7kd07naqe8re8.jpg","contentUrl":"https:\/\/festival.cyclo-camping.international\/wp-content\/uploads\/2024\/01\/logo-noir-et-blanc-e1689690243729-q9lkh69sdez2z60bwo6xv2ro7rheh7kd07naqe8re8.jpg"},{"@type":"BreadcrumbList","@id":"https:\/\/festival.cyclo-camping.international\/2024\/exposants-2024\/equipements\/#breadcrumb","itemListElement":[{"@type":"ListItem","position":1,"name":"Accueil","item":"https:\/\/festival.cyclo-camping.international\/2024\/"},{"@type":"ListItem","position":2,"name":"Exposants","item":"https:\/\/festival.cyclo-camping.international\/2024\/exposants-2024\/"},{"@type":"ListItem","position":3,"name":"Equipements"}]},{"@type":"WebSite","@id":"https:\/\/festival.cyclo-camping.international\/2024\/#website","url":"https:\/\/festival.cyclo-camping.international\/2024\/","name":"37e Festival international du voyage \u00e0 v\u00e9lo","description":"","potentialAction":[{"@type":"SearchAction","target":{"@type":"EntryPoint","urlTemplate":"https:\/\/festival.cyclo-camping.international\/2024\/?s={search_term_string}"},"query-input":{"@type":"PropertyValueSpecification","valueRequired":true,"valueName":"search_term_string"}}],"inLanguage":"fr-FR"}]}},"_links":{"self":[{"href":"https:\/\/festival.cyclo-camping.international\/2024\/wp-json\/wp\/v2\/pages\/457","targetHints":{"allow":["GET"]}}],"collection":[{"href":"https:\/\/festival.cyclo-camping.international\/2024\/wp-json\/wp\/v2\/pages"}],"about":[{"href":"https:\/\/festival.cyclo-camping.international\/2024\/wp-json\/wp\/v2\/types\/page"}],"author":[{"embeddable":true,"href":"https:\/\/festival.cyclo-camping.international\/2024\/wp-json\/wp\/v2\/users\/1"}],"replies":[{"embeddable":true,"href":"https:\/\/festival.cyclo-camping.international\/2024\/wp-json\/wp\/v2\/comments?post=457"}],"version-history":[{"count":0,"href":"https:\/\/festival.cyclo-camping.international\/2024\/wp-json\/wp\/v2\/pages\/457\/revisions"}],"up":[{"embeddable":true,"href":"https:\/\/festival.cyclo-camping.international\/2024\/wp-json\/wp\/v2\/pages\/79"}],"wp:attachment":[{"href":"https:\/\/festival.cyclo-camping.international\/2024\/wp-json\/wp\/v2\/media?parent=457"}],"curies":[{"name":"wp","href":"https:\/\/api.w.org\/{rel}","templated":true}]}}