{"id":449,"date":"2024-01-07T16:24:55","date_gmt":"2024-01-07T15:24:55","guid":{"rendered":"https:\/\/festival.cyclo-camping.international\/2024\/?page_id=449"},"modified":"2025-01-07T21:30:18","modified_gmt":"2025-01-07T20:30:18","slug":"auteurs-festival-voyage-velo","status":"publish","type":"page","link":"https:\/\/festival.cyclo-camping.international\/2024\/exposants-2024\/auteurs-festival-voyage-velo\/","title":{"rendered":"Auteurs"},"content":{"rendered":"\n<h2 class=\"wp-block-heading has-text-align-center\">Les stands des&nbsp;auteurs<\/h2>\n\n\n\n<div class=\"wp-block-group is-content-justification-center is-layout-flex wp-container-core-group-is-layout-f39b1780 wp-block-group-is-layout-flex\" style=\"margin-top:24px;margin-bottom:24px;padding-top:0;padding-right:0;padding-bottom:0;padding-left:0\">\n<div class=\"wp-block-group has-contrast-2-color has-custom-couleur-1-background-color has-text-color has-background has-link-color has-small-font-size wp-elements-53d4c6d6af3c51d28c322b6064680092 is-nowrap is-layout-flex wp-container-core-group-is-layout-701b6c09 wp-block-group-is-layout-flex\" style=\"border-radius:50px;padding-top:0.5rem;padding-right:var(--wp--preset--spacing--10);padding-bottom:0.5rem;padding-left:var(--wp--preset--spacing--10)\">\n<p class=\"is-style-default\"><strong> \u00c0 l&rsquo;\u00e9tage du b\u00e2timent C\u00e9noman<\/strong><\/p>\n<\/div>\n<\/div>\n\n\n\n<p>Dans cette section du festival, vous pourrez rencontrer des auteurs de livres de voyage \u00e0 v\u00e9lo. Certains auteurs-voyageurs pr\u00e9sentent aussi un film accompagn\u00e9 d\u2019un livre ou d\u2019un DVD.<\/p>\n\n\n\n<div class=\"wp-block-group has-global-padding is-layout-constrained wp-block-group-is-layout-constrained\">\n<div class=\"wp-block-columns is-layout-flex wp-container-core-columns-is-layout-28f84493 wp-block-columns-is-layout-flex\">\n<div class=\"wp-block-column is-layout-flow wp-block-column-is-layout-flow\" style=\"flex-basis:33.34%\">\n<div style=\"height:48px\" aria-hidden=\"true\" class=\"wp-block-spacer\"><\/div>\n\n\n\n<div class=\"wp-block-group has-background is-vertical is-content-justification-center is-layout-flex wp-container-core-group-is-layout-b0dfbb97 wp-block-group-is-layout-flex\" style=\"border-radius:1rem;background-color:#ffffff;padding-top:24px;padding-right:24px;padding-bottom:24px;padding-left:24px\">\n<figure class=\"wp-block-image size-full\"><img decoding=\"async\" src=\"https:\/\/festival.cyclo-camping.international\/wp-content\/uploads\/2024\/01\/DBv22-scaled.jpg\" alt=\"\" class=\"wp-image-508\" style=\"object-fit:cover\"\/><\/figure>\n\n\n\n<div class=\"wp-block-group is-vertical is-content-justification-center is-layout-flex wp-container-core-group-is-layout-81423f52 wp-block-group-is-layout-flex\">\n<h3 class=\"wp-block-heading has-medium-font-size\">Elodie Dellier<\/h3>\n\n\n\n<p class=\"has-text-align-center\" style=\"line-height:1.3\">pour<\/p>\n\n\n\n<p class=\"has-text-align-center\" style=\"line-height:1.3\"><em><strong>\u201cDive and Bike, 5&nbsp;mois d\u2019aventure au&nbsp;Mexique\u201d<\/strong><\/em><\/p>\n<\/div>\n\n\n\n<div class=\"wp-block-buttons is-content-justification-center is-layout-flex wp-container-core-buttons-is-layout-a89b3969 wp-block-buttons-is-layout-flex\">\n<div class=\"wp-block-button is-style-outline is-style-outline--1\"><a class=\"wp-block-button__link has-contrast-color has-text-color has-link-color has-border-color has-contrast-border-color wp-element-button\" href=\"http:\/\/biblio-cyclesdephilippeorgebin.hautetfort.com\/archive\/2022\/10\/04\/dellier-elodie-6404562.html\" target=\"_blank\" rel=\"noreferrer noopener\">R\u00e9sum\u00e9<\/a><\/div>\n\n\n\n<div class=\"wp-block-button is-style-outline is-style-outline--2\"><a class=\"wp-block-button__link has-contrast-color has-text-color has-link-color has-border-color has-contrast-border-color wp-element-button\" href=\"http:\/\/www.diveandbike.fr\/\" target=\"_blank\" rel=\"noreferrer noopener\">Site web<\/a><\/div>\n<\/div>\n<\/div>\n\n\n\n<div style=\"height:48px\" aria-hidden=\"true\" class=\"wp-block-spacer\"><\/div>\n\n\n\n<div class=\"wp-block-group has-background is-vertical is-content-justification-center is-layout-flex wp-container-core-group-is-layout-b0dfbb97 wp-block-group-is-layout-flex\" style=\"border-radius:1rem;background-color:#ffffff;padding-top:24px;padding-right:24px;padding-bottom:24px;padding-left:24px\">\n<figure class=\"wp-block-image size-full\"><img loading=\"lazy\" decoding=\"async\" width=\"382\" height=\"509\" src=\"https:\/\/festival.cyclo-camping.international\/wp-content\/uploads\/2024\/01\/Sunriders.webp\" alt=\"\" class=\"wp-image-503\" style=\"object-fit:cover\" srcset=\"https:\/\/festival.cyclo-camping.international\/2024\/wp-content\/uploads\/sites\/2\/2024\/01\/Sunriders.webp 382w, https:\/\/festival.cyclo-camping.international\/2024\/wp-content\/uploads\/sites\/2\/2024\/01\/Sunriders-225x300.webp 225w\" sizes=\"auto, (max-width: 382px) 100vw, 382px\" \/><\/figure>\n\n\n\n<div class=\"wp-block-group is-vertical is-content-justification-center is-layout-flex wp-container-core-group-is-layout-81423f52 wp-block-group-is-layout-flex\">\n<h3 class=\"wp-block-heading has-text-align-center has-medium-font-size\">Damien Calvet &amp; Matthieu Marlin<\/h3>\n\n\n\n<p class=\"has-text-align-center\" style=\"line-height:1.3\">pour<\/p>\n\n\n\n<p class=\"has-text-align-center\" style=\"line-height:1.3\">\u201c<strong><em>Sunriders<\/em><\/strong>\u201d<\/p>\n<\/div>\n\n\n\n<div class=\"wp-block-buttons is-content-justification-center is-layout-flex wp-container-core-buttons-is-layout-a89b3969 wp-block-buttons-is-layout-flex\">\n<div class=\"wp-block-button is-style-outline is-style-outline--3\"><a class=\"wp-block-button__link has-contrast-color has-text-color has-link-color has-border-color has-contrast-border-color wp-element-button\" href=\"https:\/\/www.sunriders.shop\/\" target=\"_blank\" rel=\"noreferrer noopener\">Site web<\/a><\/div>\n<\/div>\n\n\n\n<div class=\"wp-block-group has-custom-couleur-1-background-color has-background is-vertical is-content-justification-center is-layout-flex wp-container-core-group-is-layout-c5c1d8a6 wp-block-group-is-layout-flex\" style=\"padding-top:0.5rem;padding-right:0.5rem;padding-bottom:0.5rem;padding-left:0.5rem\">\n<p class=\"has-text-align-center has-small-font-size\"><a href=\"https:\/\/festival.cyclo-camping.international\/2024\/films\/sunriders\/\">Leur film est diffus\u00e9 samedi \u00e0&nbsp;17h00<\/a><\/p>\n<\/div>\n<\/div>\n\n\n\n<div style=\"height:48px\" aria-hidden=\"true\" class=\"wp-block-spacer\"><\/div>\n\n\n\n<div class=\"wp-block-group has-background is-vertical is-content-justification-center is-layout-flex wp-container-core-group-is-layout-b0dfbb97 wp-block-group-is-layout-flex\" style=\"border-radius:1rem;background-color:#ffffff;padding-top:24px;padding-right:24px;padding-bottom:24px;padding-left:24px\">\n<figure class=\"wp-block-image size-full\"><img loading=\"lazy\" decoding=\"async\" width=\"600\" height=\"800\" src=\"https:\/\/festival.cyclo-camping.international\/wp-content\/uploads\/2024\/01\/mon-tour-de-l-hexagone-a-velo-edited.jpg\" alt=\"\" class=\"wp-image-1667\" style=\"object-fit:cover\" srcset=\"https:\/\/festival.cyclo-camping.international\/2024\/wp-content\/uploads\/sites\/2\/2024\/01\/mon-tour-de-l-hexagone-a-velo-edited.jpg 600w, https:\/\/festival.cyclo-camping.international\/2024\/wp-content\/uploads\/sites\/2\/2024\/01\/mon-tour-de-l-hexagone-a-velo-edited-225x300.jpg 225w\" sizes=\"auto, (max-width: 600px) 100vw, 600px\" \/><\/figure>\n\n\n\n<div class=\"wp-block-group is-vertical is-content-justification-center is-layout-flex wp-container-core-group-is-layout-81423f52 wp-block-group-is-layout-flex\">\n<h3 class=\"wp-block-heading has-medium-font-size\">Pierre Herant<\/h3>\n\n\n\n<p class=\"has-text-align-center\" style=\"line-height:1.3\">pour<\/p>\n\n\n\n<p class=\"has-text-align-center\" style=\"line-height:1.3\">\u201c<strong><em>Mon tour de l&rsquo;hexagone \u00e0 v\u00e9lo<\/em><\/strong>\u201d<\/p>\n<\/div>\n<\/div>\n\n\n\n<div style=\"height:48px\" aria-hidden=\"true\" class=\"wp-block-spacer\"><\/div>\n\n\n\n<div class=\"wp-block-group has-background is-vertical is-content-justification-center is-layout-flex wp-container-core-group-is-layout-b0dfbb97 wp-block-group-is-layout-flex\" style=\"border-radius:1rem;background-color:#ffffff;padding-top:24px;padding-right:24px;padding-bottom:24px;padding-left:24px\">\n<figure class=\"wp-block-image size-full\"><img loading=\"lazy\" decoding=\"async\" width=\"255\" height=\"340\" src=\"https:\/\/festival.cyclo-camping.international\/wp-content\/uploads\/2024\/01\/Le-Cap-Nord-dans-l-oeil-du-cyclo-NE-edited-2.jpg\" alt=\"\" class=\"wp-image-1671\" style=\"object-fit:cover\" srcset=\"https:\/\/festival.cyclo-camping.international\/2024\/wp-content\/uploads\/sites\/2\/2024\/01\/Le-Cap-Nord-dans-l-oeil-du-cyclo-NE-edited-2.jpg 255w, https:\/\/festival.cyclo-camping.international\/2024\/wp-content\/uploads\/sites\/2\/2024\/01\/Le-Cap-Nord-dans-l-oeil-du-cyclo-NE-edited-2-225x300.jpg 225w\" sizes=\"auto, (max-width: 255px) 100vw, 255px\" \/><\/figure>\n\n\n\n<div class=\"wp-block-group is-vertical is-content-justification-center is-layout-flex wp-container-core-group-is-layout-81423f52 wp-block-group-is-layout-flex\">\n<h3 class=\"wp-block-heading has-text-align-center has-medium-font-size\">Jo\u00ebl Xavier<\/h3>\n\n\n\n<p class=\"has-text-align-center\" style=\"line-height:1.3\">pour<\/p>\n\n\n\n<p class=\"has-text-align-center\" style=\"line-height:1.3\">\u201c<strong><em>Le cap Nord dans l&rsquo;\u0153il du Cyclo-NE<\/em><\/strong>\u201d<\/p>\n<\/div>\n\n\n\n<div class=\"wp-block-buttons is-content-justification-center is-layout-flex wp-container-core-buttons-is-layout-a89b3969 wp-block-buttons-is-layout-flex\">\n<div class=\"wp-block-button is-style-outline is-style-outline--4\"><a class=\"wp-block-button__link has-contrast-color has-text-color has-link-color has-border-color has-contrast-border-color wp-element-button\" href=\"http:\/\/biblio-cyclesdephilippeorgebin.hautetfort.com\/archive\/2023\/04\/09\/xavier-joel-6437449.html\" target=\"_blank\" rel=\"noreferrer noopener\">R\u00e9sum\u00e9<\/a><\/div>\n<\/div>\n\n\n\n<div class=\"wp-block-buttons is-content-justification-center is-layout-flex wp-container-core-buttons-is-layout-a89b3969 wp-block-buttons-is-layout-flex\">\n<div class=\"wp-block-button is-style-outline is-style-outline--5\"><a class=\"wp-block-button__link has-contrast-color has-text-color has-link-color has-border-color has-contrast-border-color wp-element-button\" href=\"https:\/\/www.facebook.com\/profile.php?id=100081527838775\" target=\"_blank\" rel=\"noreferrer noopener\">Facebook<\/a><\/div>\n<\/div>\n<\/div>\n\n\n\n<div style=\"height:48px\" aria-hidden=\"true\" class=\"wp-block-spacer\"><\/div>\n\n\n\n<div class=\"wp-block-group has-background is-vertical is-content-justification-center is-layout-flex wp-container-core-group-is-layout-b0dfbb97 wp-block-group-is-layout-flex\" style=\"border-radius:1rem;background-color:#ffffff;padding-top:24px;padding-right:24px;padding-bottom:24px;padding-left:24px\">\n<figure class=\"wp-block-image size-full\"><img loading=\"lazy\" decoding=\"async\" width=\"500\" height=\"353\" src=\"https:\/\/festival.cyclo-camping.international\/wp-content\/uploads\/2024\/01\/Le-cap-nord.jpg\" alt=\"\" class=\"wp-image-524\" style=\"object-fit:cover\" srcset=\"https:\/\/festival.cyclo-camping.international\/2024\/wp-content\/uploads\/sites\/2\/2024\/01\/Le-cap-nord.jpg 500w, https:\/\/festival.cyclo-camping.international\/2024\/wp-content\/uploads\/sites\/2\/2024\/01\/Le-cap-nord-300x212.jpg 300w\" sizes=\"auto, (max-width: 500px) 100vw, 500px\" \/><\/figure>\n\n\n\n<div class=\"wp-block-group is-vertical is-content-justification-center is-layout-flex wp-container-core-group-is-layout-81423f52 wp-block-group-is-layout-flex\">\n<h3 class=\"wp-block-heading has-text-align-center has-medium-font-size\">Blandine Dupuis<\/h3>\n\n\n\n<p class=\"has-text-align-center\" style=\"line-height:1.3\">pour<\/p>\n\n\n\n<p class=\"has-text-align-center\" style=\"line-height:1.3\">\u201c<em><strong>Le Cap Nord en&nbsp;cycle libre<\/strong><\/em>\u201d<\/p>\n<\/div>\n\n\n\n<div class=\"wp-block-buttons is-content-justification-center is-layout-flex wp-container-core-buttons-is-layout-a89b3969 wp-block-buttons-is-layout-flex\">\n<div class=\"wp-block-button is-style-outline is-style-outline--6\"><a class=\"wp-block-button__link has-contrast-color has-text-color has-link-color has-border-color has-contrast-border-color wp-element-button\" href=\"http:\/\/biblio-cyclesdephilippeorgebin.hautetfort.com\/archive\/2023\/11\/05\/dupuis-blandine-6469444.html\" target=\"_blank\" rel=\"noreferrer noopener\">R\u00e9sum\u00e9<\/a><\/div>\n\n\n\n<div class=\"wp-block-button is-style-outline is-style-outline--7\"><a class=\"wp-block-button__link has-contrast-color has-text-color has-link-color has-border-color has-contrast-border-color wp-element-button\" href=\"https:\/\/encyclelibre.com\/\" target=\"_blank\" rel=\"noreferrer noopener\">Site web<\/a><\/div>\n<\/div>\n<\/div>\n\n\n\n<div style=\"height:48px\" aria-hidden=\"true\" class=\"wp-block-spacer\"><\/div>\n\n\n\n<div class=\"wp-block-group has-background is-vertical is-content-justification-center is-layout-flex wp-container-core-group-is-layout-b0dfbb97 wp-block-group-is-layout-flex\" style=\"border-radius:1rem;background-color:#ffffff;padding-top:24px;padding-right:24px;padding-bottom:24px;padding-left:24px\">\n<figure class=\"wp-block-image size-full has-custom-border\"><img loading=\"lazy\" decoding=\"async\" width=\"857\" height=\"1280\" src=\"https:\/\/festival.cyclo-camping.international\/wp-content\/uploads\/2024\/02\/En-nous-les-betes.jpeg\" alt=\"\" class=\"wp-image-1957\" style=\"border-style:none;border-width:0px;object-fit:cover\" srcset=\"https:\/\/festival.cyclo-camping.international\/2024\/wp-content\/uploads\/sites\/2\/2024\/02\/En-nous-les-betes.jpeg 857w, https:\/\/festival.cyclo-camping.international\/2024\/wp-content\/uploads\/sites\/2\/2024\/02\/En-nous-les-betes-201x300.jpeg 201w, https:\/\/festival.cyclo-camping.international\/2024\/wp-content\/uploads\/sites\/2\/2024\/02\/En-nous-les-betes-686x1024.jpeg 686w, https:\/\/festival.cyclo-camping.international\/2024\/wp-content\/uploads\/sites\/2\/2024\/02\/En-nous-les-betes-768x1147.jpeg 768w\" sizes=\"auto, (max-width: 857px) 100vw, 857px\" \/><\/figure>\n\n\n\n<div class=\"wp-block-group is-vertical is-content-justification-center is-layout-flex wp-container-core-group-is-layout-81423f52 wp-block-group-is-layout-flex\">\n<h3 class=\"wp-block-heading has-text-align-center has-medium-font-size\">G\u00e9rard Bastide<\/h3>\n\n\n\n<p class=\"has-text-align-center\" style=\"line-height:1.3\">pour<\/p>\n\n\n\n<p class=\"has-text-align-center\" style=\"line-height:1.3\">\u201c<strong><em>En nous les b\u00eates<\/em><\/strong>\u201d<\/p>\n<\/div>\n\n\n\n<div class=\"wp-block-buttons is-content-justification-center is-layout-flex wp-container-core-buttons-is-layout-a89b3969 wp-block-buttons-is-layout-flex\">\n<div class=\"wp-block-button is-style-outline is-style-outline--8\"><a class=\"wp-block-button__link has-contrast-color has-text-color has-link-color has-border-color has-contrast-border-color wp-element-button\" href=\"http:\/\/gerardbastide.fr\" target=\"_blank\" rel=\"noreferrer noopener\">Site web<\/a><\/div>\n<\/div>\n<\/div>\n\n\n\n<div style=\"height:48px\" aria-hidden=\"true\" class=\"wp-block-spacer\"><\/div>\n\n\n\n<div class=\"wp-block-group has-background is-vertical is-content-justification-center is-layout-flex wp-container-core-group-is-layout-b0dfbb97 wp-block-group-is-layout-flex\" style=\"border-radius:1rem;background-color:#ffffff;padding-top:24px;padding-right:24px;padding-bottom:24px;padding-left:24px\">\n<figure class=\"wp-block-image size-large\"><img loading=\"lazy\" decoding=\"async\" width=\"634\" height=\"1024\" src=\"https:\/\/festival.cyclo-camping.international\/2024\/wp-content\/uploads\/sites\/2\/2024\/02\/En-quete-de-liberte-scaled-1-634x1024.webp\" alt=\"\" class=\"wp-image-2065\" srcset=\"https:\/\/festival.cyclo-camping.international\/2024\/wp-content\/uploads\/sites\/2\/2024\/02\/En-quete-de-liberte-scaled-1-634x1024.webp 634w, https:\/\/festival.cyclo-camping.international\/2024\/wp-content\/uploads\/sites\/2\/2024\/02\/En-quete-de-liberte-scaled-1-186x300.webp 186w, https:\/\/festival.cyclo-camping.international\/2024\/wp-content\/uploads\/sites\/2\/2024\/02\/En-quete-de-liberte-scaled-1-768x1240.webp 768w, https:\/\/festival.cyclo-camping.international\/2024\/wp-content\/uploads\/sites\/2\/2024\/02\/En-quete-de-liberte-scaled-1-951x1536.webp 951w, https:\/\/festival.cyclo-camping.international\/2024\/wp-content\/uploads\/sites\/2\/2024\/02\/En-quete-de-liberte-scaled-1-1268x2048.webp 1268w, https:\/\/festival.cyclo-camping.international\/2024\/wp-content\/uploads\/sites\/2\/2024\/02\/En-quete-de-liberte-scaled-1.webp 1585w\" sizes=\"auto, (max-width: 634px) 100vw, 634px\" \/><\/figure>\n\n\n\n<div class=\"wp-block-group is-vertical is-content-justification-center is-layout-flex wp-container-core-group-is-layout-81423f52 wp-block-group-is-layout-flex\">\n<h3 class=\"wp-block-heading has-text-align-center has-medium-font-size\">Marine &amp; Damien Godet<\/h3>\n\n\n\n<p class=\"has-text-align-center\" style=\"line-height:1.3\">pour<\/p>\n\n\n\n<p class=\"has-text-align-center\" style=\"line-height:1.3\">\u201c<strong><em>En qu\u00eate de libert\u00e9<\/em><\/strong>\u201d<\/p>\n<\/div>\n\n\n\n<div class=\"wp-block-buttons is-content-justification-center is-layout-flex wp-container-core-buttons-is-layout-a89b3969 wp-block-buttons-is-layout-flex\">\n<div class=\"wp-block-button is-style-outline is-style-outline--9\"><a class=\"wp-block-button__link has-contrast-color has-text-color has-link-color has-border-color has-contrast-border-color wp-element-button\" href=\"https:\/\/enquetedeliberte.com\" target=\"_blank\" rel=\"noreferrer noopener\">Site web<\/a><\/div>\n<\/div>\n<\/div>\n<\/div>\n\n\n\n<div class=\"wp-block-column is-layout-flow wp-block-column-is-layout-flow\" style=\"flex-basis:33.33%\">\n<div class=\"wp-block-group has-background is-vertical is-content-justification-center is-layout-flex wp-container-core-group-is-layout-b0dfbb97 wp-block-group-is-layout-flex\" style=\"border-radius:1rem;background-color:#ffffff;padding-top:24px;padding-right:24px;padding-bottom:24px;padding-left:24px\">\n<figure class=\"wp-block-image size-full\"><img loading=\"lazy\" decoding=\"async\" width=\"1389\" height=\"1964\" src=\"https:\/\/festival.cyclo-camping.international\/wp-content\/uploads\/2024\/01\/couv2.jpg\" alt=\"\" class=\"wp-image-513\" style=\"object-fit:cover\" srcset=\"https:\/\/festival.cyclo-camping.international\/2024\/wp-content\/uploads\/sites\/2\/2024\/01\/couv2.jpg 1389w, https:\/\/festival.cyclo-camping.international\/2024\/wp-content\/uploads\/sites\/2\/2024\/01\/couv2-212x300.jpg 212w, https:\/\/festival.cyclo-camping.international\/2024\/wp-content\/uploads\/sites\/2\/2024\/01\/couv2-724x1024.jpg 724w, https:\/\/festival.cyclo-camping.international\/2024\/wp-content\/uploads\/sites\/2\/2024\/01\/couv2-768x1086.jpg 768w, https:\/\/festival.cyclo-camping.international\/2024\/wp-content\/uploads\/sites\/2\/2024\/01\/couv2-1086x1536.jpg 1086w\" sizes=\"auto, (max-width: 1389px) 100vw, 1389px\" \/><\/figure>\n\n\n\n<div class=\"wp-block-group is-vertical is-content-justification-center is-layout-flex wp-container-core-group-is-layout-81423f52 wp-block-group-is-layout-flex\">\n<h3 class=\"wp-block-heading has-text-align-center has-medium-font-size\">Etienne Matthieu &amp; Florent Boithias<\/h3>\n\n\n\n<p class=\"has-text-align-center\" style=\"line-height:1.3\">pour<\/p>\n\n\n\n<p class=\"has-text-align-center\" style=\"line-height:1.3\">\u201c<strong><em>Sortir des rails<\/em><\/strong>\u201d<\/p>\n<\/div>\n\n\n\n<div class=\"wp-block-buttons is-content-justification-center is-layout-flex wp-container-core-buttons-is-layout-a89b3969 wp-block-buttons-is-layout-flex\">\n<div class=\"wp-block-button is-style-outline is-style-outline--10\"><a class=\"wp-block-button__link has-contrast-color has-text-color has-link-color has-border-color has-contrast-border-color wp-element-button\" href=\"http:\/\/biblio-cyclesdephilippeorgebin.hautetfort.com\/archive\/2023\/05\/31\/boithias-florent-matthieu-etienne-6445622.html\" target=\"_blank\" rel=\"noreferrer noopener\">R\u00e9sum\u00e9<\/a><\/div>\n\n\n\n<div class=\"wp-block-button is-style-outline is-style-outline--11\"><a class=\"wp-block-button__link has-contrast-color has-text-color has-link-color has-border-color has-contrast-border-color wp-element-button\" href=\"https:\/\/bdsortisdesrails.hloc.fr\/\" target=\"_blank\" rel=\"noreferrer noopener\">Site web<\/a><\/div>\n<\/div>\n<\/div>\n\n\n\n<div style=\"height:48px\" aria-hidden=\"true\" class=\"wp-block-spacer\"><\/div>\n\n\n\n<div class=\"wp-block-group has-background is-vertical is-content-justification-center is-layout-flex wp-container-core-group-is-layout-b0dfbb97 wp-block-group-is-layout-flex\" style=\"border-radius:1rem;background-color:#ffffff;padding-top:24px;padding-right:24px;padding-bottom:24px;padding-left:24px\">\n<figure class=\"wp-block-image size-full\"><img loading=\"lazy\" decoding=\"async\" width=\"354\" height=\"500\" src=\"https:\/\/festival.cyclo-camping.international\/wp-content\/uploads\/2024\/01\/Tata-Alex.jpg\" alt=\"\" class=\"wp-image-522\" style=\"object-fit:cover\" srcset=\"https:\/\/festival.cyclo-camping.international\/2024\/wp-content\/uploads\/sites\/2\/2024\/01\/Tata-Alex.jpg 354w, https:\/\/festival.cyclo-camping.international\/2024\/wp-content\/uploads\/sites\/2\/2024\/01\/Tata-Alex-212x300.jpg 212w\" sizes=\"auto, (max-width: 354px) 100vw, 354px\" \/><\/figure>\n\n\n\n<div class=\"wp-block-group is-vertical is-content-justification-center is-layout-flex wp-container-core-group-is-layout-81423f52 wp-block-group-is-layout-flex\">\n<h3 class=\"wp-block-heading has-text-align-center has-medium-font-size\">Alexandra Husta<\/h3>\n\n\n\n<p class=\"has-text-align-center\" style=\"line-height:1.3\">pour<\/p>\n\n\n\n<p class=\"has-text-align-center\" style=\"line-height:1.3\">\u201c<strong><em>Adventures of Tata Alex<\/em><\/strong>\u201d<\/p>\n<\/div>\n\n\n\n<div class=\"wp-block-buttons is-content-justification-center is-layout-flex wp-container-core-buttons-is-layout-a89b3969 wp-block-buttons-is-layout-flex\">\n<div class=\"wp-block-button is-style-outline is-style-outline--12\"><a class=\"wp-block-button__link has-contrast-color has-text-color has-link-color has-border-color has-contrast-border-color wp-element-button\" href=\"http:\/\/biblio-cyclesdephilippeorgebin.hautetfort.com\/archive\/2022\/11\/16\/husta-alexandra-6412119.html\" target=\"_blank\" rel=\"noreferrer noopener\">R\u00e9sum\u00e9<\/a><\/div>\n\n\n\n<div class=\"wp-block-button is-style-outline is-style-outline--13\"><a class=\"wp-block-button__link has-contrast-color has-text-color has-link-color has-border-color has-contrast-border-color wp-element-button\" href=\"https:\/\/adventuresoftataalex.wordpress.com\/\" target=\"_blank\" rel=\"noreferrer noopener\">Site web<\/a><\/div>\n<\/div>\n<\/div>\n\n\n\n<div style=\"height:48px\" aria-hidden=\"true\" class=\"wp-block-spacer\"><\/div>\n\n\n\n<div class=\"wp-block-group has-background is-vertical is-content-justification-center is-layout-flex wp-container-core-group-is-layout-b0dfbb97 wp-block-group-is-layout-flex\" style=\"border-radius:1rem;background-color:#ffffff;padding-top:24px;padding-right:24px;padding-bottom:24px;padding-left:24px\">\n<figure class=\"wp-block-image size-full\"><img loading=\"lazy\" decoding=\"async\" width=\"352\" height=\"500\" src=\"https:\/\/festival.cyclo-camping.international\/wp-content\/uploads\/2024\/01\/Hors-frontieres.jpg\" alt=\"\" class=\"wp-image-517\" style=\"object-fit:cover\" srcset=\"https:\/\/festival.cyclo-camping.international\/2024\/wp-content\/uploads\/sites\/2\/2024\/01\/Hors-frontieres.jpg 352w, https:\/\/festival.cyclo-camping.international\/2024\/wp-content\/uploads\/sites\/2\/2024\/01\/Hors-frontieres-211x300.jpg 211w\" sizes=\"auto, (max-width: 352px) 100vw, 352px\" \/><\/figure>\n\n\n\n<div class=\"wp-block-group is-vertical is-content-justification-center is-layout-flex wp-container-core-group-is-layout-81423f52 wp-block-group-is-layout-flex\">\n<h3 class=\"wp-block-heading has-text-align-center has-medium-font-size\">Tiphaine Muller<\/h3>\n\n\n\n<p class=\"has-text-align-center\" style=\"line-height:1.3\">pour<\/p>\n\n\n\n<p class=\"has-text-align-center\" style=\"line-height:1.3\">\u201c<strong><em>Hors fronti\u00e8res<\/em><\/strong>\u201d<\/p>\n<\/div>\n\n\n\n<div class=\"wp-block-buttons is-content-justification-center is-layout-flex wp-container-core-buttons-is-layout-a89b3969 wp-block-buttons-is-layout-flex\">\n<div class=\"wp-block-button is-style-outline is-style-outline--14\"><a class=\"wp-block-button__link has-contrast-color has-text-color has-link-color has-border-color has-contrast-border-color wp-element-button\" href=\"http:\/\/biblio-cyclesdephilippeorgebin.hautetfort.com\/archive\/2024\/01\/05\/muller-thiphaine-6478813.html\" target=\"_blank\" rel=\"noreferrer noopener\">R\u00e9sum\u00e9<\/a><\/div>\n\n\n\n<div class=\"wp-block-button is-style-outline is-style-outline--15\"><a class=\"wp-block-button__link has-contrast-color has-text-color has-link-color has-border-color has-contrast-border-color wp-element-button\" href=\"https:\/\/linktr.ee\/littlemisspedals\" target=\"_blank\" rel=\"noreferrer noopener\">Site web<\/a><\/div>\n<\/div>\n\n\n\n<div class=\"wp-block-group has-custom-couleur-1-background-color has-background is-vertical is-content-justification-center is-layout-flex wp-container-core-group-is-layout-c5c1d8a6 wp-block-group-is-layout-flex\" style=\"padding-top:0.5rem;padding-right:0.5rem;padding-bottom:0.5rem;padding-left:0.5rem\">\n<p class=\"has-text-align-center has-small-font-size\"><a href=\"https:\/\/festival.cyclo-camping.international\/2024\/films\/allemagne-alaska-velo\">Son film est diffus\u00e9 samedi \u00e0 14h15<\/a><\/p>\n<\/div>\n<\/div>\n\n\n\n<div style=\"height:48px\" aria-hidden=\"true\" class=\"wp-block-spacer\"><\/div>\n\n\n\n<div class=\"wp-block-group has-background is-vertical is-content-justification-center is-layout-flex wp-container-core-group-is-layout-b0dfbb97 wp-block-group-is-layout-flex\" style=\"border-radius:1rem;background-color:#ffffff;padding-top:24px;padding-right:24px;padding-bottom:24px;padding-left:24px\">\n<figure class=\"wp-block-image size-full\"><img loading=\"lazy\" decoding=\"async\" width=\"800\" height=\"800\" src=\"https:\/\/festival.cyclo-camping.international\/wp-content\/uploads\/2024\/01\/anecdotes-plein-la-carriole.jpg\" alt=\"\" class=\"wp-image-502\" style=\"object-fit:cover\" srcset=\"https:\/\/festival.cyclo-camping.international\/2024\/wp-content\/uploads\/sites\/2\/2024\/01\/anecdotes-plein-la-carriole.jpg 800w, https:\/\/festival.cyclo-camping.international\/2024\/wp-content\/uploads\/sites\/2\/2024\/01\/anecdotes-plein-la-carriole-300x300.jpg 300w, https:\/\/festival.cyclo-camping.international\/2024\/wp-content\/uploads\/sites\/2\/2024\/01\/anecdotes-plein-la-carriole-150x150.jpg 150w, https:\/\/festival.cyclo-camping.international\/2024\/wp-content\/uploads\/sites\/2\/2024\/01\/anecdotes-plein-la-carriole-768x768.jpg 768w\" sizes=\"auto, (max-width: 800px) 100vw, 800px\" \/><\/figure>\n\n\n\n<div class=\"wp-block-group is-vertical is-content-justification-center is-layout-flex wp-container-core-group-is-layout-81423f52 wp-block-group-is-layout-flex\">\n<h3 class=\"wp-block-heading has-medium-font-size\">Aur\u00e9lia Brivet<\/h3>\n\n\n\n<p class=\"has-text-align-center\" style=\"line-height:1.3\">pour<\/p>\n\n\n\n<p class=\"has-text-align-center\" style=\"line-height:1.3\"><em><strong>\u201cAnecdotes plein la carriole\u201d<\/strong><\/em><\/p>\n<\/div>\n\n\n\n<div class=\"wp-block-buttons is-content-justification-center is-layout-flex wp-container-core-buttons-is-layout-a89b3969 wp-block-buttons-is-layout-flex\">\n<div class=\"wp-block-button is-style-outline is-style-outline--16\"><a class=\"wp-block-button__link has-contrast-color has-text-color has-link-color has-border-color has-contrast-border-color wp-element-button\" href=\"http:\/\/biblio-cyclesdephilippeorgebin.hautetfort.com\/archive\/2022\/05\/30\/brivet-aurelia-6384471.html\" target=\"_blank\" rel=\"noreferrer noopener\">R\u00e9sum\u00e9<\/a><\/div>\n\n\n\n<div class=\"wp-block-button is-style-outline is-style-outline--17\"><a class=\"wp-block-button__link has-contrast-color has-text-color has-link-color has-border-color has-contrast-border-color wp-element-button\" href=\"https:\/\/aureliabrivet.com\/anecdotes-plein-les-sacoches\" target=\"_blank\" rel=\"noreferrer noopener\">Site web<\/a><\/div>\n<\/div>\n<\/div>\n\n\n\n<div style=\"height:48px\" aria-hidden=\"true\" class=\"wp-block-spacer\"><\/div>\n\n\n\n<div class=\"wp-block-group has-background is-vertical is-content-justification-center is-layout-flex wp-container-core-group-is-layout-b0dfbb97 wp-block-group-is-layout-flex\" style=\"border-radius:1rem;background-color:#ffffff;padding-top:24px;padding-right:24px;padding-bottom:24px;padding-left:24px\">\n<figure class=\"wp-block-image size-large\"><img loading=\"lazy\" decoding=\"async\" width=\"719\" height=\"1024\" src=\"https:\/\/festival.cyclo-camping.international\/2024\/wp-content\/uploads\/sites\/2\/2024\/01\/Velomerica-scaled-1-719x1024.jpeg\" alt=\"\" class=\"wp-image-509\" srcset=\"https:\/\/festival.cyclo-camping.international\/2024\/wp-content\/uploads\/sites\/2\/2024\/01\/Velomerica-scaled-1-719x1024.jpeg 719w, https:\/\/festival.cyclo-camping.international\/2024\/wp-content\/uploads\/sites\/2\/2024\/01\/Velomerica-scaled-1-211x300.jpeg 211w, https:\/\/festival.cyclo-camping.international\/2024\/wp-content\/uploads\/sites\/2\/2024\/01\/Velomerica-scaled-1-768x1094.jpeg 768w, https:\/\/festival.cyclo-camping.international\/2024\/wp-content\/uploads\/sites\/2\/2024\/01\/Velomerica-scaled-1-1078x1536.jpeg 1078w, https:\/\/festival.cyclo-camping.international\/2024\/wp-content\/uploads\/sites\/2\/2024\/01\/Velomerica-scaled-1-1438x2048.jpeg 1438w, https:\/\/festival.cyclo-camping.international\/2024\/wp-content\/uploads\/sites\/2\/2024\/01\/Velomerica-scaled-1.jpeg 1797w\" sizes=\"auto, (max-width: 719px) 100vw, 719px\" \/><\/figure>\n\n\n\n<div class=\"wp-block-group is-vertical is-content-justification-center is-layout-flex wp-container-core-group-is-layout-81423f52 wp-block-group-is-layout-flex\">\n<h3 class=\"wp-block-heading has-text-align-center has-medium-font-size\">Marilyne Griffon<\/h3>\n\n\n\n<p class=\"has-text-align-center\" style=\"line-height:1.3\">pour<\/p>\n\n\n\n<p class=\"has-text-align-center\" style=\"line-height:1.3\"><em style=\"font-weight: bold\">Velomerica. De&nbsp;l&rsquo;Alaska \u00e0 la&nbsp;Patagonie<\/em>, <strong>21741 kms \u00e0 v\u00e9lo en famille<\/strong><\/p>\n<\/div>\n\n\n\n<div class=\"wp-block-buttons is-content-justification-center is-layout-flex wp-container-core-buttons-is-layout-a89b3969 wp-block-buttons-is-layout-flex\">\n<div class=\"wp-block-button is-style-outline is-style-outline--18\"><a class=\"wp-block-button__link has-contrast-color has-text-color has-link-color has-border-color has-contrast-border-color wp-element-button\" href=\"http:\/\/biblio-cyclesdephilippeorgebin.hautetfort.com\/archive\/2023\/06\/19\/griffon-marilyne-6448268.html\" target=\"_blank\" rel=\"noreferrer noopener\">R\u00e9sum\u00e9<\/a><\/div>\n\n\n\n<div class=\"wp-block-button is-style-outline is-style-outline--19\"><a class=\"wp-block-button__link has-contrast-color has-text-color has-link-color has-border-color has-contrast-border-color wp-element-button\" href=\"https:\/\/velomerica.org\/blog\/francais\/\" target=\"_blank\" rel=\"noreferrer noopener\">Site web<\/a><\/div>\n<\/div>\n<\/div>\n\n\n\n<div style=\"height:48px\" aria-hidden=\"true\" class=\"wp-block-spacer\"><\/div>\n\n\n\n<div class=\"wp-block-group has-background is-vertical is-content-justification-center is-layout-flex wp-container-core-group-is-layout-b0dfbb97 wp-block-group-is-layout-flex\" style=\"border-radius:1rem;background-color:#ffffff;padding-top:24px;padding-right:24px;padding-bottom:24px;padding-left:24px\">\n<figure class=\"wp-block-image size-full\"><img loading=\"lazy\" decoding=\"async\" width=\"334\" height=\"500\" src=\"https:\/\/festival.cyclo-camping.international\/wp-content\/uploads\/2024\/01\/Passion-de-lAtacama.jpg\" alt=\"\" class=\"wp-image-523\" style=\"object-fit:cover\" srcset=\"https:\/\/festival.cyclo-camping.international\/2024\/wp-content\/uploads\/sites\/2\/2024\/01\/Passion-de-lAtacama.jpg 334w, https:\/\/festival.cyclo-camping.international\/2024\/wp-content\/uploads\/sites\/2\/2024\/01\/Passion-de-lAtacama-200x300.jpg 200w\" sizes=\"auto, (max-width: 334px) 100vw, 334px\" \/><\/figure>\n\n\n\n<div class=\"wp-block-group is-vertical is-content-justification-center is-layout-flex wp-container-core-group-is-layout-81423f52 wp-block-group-is-layout-flex\">\n<h3 class=\"wp-block-heading has-text-align-center has-medium-font-size\">Luc Devors<\/h3>\n\n\n\n<p class=\"has-text-align-center\" style=\"line-height:1.3\">pour<\/p>\n\n\n\n<p class=\"has-text-align-center\" style=\"line-height:1.3\"><strong><em>\u201cPassion de l&rsquo;Atacama, \u00e0 v\u00e9lo\u201d<\/em><\/strong><\/p>\n<\/div>\n\n\n\n<div class=\"wp-block-buttons is-content-justification-center is-layout-flex wp-container-core-buttons-is-layout-a89b3969 wp-block-buttons-is-layout-flex\">\n<div class=\"wp-block-button is-style-outline is-style-outline--20\"><a class=\"wp-block-button__link has-contrast-color has-text-color has-link-color has-border-color has-contrast-border-color wp-element-button\" href=\"http:\/\/biblio-cyclesdephilippeorgebin.hautetfort.com\/archive\/2020\/05\/15\/devors-luc-6238654.html\" target=\"_blank\" rel=\"noreferrer noopener\">R\u00e9sum\u00e9<\/a><\/div>\n<\/div>\n<\/div>\n<\/div>\n\n\n\n<div class=\"wp-block-column is-layout-flow wp-block-column-is-layout-flow\" style=\"flex-basis:33.34%\">\n<div style=\"height:48px\" aria-hidden=\"true\" class=\"wp-block-spacer\"><\/div>\n\n\n\n<div class=\"wp-block-group has-background is-vertical is-content-justification-center is-layout-flex wp-container-core-group-is-layout-b0dfbb97 wp-block-group-is-layout-flex\" style=\"border-radius:1rem;background-color:#ffffff;padding-top:24px;padding-right:24px;padding-bottom:24px;padding-left:24px\">\n<figure class=\"wp-block-image size-full\"><img loading=\"lazy\" decoding=\"async\" width=\"255\" height=\"340\" src=\"https:\/\/festival.cyclo-camping.international\/wp-content\/uploads\/2024\/01\/A-velo-en-famille-edited.jpg\" alt=\"\" class=\"wp-image-1668\" style=\"object-fit:cover\" srcset=\"https:\/\/festival.cyclo-camping.international\/2024\/wp-content\/uploads\/sites\/2\/2024\/01\/A-velo-en-famille-edited.jpg 255w, https:\/\/festival.cyclo-camping.international\/2024\/wp-content\/uploads\/sites\/2\/2024\/01\/A-velo-en-famille-edited-225x300.jpg 225w\" sizes=\"auto, (max-width: 255px) 100vw, 255px\" \/><\/figure>\n\n\n\n<div class=\"wp-block-group is-vertical is-content-justification-center is-layout-flex wp-container-core-group-is-layout-81423f52 wp-block-group-is-layout-flex\">\n<h3 class=\"wp-block-heading has-medium-font-size\">Jeanne Lepoix<\/h3>\n\n\n\n<p class=\"has-text-align-center\" style=\"line-height:1.3\">pour<\/p>\n\n\n\n<p class=\"has-text-align-center\" style=\"line-height:1.3\">\u201c<strong><em>A v\u00e9lo en famille<\/em><\/strong>\u201d<\/p>\n<\/div>\n\n\n\n<div class=\"wp-block-buttons is-content-justification-center is-layout-flex wp-container-core-buttons-is-layout-a89b3969 wp-block-buttons-is-layout-flex\">\n<div class=\"wp-block-button is-style-outline is-style-outline--21\"><a class=\"wp-block-button__link has-contrast-color has-text-color has-link-color has-border-color has-contrast-border-color wp-element-button\" href=\"http:\/\/biblio-cyclesdephilippeorgebin.hautetfort.com\/archive\/2023\/04\/20\/boiardi-franchi-camille-lepoix-jeanne-6439224.html\" target=\"_blank\" rel=\"noreferrer noopener\">R\u00e9sum\u00e9<\/a><\/div>\n\n\n\n<div class=\"wp-block-button is-style-outline is-style-outline--22\"><a class=\"wp-block-button__link has-contrast-color has-text-color has-link-color has-border-color has-contrast-border-color wp-element-button\" href=\"https:\/\/jeanne-lepoix.com\/\" target=\"_blank\" rel=\"noreferrer noopener\">Site web<\/a><\/div>\n<\/div>\n\n\n\n<div class=\"wp-block-group has-custom-couleur-1-background-color has-background is-vertical is-content-justification-center is-layout-flex wp-container-core-group-is-layout-c5c1d8a6 wp-block-group-is-layout-flex\" style=\"padding-top:0.5rem;padding-right:0.5rem;padding-bottom:0.5rem;padding-left:0.5rem\">\n<p class=\"has-text-align-center has-small-font-size\"><a href=\"https:\/\/festival.cyclo-camping.international\/2024\/programme-des-films-2024\/la-mini-passagere\/\">Son film est diffus\u00e9 samedi \u00e0 20h00<\/a><\/p>\n<\/div>\n<\/div>\n\n\n\n<div style=\"height:48px\" aria-hidden=\"true\" class=\"wp-block-spacer\"><\/div>\n\n\n\n<div class=\"wp-block-group has-background is-vertical is-content-justification-center is-layout-flex wp-container-core-group-is-layout-b0dfbb97 wp-block-group-is-layout-flex\" style=\"border-radius:1rem;background-color:#ffffff;padding-top:24px;padding-right:24px;padding-bottom:24px;padding-left:24px\">\n<figure class=\"wp-block-image size-full\"><img loading=\"lazy\" decoding=\"async\" width=\"1328\" height=\"1771\" src=\"https:\/\/festival.cyclo-camping.international\/wp-content\/uploads\/2024\/01\/RENAISSANCE-WEBSITE-ISBN-OK-REDUIT-edited.jpg\" alt=\"\" class=\"wp-image-1666\" style=\"object-fit:cover\" srcset=\"https:\/\/festival.cyclo-camping.international\/2024\/wp-content\/uploads\/sites\/2\/2024\/01\/RENAISSANCE-WEBSITE-ISBN-OK-REDUIT-edited.jpg 1328w, https:\/\/festival.cyclo-camping.international\/2024\/wp-content\/uploads\/sites\/2\/2024\/01\/RENAISSANCE-WEBSITE-ISBN-OK-REDUIT-edited-225x300.jpg 225w, https:\/\/festival.cyclo-camping.international\/2024\/wp-content\/uploads\/sites\/2\/2024\/01\/RENAISSANCE-WEBSITE-ISBN-OK-REDUIT-edited-768x1024.jpg 768w, https:\/\/festival.cyclo-camping.international\/2024\/wp-content\/uploads\/sites\/2\/2024\/01\/RENAISSANCE-WEBSITE-ISBN-OK-REDUIT-edited-1152x1536.jpg 1152w\" sizes=\"auto, (max-width: 1328px) 100vw, 1328px\" \/><\/figure>\n\n\n\n<div class=\"wp-block-group is-vertical is-content-justification-center is-layout-flex wp-container-core-group-is-layout-81423f52 wp-block-group-is-layout-flex\">\n<h3 class=\"wp-block-heading has-text-align-center has-medium-font-size\">Bastien Delesalle<\/h3>\n\n\n\n<p class=\"has-text-align-center\" style=\"line-height:1.3\">pour<\/p>\n\n\n\n<p class=\"has-text-align-center\" style=\"line-height:1.3\"><strong><em>\u201c(Re)naissance d&rsquo;un nomade\u201d<\/em><\/strong><\/p>\n<\/div>\n\n\n\n<div class=\"wp-block-buttons is-content-justification-center is-layout-flex wp-container-core-buttons-is-layout-a89b3969 wp-block-buttons-is-layout-flex\">\n<div class=\"wp-block-button is-style-outline is-style-outline--23\"><a class=\"wp-block-button__link has-contrast-color has-text-color has-link-color has-border-color has-contrast-border-color wp-element-button\" href=\"http:\/\/biblio-cyclesdephilippeorgebin.hautetfort.com\/archive\/2022\/12\/03\/delesalle-bastien-6415195.html\" target=\"_blank\" rel=\"noreferrer noopener\">R\u00e9sum\u00e9<\/a><\/div>\n\n\n\n<div class=\"wp-block-button is-style-outline is-style-outline--24\"><a class=\"wp-block-button__link has-contrast-color has-text-color has-link-color has-border-color has-contrast-border-color wp-element-button\" href=\"http:\/\/no.mads.land.free.fr\/\" target=\"_blank\" rel=\"noreferrer noopener\">Site web<\/a><\/div>\n<\/div>\n<\/div>\n\n\n\n<div style=\"height:48px\" aria-hidden=\"true\" class=\"wp-block-spacer\"><\/div>\n\n\n\n<div class=\"wp-block-group has-background is-vertical is-content-justification-center is-layout-flex wp-container-core-group-is-layout-b0dfbb97 wp-block-group-is-layout-flex\" style=\"border-radius:1rem;background-color:#ffffff;padding-top:24px;padding-right:24px;padding-bottom:24px;padding-left:24px\">\n<figure class=\"wp-block-image size-full\"><img loading=\"lazy\" decoding=\"async\" width=\"412\" height=\"637\" src=\"https:\/\/festival.cyclo-camping.international\/2024\/wp-content\/uploads\/sites\/2\/2024\/02\/couverture-du-livre.jpg\" alt=\"\" class=\"wp-image-2102\" style=\"object-fit:cover\" srcset=\"https:\/\/festival.cyclo-camping.international\/2024\/wp-content\/uploads\/sites\/2\/2024\/02\/couverture-du-livre.jpg 412w, https:\/\/festival.cyclo-camping.international\/2024\/wp-content\/uploads\/sites\/2\/2024\/02\/couverture-du-livre-194x300.jpg 194w\" sizes=\"auto, (max-width: 412px) 100vw, 412px\" \/><\/figure>\n\n\n\n<div class=\"wp-block-group is-vertical is-content-justification-center is-layout-flex wp-container-core-group-is-layout-81423f52 wp-block-group-is-layout-flex\">\n<h3 class=\"wp-block-heading has-text-align-center has-medium-font-size\">Manon Verger &amp; Killien Dalle<\/h3>\n\n\n\n<p class=\"has-text-align-center\" style=\"line-height:1.3\">pour<\/p>\n\n\n\n<p class=\"has-text-align-center\" style=\"line-height:1.3\">\u201c<strong><em>Entre v\u00e9los et&nbsp;tortillas &#8211;&nbsp;De&nbsp;Mexico \u00e0&nbsp;Bogota<\/em><\/strong>\u201d<\/p>\n<\/div>\n\n\n\n<div class=\"wp-block-buttons is-content-justification-center is-layout-flex wp-container-core-buttons-is-layout-a89b3969 wp-block-buttons-is-layout-flex\">\n<div class=\"wp-block-button is-style-outline is-style-outline--25\"><a class=\"wp-block-button__link has-contrast-color has-text-color has-link-color has-border-color has-contrast-border-color wp-element-button\" href=\"https:\/\/vergermanon.hubside.fr\" target=\"_blank\" rel=\"noreferrer noopener\">Site web<\/a><\/div>\n<\/div>\n<\/div>\n\n\n\n<div style=\"height:48px\" aria-hidden=\"true\" class=\"wp-block-spacer\"><\/div>\n\n\n\n<div class=\"wp-block-group has-background is-vertical is-content-justification-center is-layout-flex wp-container-core-group-is-layout-b0dfbb97 wp-block-group-is-layout-flex\" style=\"border-radius:1rem;background-color:#ffffff;padding-top:24px;padding-right:24px;padding-bottom:24px;padding-left:24px\">\n<figure class=\"wp-block-image size-full\"><img loading=\"lazy\" decoding=\"async\" width=\"352\" height=\"500\" src=\"https:\/\/festival.cyclo-camping.international\/wp-content\/uploads\/2024\/01\/Du-reve-au-guidon.png\" alt=\"\" class=\"wp-image-519\" style=\"object-fit:cover\" srcset=\"https:\/\/festival.cyclo-camping.international\/2024\/wp-content\/uploads\/sites\/2\/2024\/01\/Du-reve-au-guidon.png 352w, https:\/\/festival.cyclo-camping.international\/2024\/wp-content\/uploads\/sites\/2\/2024\/01\/Du-reve-au-guidon-211x300.png 211w\" sizes=\"auto, (max-width: 352px) 100vw, 352px\" \/><\/figure>\n\n\n\n<div class=\"wp-block-group is-vertical is-content-justification-center is-layout-flex wp-container-core-group-is-layout-81423f52 wp-block-group-is-layout-flex\">\n<h3 class=\"wp-block-heading has-text-align-center has-medium-font-size\">Constant Pelhate<\/h3>\n\n\n\n<p class=\"has-text-align-center\" style=\"line-height:1.3\">pour<\/p>\n\n\n\n<p class=\"has-text-align-center\" style=\"line-height:1.3\">\u201c<strong><em>Du r\u00eave au&nbsp;guidon<\/em><\/strong>\u201d<\/p>\n<\/div>\n\n\n\n<div class=\"wp-block-buttons is-content-justification-center is-layout-flex wp-container-core-buttons-is-layout-a89b3969 wp-block-buttons-is-layout-flex\">\n<div class=\"wp-block-button is-style-outline is-style-outline--26\"><a class=\"wp-block-button__link has-contrast-color has-text-color has-link-color has-border-color has-contrast-border-color wp-element-button\" href=\"http:\/\/biblio-cyclesdephilippeorgebin.hautetfort.com\/archive\/2023\/07\/08\/pelhate-constant-6451284.html\" target=\"_blank\" rel=\"noreferrer noopener\">R\u00e9sum\u00e9<\/a><\/div>\n\n\n\n<div class=\"wp-block-button is-style-outline is-style-outline--27\"><a class=\"wp-block-button__link has-contrast-color has-text-color has-link-color has-border-color has-contrast-border-color wp-element-button\" href=\"https:\/\/www.enrouteavecetahlep.com\/\" target=\"_blank\" rel=\"noreferrer noopener\">Site web<\/a><\/div>\n<\/div>\n<\/div>\n\n\n\n<div style=\"height:48px\" aria-hidden=\"true\" class=\"wp-block-spacer\"><\/div>\n\n\n\n<div class=\"wp-block-group has-background is-vertical is-content-justification-center is-layout-flex wp-container-core-group-is-layout-b0dfbb97 wp-block-group-is-layout-flex\" style=\"border-radius:1rem;background-color:#ffffff;padding-top:24px;padding-right:24px;padding-bottom:24px;padding-left:24px\">\n<figure class=\"wp-block-image size-full\"><img loading=\"lazy\" decoding=\"async\" width=\"360\" height=\"500\" src=\"https:\/\/festival.cyclo-camping.international\/wp-content\/uploads\/2024\/01\/MMM.jpg\" alt=\"\" class=\"wp-image-514\" style=\"object-fit:cover\" srcset=\"https:\/\/festival.cyclo-camping.international\/2024\/wp-content\/uploads\/sites\/2\/2024\/01\/MMM.jpg 360w, https:\/\/festival.cyclo-camping.international\/2024\/wp-content\/uploads\/sites\/2\/2024\/01\/MMM-216x300.jpg 216w\" sizes=\"auto, (max-width: 360px) 100vw, 360px\" \/><\/figure>\n\n\n\n<div class=\"wp-block-group is-vertical is-content-justification-center is-layout-flex wp-container-core-group-is-layout-81423f52 wp-block-group-is-layout-flex\">\n<h3 class=\"wp-block-heading has-text-align-center has-medium-font-size\">Martine Misslin\u2011Morand<\/h3>\n\n\n\n<p class=\"has-text-align-center\" style=\"line-height:1.3\">pour<\/p>\n\n\n\n<p class=\"has-text-align-center\" style=\"line-height:1.3\">\u201c<strong><em>Que ma&nbsp;passion devienne mon&nbsp;\u00e9vasion<\/em><\/strong>\u201d<\/p>\n<\/div>\n\n\n\n<div class=\"wp-block-buttons is-content-justification-center is-layout-flex wp-container-core-buttons-is-layout-a89b3969 wp-block-buttons-is-layout-flex\">\n<div class=\"wp-block-button is-style-outline is-style-outline--28\"><a class=\"wp-block-button__link has-contrast-color has-text-color has-link-color has-border-color has-contrast-border-color wp-element-button\" href=\"http:\/\/biblio-cyclesdephilippeorgebin.hautetfort.com\/archive\/2022\/11\/12\/misslin-morand-martine-6411361.html\" target=\"_blank\" rel=\"noreferrer noopener\">R\u00e9sum\u00e9<\/a><\/div>\n<\/div>\n<\/div>\n\n\n\n<div style=\"height:48px\" aria-hidden=\"true\" class=\"wp-block-spacer\"><\/div>\n\n\n\n<div class=\"wp-block-group has-background is-vertical is-content-justification-center is-layout-flex wp-container-core-group-is-layout-b0dfbb97 wp-block-group-is-layout-flex\" style=\"border-radius:1rem;background-color:#ffffff;padding-top:24px;padding-right:24px;padding-bottom:24px;padding-left:24px\">\n<figure class=\"wp-block-image size-full\"><img loading=\"lazy\" decoding=\"async\" width=\"357\" height=\"500\" src=\"https:\/\/festival.cyclo-camping.international\/wp-content\/uploads\/2024\/01\/Reanchantons.jpeg\" alt=\"\" class=\"wp-image-526\" style=\"object-fit:cover\" srcset=\"https:\/\/festival.cyclo-camping.international\/2024\/wp-content\/uploads\/sites\/2\/2024\/01\/Reanchantons.jpeg 357w, https:\/\/festival.cyclo-camping.international\/2024\/wp-content\/uploads\/sites\/2\/2024\/01\/Reanchantons-214x300.jpeg 214w\" sizes=\"auto, (max-width: 357px) 100vw, 357px\" \/><\/figure>\n\n\n\n<div class=\"wp-block-group is-vertical is-content-justification-center is-layout-flex wp-container-core-group-is-layout-81423f52 wp-block-group-is-layout-flex\">\n<h3 class=\"wp-block-heading has-text-align-center has-medium-font-size\">Priscilla Parard<\/h3>\n\n\n\n<p class=\"has-text-align-center\" style=\"line-height:1.3\">pour<\/p>\n\n\n\n<p class=\"has-text-align-center\" style=\"line-height:1.3\">\u201c<strong><em>R\u00e9enchantons le&nbsp;v\u00e9lo<\/em><\/strong>\u201d<\/p>\n<\/div>\n\n\n\n<div class=\"wp-block-buttons is-content-justification-center is-layout-flex wp-container-core-buttons-is-layout-a89b3969 wp-block-buttons-is-layout-flex\">\n<div class=\"wp-block-button is-style-outline is-style-outline--29\"><a class=\"wp-block-button__link has-contrast-color has-text-color has-link-color has-border-color has-contrast-border-color wp-element-button\" href=\"http:\/\/biblio-cyclesdephilippeorgebin.hautetfort.com\/archive\/2021\/06\/01\/parard-priscilla-6319424.html\" target=\"_blank\" rel=\"noreferrer noopener\">R\u00e9sum\u00e9<\/a><\/div>\n<\/div>\n<\/div>\n\n\n\n<div style=\"height:48px\" aria-hidden=\"true\" class=\"wp-block-spacer\"><\/div>\n<\/div>\n<\/div>\n<\/div>\n\n\n\n<div class=\"wp-block-group has-global-padding is-layout-constrained wp-block-group-is-layout-constrained\">\n<p class=\"has-text-align-center\" style=\"font-size:0.8rem;letter-spacing:0.0625rem;text-transform:uppercase\"><strong>Autres exposants<\/strong><\/p>\n\n\n\n<div class=\"wp-block-buttons is-content-justification-center is-layout-flex wp-container-core-buttons-is-layout-a89b3969 wp-block-buttons-is-layout-flex\">\n<div class=\"wp-block-button is-style-outline is-style-outline--30\"><a class=\"wp-block-button__link wp-element-button\" href=\"https:\/\/festival.cyclo-camping.international\/2024\/exposants-2024\/associations-festival-velo\/\">Associations<\/a><\/div>\n\n\n\n<div class=\"wp-block-button is-style-outline is-style-outline--31\"><a class=\"wp-block-button__link wp-element-button\" href=\"https:\/\/festival.cyclo-camping.international\/2024\/exposants-2024\/editeurs-festival-velo\/\">\u00c9diteurs<\/a><\/div>\n\n\n\n<div class=\"wp-block-button is-style-outline is-style-outline--32\"><a class=\"wp-block-button__link wp-element-button\" href=\"https:\/\/festival.cyclo-camping.international\/2024\/exposants-2024\/velos\/\">V\u00e9los<\/a><\/div>\n\n\n\n<div class=\"wp-block-button is-style-outline is-style-outline--33\"><a class=\"wp-block-button__link wp-element-button\" href=\"https:\/\/festival.cyclo-camping.international\/2024\/exposants-2024\/equipements\/\">\u00c9quipement<\/a><\/div>\n<\/div>\n<\/div>\n","protected":false},"excerpt":{"rendered":"<p>Les stands des&nbsp;auteurs \u00c0 l&rsquo;\u00e9tage du b\u00e2timent C\u00e9noman Dans cette section du festival, vous pourrez rencontrer des auteurs de livres de voyage \u00e0 v\u00e9lo. Certains auteurs-voyageurs pr\u00e9sentent aussi un film accompagn\u00e9 d\u2019un livre ou d\u2019un DVD. Elodie Dellier pour \u201cDive and Bike, 5&nbsp;mois d\u2019aventure au&nbsp;Mexique\u201d Damien Calvet &amp; Matthieu Marlin pour \u201cSunriders\u201d Leur film est [&hellip;]<\/p>\n","protected":false},"author":1,"featured_media":0,"parent":79,"menu_order":3,"comment_status":"closed","ping_status":"closed","template":"page-no-title","meta":{"footnotes":""},"class_list":["post-449","page","type-page","status-publish","hentry"],"yoast_head":"<!-- This site is optimized with the Yoast SEO plugin v27.5 - https:\/\/yoast.com\/product\/yoast-seo-wordpress\/ -->\n<title>Auteurs festival voyage v\u00e9lo<\/title>\n<meta name=\"description\" content=\"Voici les auteurs que vous aurez l&#039;occasion de rencontrer lors du festival internationnal du voyage \u00e0 v\u00e9lo au Mans en 2024\" \/>\n<meta name=\"robots\" content=\"index, follow, max-snippet:-1, max-image-preview:large, max-video-preview:-1\" \/>\n<link rel=\"canonical\" href=\"https:\/\/festival.cyclo-camping.international\/2024\/exposants-2024\/auteurs-festival-voyage-velo\/\" \/>\n<meta property=\"og:locale\" content=\"fr_FR\" \/>\n<meta property=\"og:type\" content=\"article\" \/>\n<meta property=\"og:title\" content=\"Auteurs festival voyage v\u00e9lo\" \/>\n<meta property=\"og:description\" content=\"Voici les auteurs que vous aurez l&#039;occasion de rencontrer lors du festival internationnal du voyage \u00e0 v\u00e9lo au Mans en 2024\" \/>\n<meta property=\"og:url\" content=\"https:\/\/festival.cyclo-camping.international\/2024\/exposants-2024\/auteurs-festival-voyage-velo\/\" \/>\n<meta property=\"og:site_name\" content=\"37e Festival international du voyage \u00e0 v\u00e9lo\" \/>\n<meta property=\"article:modified_time\" content=\"2025-01-07T20:30:18+00:00\" \/>\n<meta property=\"og:image\" content=\"https:\/\/festival.cyclo-camping.international\/wp-content\/uploads\/2024\/01\/DBv22-scaled.jpg\" \/>\n<meta name=\"twitter:card\" content=\"summary_large_image\" \/>\n<meta name=\"twitter:label1\" content=\"Dur\u00e9e de lecture estim\u00e9e\" \/>\n\t<meta name=\"twitter:data1\" content=\"104 minutes\" \/>\n<script type=\"application\/ld+json\" class=\"yoast-schema-graph\">{\"@context\":\"https:\\\/\\\/schema.org\",\"@graph\":[{\"@type\":\"WebPage\",\"@id\":\"https:\\\/\\\/festival.cyclo-camping.international\\\/2024\\\/exposants-2024\\\/auteurs-festival-voyage-velo\\\/\",\"url\":\"https:\\\/\\\/festival.cyclo-camping.international\\\/2024\\\/exposants-2024\\\/auteurs-festival-voyage-velo\\\/\",\"name\":\"Auteurs festival voyage v\u00e9lo\",\"isPartOf\":{\"@id\":\"https:\\\/\\\/festival.cyclo-camping.international\\\/2024\\\/#website\"},\"primaryImageOfPage\":{\"@id\":\"https:\\\/\\\/festival.cyclo-camping.international\\\/2024\\\/exposants-2024\\\/auteurs-festival-voyage-velo\\\/#primaryimage\"},\"image\":{\"@id\":\"https:\\\/\\\/festival.cyclo-camping.international\\\/2024\\\/exposants-2024\\\/auteurs-festival-voyage-velo\\\/#primaryimage\"},\"thumbnailUrl\":\"https:\\\/\\\/festival.cyclo-camping.international\\\/wp-content\\\/uploads\\\/2024\\\/01\\\/DBv22-scaled.jpg\",\"datePublished\":\"2024-01-07T15:24:55+00:00\",\"dateModified\":\"2025-01-07T20:30:18+00:00\",\"description\":\"Voici les auteurs que vous aurez l'occasion de rencontrer lors du festival internationnal du voyage \u00e0 v\u00e9lo au Mans en 2024\",\"breadcrumb\":{\"@id\":\"https:\\\/\\\/festival.cyclo-camping.international\\\/2024\\\/exposants-2024\\\/auteurs-festival-voyage-velo\\\/#breadcrumb\"},\"inLanguage\":\"fr-FR\",\"potentialAction\":[{\"@type\":\"ReadAction\",\"target\":[\"https:\\\/\\\/festival.cyclo-camping.international\\\/2024\\\/exposants-2024\\\/auteurs-festival-voyage-velo\\\/\"]}]},{\"@type\":\"ImageObject\",\"inLanguage\":\"fr-FR\",\"@id\":\"https:\\\/\\\/festival.cyclo-camping.international\\\/2024\\\/exposants-2024\\\/auteurs-festival-voyage-velo\\\/#primaryimage\",\"url\":\"https:\\\/\\\/festival.cyclo-camping.international\\\/wp-content\\\/uploads\\\/2024\\\/01\\\/DBv22-scaled.jpg\",\"contentUrl\":\"https:\\\/\\\/festival.cyclo-camping.international\\\/wp-content\\\/uploads\\\/2024\\\/01\\\/DBv22-scaled.jpg\"},{\"@type\":\"BreadcrumbList\",\"@id\":\"https:\\\/\\\/festival.cyclo-camping.international\\\/2024\\\/exposants-2024\\\/auteurs-festival-voyage-velo\\\/#breadcrumb\",\"itemListElement\":[{\"@type\":\"ListItem\",\"position\":1,\"name\":\"Accueil\",\"item\":\"https:\\\/\\\/festival.cyclo-camping.international\\\/2024\\\/\"},{\"@type\":\"ListItem\",\"position\":2,\"name\":\"Exposants\",\"item\":\"https:\\\/\\\/festival.cyclo-camping.international\\\/2024\\\/exposants-2024\\\/\"},{\"@type\":\"ListItem\",\"position\":3,\"name\":\"Auteurs\"}]},{\"@type\":\"WebSite\",\"@id\":\"https:\\\/\\\/festival.cyclo-camping.international\\\/2024\\\/#website\",\"url\":\"https:\\\/\\\/festival.cyclo-camping.international\\\/2024\\\/\",\"name\":\"37e Festival international du voyage \u00e0 v\u00e9lo\",\"description\":\"\",\"potentialAction\":[{\"@type\":\"SearchAction\",\"target\":{\"@type\":\"EntryPoint\",\"urlTemplate\":\"https:\\\/\\\/festival.cyclo-camping.international\\\/2024\\\/?s={search_term_string}\"},\"query-input\":{\"@type\":\"PropertyValueSpecification\",\"valueRequired\":true,\"valueName\":\"search_term_string\"}}],\"inLanguage\":\"fr-FR\"}]}<\/script>\n<!-- \/ Yoast SEO plugin. -->","yoast_head_json":{"title":"Auteurs festival voyage v\u00e9lo","description":"Voici les auteurs que vous aurez l'occasion de rencontrer lors du festival internationnal du voyage \u00e0 v\u00e9lo au Mans en 2024","robots":{"index":"index","follow":"follow","max-snippet":"max-snippet:-1","max-image-preview":"max-image-preview:large","max-video-preview":"max-video-preview:-1"},"canonical":"https:\/\/festival.cyclo-camping.international\/2024\/exposants-2024\/auteurs-festival-voyage-velo\/","og_locale":"fr_FR","og_type":"article","og_title":"Auteurs festival voyage v\u00e9lo","og_description":"Voici les auteurs que vous aurez l'occasion de rencontrer lors du festival internationnal du voyage \u00e0 v\u00e9lo au Mans en 2024","og_url":"https:\/\/festival.cyclo-camping.international\/2024\/exposants-2024\/auteurs-festival-voyage-velo\/","og_site_name":"37e Festival international du voyage \u00e0 v\u00e9lo","article_modified_time":"2025-01-07T20:30:18+00:00","og_image":[{"url":"https:\/\/festival.cyclo-camping.international\/wp-content\/uploads\/2024\/01\/DBv22-scaled.jpg","type":"","width":"","height":""}],"twitter_card":"summary_large_image","twitter_misc":{"Dur\u00e9e de lecture estim\u00e9e":"104 minutes"},"schema":{"@context":"https:\/\/schema.org","@graph":[{"@type":"WebPage","@id":"https:\/\/festival.cyclo-camping.international\/2024\/exposants-2024\/auteurs-festival-voyage-velo\/","url":"https:\/\/festival.cyclo-camping.international\/2024\/exposants-2024\/auteurs-festival-voyage-velo\/","name":"Auteurs festival voyage v\u00e9lo","isPartOf":{"@id":"https:\/\/festival.cyclo-camping.international\/2024\/#website"},"primaryImageOfPage":{"@id":"https:\/\/festival.cyclo-camping.international\/2024\/exposants-2024\/auteurs-festival-voyage-velo\/#primaryimage"},"image":{"@id":"https:\/\/festival.cyclo-camping.international\/2024\/exposants-2024\/auteurs-festival-voyage-velo\/#primaryimage"},"thumbnailUrl":"https:\/\/festival.cyclo-camping.international\/wp-content\/uploads\/2024\/01\/DBv22-scaled.jpg","datePublished":"2024-01-07T15:24:55+00:00","dateModified":"2025-01-07T20:30:18+00:00","description":"Voici les auteurs que vous aurez l'occasion de rencontrer lors du festival internationnal du voyage \u00e0 v\u00e9lo au Mans en 2024","breadcrumb":{"@id":"https:\/\/festival.cyclo-camping.international\/2024\/exposants-2024\/auteurs-festival-voyage-velo\/#breadcrumb"},"inLanguage":"fr-FR","potentialAction":[{"@type":"ReadAction","target":["https:\/\/festival.cyclo-camping.international\/2024\/exposants-2024\/auteurs-festival-voyage-velo\/"]}]},{"@type":"ImageObject","inLanguage":"fr-FR","@id":"https:\/\/festival.cyclo-camping.international\/2024\/exposants-2024\/auteurs-festival-voyage-velo\/#primaryimage","url":"https:\/\/festival.cyclo-camping.international\/wp-content\/uploads\/2024\/01\/DBv22-scaled.jpg","contentUrl":"https:\/\/festival.cyclo-camping.international\/wp-content\/uploads\/2024\/01\/DBv22-scaled.jpg"},{"@type":"BreadcrumbList","@id":"https:\/\/festival.cyclo-camping.international\/2024\/exposants-2024\/auteurs-festival-voyage-velo\/#breadcrumb","itemListElement":[{"@type":"ListItem","position":1,"name":"Accueil","item":"https:\/\/festival.cyclo-camping.international\/2024\/"},{"@type":"ListItem","position":2,"name":"Exposants","item":"https:\/\/festival.cyclo-camping.international\/2024\/exposants-2024\/"},{"@type":"ListItem","position":3,"name":"Auteurs"}]},{"@type":"WebSite","@id":"https:\/\/festival.cyclo-camping.international\/2024\/#website","url":"https:\/\/festival.cyclo-camping.international\/2024\/","name":"37e Festival international du voyage \u00e0 v\u00e9lo","description":"","potentialAction":[{"@type":"SearchAction","target":{"@type":"EntryPoint","urlTemplate":"https:\/\/festival.cyclo-camping.international\/2024\/?s={search_term_string}"},"query-input":{"@type":"PropertyValueSpecification","valueRequired":true,"valueName":"search_term_string"}}],"inLanguage":"fr-FR"}]}},"_links":{"self":[{"href":"https:\/\/festival.cyclo-camping.international\/2024\/wp-json\/wp\/v2\/pages\/449","targetHints":{"allow":["GET"]}}],"collection":[{"href":"https:\/\/festival.cyclo-camping.international\/2024\/wp-json\/wp\/v2\/pages"}],"about":[{"href":"https:\/\/festival.cyclo-camping.international\/2024\/wp-json\/wp\/v2\/types\/page"}],"author":[{"embeddable":true,"href":"https:\/\/festival.cyclo-camping.international\/2024\/wp-json\/wp\/v2\/users\/1"}],"replies":[{"embeddable":true,"href":"https:\/\/festival.cyclo-camping.international\/2024\/wp-json\/wp\/v2\/comments?post=449"}],"version-history":[{"count":1,"href":"https:\/\/festival.cyclo-camping.international\/2024\/wp-json\/wp\/v2\/pages\/449\/revisions"}],"predecessor-version":[{"id":2354,"href":"https:\/\/festival.cyclo-camping.international\/2024\/wp-json\/wp\/v2\/pages\/449\/revisions\/2354"}],"up":[{"embeddable":true,"href":"https:\/\/festival.cyclo-camping.international\/2024\/wp-json\/wp\/v2\/pages\/79"}],"wp:attachment":[{"href":"https:\/\/festival.cyclo-camping.international\/2024\/wp-json\/wp\/v2\/media?parent=449"}],"curies":[{"name":"wp","href":"https:\/\/api.w.org\/{rel}","templated":true}]}}