{"id":447,"date":"2024-01-07T16:23:31","date_gmt":"2024-01-07T15:23:31","guid":{"rendered":"https:\/\/festival.cyclo-camping.international\/2024\/?page_id=447"},"modified":"2024-01-07T16:23:31","modified_gmt":"2024-01-07T15:23:31","slug":"debats-2024","status":"publish","type":"page","link":"https:\/\/festival.cyclo-camping.international\/2024\/activites-2024\/debats-2024\/","title":{"rendered":"D\u00e9bats-Conf\u00e9rences-Tables rondes"},"content":{"rendered":"\n<h2 class=\"wp-block-heading has-text-align-center\">D\u00e9bats et tables rondes<\/h2>\n\n\n\n<div class=\"wp-block-buttons is-content-justification-center is-layout-flex wp-container-core-buttons-is-layout-33595876 wp-block-buttons-is-layout-flex\" style=\"margin-top:var(--wp--preset--spacing--30);margin-bottom:var(--wp--preset--spacing--10)\">\n<div class=\"wp-block-button\"><a class=\"wp-block-button__link wp-element-button\" href=\"#jour1-PM\">d\u00e9bats du samedi apr\u00e8s-midi<\/a><\/div>\n\n\n\n<div class=\"wp-block-button\"><a class=\"wp-block-button__link wp-element-button\" href=\"#Jour2-AM\">d\u00e9bats du Dimanche matin<\/a><\/div>\n\n\n\n<div class=\"wp-block-button\"><a class=\"wp-block-button__link wp-element-button\" href=\"#Jour2-PM\">d\u00e9bats du Dimanche apr\u00e8s-midi<\/a><\/div>\n<\/div>\n\n\n\n<div id=\"Jour1-PM\" class=\"wp-block-group is-vertical is-content-justification-center is-layout-flex wp-container-core-group-is-layout-826aae17 wp-block-group-is-layout-flex\" style=\"margin-top:var(--wp--preset--spacing--20);margin-bottom:var(--wp--preset--spacing--20)\">\n<p class=\"has-large-font-size\">Samedi 24 f\u00e9vrier 2024 <\/p>\n\n\n\n<hr class=\"wp-block-separator has-alpha-channel-opacity is-style-default\" style=\"margin-top:0;margin-bottom:0\" \/>\n<\/div>\n\n\n\n<div class=\"wp-block-group has-background is-vertical is-layout-flex wp-container-core-group-is-layout-c75f440b wp-block-group-is-layout-flex\" style=\"border-radius:14px;background-color:#ffffff;margin-top:var(--wp--preset--spacing--20);margin-bottom:var(--wp--preset--spacing--20);padding-top:var(--wp--preset--spacing--10);padding-right:var(--wp--preset--spacing--10);padding-bottom:var(--wp--preset--spacing--10);padding-left:var(--wp--preset--spacing--10)\">\n<div class=\"wp-block-cover wp-duotone-duotone-4\" style=\"border-radius:7px;padding-right:var(--wp--preset--spacing--50);padding-left:var(--wp--preset--spacing--50);min-height:285px;aspect-ratio:unset;\"><span aria-hidden=\"true\" class=\"wp-block-cover__background has-background-dim-30 has-background-dim\"><\/span><img loading=\"lazy\" decoding=\"async\" width=\"1200\" height=\"675\" class=\"wp-block-cover__image-background wp-image-169\" alt=\"\" src=\"https:\/\/festival.cyclo-camping.international\/wp-content\/uploads\/2023\/12\/sunriders_web3.jpg\" style=\"object-position:34% 0%\" data-object-fit=\"cover\" data-object-position=\"34% 0%\" srcset=\"https:\/\/festival.cyclo-camping.international\/2024\/wp-content\/uploads\/sites\/2\/2023\/12\/sunriders_web3.jpg 1200w, https:\/\/festival.cyclo-camping.international\/2024\/wp-content\/uploads\/sites\/2\/2023\/12\/sunriders_web3-300x169.jpg 300w, https:\/\/festival.cyclo-camping.international\/2024\/wp-content\/uploads\/sites\/2\/2023\/12\/sunriders_web3-1024x576.jpg 1024w, https:\/\/festival.cyclo-camping.international\/2024\/wp-content\/uploads\/sites\/2\/2023\/12\/sunriders_web3-768x432.jpg 768w\" sizes=\"auto, (max-width: 1200px) 100vw, 1200px\" \/><div class=\"wp-block-cover__inner-container is-layout-flow wp-block-cover-is-layout-flow\">\n<p class=\"has-text-align-center\" style=\"font-size:clamp(0.875rem, 0.875rem + ((1vw - 0.2rem) * 0.208), 1rem);letter-spacing:0.13rem;text-transform:uppercase\"><strong>\u00c9change<\/strong><\/p>\n\n\n\n<h3 class=\"wp-block-heading has-text-align-center\">Ultra longues distances en&nbsp;autonomie compl\u00e8te, un&nbsp;pari fou&nbsp;?<\/h3>\n\n\n\n<div class=\"wp-block-group is-content-justification-center is-layout-flex wp-container-core-group-is-layout-4507685b wp-block-group-is-layout-flex\" style=\"margin-top:var(--wp--preset--spacing--30);margin-bottom:0;padding-top:0;padding-right:0;padding-bottom:0;padding-left:0\">\n<div class=\"wp-block-group has-contrast-2-color has-custom-couleur-1-background-color has-text-color has-background has-link-color has-small-font-size wp-elements-7feabc49f95ed00f5e9218290142743e is-layout-flex wp-block-group-is-layout-flex\" style=\"border-style:none;border-width:0px;border-radius:50px;padding-top:0.5rem;padding-right:var(--wp--preset--spacing--10);padding-bottom:0.5rem;padding-left:var(--wp--preset--spacing--10)\">\n<p class=\"has-text-align-center\" style=\"padding-top:0;padding-right:0;padding-bottom:0;padding-left:0\"><strong>Samedi<\/strong><\/p>\n<\/div>\n\n\n\n<div class=\"wp-block-group has-contrast-2-color has-custom-couleur-1-background-color has-text-color has-background has-link-color has-small-font-size wp-elements-5c12fed8dc7428a981a186c932130244 is-layout-flex wp-block-group-is-layout-flex\" style=\"border-style:none;border-width:0px;border-radius:50px;padding-top:0.5rem;padding-right:var(--wp--preset--spacing--10);padding-bottom:0.5rem;padding-left:var(--wp--preset--spacing--10)\">\n<p class=\"has-text-align-center\" style=\"padding-top:0;padding-right:0;padding-bottom:0;padding-left:0\"><strong>10h30<\/strong><\/p>\n<\/div>\n\n\n\n<div class=\"wp-block-group has-contrast-2-color has-custom-couleur-1-background-color has-text-color has-background has-link-color has-small-font-size wp-elements-4a8008067588c5ad7c79108d51e97337 is-nowrap is-layout-flex wp-container-core-group-is-layout-701b6c09 wp-block-group-is-layout-flex\" style=\"border-radius:50px;padding-top:0.5rem;padding-right:var(--wp--preset--spacing--10);padding-bottom:0.5rem;padding-left:var(--wp--preset--spacing--10)\">\n<p class=\"is-style-default\"><strong>Salle B<\/strong><\/p>\n<\/div>\n<\/div>\n<\/div><\/div>\n\n\n\n<p>Apparues de fa\u00e7on officielle et plus ou moins organis\u00e9e, les \u00e9preuves \u00ab&nbsp;longues distances&nbsp;\u00bb sont devenues \u00e0 la mode. Des organisations tr\u00e8s branch\u00e9es o\u00f9 il est bon de se montrer aux <a href=\"https:\/\/fr.wikipedia.org\/wiki\/Brevet_randonneurs_mondiaux\" target=\"_blank\" rel=\"noreferrer noopener\">BRM<\/a> longues distances de la F\u00e9d\u00e9ration Fran\u00e7aise de Cyclo Tourisme, la palette est large pour assouvir cette soif de d\u00e9fi. Ce d\u00e9bat vous permettra peut-\u00eatre d\u2019y voir un peu plus clair et d\u2019oser vous lancer. Anim\u00e9 par Thierry Mourlanne et Th\u00e9o Daniel vous pourrez vous faire une id\u00e9e de ce monde un peu sp\u00e9cial des fondus de longue distance.<\/p>\n\n\n\n<div class=\"wp-block-group is-layout-flex wp-container-core-group-is-layout-382ae193 wp-block-group-is-layout-flex\" style=\"margin-top:0;margin-bottom:0;padding-top:0;padding-bottom:0\">\n<p class=\"has-text-align-left\" style=\"font-size:0.8rem;letter-spacing:0.0625rem;text-transform:uppercase\"><strong>Intervenants<\/strong> : <\/p>\n\n\n\n<p class=\"has-text-align-left has-small-font-size\">Thierry Mourlanne et Th\u00e9o Daniel<\/p>\n<\/div>\n\n\n\n<div class=\"wp-block-group is-layout-flex wp-container-core-group-is-layout-382ae193 wp-block-group-is-layout-flex\" style=\"margin-top:0;margin-bottom:0;padding-top:0;padding-bottom:0\">\n<p class=\"has-text-align-left\" style=\"font-size:0.8rem;letter-spacing:0.0625rem;text-transform:uppercase\"><strong>animation<\/strong> : <\/p>\n\n\n\n<p class=\"has-text-align-left has-small-font-size\">Fran\u00e7ois Pr\u00e9tot<\/p>\n<\/div>\n\n\n\n<div class=\"wp-block-group is-nowrap is-layout-flex wp-container-core-group-is-layout-90815a2d wp-block-group-is-layout-flex\" style=\"margin-top:0;margin-bottom:0;padding-top:0;padding-right:0;padding-bottom:0;padding-left:0\">\n<p class=\"has-text-align-left\" style=\"font-size:0.8rem;letter-spacing:0.0625rem;text-transform:uppercase\"><strong>dur\u00e9e<\/strong> : <\/p>\n\n\n\n<p class=\"has-text-align-left has-small-font-size\">1h30<\/p>\n<\/div>\n\n\n\n<div class=\"wp-block-columns is-layout-flex wp-container-core-columns-is-layout-28f84493 wp-block-columns-is-layout-flex\">\n<div class=\"wp-block-column is-layout-flow wp-block-column-is-layout-flow\" style=\"flex-basis:50%\">\n<p class=\"has-small-font-size\"><strong>Thierry Mourlanne<\/strong>&nbsp;: Apr\u00e8s avoir voyag\u00e9 une vingtaine d\u2019ann\u00e9es autour du monde, dont quinze avec son fils, Thierry a voulu tenter un Paris-Brest-Paris puis est all\u00e9 rouler la plus long BRM du monde alors que les longues distances en \u00e9tait \u00e0 leurs balbutiements. Depuis il en a encha\u00een\u00e9s pas mal par amour des d\u00e9fis.<\/p>\n<\/div>\n\n\n\n<div class=\"wp-block-column is-layout-flow wp-block-column-is-layout-flow\" style=\"flex-basis:50%\">\n<p class=\"has-small-font-size\"><strong>Th\u00e9o Daniel<\/strong>&nbsp;: Apr\u00e8s avoir baroud\u00e9 autour du monde en mode cyclotourisme, Th\u00e9o, de retour en France a voulu se mesurer aux \u00e9preuves de longues distances. Avec un certain succ\u00e8s, puisque son jeune \u00e2ge, son exp\u00e9rience et une \u00e9norme volont\u00e9 lui ont permis de finir dans les tous premiers d\u2019\u00e9preuves mythiques.<\/p>\n<\/div>\n<\/div>\n\n\n\n<p class=\"has-small-font-size\"><strong>Fran\u00e7ois Pr\u00e9tot<\/strong>&nbsp;: \u00ab papa solo \u00bb depuis une dizaine d\u2019ann\u00e9es, il part r\u00e9guli\u00e8rement pour des balades de quelques jours avec sa fille Ma\u00eblle (17 ans) et ce, depuis son plus jeune \u00e2ge.<\/p>\n<\/div>\n\n\n\n<div class=\"wp-block-group has-background is-vertical is-layout-flex wp-container-core-group-is-layout-c75f440b wp-block-group-is-layout-flex\" style=\"border-radius:14px;background-color:#ffffff;margin-top:var(--wp--preset--spacing--20);margin-bottom:var(--wp--preset--spacing--20);padding-top:var(--wp--preset--spacing--10);padding-right:var(--wp--preset--spacing--10);padding-bottom:var(--wp--preset--spacing--10);padding-left:var(--wp--preset--spacing--10)\">\n<div class=\"wp-block-cover wp-duotone-duotone-4\" style=\"border-radius:7px;padding-right:var(--wp--preset--spacing--50);padding-left:var(--wp--preset--spacing--50);min-height:285px;aspect-ratio:unset;\"><span aria-hidden=\"true\" class=\"wp-block-cover__background has-background-dim-30 has-background-dim\"><\/span><img loading=\"lazy\" decoding=\"async\" width=\"1200\" height=\"675\" class=\"wp-block-cover__image-background wp-image-257\" alt=\"\" src=\"https:\/\/festival.cyclo-camping.international\/wp-content\/uploads\/2023\/12\/Celian_web2.jpg\" data-object-fit=\"cover\" srcset=\"https:\/\/festival.cyclo-camping.international\/2024\/wp-content\/uploads\/sites\/2\/2023\/12\/Celian_web2.jpg 1200w, https:\/\/festival.cyclo-camping.international\/2024\/wp-content\/uploads\/sites\/2\/2023\/12\/Celian_web2-300x169.jpg 300w, https:\/\/festival.cyclo-camping.international\/2024\/wp-content\/uploads\/sites\/2\/2023\/12\/Celian_web2-1024x576.jpg 1024w, https:\/\/festival.cyclo-camping.international\/2024\/wp-content\/uploads\/sites\/2\/2023\/12\/Celian_web2-768x432.jpg 768w\" sizes=\"auto, (max-width: 1200px) 100vw, 1200px\" \/><div class=\"wp-block-cover__inner-container is-layout-flow wp-block-cover-is-layout-flow\">\n<p class=\"has-text-align-center\" style=\"font-size:clamp(0.875rem, 0.875rem + ((1vw - 0.2rem) * 0.208), 1rem);letter-spacing:0.13rem;text-transform:uppercase\"><strong>\u00c9change<\/strong><\/p>\n\n\n\n<h3 class=\"wp-block-heading has-text-align-center\">En solo, en couple ou en famille, voyager \u00e0 v\u00e9lo, c&rsquo;est facile !<\/h3>\n\n\n\n<div class=\"wp-block-group is-content-justification-center is-layout-flex wp-container-core-group-is-layout-4507685b wp-block-group-is-layout-flex\" style=\"margin-top:var(--wp--preset--spacing--30);margin-bottom:0;padding-top:0;padding-right:0;padding-bottom:0;padding-left:0\">\n<div class=\"wp-block-group has-contrast-2-color has-custom-couleur-1-background-color has-text-color has-background has-link-color has-small-font-size wp-elements-7feabc49f95ed00f5e9218290142743e is-layout-flex wp-block-group-is-layout-flex\" style=\"border-style:none;border-width:0px;border-radius:50px;padding-top:0.5rem;padding-right:var(--wp--preset--spacing--10);padding-bottom:0.5rem;padding-left:var(--wp--preset--spacing--10)\">\n<p class=\"has-text-align-center\" style=\"padding-top:0;padding-right:0;padding-bottom:0;padding-left:0\"><strong>Samedi<\/strong><\/p>\n<\/div>\n\n\n\n<div class=\"wp-block-group has-contrast-2-color has-custom-couleur-1-background-color has-text-color has-background has-link-color has-small-font-size wp-elements-e9dd2c5f17f7ae383122fb8dbb248d56 is-layout-flex wp-block-group-is-layout-flex\" style=\"border-style:none;border-width:0px;border-radius:50px;padding-top:0.5rem;padding-right:var(--wp--preset--spacing--10);padding-bottom:0.5rem;padding-left:var(--wp--preset--spacing--10)\">\n<p class=\"has-text-align-center\" style=\"padding-top:0;padding-right:0;padding-bottom:0;padding-left:0\"><strong>14h30<\/strong><\/p>\n<\/div>\n\n\n\n<div class=\"wp-block-group has-contrast-2-color has-custom-couleur-1-background-color has-text-color has-background has-link-color has-small-font-size wp-elements-4a8008067588c5ad7c79108d51e97337 is-nowrap is-layout-flex wp-container-core-group-is-layout-701b6c09 wp-block-group-is-layout-flex\" style=\"border-radius:50px;padding-top:0.5rem;padding-right:var(--wp--preset--spacing--10);padding-bottom:0.5rem;padding-left:var(--wp--preset--spacing--10)\">\n<p class=\"is-style-default\"><strong>Salle B<\/strong><\/p>\n<\/div>\n<\/div>\n<\/div><\/div>\n\n\n\n<p>Qui n\u2019a jamais r\u00eaver de partir, de sortir de son train-train quotidien, du m\u00e9tro-boulot-dodo ne serait-ce que pour une simple parenth\u00e8se, le temps d\u2019un voyage de quelques jours ? Cela para\u00eet si simple et pourtant, bien au chaud dans notre confort quotidien, ancr\u00e9 dans nos habitudes, \u00ab nos croix illusoires \u00bb (dixit J.Brel), on n\u2019ose pas se lancer alors que tous les aventuriers vous le diront : \u00ab le plus dur, c\u2019est le premier pas ! \u00bb<\/p>\n\n\n\n<p>Nul besoin d\u2019\u00eatre un sportif confirm\u00e9 avec un mat\u00e9riel \u00e0 la pointe du progr\u00e8s pour partir. Malgr\u00e9 tout, pour garder un souvenir imp\u00e9rissable de ce voyage, cela n\u00e9cessite un minimum de pr\u00e9paration. Partir o\u00f9, quand, comment, avec quel \u00e9quipement ? <\/p>\n\n\n\n<p>Apr\u00e8s un expos\u00e9 d\u2019une vingtaine de minutes, vous aurez tout loisir de poser toutes vos questions.<\/p>\n\n\n\n<div class=\"wp-block-group is-layout-flex wp-container-core-group-is-layout-382ae193 wp-block-group-is-layout-flex\" style=\"margin-top:0;margin-bottom:0;padding-top:0;padding-bottom:0\">\n<p class=\"has-text-align-left\" style=\"font-size:0.8rem;letter-spacing:0.0625rem;text-transform:uppercase\"><strong>Intervenants<\/strong> : <\/p>\n\n\n\n<p class=\"has-text-align-left has-contrast-color has-text-color has-link-color has-small-font-size wp-elements-02d751f863c0e41e5e96bdd49812abe7\">Elodie Dellier et Luc Devors<\/p>\n<\/div>\n\n\n\n<div class=\"wp-block-group is-layout-flex wp-container-core-group-is-layout-382ae193 wp-block-group-is-layout-flex\" style=\"margin-top:0;margin-bottom:0;padding-top:0;padding-bottom:0\">\n<p class=\"has-text-align-left\" style=\"font-size:0.8rem;letter-spacing:0.0625rem;text-transform:uppercase\"><strong>animation<\/strong> : <\/p>\n\n\n\n<p class=\"has-text-align-left has-small-font-size\">Fran\u00e7ois Pr\u00e9tot<\/p>\n<\/div>\n\n\n\n<div class=\"wp-block-group is-nowrap is-layout-flex wp-container-core-group-is-layout-90815a2d wp-block-group-is-layout-flex\" style=\"margin-top:0;margin-bottom:0;padding-top:0;padding-right:0;padding-bottom:0;padding-left:0\">\n<p class=\"has-text-align-left\" style=\"font-size:0.8rem;letter-spacing:0.0625rem;text-transform:uppercase\"><strong>dur\u00e9e<\/strong> : <\/p>\n\n\n\n<p class=\"has-text-align-left has-small-font-size\">2h<\/p>\n<\/div>\n\n\n\n<div class=\"wp-block-columns is-layout-flex wp-container-core-columns-is-layout-28f84493 wp-block-columns-is-layout-flex\">\n<div class=\"wp-block-column is-layout-flow wp-block-column-is-layout-flow\" style=\"flex-basis:50%\">\n<p class=\"has-small-font-size\"><strong>Elodie Dellier<\/strong>&nbsp;: Elle a p\u00e9dal\u00e9 dans de nombreux pays en solo (Mexique, Asie du Sud-Est, France). Autrice du livre \u00ab<a href=\"http:\/\/www.diveandbike.fr\/\" target=\"_blank\" rel=\"noreferrer noopener\">Dive &amp; Bike, 5 mois d\u2019aventure au Mexique<\/a>\u00bb, elle aura \u00e0 c\u0153ur de vous pr\u00e9senter ses anecdotes de ses voyages lors de ce salon.<\/p>\n<\/div>\n\n\n\n<div class=\"wp-block-column is-layout-flow wp-block-column-is-layout-flow\" style=\"flex-basis:50%\">\n<p class=\"has-small-font-size\"><strong>Luc Devors<\/strong>&nbsp;: Il a d\u00e9couvert le voyage \u00e0 v\u00e9lo \u00e0 sa retraite, il se d\u00e9finit comme \u00e9tant l\u2019exemple type du voyageur (tour d\u2019Europe, Am\u00e9rique du Sud, d\u00e9sert de Gobi, \u2026) \u00ab qui ne roule \u00e0 v\u00e9lo que pour voyager \u00bb. Auteur du livre \u00ab<a href=\"http:\/\/biblio-cyclesdephilippeorgebin.hautetfort.com\/archive\/2020\/05\/15\/devors-luc-6238654.html\" target=\"_blank\" rel=\"noreferrer noopener\">Passion de l&rsquo;Atacama, \u00e0 v\u00e9lo<\/a>\u00bb, il fait aussi partie de l\u2019\u00e9quipe de r\u00e9daction de la revue.<\/p>\n<\/div>\n<\/div>\n\n\n\n<p class=\"has-small-font-size\">Elodie et Luc seront pr\u00e9sents dans l&rsquo;espace \u00ab\u00a0<a href=\"https:\/\/festival.cyclo-camping.international\/2024\/exposants-2024\/auteurs-festival-voyage-velo\/\">exposants<\/a>\u00a0\u00bb o\u00f9 vous aurez l&rsquo;occasion de les rencontrer.<\/p>\n\n\n\n<p class=\"has-small-font-size\"><strong>Fran\u00e7ois Pr\u00e9tot<\/strong>&nbsp;: \u00ab papa solo \u00bb depuis une dizaine d\u2019ann\u00e9es, il part r\u00e9guli\u00e8rement pour des balades de quelques jours avec sa fille Ma\u00eblle (17 ans) et ce, depuis son plus jeune \u00e2ge.<\/p>\n<\/div>\n\n\n\n<div class=\"wp-block-group has-background is-vertical is-layout-flex wp-container-core-group-is-layout-c75f440b wp-block-group-is-layout-flex\" style=\"border-radius:14px;background-color:#ffffff;margin-top:var(--wp--preset--spacing--20);margin-bottom:var(--wp--preset--spacing--20);padding-top:var(--wp--preset--spacing--10);padding-right:var(--wp--preset--spacing--10);padding-bottom:var(--wp--preset--spacing--10);padding-left:var(--wp--preset--spacing--10)\">\n<div class=\"wp-block-cover has-custom-content-position is-position-bottom-center wp-duotone-111111-c1d435-1\" style=\"border-radius:7px;padding-right:var(--wp--preset--spacing--50);padding-left:var(--wp--preset--spacing--50);min-height:550px;aspect-ratio:unset;\"><span aria-hidden=\"true\" class=\"wp-block-cover__background has-background-dim-20 has-background-dim\"><\/span><img decoding=\"async\" class=\"wp-block-cover__image-background wp-image-1481\" alt=\"\" src=\"https:\/\/festival.cyclo-camping.international\/wp-content\/uploads\/2024\/01\/BC.IMG_1834_reduit-scaled.jpg\" style=\"object-position:53% 0%\" data-object-fit=\"cover\" data-object-position=\"53% 0%\" \/><div class=\"wp-block-cover__inner-container is-layout-flow wp-block-cover-is-layout-flow\">\n<p class=\"has-text-align-center\" style=\"font-size:clamp(0.875rem, 0.875rem + ((1vw - 0.2rem) * 0.208), 1rem);letter-spacing:0.13rem;text-transform:uppercase\"><strong>Table ronde<\/strong><\/p>\n\n\n\n<h3 class=\"wp-block-heading has-text-align-center\">Entretien avec des voyageurs et voyageuses de tous les continents<\/h3>\n\n\n\n<div class=\"wp-block-group is-content-justification-center is-layout-flex wp-container-core-group-is-layout-4507685b wp-block-group-is-layout-flex\" style=\"margin-top:var(--wp--preset--spacing--30);margin-bottom:0;padding-top:0;padding-right:0;padding-bottom:0;padding-left:0\">\n<div class=\"wp-block-group has-contrast-2-color has-custom-couleur-1-background-color has-text-color has-background has-link-color has-small-font-size wp-elements-7feabc49f95ed00f5e9218290142743e is-layout-flex wp-block-group-is-layout-flex\" style=\"border-style:none;border-width:0px;border-radius:50px;padding-top:0.5rem;padding-right:var(--wp--preset--spacing--10);padding-bottom:0.5rem;padding-left:var(--wp--preset--spacing--10)\">\n<p class=\"has-text-align-center\" style=\"padding-top:0;padding-right:0;padding-bottom:0;padding-left:0\"><strong>Samedi<\/strong><\/p>\n<\/div>\n\n\n\n<div class=\"wp-block-group has-contrast-2-color has-custom-couleur-1-background-color has-text-color has-background has-link-color has-small-font-size wp-elements-f7dd05a90915273a093caba95464df49 is-layout-flex wp-block-group-is-layout-flex\" style=\"border-style:none;border-width:0px;border-radius:50px;padding-top:0.5rem;padding-right:var(--wp--preset--spacing--10);padding-bottom:0.5rem;padding-left:var(--wp--preset--spacing--10)\">\n<p class=\"has-text-align-center\" style=\"padding-top:0;padding-right:0;padding-bottom:0;padding-left:0\"><strong>17h<\/strong><\/p>\n<\/div>\n\n\n\n<div class=\"wp-block-group has-contrast-2-color has-custom-couleur-1-background-color has-text-color has-background has-link-color has-small-font-size wp-elements-4a8008067588c5ad7c79108d51e97337 is-nowrap is-layout-flex wp-container-core-group-is-layout-701b6c09 wp-block-group-is-layout-flex\" style=\"border-radius:50px;padding-top:0.5rem;padding-right:var(--wp--preset--spacing--10);padding-bottom:0.5rem;padding-left:var(--wp--preset--spacing--10)\">\n<p class=\"is-style-default\"><strong>Salle B<\/strong><\/p>\n<\/div>\n<\/div>\n<\/div><\/div>\n\n\n\n<p>Une rencontre r\u00e9unissant plusieurs voyageurs, notamment ceux ou celles qui en ont fait un r\u00e9cit \u00e9crit, un livre ou un blog. Ils partageront avec nous leurs exp\u00e9riences dans des pays de diff\u00e9rents continents.<\/p>\n\n\n\n<div class=\"wp-block-group is-layout-flex wp-container-core-group-is-layout-382ae193 wp-block-group-is-layout-flex\" style=\"margin-top:0;margin-bottom:0;padding-top:0;padding-bottom:0\">\n<p class=\"has-text-align-left\" style=\"font-size:0.8rem;letter-spacing:0.0625rem;text-transform:uppercase\"><strong>animation<\/strong> : <\/p>\n\n\n\n<p class=\"has-text-align-left has-small-font-size\">L\u00e9o V\u00e9tillard<\/p>\n<\/div>\n\n\n\n<div class=\"wp-block-group is-nowrap is-layout-flex wp-container-core-group-is-layout-90815a2d wp-block-group-is-layout-flex\" style=\"margin-top:0;margin-bottom:0;padding-top:0;padding-right:0;padding-bottom:0;padding-left:0\">\n<p class=\"has-text-align-left\" style=\"font-size:0.8rem;letter-spacing:0.0625rem;text-transform:uppercase\"><strong>dur\u00e9e<\/strong> : <\/p>\n\n\n\n<p class=\"has-text-align-left has-small-font-size\">1h30<\/p>\n<\/div>\n<\/div>\n\n\n\n<div class=\"wp-block-group has-background is-vertical is-layout-flex wp-container-core-group-is-layout-c75f440b wp-block-group-is-layout-flex\" style=\"border-radius:14px;background-color:#ffffff;margin-top:var(--wp--preset--spacing--20);margin-bottom:var(--wp--preset--spacing--20);padding-top:var(--wp--preset--spacing--10);padding-right:var(--wp--preset--spacing--10);padding-bottom:var(--wp--preset--spacing--10);padding-left:var(--wp--preset--spacing--10)\">\n<div class=\"wp-block-cover wp-duotone-duotone-4\" style=\"border-radius:7px;padding-right:var(--wp--preset--spacing--50);padding-left:var(--wp--preset--spacing--50);min-height:285px;aspect-ratio:unset;\"><span aria-hidden=\"true\" class=\"wp-block-cover__background has-background-dim-30 has-background-dim\"><\/span><img loading=\"lazy\" decoding=\"async\" width=\"1200\" height=\"675\" class=\"wp-block-cover__image-background wp-image-154\" alt=\"\" src=\"https:\/\/festival.cyclo-camping.international\/wp-content\/uploads\/2023\/12\/vial-web3.jpg\" data-object-fit=\"cover\" srcset=\"https:\/\/festival.cyclo-camping.international\/2024\/wp-content\/uploads\/sites\/2\/2023\/12\/vial-web3.jpg 1200w, https:\/\/festival.cyclo-camping.international\/2024\/wp-content\/uploads\/sites\/2\/2023\/12\/vial-web3-300x169.jpg 300w, https:\/\/festival.cyclo-camping.international\/2024\/wp-content\/uploads\/sites\/2\/2023\/12\/vial-web3-1024x576.jpg 1024w, https:\/\/festival.cyclo-camping.international\/2024\/wp-content\/uploads\/sites\/2\/2023\/12\/vial-web3-768x432.jpg 768w\" sizes=\"auto, (max-width: 1200px) 100vw, 1200px\" \/><div class=\"wp-block-cover__inner-container is-layout-flow wp-block-cover-is-layout-flow\">\n<p class=\"has-text-align-center\" style=\"font-size:clamp(0.875rem, 0.875rem + ((1vw - 0.2rem) * 0.208), 1rem);letter-spacing:0.13rem;text-transform:uppercase\"><strong>\u00c9change<\/strong><\/p>\n\n\n\n<h3 class=\"wp-block-heading has-text-align-center\">Le VAE (v\u00e9lo \u00e0 assistance \u00e9lectrique)&nbsp;une autre fa\u00e7on de partir \u00e0 l&rsquo;aventure<\/h3>\n\n\n\n<div class=\"wp-block-group is-content-justification-center is-layout-flex wp-container-core-group-is-layout-4507685b wp-block-group-is-layout-flex\" style=\"margin-top:var(--wp--preset--spacing--30);margin-bottom:0;padding-top:0;padding-right:0;padding-bottom:0;padding-left:0\">\n<div class=\"wp-block-group has-contrast-2-color has-custom-couleur-1-background-color has-text-color has-background has-link-color has-small-font-size wp-elements-7feabc49f95ed00f5e9218290142743e is-layout-flex wp-block-group-is-layout-flex\" style=\"border-style:none;border-width:0px;border-radius:50px;padding-top:0.5rem;padding-right:var(--wp--preset--spacing--10);padding-bottom:0.5rem;padding-left:var(--wp--preset--spacing--10)\">\n<p class=\"has-text-align-center\" style=\"padding-top:0;padding-right:0;padding-bottom:0;padding-left:0\"><strong>Samedi<\/strong><\/p>\n<\/div>\n\n\n\n<div class=\"wp-block-group has-contrast-2-color has-custom-couleur-1-background-color has-text-color has-background has-link-color has-small-font-size wp-elements-54e544174dd200c427bd707f9da4f290 is-layout-flex wp-block-group-is-layout-flex\" style=\"border-style:none;border-width:0px;border-radius:50px;padding-top:0.5rem;padding-right:var(--wp--preset--spacing--10);padding-bottom:0.5rem;padding-left:var(--wp--preset--spacing--10)\">\n<p class=\"has-text-align-center\" style=\"padding-top:0;padding-right:0;padding-bottom:0;padding-left:0\"><strong>19h<\/strong><\/p>\n<\/div>\n\n\n\n<div class=\"wp-block-group has-contrast-2-color has-custom-couleur-1-background-color has-text-color has-background has-link-color has-small-font-size wp-elements-4a8008067588c5ad7c79108d51e97337 is-nowrap is-layout-flex wp-container-core-group-is-layout-701b6c09 wp-block-group-is-layout-flex\" style=\"border-radius:50px;padding-top:0.5rem;padding-right:var(--wp--preset--spacing--10);padding-bottom:0.5rem;padding-left:var(--wp--preset--spacing--10)\">\n<p class=\"is-style-default\"><strong>Salle B<\/strong><\/p>\n<\/div>\n<\/div>\n<\/div><\/div>\n\n\n\n<p>Depuis quelques ann\u00e9es, le VAE a peu \u00e0 peu pris une place importante dans les ventes de v\u00e9lo. S\u2019il fut \u00e0 ses d\u00e9buts r\u00e9serv\u00e9 \u00e0 une population vieillissante qui avait ainsi l\u2019opportunit\u00e9 de continuer de pratiquer son activit\u00e9 favorite quand le poids des ann\u00e9es se faisait ressentir, il s\u2019est d\u00e9mocratis\u00e9 au fil du temps.<br \/>Aujourd\u2019hui, certains d\u2019entre nous, pas tr\u00e8s enclin \u00e0 la pratique du sport, d\u00e9couvrent les joies de faire du v\u00e9lo, de s\u2019\u00e9vader, de prendre l\u2019air gr\u00e2ce au VAE et ce, quel que soit son \u00e2ge.<br \/>Souvent d\u00e9cri\u00e9 (\u00ab un VAE n\u2019est pas un v\u00e9lo ! \u00bb), il est parfois mis en opposition au \u00ab v\u00e9lo musculaire \u00bb.<br \/>Mais un v\u00e9lo, m\u00eame avec une assistance, ne peut \u00eatre que musculaire !<br \/>Le VAE fut \u00e0 ses d\u00e9buts l\u2019apanage des citadins. Avec son autonomie, ses performances qui progressent gr\u00e2ce aux nouveaut\u00e9s technologiques, on le retrouve dor\u00e9navant dans toutes les pratiques du cyclisme et certains n\u2019h\u00e9sitent plus \u00e0 partir \u00e0 l\u2019aventure avec cette nouvelle monture.<\/p>\n\n\n\n<p>Apr\u00e8s un expos\u00e9 d\u2019une vingtaine de minutes, vous aurez tout loisir de poser toutes vos questions.<\/p>\n\n\n\n<div class=\"wp-block-group is-layout-flex wp-container-core-group-is-layout-382ae193 wp-block-group-is-layout-flex\" style=\"margin-top:0;margin-bottom:0;padding-top:0;padding-bottom:0\">\n<p class=\"has-text-align-left\" style=\"font-size:0.8rem;letter-spacing:0.0625rem;text-transform:uppercase\"><strong>IntervenanT<\/strong> : <\/p>\n\n\n\n<p class=\"has-text-align-left has-contrast-color has-text-color has-link-color has-small-font-size wp-elements-497809828e68e950ac5a6a274e2e438b\">Jacques Barb\u00e9<\/p>\n<\/div>\n\n\n\n<div class=\"wp-block-group is-layout-flex wp-container-core-group-is-layout-382ae193 wp-block-group-is-layout-flex\" style=\"margin-top:0;margin-bottom:0;padding-top:0;padding-bottom:0\">\n<p class=\"has-text-align-left\" style=\"font-size:0.8rem;letter-spacing:0.0625rem;text-transform:uppercase\"><strong>animation<\/strong> : <\/p>\n\n\n\n<p class=\"has-text-align-left has-small-font-size\">Fran\u00e7ois Pr\u00e9tot<\/p>\n<\/div>\n\n\n\n<div class=\"wp-block-group is-nowrap is-layout-flex wp-container-core-group-is-layout-90815a2d wp-block-group-is-layout-flex\" style=\"margin-top:0;margin-bottom:0;padding-top:0;padding-right:0;padding-bottom:0;padding-left:0\">\n<p class=\"has-text-align-left\" style=\"font-size:0.8rem;letter-spacing:0.0625rem;text-transform:uppercase\"><strong>dur\u00e9e<\/strong> : <\/p>\n\n\n\n<p class=\"has-text-align-left has-small-font-size\">1h30<\/p>\n<\/div>\n\n\n\n<p class=\"has-small-font-size\"><strong>Jacques Barb\u00e9 :<\/strong> Habitu\u00e9 aux plats pays en v\u00e9lo couch\u00e9, il a tent\u00e9 l\u2019exp\u00e9rience du VAE en pays vallon\u00e9, l\u2019\u00e9t\u00e9 dernier dans le Massif-Central. Passionn\u00e9 de voyages, il aura \u00e0 c\u0153ur de vous pr\u00e9senter cette nouvelle fa\u00e7on de voyager avec ses avantages mais aussi ses inconv\u00e9nients, sans oublier l\u2019aspect r\u00e9glementaire auquel doit r\u00e9pondre le VAE.<\/p>\n\n\n\n<p class=\"has-small-font-size\"><strong>Fran\u00e7ois Pr\u00e9tot<\/strong>&nbsp;: \u00ab papa solo \u00bb depuis une dizaine d\u2019ann\u00e9es, il part r\u00e9guli\u00e8rement pour des balades de quelques jours avec sa fille Ma\u00eblle (17 ans) et ce, depuis son plus jeune \u00e2ge.<\/p>\n<\/div>\n\n\n\n<div id=\"Jour2-AM\" class=\"wp-block-group is-vertical is-content-justification-center is-layout-flex wp-container-core-group-is-layout-826aae17 wp-block-group-is-layout-flex\" style=\"margin-top:var(--wp--preset--spacing--20);margin-bottom:var(--wp--preset--spacing--20)\">\n<p class=\"has-large-font-size\" id=\"samedimatin\">Dimanche 25 f\u00e9vrier 2024 <\/p>\n\n\n\n<hr class=\"wp-block-separator has-alpha-channel-opacity is-style-default\" style=\"margin-top:0;margin-bottom:0\" \/>\n<\/div>\n\n\n\n<div class=\"wp-block-group has-background is-vertical is-layout-flex wp-container-core-group-is-layout-c75f440b wp-block-group-is-layout-flex\" style=\"border-radius:14px;background-color:#ffffff;margin-top:var(--wp--preset--spacing--20);margin-bottom:var(--wp--preset--spacing--20);padding-top:var(--wp--preset--spacing--10);padding-right:var(--wp--preset--spacing--10);padding-bottom:var(--wp--preset--spacing--10);padding-left:var(--wp--preset--spacing--10)\">\n<div class=\"wp-block-cover has-custom-content-position is-position-bottom-center wp-duotone-111111-c1d435-2\" style=\"border-radius:7px;padding-right:var(--wp--preset--spacing--50);padding-left:var(--wp--preset--spacing--50);min-height:550px;aspect-ratio:unset;\"><span aria-hidden=\"true\" class=\"wp-block-cover__background has-background-dim-20 has-background-dim\"><\/span><img decoding=\"async\" class=\"wp-block-cover__image-background wp-image-1481\" alt=\"\" src=\"https:\/\/festival.cyclo-camping.international\/wp-content\/uploads\/2024\/01\/BC.IMG_1834_reduit-scaled.jpg\" style=\"object-position:53% 0%\" data-object-fit=\"cover\" data-object-position=\"53% 0%\" \/><div class=\"wp-block-cover__inner-container is-layout-flow wp-block-cover-is-layout-flow\">\n<p class=\"has-text-align-center\" style=\"font-size:clamp(0.875rem, 0.875rem + ((1vw - 0.2rem) * 0.208), 1rem);letter-spacing:0.13rem;text-transform:uppercase\"><strong>Table ronde<\/strong><\/p>\n\n\n\n<h3 class=\"wp-block-heading has-text-align-center\">Entretien avec des voyageurs et voyageuses de tous les continents<\/h3>\n\n\n\n<div class=\"wp-block-group is-content-justification-center is-layout-flex wp-container-core-group-is-layout-4507685b wp-block-group-is-layout-flex\" style=\"margin-top:var(--wp--preset--spacing--30);margin-bottom:0;padding-top:0;padding-right:0;padding-bottom:0;padding-left:0\">\n<div class=\"wp-block-group has-contrast-2-color has-custom-couleur-1-background-color has-text-color has-background has-link-color has-small-font-size wp-elements-e335d944b93696f0aa2055ec8785728e is-layout-flex wp-block-group-is-layout-flex\" style=\"border-style:none;border-width:0px;border-radius:50px;padding-top:0.5rem;padding-right:var(--wp--preset--spacing--10);padding-bottom:0.5rem;padding-left:var(--wp--preset--spacing--10)\">\n<p class=\"has-text-align-center\" style=\"padding-top:0;padding-right:0;padding-bottom:0;padding-left:0\"><strong>Dimanche<\/strong><\/p>\n<\/div>\n\n\n\n<div class=\"wp-block-group has-contrast-2-color has-custom-couleur-1-background-color has-text-color has-background has-link-color has-small-font-size wp-elements-5c12fed8dc7428a981a186c932130244 is-layout-flex wp-block-group-is-layout-flex\" style=\"border-style:none;border-width:0px;border-radius:50px;padding-top:0.5rem;padding-right:var(--wp--preset--spacing--10);padding-bottom:0.5rem;padding-left:var(--wp--preset--spacing--10)\">\n<p class=\"has-text-align-center\" style=\"padding-top:0;padding-right:0;padding-bottom:0;padding-left:0\"><strong>10h30<\/strong><\/p>\n<\/div>\n\n\n\n<div class=\"wp-block-group has-contrast-2-color has-custom-couleur-1-background-color has-text-color has-background has-link-color has-small-font-size wp-elements-4a8008067588c5ad7c79108d51e97337 is-nowrap is-layout-flex wp-container-core-group-is-layout-701b6c09 wp-block-group-is-layout-flex\" style=\"border-radius:50px;padding-top:0.5rem;padding-right:var(--wp--preset--spacing--10);padding-bottom:0.5rem;padding-left:var(--wp--preset--spacing--10)\">\n<p class=\"is-style-default\"><strong>Salle B<\/strong><\/p>\n<\/div>\n<\/div>\n<\/div><\/div>\n\n\n\n<p>Une rencontre r\u00e9unissant plusieurs voyageurs, notamment ceux ou celles qui en ont fait un r\u00e9cit \u00e9crit, un livre ou un blog. Ils partageront avec nous leurs exp\u00e9riences dans des pays de diff\u00e9rents continents.<\/p>\n\n\n\n<div class=\"wp-block-group is-layout-flex wp-container-core-group-is-layout-382ae193 wp-block-group-is-layout-flex\" style=\"margin-top:0;margin-bottom:0;padding-top:0;padding-bottom:0\">\n<p class=\"has-text-align-left\" style=\"font-size:0.8rem;letter-spacing:0.0625rem;text-transform:uppercase\"><strong>animation<\/strong> : <\/p>\n\n\n\n<p class=\"has-text-align-left has-small-font-size\">L\u00e9o V\u00e9tillard<\/p>\n<\/div>\n\n\n\n<div class=\"wp-block-group is-nowrap is-layout-flex wp-container-core-group-is-layout-90815a2d wp-block-group-is-layout-flex\" style=\"margin-top:0;margin-bottom:0;padding-top:0;padding-right:0;padding-bottom:0;padding-left:0\">\n<p class=\"has-text-align-left\" style=\"font-size:0.8rem;letter-spacing:0.0625rem;text-transform:uppercase\"><strong>dur\u00e9e<\/strong> : <\/p>\n\n\n\n<p class=\"has-text-align-left has-small-font-size\">1h30<\/p>\n<\/div>\n<\/div>\n\n\n\n<div id=\"Jour2-PM\" class=\"wp-block-group has-background is-vertical is-layout-flex wp-container-core-group-is-layout-c75f440b wp-block-group-is-layout-flex\" style=\"border-radius:14px;background-color:#ffffff;margin-top:var(--wp--preset--spacing--20);margin-bottom:var(--wp--preset--spacing--20);padding-top:var(--wp--preset--spacing--10);padding-right:var(--wp--preset--spacing--10);padding-bottom:var(--wp--preset--spacing--10);padding-left:var(--wp--preset--spacing--10)\">\n<div class=\"wp-block-cover wp-duotone-duotone-4\" style=\"border-radius:7px;padding-right:var(--wp--preset--spacing--40);padding-left:var(--wp--preset--spacing--40);min-height:285px;aspect-ratio:unset;\"><span aria-hidden=\"true\" class=\"wp-block-cover__background has-background-dim-20 has-background-dim\"><\/span><img loading=\"lazy\" decoding=\"async\" width=\"1200\" height=\"873\" class=\"wp-block-cover__image-background wp-image-246\" alt=\"\" src=\"https:\/\/festival.cyclo-camping.international\/wp-content\/uploads\/2023\/12\/Bellavance_web-3.jpg\" style=\"object-position:57% 42%\" data-object-fit=\"cover\" data-object-position=\"57% 42%\" srcset=\"https:\/\/festival.cyclo-camping.international\/2024\/wp-content\/uploads\/sites\/2\/2023\/12\/Bellavance_web-3.jpg 1200w, https:\/\/festival.cyclo-camping.international\/2024\/wp-content\/uploads\/sites\/2\/2023\/12\/Bellavance_web-3-300x218.jpg 300w, https:\/\/festival.cyclo-camping.international\/2024\/wp-content\/uploads\/sites\/2\/2023\/12\/Bellavance_web-3-1024x745.jpg 1024w, https:\/\/festival.cyclo-camping.international\/2024\/wp-content\/uploads\/sites\/2\/2023\/12\/Bellavance_web-3-768x559.jpg 768w\" sizes=\"auto, (max-width: 1200px) 100vw, 1200px\" \/><div class=\"wp-block-cover__inner-container is-layout-flow wp-block-cover-is-layout-flow\">\n<p class=\"has-text-align-center\" style=\"font-size:clamp(0.875rem, 0.875rem + ((1vw - 0.2rem) * 0.208), 1rem);letter-spacing:0.13rem;text-transform:uppercase\"><strong>\u00c9change<\/strong><\/p>\n\n\n\n<h3 class=\"wp-block-heading has-text-align-center\">Souriez, vous filmez ! Conseils et astuces pour la&nbsp;r\u00e9alisation d\u2019un premier film<\/h3>\n\n\n\n<div class=\"wp-block-group is-content-justification-center is-layout-flex wp-container-core-group-is-layout-4507685b wp-block-group-is-layout-flex\" style=\"margin-top:var(--wp--preset--spacing--30);margin-bottom:0;padding-top:0;padding-right:0;padding-bottom:0;padding-left:0\">\n<div class=\"wp-block-group has-contrast-2-color has-custom-couleur-1-background-color has-text-color has-background has-link-color has-small-font-size wp-elements-e335d944b93696f0aa2055ec8785728e is-layout-flex wp-block-group-is-layout-flex\" style=\"border-style:none;border-width:0px;border-radius:50px;padding-top:0.5rem;padding-right:var(--wp--preset--spacing--10);padding-bottom:0.5rem;padding-left:var(--wp--preset--spacing--10)\">\n<p class=\"has-text-align-center\" style=\"padding-top:0;padding-right:0;padding-bottom:0;padding-left:0\"><strong>Dimanche<\/strong><\/p>\n<\/div>\n\n\n\n<div class=\"wp-block-group has-contrast-2-color has-custom-couleur-1-background-color has-text-color has-background has-link-color has-small-font-size wp-elements-e9dd2c5f17f7ae383122fb8dbb248d56 is-layout-flex wp-block-group-is-layout-flex\" style=\"border-style:none;border-width:0px;border-radius:50px;padding-top:0.5rem;padding-right:var(--wp--preset--spacing--10);padding-bottom:0.5rem;padding-left:var(--wp--preset--spacing--10)\">\n<p class=\"has-text-align-center\" style=\"padding-top:0;padding-right:0;padding-bottom:0;padding-left:0\"><strong>14h30<\/strong><\/p>\n<\/div>\n\n\n\n<div class=\"wp-block-group has-contrast-2-color has-custom-couleur-1-background-color has-text-color has-background has-link-color has-small-font-size wp-elements-4a8008067588c5ad7c79108d51e97337 is-nowrap is-layout-flex wp-container-core-group-is-layout-701b6c09 wp-block-group-is-layout-flex\" style=\"border-radius:50px;padding-top:0.5rem;padding-right:var(--wp--preset--spacing--10);padding-bottom:0.5rem;padding-left:var(--wp--preset--spacing--10)\">\n<p class=\"is-style-default\"><strong>Salle B<\/strong><\/p>\n<\/div>\n<\/div>\n<\/div><\/div>\n\n\n\n<p>Vous souhaitez faire vivre votre voyage \u00e0 vos amis, voire le pr\u00e9senter dans un festival ? La r\u00e9alisation d\u2019un film ne s\u2019improvise pas. Que cela concerne le mat\u00e9riel, le logiciel de montage, la fa\u00e7on de filmer, les \u00e9cueils \u00e0 \u00e9viter, on se doit d\u2019avoir un minimum de connaissance. On doit aussi conna\u00eetre la l\u00e9gislation, le fameux \u00ab droit \u00e0 l\u2019image \u00bb. Et cette volont\u00e9 de vouloir ramener un souvenir film\u00e9 de votre voyage ne risque-t-il pas de d\u00e9naturer votre aventure ? Faut-il d\u2019ailleurs pr\u00e9voir un sc\u00e9nario avant m\u00eame de partir ?<\/p>\n\n\n\n<p>Apr\u00e8s un expos\u00e9 d\u2019une vingtaine de minutes, vous aurez tout loisir de poser toutes vos questions aux intervenants.<\/p>\n\n\n\n<div class=\"wp-block-group is-layout-flex wp-container-core-group-is-layout-382ae193 wp-block-group-is-layout-flex\" style=\"margin-top:0;margin-bottom:0;padding-top:0;padding-bottom:0\">\n<p class=\"has-text-align-left\" style=\"font-size:0.8rem;letter-spacing:0.0625rem;text-transform:uppercase\"><strong>Intervenants<\/strong> : <\/p>\n\n\n\n<p class=\"has-text-align-left has-contrast-color has-text-color has-link-color has-small-font-size wp-elements-18e7e900d086d65ca8a25d77306f4bb5\">Ga\u00ebtan Couffignal et Quentin Lebastard<\/p>\n<\/div>\n\n\n\n<div class=\"wp-block-group is-layout-flex wp-container-core-group-is-layout-382ae193 wp-block-group-is-layout-flex\" style=\"margin-top:0;margin-bottom:0;padding-top:0;padding-bottom:0\">\n<p class=\"has-text-align-left\" style=\"font-size:0.8rem;letter-spacing:0.0625rem;text-transform:uppercase\"><strong>animation<\/strong> : <\/p>\n\n\n\n<p class=\"has-text-align-left has-small-font-size\">Fran\u00e7ois Pr\u00e9tot<\/p>\n<\/div>\n\n\n\n<div class=\"wp-block-group is-nowrap is-layout-flex wp-container-core-group-is-layout-90815a2d wp-block-group-is-layout-flex\" style=\"margin-top:0;margin-bottom:0;padding-top:0;padding-right:0;padding-bottom:0;padding-left:0\">\n<p class=\"has-text-align-left\" style=\"font-size:0.8rem;letter-spacing:0.0625rem;text-transform:uppercase\"><strong>dur\u00e9e<\/strong> : <\/p>\n\n\n\n<p class=\"has-text-align-left has-contrast-color has-text-color has-link-color has-small-font-size wp-elements-c95c6202108c38320f8f41948a7564b0\">2h<\/p>\n<\/div>\n\n\n\n<div class=\"wp-block-columns is-layout-flex wp-container-core-columns-is-layout-28f84493 wp-block-columns-is-layout-flex\">\n<div class=\"wp-block-column is-layout-flow wp-block-column-is-layout-flow\" style=\"flex-basis:50%\">\n<p class=\"has-small-font-size\"><strong>Ga\u00ebtan Couffignal<\/strong>&nbsp;: Auteur du film \u00ab <a href=\"https:\/\/festival.cyclo-camping.international\/riviere-tarn-velo\">le Tarn, d\u00e9couverte de la rivi\u00e8re<\/a> \u00bb qui sera projet\u00e9 lors de ce festival (le dimanche \u00e0 12h30), il est aussi l\u2019auteur de la chaine youtube \u00ab <a href=\"https:\/\/www.youtube.com\/channel\/UC3lcB1mX68dQ6eTeV7UlLSg\" target=\"_blank\" rel=\"noreferrer noopener\">cyclo voyage avec ga\u00ebtan<\/a> \u00bb, riche de plus de 200 vid\u00e9os.<\/p>\n<\/div>\n\n\n\n<div class=\"wp-block-column is-layout-flow wp-block-column-is-layout-flow\" style=\"flex-basis:50%\">\n<p class=\"has-small-font-size\"><strong>Quentin Lebastard<\/strong>&nbsp;: Globe-trotteur inv\u00e9t\u00e9r\u00e9, il est l\u2019auteur du blog \u00ab <a href=\"https:\/\/grainesvoyageuses.hubside.fr\/\" target=\"_blank\" rel=\"noreferrer noopener\">Graines Voyageuses<\/a> \u00bb, d\u2019un premier film qui raconte son <a href=\"https:\/\/www.youtube.com\/watch?v=BZUHKPcgtZ8\" target=\"_blank\" rel=\"noreferrer noopener\">trek dans l\u2019Himalaya<\/a> avec son p\u00e8re Christian et il se pr\u00e9pare pour un tour du monde de 2 ans.<\/p>\n<\/div>\n<\/div>\n\n\n\n<p class=\"has-small-font-size\"><strong>Fran\u00e7ois Pr\u00e9tot<\/strong>&nbsp;: \u00ab papa solo \u00bb depuis une dizaine d\u2019ann\u00e9es, il part r\u00e9guli\u00e8rement pour des balades de quelques jours avec sa fille Ma\u00eblle (17 ans) et ce, depuis son plus jeune \u00e2ge.<\/p>\n<\/div>\n\n\n\n<div class=\"wp-block-group has-global-padding is-layout-constrained wp-block-group-is-layout-constrained\">\n<p class=\"has-text-align-center\" style=\"font-size:0.8rem;letter-spacing:0.0625rem;text-transform:uppercase\"><strong>Autres activit\u00e9s<\/strong><\/p>\n\n\n\n<div class=\"wp-block-buttons is-content-justification-center is-layout-flex wp-container-core-buttons-is-layout-a89b3969 wp-block-buttons-is-layout-flex\">\n<div class=\"wp-block-button is-style-outline is-style-outline--3\"><a class=\"wp-block-button__link wp-element-button\" href=\"https:\/\/festival.cyclo-camping.international\/2024\/activites-2024\/ateliers-pratiques-voyage-velo-2024\/\">Atelier pratiques<\/a><\/div>\n\n\n\n<div class=\"wp-block-button is-style-outline is-style-outline--4\"><a class=\"wp-block-button__link wp-element-button\" href=\"https:\/\/festival.cyclo-camping.international\/2024\/activites-2024\/rencontres-cyclo-pays-festival-velo\/\">Rencontres cyclo-pays<\/a><\/div>\n\n\n\n<div class=\"wp-block-button is-style-outline is-style-outline--5\"><a class=\"wp-block-button__link wp-element-button\" href=\"https:\/\/festival.cyclo-camping.international\/2024\/activites-2024\/festival-des-enfants-2024\/\">Festival des enfants<\/a><\/div>\n<\/div>\n<\/div>\n","protected":false},"excerpt":{"rendered":"<p>D\u00e9bats et tables rondes Samedi 24 f\u00e9vrier 2024 Apparues de fa\u00e7on officielle et plus ou moins organis\u00e9e, les \u00e9preuves \u00ab&nbsp;longues distances&nbsp;\u00bb sont devenues \u00e0 la mode. Des organisations tr\u00e8s branch\u00e9es o\u00f9 il est bon de se montrer aux BRM longues distances de la F\u00e9d\u00e9ration Fran\u00e7aise de Cyclo Tourisme, la palette est large pour assouvir cette [&hellip;]<\/p>\n","protected":false},"author":1,"featured_media":0,"parent":77,"menu_order":1,"comment_status":"closed","ping_status":"closed","template":"page-no-title","meta":{"footnotes":""},"class_list":["post-447","page","type-page","status-publish","hentry"],"yoast_head":"<!-- This site is optimized with the Yoast SEO plugin v27.5 - https:\/\/yoast.com\/product\/yoast-seo-wordpress\/ -->\n<title>Conf\u00e9rences d\u00e9bats festival voyage v\u00e9lo<\/title>\n<meta name=\"description\" content=\"Programme des d\u00e9bats du 37e festival international du voyage \u00e0 v\u00e9lo au Mans : ultra-longue distance, voyage en famille, VAE, filmer le voyage\u2026\" \/>\n<meta name=\"robots\" content=\"index, follow, max-snippet:-1, max-image-preview:large, max-video-preview:-1\" \/>\n<link rel=\"canonical\" href=\"https:\/\/festival.cyclo-camping.international\/2024\/activites-2024\/debats-2024\/\" \/>\n<meta property=\"og:locale\" content=\"fr_FR\" \/>\n<meta property=\"og:type\" content=\"article\" \/>\n<meta property=\"og:title\" content=\"Conf\u00e9rences d\u00e9bats festival voyage v\u00e9lo\" \/>\n<meta property=\"og:description\" content=\"Programme des d\u00e9bats du 37e festival international du voyage \u00e0 v\u00e9lo au Mans : ultra-longue distance, voyage en famille, VAE, filmer le voyage\u2026\" \/>\n<meta property=\"og:url\" content=\"https:\/\/festival.cyclo-camping.international\/2024\/activites-2024\/debats-2024\/\" \/>\n<meta property=\"og:site_name\" content=\"37e Festival international du voyage \u00e0 v\u00e9lo\" \/>\n<meta property=\"og:image\" content=\"https:\/\/festival.cyclo-camping.international\/wp-content\/uploads\/2023\/12\/sunriders_web3.jpg\" \/>\n<meta name=\"twitter:card\" content=\"summary_large_image\" \/>\n<meta name=\"twitter:label1\" content=\"Dur\u00e9e de lecture estim\u00e9e\" \/>\n\t<meta name=\"twitter:data1\" content=\"8 minutes\" \/>\n<script type=\"application\/ld+json\" class=\"yoast-schema-graph\">{\"@context\":\"https:\\\/\\\/schema.org\",\"@graph\":[{\"@type\":\"WebPage\",\"@id\":\"https:\\\/\\\/festival.cyclo-camping.international\\\/2024\\\/activites-2024\\\/debats-2024\\\/\",\"url\":\"https:\\\/\\\/festival.cyclo-camping.international\\\/2024\\\/activites-2024\\\/debats-2024\\\/\",\"name\":\"Conf\u00e9rences d\u00e9bats festival voyage v\u00e9lo\",\"isPartOf\":{\"@id\":\"https:\\\/\\\/festival.cyclo-camping.international\\\/2024\\\/#website\"},\"primaryImageOfPage\":{\"@id\":\"https:\\\/\\\/festival.cyclo-camping.international\\\/2024\\\/activites-2024\\\/debats-2024\\\/#primaryimage\"},\"image\":{\"@id\":\"https:\\\/\\\/festival.cyclo-camping.international\\\/2024\\\/activites-2024\\\/debats-2024\\\/#primaryimage\"},\"thumbnailUrl\":\"https:\\\/\\\/festival.cyclo-camping.international\\\/wp-content\\\/uploads\\\/2023\\\/12\\\/sunriders_web3.jpg\",\"datePublished\":\"2024-01-07T15:23:31+00:00\",\"description\":\"Programme des d\u00e9bats du 37e festival international du voyage \u00e0 v\u00e9lo au Mans : ultra-longue distance, voyage en famille, VAE, filmer le voyage\u2026\",\"breadcrumb\":{\"@id\":\"https:\\\/\\\/festival.cyclo-camping.international\\\/2024\\\/activites-2024\\\/debats-2024\\\/#breadcrumb\"},\"inLanguage\":\"fr-FR\",\"potentialAction\":[{\"@type\":\"ReadAction\",\"target\":[\"https:\\\/\\\/festival.cyclo-camping.international\\\/2024\\\/activites-2024\\\/debats-2024\\\/\"]}]},{\"@type\":\"ImageObject\",\"inLanguage\":\"fr-FR\",\"@id\":\"https:\\\/\\\/festival.cyclo-camping.international\\\/2024\\\/activites-2024\\\/debats-2024\\\/#primaryimage\",\"url\":\"https:\\\/\\\/festival.cyclo-camping.international\\\/wp-content\\\/uploads\\\/2023\\\/12\\\/sunriders_web3.jpg\",\"contentUrl\":\"https:\\\/\\\/festival.cyclo-camping.international\\\/wp-content\\\/uploads\\\/2023\\\/12\\\/sunriders_web3.jpg\"},{\"@type\":\"BreadcrumbList\",\"@id\":\"https:\\\/\\\/festival.cyclo-camping.international\\\/2024\\\/activites-2024\\\/debats-2024\\\/#breadcrumb\",\"itemListElement\":[{\"@type\":\"ListItem\",\"position\":1,\"name\":\"Accueil\",\"item\":\"https:\\\/\\\/festival.cyclo-camping.international\\\/2024\\\/\"},{\"@type\":\"ListItem\",\"position\":2,\"name\":\"Activit\u00e9s\",\"item\":\"https:\\\/\\\/festival.cyclo-camping.international\\\/2024\\\/activites-2024\\\/\"},{\"@type\":\"ListItem\",\"position\":3,\"name\":\"D\u00e9bats-Conf\u00e9rences-Tables rondes\"}]},{\"@type\":\"WebSite\",\"@id\":\"https:\\\/\\\/festival.cyclo-camping.international\\\/2024\\\/#website\",\"url\":\"https:\\\/\\\/festival.cyclo-camping.international\\\/2024\\\/\",\"name\":\"37e Festival international du voyage \u00e0 v\u00e9lo\",\"description\":\"\",\"potentialAction\":[{\"@type\":\"SearchAction\",\"target\":{\"@type\":\"EntryPoint\",\"urlTemplate\":\"https:\\\/\\\/festival.cyclo-camping.international\\\/2024\\\/?s={search_term_string}\"},\"query-input\":{\"@type\":\"PropertyValueSpecification\",\"valueRequired\":true,\"valueName\":\"search_term_string\"}}],\"inLanguage\":\"fr-FR\"}]}<\/script>\n<!-- \/ Yoast SEO plugin. -->","yoast_head_json":{"title":"Conf\u00e9rences d\u00e9bats festival voyage v\u00e9lo","description":"Programme des d\u00e9bats du 37e festival international du voyage \u00e0 v\u00e9lo au Mans : ultra-longue distance, voyage en famille, VAE, filmer le voyage\u2026","robots":{"index":"index","follow":"follow","max-snippet":"max-snippet:-1","max-image-preview":"max-image-preview:large","max-video-preview":"max-video-preview:-1"},"canonical":"https:\/\/festival.cyclo-camping.international\/2024\/activites-2024\/debats-2024\/","og_locale":"fr_FR","og_type":"article","og_title":"Conf\u00e9rences d\u00e9bats festival voyage v\u00e9lo","og_description":"Programme des d\u00e9bats du 37e festival international du voyage \u00e0 v\u00e9lo au Mans : ultra-longue distance, voyage en famille, VAE, filmer le voyage\u2026","og_url":"https:\/\/festival.cyclo-camping.international\/2024\/activites-2024\/debats-2024\/","og_site_name":"37e Festival international du voyage \u00e0 v\u00e9lo","og_image":[{"url":"https:\/\/festival.cyclo-camping.international\/wp-content\/uploads\/2023\/12\/sunriders_web3.jpg","type":"","width":"","height":""}],"twitter_card":"summary_large_image","twitter_misc":{"Dur\u00e9e de lecture estim\u00e9e":"8 minutes"},"schema":{"@context":"https:\/\/schema.org","@graph":[{"@type":"WebPage","@id":"https:\/\/festival.cyclo-camping.international\/2024\/activites-2024\/debats-2024\/","url":"https:\/\/festival.cyclo-camping.international\/2024\/activites-2024\/debats-2024\/","name":"Conf\u00e9rences d\u00e9bats festival voyage v\u00e9lo","isPartOf":{"@id":"https:\/\/festival.cyclo-camping.international\/2024\/#website"},"primaryImageOfPage":{"@id":"https:\/\/festival.cyclo-camping.international\/2024\/activites-2024\/debats-2024\/#primaryimage"},"image":{"@id":"https:\/\/festival.cyclo-camping.international\/2024\/activites-2024\/debats-2024\/#primaryimage"},"thumbnailUrl":"https:\/\/festival.cyclo-camping.international\/wp-content\/uploads\/2023\/12\/sunriders_web3.jpg","datePublished":"2024-01-07T15:23:31+00:00","description":"Programme des d\u00e9bats du 37e festival international du voyage \u00e0 v\u00e9lo au Mans : ultra-longue distance, voyage en famille, VAE, filmer le voyage\u2026","breadcrumb":{"@id":"https:\/\/festival.cyclo-camping.international\/2024\/activites-2024\/debats-2024\/#breadcrumb"},"inLanguage":"fr-FR","potentialAction":[{"@type":"ReadAction","target":["https:\/\/festival.cyclo-camping.international\/2024\/activites-2024\/debats-2024\/"]}]},{"@type":"ImageObject","inLanguage":"fr-FR","@id":"https:\/\/festival.cyclo-camping.international\/2024\/activites-2024\/debats-2024\/#primaryimage","url":"https:\/\/festival.cyclo-camping.international\/wp-content\/uploads\/2023\/12\/sunriders_web3.jpg","contentUrl":"https:\/\/festival.cyclo-camping.international\/wp-content\/uploads\/2023\/12\/sunriders_web3.jpg"},{"@type":"BreadcrumbList","@id":"https:\/\/festival.cyclo-camping.international\/2024\/activites-2024\/debats-2024\/#breadcrumb","itemListElement":[{"@type":"ListItem","position":1,"name":"Accueil","item":"https:\/\/festival.cyclo-camping.international\/2024\/"},{"@type":"ListItem","position":2,"name":"Activit\u00e9s","item":"https:\/\/festival.cyclo-camping.international\/2024\/activites-2024\/"},{"@type":"ListItem","position":3,"name":"D\u00e9bats-Conf\u00e9rences-Tables rondes"}]},{"@type":"WebSite","@id":"https:\/\/festival.cyclo-camping.international\/2024\/#website","url":"https:\/\/festival.cyclo-camping.international\/2024\/","name":"37e Festival international du voyage \u00e0 v\u00e9lo","description":"","potentialAction":[{"@type":"SearchAction","target":{"@type":"EntryPoint","urlTemplate":"https:\/\/festival.cyclo-camping.international\/2024\/?s={search_term_string}"},"query-input":{"@type":"PropertyValueSpecification","valueRequired":true,"valueName":"search_term_string"}}],"inLanguage":"fr-FR"}]}},"_links":{"self":[{"href":"https:\/\/festival.cyclo-camping.international\/2024\/wp-json\/wp\/v2\/pages\/447","targetHints":{"allow":["GET"]}}],"collection":[{"href":"https:\/\/festival.cyclo-camping.international\/2024\/wp-json\/wp\/v2\/pages"}],"about":[{"href":"https:\/\/festival.cyclo-camping.international\/2024\/wp-json\/wp\/v2\/types\/page"}],"author":[{"embeddable":true,"href":"https:\/\/festival.cyclo-camping.international\/2024\/wp-json\/wp\/v2\/users\/1"}],"replies":[{"embeddable":true,"href":"https:\/\/festival.cyclo-camping.international\/2024\/wp-json\/wp\/v2\/comments?post=447"}],"version-history":[{"count":0,"href":"https:\/\/festival.cyclo-camping.international\/2024\/wp-json\/wp\/v2\/pages\/447\/revisions"}],"up":[{"embeddable":true,"href":"https:\/\/festival.cyclo-camping.international\/2024\/wp-json\/wp\/v2\/pages\/77"}],"wp:attachment":[{"href":"https:\/\/festival.cyclo-camping.international\/2024\/wp-json\/wp\/v2\/media?parent=447"}],"curies":[{"name":"wp","href":"https:\/\/api.w.org\/{rel}","templated":true}]}}