{"id":355,"date":"2024-01-05T15:49:04","date_gmt":"2024-01-05T14:49:04","guid":{"rendered":"https:\/\/festival.cyclo-camping.international\/2024\/?page_id=355"},"modified":"2024-01-05T15:49:04","modified_gmt":"2024-01-05T14:49:04","slug":"presentation-cyclo-camping-international","status":"publish","type":"page","link":"https:\/\/festival.cyclo-camping.international\/2024\/presentation\/presentation-cyclo-camping-international\/","title":{"rendered":"Qui sommes nous ?"},"content":{"rendered":"\n<h2 class=\"wp-block-heading has-text-align-center\">Qui sommes nous ?<\/h2>\n\n\n\n<div style=\"height:7px\" aria-hidden=\"true\" class=\"wp-block-spacer\"><\/div>\n\n\n\n<figure class=\"wp-block-image aligncenter\"><img decoding=\"async\" src=\"https:\/\/www.cyclo-camping.international\/images\/stories\/logos\/logo_cci_rvb.png\" alt=\"Logo de Cyclo-camping International\" style=\"object-fit:cover\" \/><\/figure>\n\n\n\n<div style=\"height:7px\" aria-hidden=\"true\" class=\"wp-block-spacer\"><\/div>\n\n\n\n<p>Association fond\u00e9e en 1982, <strong><em>Cyclo-Camping International <\/em>(CCI)<\/strong> est un lieu de rencontre et d&rsquo;\u00e9change des exp\u00e9riences de chacune et chacun, o\u00f9 ceux qui r\u00eavent de voyages et d&rsquo;aventures, petites ou grandes, peuvent trouver informations et conseils, pour se pr\u00e9parer \u00e0 partir \u00e0 v\u00e9lo. <\/p>\n\n\n\n<p>Un <strong>dossier complet de pr\u00e9sentation de l&rsquo;association<\/strong> est disponible en PDF. <\/p>\n\n\n\n<div class=\"wp-block-buttons is-content-justification-center is-layout-flex wp-container-core-buttons-is-layout-98935462 wp-block-buttons-is-layout-flex\" style=\"margin-top:var(--wp--preset--spacing--10);margin-bottom:var(--wp--preset--spacing--10)\">\n<div class=\"wp-block-button is-style-outline is-style-outline--1\"><a class=\"wp-block-button__link wp-element-button\" href=\"https:\/\/festival.cyclo-camping.international\/wp-content\/uploads\/2024\/01\/dossier-presentation-CCI-2023.pdf\" target=\"_blank\" rel=\"noreferrer noopener\">T\u00e9l\u00e9charger le dossier de pr\u00e9sentation<\/a><\/div>\n<\/div>\n\n\n\n<hr class=\"wp-block-separator has-alpha-channel-opacity\" style=\"margin-top:var(--wp--preset--spacing--40);margin-bottom:var(--wp--preset--spacing--20)\" \/>\n\n\n\n<h2 class=\"wp-block-heading has-text-align-center\"><strong>CCI informe<strong> <\/strong> <\/strong><\/h2>\n\n\n\n<ul class=\"wp-block-list\">\n<li>CCI \u00e9dite le <a href=\"https:\/\/www.cyclo-camping.international\/fr\/manuel-du-voyage-a-velo\" target=\"_blank\" rel=\"noreferrer noopener\">Manuel du voyage \u00e0 v\u00e9lo<\/a> (actuellement \u00e0 sa 6<sup>e<\/sup> \u00e9dition et notamment en vente au festival).<\/li>\n\n\n\n<li>L&rsquo;association g\u00e8re le <a href=\"https:\/\/wikicyclopays.cyclo-camping.international\/index.php?title=Accueil\" target=\"_blank\" rel=\"noreferrer noopener\">WikiCycloPays<\/a>, le wiki des destinations de voyages \u00e0 v\u00e9lo.<\/li>\n\n\n\n<li>Elle vous ouvre \u00e9galement sa <a href=\"http:\/\/biblio-cyclesdephilippeorgebin.hautetfort.com\/\" target=\"_blank\" rel=\"noreferrer noopener\">biblioth\u00e8que<\/a> ! Une s\u00e9rie d&rsquo;ouvrages sur le voyage \u00e0 v\u00e9lo est d\u00e9cortiqu\u00e9e sur le site de Philippe Orgebin.<\/li>\n\n\n\n<li>Outre la publication d&rsquo;une lettre d&rsquo;information trimestrielle destin\u00e9e \u00e0 ses adh\u00e9rents, CCI \u00e9dite 4 num\u00e9ros par an de la <a href=\"https:\/\/www.cyclo-camping.international\/fr\/revue\/non-categorise\/revue\" target=\"_blank\" rel=\"noreferrer noopener\">revue Cyclo-Camping International<\/a>. L&rsquo;abonnement, ouvert \u00e0 tous, est \u00e0 un tarif pr\u00e9f\u00e9rentiel pour les membres de l&rsquo;association.<\/li>\n\n\n\n<li>L&rsquo;adh\u00e9sion donne acc\u00e8s \u00e0 un <a href=\"https:\/\/www.cyclo-camping.international\/forum\" target=\"_blank\" rel=\"noreferrer noopener\">forum<\/a> pour \u00e9changer sur tous les sujets autour du voyage \u00e0 v\u00e9lo.<\/li>\n\n\n\n<li>CCI met \u00e9galement \u00e0 disposition de ses adh\u00e9rents <a href=\"http:\/\/adherents.cyclo-camping.international\/consulter_pays.php\" target=\"_blank\" rel=\"noreferrer noopener\">une liste de contacts<\/a> de voyageurs et voyageuses ayant parcouru tel ou tel pays ou continent.<\/li>\n<\/ul>\n\n\n\n<div class=\"wp-block-buttons is-content-justification-center is-layout-flex wp-container-core-buttons-is-layout-c9d54327 wp-block-buttons-is-layout-flex\" style=\"margin-top:3.5rem;margin-bottom:3.5rem\">\n<div class=\"wp-block-button is-style-outline is-style-outline--2\"><a class=\"wp-block-button__link wp-element-button\" href=\"https:\/\/www.cyclo-camping.international\/fr\/manuel-du-voyage-a-velo\" target=\"_blank\" rel=\"noreferrer noopener\">Commander le manuel du voyage \u00e0 v\u00e9lo<\/a><\/div>\n\n\n\n<div class=\"wp-block-button is-style-outline is-style-outline--3\"><a class=\"wp-block-button__link wp-element-button\" href=\"https:\/\/www.cyclo-camping.international\/adherez-a-cci\" target=\"_blank\" rel=\"noreferrer noopener\">Adh\u00e9rer \u00e0 l&rsquo;association<\/a><\/div>\n<\/div>\n\n\n\n<hr class=\"wp-block-separator has-alpha-channel-opacity\" style=\"margin-top:var(--wp--preset--spacing--40);margin-bottom:var(--wp--preset--spacing--20)\" \/>\n\n\n\n<h2 class=\"wp-block-heading has-text-align-center\"><strong>CCI rassemble <\/strong><\/h2>\n\n\n\n<ul class=\"wp-block-list\">\n<li>Organisation chaque ann\u00e9e d&rsquo;un <strong>festival du voyage \u00e0 v\u00e9lo<\/strong> : diaporamas de voyage \u00e0 v\u00e9lo en toute autonomie, pr\u00e9sent\u00e9s par leurs auteurs ; stands de v\u00e9locistes, de libraires, d&rsquo;associations, rencontres de cyclo-voyageurs et cyclo-voyageuses.<\/li>\n\n\n\n<li><strong>Liens<\/strong> vers d&rsquo;autres sites de passionn\u00e9s de voyages \u00e0 v\u00e9lo.<\/li>\n\n\n\n<li>Organisation de rencontres et voyages \u00e0&nbsp;v\u00e9lo itin\u00e9rants, de 2&nbsp;jours \u00e0 2&nbsp;semaines&nbsp;: les&nbsp;<a href=\"https:\/\/www.cyclo-camping.international\/sorties\/\" target=\"_blank\" rel=\"noreferrer noopener\">sorties CCI<\/a> (week-ends et quinzaines). Une&nbsp;formule souple, qui permet au randonneur de choisir son jour d&rsquo;arriv\u00e9e et de&nbsp;d\u00e9part.<\/li>\n\n\n\n<li>Mise en place d&rsquo;un r\u00e9seau d&rsquo;\u00e9change et de mode d&rsquo;h\u00e9bergement solidaire&nbsp;: le&nbsp;<a href=\"https:\/\/www.cyclo-camping.international\/cac\/\" target=\"_blank\" rel=\"noreferrer noopener\">Cyclo Accueil Cyclo<\/a> (le CAC) est une liste de membres adh\u00e9rents qui acceptent d&rsquo;h\u00e9berger des cyclo-voyageurs de passage.<\/li>\n\n\n\n<li><strong>Rendez-vous <\/strong>un vendredi soir par mois, \u00e0 la Maison du v\u00e9lo (Paris 4<sup>e<\/sup>, m\u00e9tro Bastille), pour se rencontrer, s&rsquo;informer et \u00e9changer sur son exp\u00e9rience.<\/li>\n<\/ul>\n\n\n\n<div class=\"wp-block-group has-border-color has-contrast-2-color has-text-color has-link-color wp-elements-d324b1d1c45d256071753191fb463e56 has-global-padding is-layout-constrained wp-container-core-group-is-layout-d941a72b wp-block-group-is-layout-constrained\" style=\"border-color:#516e00;border-width:1px;border-radius:12.22rem;margin-top:3.5rem;margin-bottom:3.5rem;padding-top:0rem;padding-right:2.5rem;padding-bottom:0.5rem;padding-left:2.5rem;font-size:clamp(0.875rem, 0.875rem + ((1vw - 0.2rem) * 0.208), 1rem);letter-spacing:0.25px;line-height:1.3\">\n<div style=\"padding:0;text-align:center\" class=\"wp-block-tnp-minimal\"><p><strong>Inscrivez-vous \u00e0 la newsletter du Festival <br \/><\/strong>pour \u00eatre inform\u00e9 des prochaines \u00e9ditions !<\/p><div><div class=\"tnp tnp-subscription-minimal  \"><form action=\"https:\/\/festival.cyclo-camping.international\/2024\/wp-admin\/admin-ajax.php?action=tnp&amp;na=s\" method=\"post\" style=\"text-align: center\"><input type=\"hidden\" name=\"nr\" value=\"minimal\">\n<input type=\"hidden\" name=\"nlang\" value=\"\">\n<input class=\"tnp-email\" type=\"email\" required name=\"ne\" value=\"\" placeholder=\"E-mail\"><input class=\"tnp-submit\" type=\"submit\" value=\"S&#039;abonner\" style=\"\">\n<\/form><\/div>\n<\/div><\/div>\n<\/div>\n\n\n\n<hr class=\"wp-block-separator has-alpha-channel-opacity\" style=\"margin-top:var(--wp--preset--spacing--40);margin-bottom:var(--wp--preset--spacing--20)\" \/>\n\n\n\n<h2 class=\"wp-block-heading has-text-align-center\"><strong>Rejoignez CCI !<\/strong><\/h2>\n\n\n\n<p>L&rsquo;association est <strong>enti\u00e8rement anim\u00e9e par des b\u00e9n\u00e9voles <\/strong>et chaque membre adh\u00e9rent est invit\u00e9 \u00e0 la faire vivre.<\/p>\n\n\n\n<div class=\"wp-block-group has-border-color has-global-padding is-layout-constrained wp-block-group-is-layout-constrained\" style=\"border-color:#516e00;border-width:1px;border-radius:89px;margin-top:2.5rem;margin-bottom:2.5rem;padding-top:0.7rem;padding-bottom:1.6rem\">\n<p class=\"has-text-align-center has-contrast-2-color has-text-color has-link-color wp-elements-8f4918a9348fb856dd37606a16ebfb21\" style=\"font-size:clamp(0.875rem, 0.875rem + ((1vw - 0.2rem) * 0.208), 1rem);letter-spacing:0.25px;line-height:1.3\"><strong>Rendez vous sur l&rsquo;espace adh\u00e9rents<\/strong> <br \/>pour adh\u00e9rer en ligne :<\/p>\n\n\n\n<div class=\"wp-block-buttons is-content-justification-center is-layout-flex wp-container-core-buttons-is-layout-a89b3969 wp-block-buttons-is-layout-flex\">\n<div class=\"wp-block-button is-style-fill\"><a class=\"wp-block-button__link wp-element-button\" href=\"https:\/\/www.cyclo-camping.international\/adherez-a-cci\" target=\"_blank\" rel=\"noreferrer noopener\">Rejoindre CCI<\/a><\/div>\n<\/div>\n<\/div>\n\n\n\n<div style=\"height:7px\" aria-hidden=\"true\" class=\"wp-block-spacer\"><\/div>\n","protected":false},"excerpt":{"rendered":"<p>Qui sommes nous ? Association fond\u00e9e en 1982, Cyclo-Camping International (CCI) est un lieu de rencontre et d&rsquo;\u00e9change des exp\u00e9riences de chacune et chacun, o\u00f9 ceux qui r\u00eavent de voyages et d&rsquo;aventures, petites ou grandes, peuvent trouver informations et conseils, pour se pr\u00e9parer \u00e0 partir \u00e0 v\u00e9lo. Un dossier complet de pr\u00e9sentation de l&rsquo;association est [&hellip;]<\/p>\n","protected":false},"author":1,"featured_media":0,"parent":61,"menu_order":2,"comment_status":"closed","ping_status":"closed","template":"page-no-title","meta":{"footnotes":""},"class_list":["post-355","page","type-page","status-publish","hentry"],"yoast_head":"<!-- This site is optimized with the Yoast SEO plugin v27.5 - https:\/\/yoast.com\/product\/yoast-seo-wordpress\/ -->\n<title>Pr\u00e9sentation cyclo-camping international<\/title>\n<meta name=\"description\" content=\"Pr\u00e9sentation des activit\u00e9s de Cyclo-Camping International et les liens pour acc\u00e9der directement aux diff\u00e9rentes rubriques\" \/>\n<meta name=\"robots\" content=\"index, follow, max-snippet:-1, max-image-preview:large, max-video-preview:-1\" \/>\n<link rel=\"canonical\" href=\"https:\/\/festival.cyclo-camping.international\/2024\/presentation\/presentation-cyclo-camping-international\/\" \/>\n<meta property=\"og:locale\" content=\"fr_FR\" \/>\n<meta property=\"og:type\" content=\"article\" \/>\n<meta property=\"og:title\" content=\"Pr\u00e9sentation cyclo-camping international\" \/>\n<meta property=\"og:description\" content=\"Pr\u00e9sentation des activit\u00e9s de Cyclo-Camping International et les liens pour acc\u00e9der directement aux diff\u00e9rentes rubriques\" \/>\n<meta property=\"og:url\" content=\"https:\/\/festival.cyclo-camping.international\/2024\/presentation\/presentation-cyclo-camping-international\/\" \/>\n<meta property=\"og:site_name\" content=\"37e Festival international du voyage \u00e0 v\u00e9lo\" \/>\n<meta property=\"og:image\" content=\"https:\/\/www.cyclo-camping.international\/images\/stories\/logos\/logo_cci_rvb.png\" \/>\n<meta name=\"twitter:card\" content=\"summary_large_image\" \/>\n<meta name=\"twitter:label1\" content=\"Dur\u00e9e de lecture estim\u00e9e\" \/>\n\t<meta name=\"twitter:data1\" content=\"3 minutes\" \/>\n<script type=\"application\/ld+json\" class=\"yoast-schema-graph\">{\"@context\":\"https:\\\/\\\/schema.org\",\"@graph\":[{\"@type\":\"WebPage\",\"@id\":\"https:\\\/\\\/festival.cyclo-camping.international\\\/2024\\\/presentation\\\/presentation-cyclo-camping-international\\\/\",\"url\":\"https:\\\/\\\/festival.cyclo-camping.international\\\/2024\\\/presentation\\\/presentation-cyclo-camping-international\\\/\",\"name\":\"Pr\u00e9sentation cyclo-camping international\",\"isPartOf\":{\"@id\":\"https:\\\/\\\/festival.cyclo-camping.international\\\/2024\\\/#website\"},\"primaryImageOfPage\":{\"@id\":\"https:\\\/\\\/festival.cyclo-camping.international\\\/2024\\\/presentation\\\/presentation-cyclo-camping-international\\\/#primaryimage\"},\"image\":{\"@id\":\"https:\\\/\\\/festival.cyclo-camping.international\\\/2024\\\/presentation\\\/presentation-cyclo-camping-international\\\/#primaryimage\"},\"thumbnailUrl\":\"https:\\\/\\\/www.cyclo-camping.international\\\/images\\\/stories\\\/logos\\\/logo_cci_rvb.png\",\"datePublished\":\"2024-01-05T14:49:04+00:00\",\"description\":\"Pr\u00e9sentation des activit\u00e9s de Cyclo-Camping International et les liens pour acc\u00e9der directement aux diff\u00e9rentes rubriques\",\"breadcrumb\":{\"@id\":\"https:\\\/\\\/festival.cyclo-camping.international\\\/2024\\\/presentation\\\/presentation-cyclo-camping-international\\\/#breadcrumb\"},\"inLanguage\":\"fr-FR\",\"potentialAction\":[{\"@type\":\"ReadAction\",\"target\":[\"https:\\\/\\\/festival.cyclo-camping.international\\\/2024\\\/presentation\\\/presentation-cyclo-camping-international\\\/\"]}]},{\"@type\":\"ImageObject\",\"inLanguage\":\"fr-FR\",\"@id\":\"https:\\\/\\\/festival.cyclo-camping.international\\\/2024\\\/presentation\\\/presentation-cyclo-camping-international\\\/#primaryimage\",\"url\":\"https:\\\/\\\/www.cyclo-camping.international\\\/images\\\/stories\\\/logos\\\/logo_cci_rvb.png\",\"contentUrl\":\"https:\\\/\\\/www.cyclo-camping.international\\\/images\\\/stories\\\/logos\\\/logo_cci_rvb.png\"},{\"@type\":\"BreadcrumbList\",\"@id\":\"https:\\\/\\\/festival.cyclo-camping.international\\\/2024\\\/presentation\\\/presentation-cyclo-camping-international\\\/#breadcrumb\",\"itemListElement\":[{\"@type\":\"ListItem\",\"position\":1,\"name\":\"Accueil\",\"item\":\"https:\\\/\\\/festival.cyclo-camping.international\\\/2024\\\/\"},{\"@type\":\"ListItem\",\"position\":2,\"name\":\"Pr\u00e9sentation\",\"item\":\"https:\\\/\\\/festival.cyclo-camping.international\\\/2024\\\/presentation\\\/\"},{\"@type\":\"ListItem\",\"position\":3,\"name\":\"Qui sommes nous ?\"}]},{\"@type\":\"WebSite\",\"@id\":\"https:\\\/\\\/festival.cyclo-camping.international\\\/2024\\\/#website\",\"url\":\"https:\\\/\\\/festival.cyclo-camping.international\\\/2024\\\/\",\"name\":\"37e Festival international du voyage \u00e0 v\u00e9lo\",\"description\":\"\",\"potentialAction\":[{\"@type\":\"SearchAction\",\"target\":{\"@type\":\"EntryPoint\",\"urlTemplate\":\"https:\\\/\\\/festival.cyclo-camping.international\\\/2024\\\/?s={search_term_string}\"},\"query-input\":{\"@type\":\"PropertyValueSpecification\",\"valueRequired\":true,\"valueName\":\"search_term_string\"}}],\"inLanguage\":\"fr-FR\"}]}<\/script>\n<!-- \/ Yoast SEO plugin. -->","yoast_head_json":{"title":"Pr\u00e9sentation cyclo-camping international","description":"Pr\u00e9sentation des activit\u00e9s de Cyclo-Camping International et les liens pour acc\u00e9der directement aux diff\u00e9rentes rubriques","robots":{"index":"index","follow":"follow","max-snippet":"max-snippet:-1","max-image-preview":"max-image-preview:large","max-video-preview":"max-video-preview:-1"},"canonical":"https:\/\/festival.cyclo-camping.international\/2024\/presentation\/presentation-cyclo-camping-international\/","og_locale":"fr_FR","og_type":"article","og_title":"Pr\u00e9sentation cyclo-camping international","og_description":"Pr\u00e9sentation des activit\u00e9s de Cyclo-Camping International et les liens pour acc\u00e9der directement aux diff\u00e9rentes rubriques","og_url":"https:\/\/festival.cyclo-camping.international\/2024\/presentation\/presentation-cyclo-camping-international\/","og_site_name":"37e Festival international du voyage \u00e0 v\u00e9lo","og_image":[{"url":"https:\/\/www.cyclo-camping.international\/images\/stories\/logos\/logo_cci_rvb.png","type":"","width":"","height":""}],"twitter_card":"summary_large_image","twitter_misc":{"Dur\u00e9e de lecture estim\u00e9e":"3 minutes"},"schema":{"@context":"https:\/\/schema.org","@graph":[{"@type":"WebPage","@id":"https:\/\/festival.cyclo-camping.international\/2024\/presentation\/presentation-cyclo-camping-international\/","url":"https:\/\/festival.cyclo-camping.international\/2024\/presentation\/presentation-cyclo-camping-international\/","name":"Pr\u00e9sentation cyclo-camping international","isPartOf":{"@id":"https:\/\/festival.cyclo-camping.international\/2024\/#website"},"primaryImageOfPage":{"@id":"https:\/\/festival.cyclo-camping.international\/2024\/presentation\/presentation-cyclo-camping-international\/#primaryimage"},"image":{"@id":"https:\/\/festival.cyclo-camping.international\/2024\/presentation\/presentation-cyclo-camping-international\/#primaryimage"},"thumbnailUrl":"https:\/\/www.cyclo-camping.international\/images\/stories\/logos\/logo_cci_rvb.png","datePublished":"2024-01-05T14:49:04+00:00","description":"Pr\u00e9sentation des activit\u00e9s de Cyclo-Camping International et les liens pour acc\u00e9der directement aux diff\u00e9rentes rubriques","breadcrumb":{"@id":"https:\/\/festival.cyclo-camping.international\/2024\/presentation\/presentation-cyclo-camping-international\/#breadcrumb"},"inLanguage":"fr-FR","potentialAction":[{"@type":"ReadAction","target":["https:\/\/festival.cyclo-camping.international\/2024\/presentation\/presentation-cyclo-camping-international\/"]}]},{"@type":"ImageObject","inLanguage":"fr-FR","@id":"https:\/\/festival.cyclo-camping.international\/2024\/presentation\/presentation-cyclo-camping-international\/#primaryimage","url":"https:\/\/www.cyclo-camping.international\/images\/stories\/logos\/logo_cci_rvb.png","contentUrl":"https:\/\/www.cyclo-camping.international\/images\/stories\/logos\/logo_cci_rvb.png"},{"@type":"BreadcrumbList","@id":"https:\/\/festival.cyclo-camping.international\/2024\/presentation\/presentation-cyclo-camping-international\/#breadcrumb","itemListElement":[{"@type":"ListItem","position":1,"name":"Accueil","item":"https:\/\/festival.cyclo-camping.international\/2024\/"},{"@type":"ListItem","position":2,"name":"Pr\u00e9sentation","item":"https:\/\/festival.cyclo-camping.international\/2024\/presentation\/"},{"@type":"ListItem","position":3,"name":"Qui sommes nous ?"}]},{"@type":"WebSite","@id":"https:\/\/festival.cyclo-camping.international\/2024\/#website","url":"https:\/\/festival.cyclo-camping.international\/2024\/","name":"37e Festival international du voyage \u00e0 v\u00e9lo","description":"","potentialAction":[{"@type":"SearchAction","target":{"@type":"EntryPoint","urlTemplate":"https:\/\/festival.cyclo-camping.international\/2024\/?s={search_term_string}"},"query-input":{"@type":"PropertyValueSpecification","valueRequired":true,"valueName":"search_term_string"}}],"inLanguage":"fr-FR"}]}},"_links":{"self":[{"href":"https:\/\/festival.cyclo-camping.international\/2024\/wp-json\/wp\/v2\/pages\/355","targetHints":{"allow":["GET"]}}],"collection":[{"href":"https:\/\/festival.cyclo-camping.international\/2024\/wp-json\/wp\/v2\/pages"}],"about":[{"href":"https:\/\/festival.cyclo-camping.international\/2024\/wp-json\/wp\/v2\/types\/page"}],"author":[{"embeddable":true,"href":"https:\/\/festival.cyclo-camping.international\/2024\/wp-json\/wp\/v2\/users\/1"}],"replies":[{"embeddable":true,"href":"https:\/\/festival.cyclo-camping.international\/2024\/wp-json\/wp\/v2\/comments?post=355"}],"version-history":[{"count":0,"href":"https:\/\/festival.cyclo-camping.international\/2024\/wp-json\/wp\/v2\/pages\/355\/revisions"}],"up":[{"embeddable":true,"href":"https:\/\/festival.cyclo-camping.international\/2024\/wp-json\/wp\/v2\/pages\/61"}],"wp:attachment":[{"href":"https:\/\/festival.cyclo-camping.international\/2024\/wp-json\/wp\/v2\/media?parent=355"}],"curies":[{"name":"wp","href":"https:\/\/api.w.org\/{rel}","templated":true}]}}