{"id":2169,"date":"2023-12-19T22:13:50","date_gmt":"2023-12-19T21:13:50","guid":{"rendered":"https:\/\/festival.cyclo-camping.international\/?page_id=2"},"modified":"2025-03-25T18:23:56","modified_gmt":"2025-03-25T17:23:56","slug":"accueil","status":"publish","type":"page","link":"https:\/\/festival.cyclo-camping.international\/2024\/","title":{"rendered":"En f\u00e9vrier 2024, le festival se tiendra pour la premi\u00e8re fois au Mans"},"content":{"rendered":"\n<figure class=\"wp-block-image size-large\"><img loading=\"lazy\" decoding=\"async\" width=\"1024\" height=\"530\" src=\"https:\/\/festival.cyclo-camping.international\/2024\/wp-content\/uploads\/sites\/2\/2024\/01\/Festival-2024-Banniere-Site-OK-1024x530.jpg\" alt=\"Affiche du 37e Festival international du voyage \u00e0 v\u00e9lo\" class=\"wp-image-1689\" srcset=\"https:\/\/festival.cyclo-camping.international\/2024\/wp-content\/uploads\/sites\/2\/2024\/01\/Festival-2024-Banniere-Site-OK-1024x530.jpg 1024w, https:\/\/festival.cyclo-camping.international\/2024\/wp-content\/uploads\/sites\/2\/2024\/01\/Festival-2024-Banniere-Site-OK-300x155.jpg 300w, https:\/\/festival.cyclo-camping.international\/2024\/wp-content\/uploads\/sites\/2\/2024\/01\/Festival-2024-Banniere-Site-OK-768x397.jpg 768w, https:\/\/festival.cyclo-camping.international\/2024\/wp-content\/uploads\/sites\/2\/2024\/01\/Festival-2024-Banniere-Site-OK.jpg 1050w\" sizes=\"auto, (max-width: 1024px) 100vw, 1024px\" \/><figcaption class=\"wp-element-caption\">Affiche du 37e Festival international du voyage \u00e0 v\u00e9lo<\/figcaption><\/figure>\n\n\n\n<p><\/p>\n\n\n\n<h2 class=\"wp-block-heading has-text-align-center\">En&nbsp;f\u00e9vrier 2024, le&nbsp;festival s&rsquo;est tenu pour la premi\u00e8re fois au&nbsp;Mans<\/h2>\n\n\n\n<div class=\"wp-block-group is-vertical is-layout-flex wp-container-core-group-is-layout-fe9cc265 wp-block-group-is-layout-flex\">\n<p style=\"margin-right:0;margin-left:0;padding-top:0;padding-right:0;padding-bottom:0;padding-left:0\">Chaque ann\u00e9e depuis 37 ans, le festival international du voyage \u00e0 v\u00e9lo est un temps fort de l&rsquo;ann\u00e9e pour <a href=\"https:\/\/festival.cyclo-camping.international\/qui-sommes-nous\/presentation-cyclo-camping-international\/\" data-type=\"page\" data-id=\"355\">l&rsquo;association Cyclo-Camping International (CCI)<\/a> qui l&rsquo;organise, ainsi que pour ses aficionados. <\/p>\n\n\n\n<p style=\"margin-right:0;margin-left:0;padding-top:0;padding-right:0;padding-bottom:0;padding-left:0\"><strong>Haut lieu de partage d\u2019exp\u00e9riences et de rencontres, <\/strong>quelques 3000&nbsp;personnes s&rsquo;y rassemblent. Voyageuses et voyageurs de toutes g\u00e9n\u00e9rations et de tous horizons viennent s&rsquo;y informer pour pr\u00e9parer \u00e0 leur tour un p\u00e9riple ou juste pour le plaisir de r\u00eaver. Cette ann\u00e9e pour la premi\u00e8re fois, la rencontre aura lieu au Palais des Congr\u00e8s et de la Culture de la ville du&nbsp;Mans.<\/p>\n<\/div>\n\n\n\n<div class=\"wp-block-columns are-vertically-aligned-center is-layout-flex wp-container-core-columns-is-layout-33233fb6 wp-block-columns-is-layout-flex\" style=\"margin-top:var(--wp--preset--spacing--20);margin-bottom:var(--wp--preset--spacing--20)\">\n<div class=\"wp-block-column is-vertically-aligned-center is-layout-flow wp-block-column-is-layout-flow\" style=\"flex-basis:50%\">\n<div class=\"wp-block-columns are-vertically-aligned-center is-not-stacked-on-mobile is-layout-flex wp-container-core-columns-is-layout-69fba9f9 wp-block-columns-is-layout-flex\" style=\"margin-top:0;margin-bottom:0\">\n<div class=\"wp-block-column is-vertically-aligned-center is-layout-flow wp-container-core-column-is-layout-8a368f38 wp-block-column-is-layout-flow\" style=\"flex-basis:50%\">\n<div class=\"wp-block-group has-base-2-background-color has-background wp-container-content-06f487a6 has-global-padding is-layout-constrained wp-container-core-group-is-layout-25b4ea16 wp-block-group-is-layout-constrained\" style=\"border-radius:14px;min-height:130px;margin-top:0;margin-bottom:0;padding-top:var(--wp--preset--spacing--10);padding-right:var(--wp--preset--spacing--10);padding-bottom:var(--wp--preset--spacing--10);padding-left:var(--wp--preset--spacing--10)\">\n<p class=\"has-text-align-center is-style-default has-contrast-2-color has-text-color has-link-color has-large-font-size wp-elements-ba309c814916c8add63da16eb42d2777\" style=\"margin-top:0;margin-right:0;margin-bottom:0;margin-left:0;padding-top:0;padding-right:0;padding-bottom:0;padding-left:0\"><strong>3000<\/strong><\/p>\n\n\n\n<p class=\"has-text-align-center is-style-default\" style=\"margin-top:0;margin-right:0;margin-bottom:0;margin-left:0;padding-top:0;padding-right:0;padding-bottom:0;padding-left:0;font-size:clamp(0.875rem, 0.875rem + ((1vw - 0.2rem) * 0.708), 1.3rem);line-height:1.1\"><strong>visiteurs <\/strong><\/p>\n<\/div>\n<\/div>\n\n\n\n<div class=\"wp-block-column is-vertically-aligned-center is-layout-flow wp-block-column-is-layout-flow\" style=\"flex-basis:50%\">\n<div class=\"wp-block-group has-base-2-background-color has-background wp-container-content-759e20a8 has-global-padding is-layout-constrained wp-container-core-group-is-layout-25b4ea16 wp-block-group-is-layout-constrained\" style=\"border-radius:14px;min-height:130px;margin-top:0;margin-bottom:0;padding-top:var(--wp--preset--spacing--10);padding-right:var(--wp--preset--spacing--10);padding-bottom:var(--wp--preset--spacing--10);padding-left:var(--wp--preset--spacing--10)\">\n<p class=\"has-text-align-center is-style-default has-contrast-2-color has-text-color has-link-color has-large-font-size wp-elements-60fa86450e0ef98ad805488224fe9924\" style=\"margin-top:0;margin-right:0;margin-bottom:0;margin-left:0;padding-top:0;padding-right:0;padding-bottom:0;padding-left:0\"><strong>60<\/strong><\/p>\n\n\n\n<p class=\"has-text-align-center is-style-default\" style=\"margin-top:0;margin-right:0;margin-bottom:0;margin-left:0;padding-top:0;padding-right:0;padding-bottom:0;padding-left:0;font-size:clamp(0.875rem, 0.875rem + ((1vw - 0.2rem) * 0.708), 1.3rem);line-height:1.1\"><strong>exposants<\/strong><br><\/p>\n<\/div>\n<\/div>\n<\/div>\n<\/div>\n\n\n\n<div class=\"wp-block-column is-vertically-aligned-center is-layout-flow wp-block-column-is-layout-flow\" style=\"flex-basis:50%\">\n<div class=\"wp-block-columns is-not-stacked-on-mobile is-layout-flex wp-container-core-columns-is-layout-28f84493 wp-block-columns-is-layout-flex\">\n<div class=\"wp-block-column is-layout-flow wp-block-column-is-layout-flow\" style=\"flex-basis:50%\">\n<div class=\"wp-block-group has-base-2-background-color has-background wp-container-content-06f487a6 has-global-padding is-layout-constrained wp-container-core-group-is-layout-25b4ea16 wp-block-group-is-layout-constrained\" style=\"border-radius:14px;min-height:130px;margin-top:0;margin-bottom:0;padding-top:var(--wp--preset--spacing--10);padding-right:var(--wp--preset--spacing--10);padding-bottom:var(--wp--preset--spacing--10);padding-left:var(--wp--preset--spacing--10)\">\n<p class=\"has-text-align-center is-style-default has-contrast-2-color has-text-color has-link-color has-large-font-size wp-elements-71e68fab0c404123c5b86ffc80e36f62\" style=\"margin-top:0;margin-right:0;margin-bottom:0;margin-left:0;padding-top:0;padding-right:0;padding-bottom:0;padding-left:0\"><strong>9<\/strong><\/p>\n\n\n\n<p class=\"has-text-align-center is-style-default\" style=\"margin-top:0;margin-right:0;margin-bottom:0;margin-left:0;padding-top:0;padding-right:0;padding-bottom:0;padding-left:0;font-size:clamp(0.875rem, 0.875rem + ((1vw - 0.2rem) * 0.708), 1.3rem);line-height:1.1\"><strong>s\u00e9ances <\/strong><br><strong>de films<\/strong><\/p>\n<\/div>\n<\/div>\n\n\n\n<div class=\"wp-block-column is-layout-flow wp-block-column-is-layout-flow\" style=\"flex-basis:50%\">\n<div class=\"wp-block-group has-base-2-background-color has-background wp-container-content-36c51660 has-global-padding is-layout-constrained wp-container-core-group-is-layout-25b4ea16 wp-block-group-is-layout-constrained\" style=\"border-radius:14px;min-height:130px;margin-top:0;margin-bottom:0;padding-top:var(--wp--preset--spacing--10);padding-right:var(--wp--preset--spacing--10);padding-bottom:var(--wp--preset--spacing--10);padding-left:var(--wp--preset--spacing--10)\">\n<p class=\"has-text-align-center is-style-default has-contrast-2-color has-text-color has-link-color has-large-font-size wp-elements-61978b5e95576189f0a209e051fcf929\" style=\"margin-top:0;margin-right:0;margin-bottom:0;margin-left:0;padding-top:0;padding-right:0;padding-bottom:0;padding-left:0\"><strong>21<\/strong><\/p>\n\n\n\n<p class=\"has-text-align-center is-style-default\" style=\"margin-top:0;margin-right:0;margin-bottom:0;margin-left:0;padding-top:0;padding-right:0;padding-bottom:0;padding-left:0;font-size:clamp(0.875rem, 0.875rem + ((1vw - 0.2rem) * 0.708), 1.3rem);line-height:1.1\"><strong>activit\u00e9s<\/strong><br><\/p>\n<\/div>\n<\/div>\n<\/div>\n<\/div>\n<\/div>\n\n\n\n<div class=\"wp-block-buttons is-content-justification-center is-layout-flex wp-container-core-buttons-is-layout-98935462 wp-block-buttons-is-layout-flex\" style=\"margin-top:var(--wp--preset--spacing--10);margin-bottom:var(--wp--preset--spacing--10)\">\n<div class=\"wp-block-button is-style-outline is-style-outline--1\"><a class=\"wp-block-button__link wp-element-button\" href=\"https:\/\/festival.cyclo-camping.international\/2024\/contacts\/festival-voyage-velo\/\">En savoir plus sur le festival<\/a><\/div>\n<\/div>\n\n\n\n<div style=\"height:24px\" aria-hidden=\"true\" class=\"wp-block-spacer\"><\/div>\n\n\n\n<p style=\"margin-right:0;margin-left:0;padding-top:0;padding-right:0;padding-bottom:0;padding-left:0\">Venez assister \u00e0 des projections de film et des d\u00e9bats, rencontrer des voyageurs, des auteurs, des associations et participer \u00e0 des animations. <br><strong>Osez le voyage \u00e0 v\u00e9lo!<\/strong><\/p>\n\n\n\n<div class=\"wp-block-buttons is-content-justification-center is-layout-flex wp-container-core-buttons-is-layout-b6e12a6a wp-block-buttons-is-layout-flex\" style=\"margin-top:var(--wp--preset--spacing--10);margin-bottom:var(--wp--preset--spacing--10)\">\n<div class=\"wp-block-button is-style-outline is-style-outline--2\"><a class=\"wp-block-button__link wp-element-button\" href=\"https:\/\/festival.cyclo-camping.international\/2024\/programme-des-films-2024\/\">Films<\/a><\/div>\n\n\n\n<div class=\"wp-block-button is-style-outline is-style-outline--3\"><a class=\"wp-block-button__link wp-element-button\" href=\"https:\/\/festival.cyclo-camping.international\/2024\/activites-2024\/debats-2024\/\">Activit\u00e9s<\/a><\/div>\n\n\n\n<div class=\"wp-block-button is-style-outline is-style-outline--4\"><a class=\"wp-block-button__link wp-element-button\" href=\"https:\/\/festival.cyclo-camping.international\/2024\/exposants-2024\/associations-festival-velo\/\">Exposants<\/a><\/div>\n<\/div>\n\n\n\n<div class=\"wp-block-buttons is-content-justification-center is-layout-flex wp-container-core-buttons-is-layout-b6e12a6a wp-block-buttons-is-layout-flex\" style=\"margin-top:var(--wp--preset--spacing--10);margin-bottom:var(--wp--preset--spacing--10)\">\n<div class=\"wp-block-button\"><a class=\"wp-block-button__link wp-element-button\" href=\"https:\/\/festival.cyclo-camping.international\/wp-content\/uploads\/2024\/01\/Depliant-L297-x-h210-mm-Festival-voyage-Velo.pdf\" target=\"_blank\" rel=\"noreferrer noopener\">T\u00e9l\u00e9charger le programme complet<\/a><\/div>\n<\/div>\n\n\n\n<div style=\"height:7px\" aria-hidden=\"true\" class=\"wp-block-spacer\"><\/div>\n\n\n\n<div class=\"wp-block-group has-global-padding is-layout-constrained wp-block-group-is-layout-constrained\" style=\"padding-top:0.5rem;padding-bottom:0.5rem\">\n<h3 class=\"wp-block-heading has-text-align-center\">Revivez le festival en vid\u00e9o<\/h3>\n\n\n\n<p>Retour en images sur le 37<sup>e<\/sup> festival international du voyage \u00e0 v\u00e9lo 2024.<\/p>\n\n\n\n<figure class=\"wp-block-embed is-type-video is-provider-youtube wp-block-embed-youtube wp-embed-aspect-16-9 wp-has-aspect-ratio\" style=\"margin-top:var(--wp--preset--spacing--10);margin-right:0;margin-bottom:0;margin-left:0\"><div class=\"wp-block-embed__wrapper\">\n<iframe loading=\"lazy\" title=\"Clip retour 37eFestival CCI Le Mans3\" width=\"500\" height=\"281\" src=\"https:\/\/www.youtube.com\/embed\/NPDzwPPdjws?feature=oembed\" frameborder=\"0\" allow=\"accelerometer; autoplay; clipboard-write; encrypted-media; gyroscope; picture-in-picture; web-share\" referrerpolicy=\"strict-origin-when-cross-origin\" allowfullscreen><\/iframe>\n<\/div><\/figure>\n<\/div>\n\n\n\n<div style=\"height:32px\" aria-hidden=\"true\" class=\"wp-block-spacer\"><\/div>\n\n\n\n<h3 class=\"wp-block-heading has-text-align-center\">La presse en&nbsp;parle<\/h3>\n\n\n\n<div class=\"wp-block-group has-global-padding is-layout-constrained wp-block-group-is-layout-constrained\" style=\"padding-top:0;padding-bottom:var(--wp--preset--spacing--10)\">\n<div class=\"wp-block-columns are-vertically-aligned-bottom is-layout-flex wp-container-core-columns-is-layout-28f84493 wp-block-columns-is-layout-flex\">\n<div class=\"wp-block-column is-vertically-aligned-bottom is-layout-flow wp-block-column-is-layout-flow\" style=\"flex-basis:50%\">\n<figure class=\"wp-block-pullquote has-text-align-center has-background\" style=\"border-radius:14px;background-color:#ffffff\"><blockquote><p>\u201cUn festival pour&nbsp;les amoureux du&nbsp;v\u00e9lo.\u201d<\/p><cite>Bike-caf\u00e9<\/cite><\/blockquote><\/figure>\n<\/div>\n\n\n\n<div class=\"wp-block-column is-vertically-aligned-bottom is-layout-flow wp-block-column-is-layout-flow\" style=\"flex-basis:50%\">\n<figure class=\"wp-block-pullquote has-text-align-center has-background\" style=\"border-radius:14px;background-color:#ffffff\"><blockquote><p><br>\u201cCe&nbsp;festival est <em>the&nbsp;place to&nbsp;be<\/em> en&nbsp;2024.\u201d<\/p><cite>Weelz<\/cite><\/blockquote><\/figure>\n<\/div>\n<\/div>\n\n\n\n<figure class=\"wp-block-pullquote has-background\" style=\"border-radius:14px;background-color:#ffffff\"><blockquote><p>\u201cC&rsquo;est un&nbsp;moment incontournable <br>pour tous les&nbsp;passionn\u00e9s et&nbsp;curieux du&nbsp;voyage \u00e0&nbsp;v\u00e9lo.\u201d<\/p><cite>CycloMag<\/cite><\/blockquote><\/figure>\n<\/div>\n\n\n\n<div class=\"wp-block-buttons is-content-justification-center is-layout-flex wp-container-core-buttons-is-layout-a89b3969 wp-block-buttons-is-layout-flex\">\n<div class=\"wp-block-button is-style-outline is-style-outline--5\"><a class=\"wp-block-button__link wp-element-button\" href=\"https:\/\/festival.cyclo-camping.international\/2024\/presse\/les-medias-en-parlent\/\">Lire la revue de presse<\/a><\/div>\n<\/div>\n\n\n\n<div style=\"height:48px\" aria-hidden=\"true\" class=\"wp-block-spacer\"><\/div>\n\n\n\n<h3 class=\"wp-block-heading has-text-align-center\">L\u2019association CCI<\/h3>\n\n\n\n<div class=\"wp-block-columns are-vertically-aligned-center is-layout-flex wp-container-core-columns-is-layout-4cc58c33 wp-block-columns-is-layout-flex\" style=\"margin-bottom:var(--wp--preset--spacing--10)\">\n<div class=\"wp-block-column is-vertically-aligned-center is-layout-flow wp-block-column-is-layout-flow\" style=\"flex-basis:50%\">\n<div class=\"wp-block-columns are-vertically-aligned-center is-not-stacked-on-mobile is-layout-flex wp-container-core-columns-is-layout-69fba9f9 wp-block-columns-is-layout-flex\" style=\"margin-top:0;margin-bottom:0\">\n<div class=\"wp-block-column is-vertically-aligned-center is-layout-flow wp-container-core-column-is-layout-8a368f38 wp-block-column-is-layout-flow\" style=\"flex-basis:50%\">\n<div class=\"wp-block-group has-base-2-background-color has-background wp-container-content-06f487a6 has-global-padding is-layout-constrained wp-container-core-group-is-layout-25b4ea16 wp-block-group-is-layout-constrained\" style=\"border-radius:14px;min-height:140px;margin-top:0;margin-bottom:0;padding-top:var(--wp--preset--spacing--10);padding-right:var(--wp--preset--spacing--10);padding-bottom:var(--wp--preset--spacing--10);padding-left:var(--wp--preset--spacing--10)\">\n<p class=\"has-text-align-center is-style-default has-contrast-2-color has-text-color has-link-color has-large-font-size wp-elements-f5b7dca24fedf0778ffbc6b1ac9e7dcd\" style=\"margin-top:0;margin-right:0;margin-bottom:0;margin-left:0;padding-top:0;padding-right:0;padding-bottom:0;padding-left:0\"><strong>1 600<\/strong><\/p>\n\n\n\n<p class=\"has-text-align-center is-style-default\" style=\"margin-top:0;margin-right:0;margin-bottom:0;margin-left:0;padding-top:0;padding-right:0;padding-bottom:0;padding-left:0;font-size:clamp(0.875rem, 0.875rem + ((1vw - 0.2rem) * 0.708), 1.3rem);line-height:1.1\"><strong>adh\u00e9rents<\/strong><br><br><\/p>\n<\/div>\n<\/div>\n\n\n\n<div class=\"wp-block-column is-vertically-aligned-center is-layout-flow wp-block-column-is-layout-flow\" style=\"flex-basis:50%\">\n<div class=\"wp-block-group has-base-2-background-color has-background wp-container-content-759e20a8 has-global-padding is-layout-constrained wp-container-core-group-is-layout-25b4ea16 wp-block-group-is-layout-constrained\" style=\"border-radius:14px;min-height:140px;margin-top:0;margin-bottom:0;padding-top:var(--wp--preset--spacing--10);padding-right:var(--wp--preset--spacing--10);padding-bottom:var(--wp--preset--spacing--10);padding-left:var(--wp--preset--spacing--10)\">\n<p class=\"has-text-align-center is-style-default has-contrast-2-color has-text-color has-link-color has-large-font-size wp-elements-6546a6afadf44754b8b5fba7dece6b4b\" style=\"margin-top:0;margin-right:0;margin-bottom:0;margin-left:0;padding-top:0;padding-right:0;padding-bottom:0;padding-left:0\"><strong>40 %<\/strong><\/p>\n\n\n\n<p class=\"has-text-align-center is-style-default\" style=\"margin-top:0;margin-right:0;margin-bottom:0;margin-left:0;padding-top:0;padding-right:0;padding-bottom:0;padding-left:0;font-size:clamp(0.875rem, 0.875rem + ((1vw - 0.2rem) * 0.708), 1.3rem);line-height:1.1\"><strong>de femmes<\/strong><br><br><\/p>\n<\/div>\n<\/div>\n<\/div>\n<\/div>\n\n\n\n<div class=\"wp-block-column is-vertically-aligned-center is-layout-flow wp-block-column-is-layout-flow\" style=\"flex-basis:50%\">\n<div class=\"wp-block-columns are-vertically-aligned-center is-not-stacked-on-mobile is-layout-flex wp-container-core-columns-is-layout-28f84493 wp-block-columns-is-layout-flex\">\n<div class=\"wp-block-column is-vertically-aligned-center is-layout-flow wp-block-column-is-layout-flow\" style=\"flex-basis:50%\">\n<div class=\"wp-block-group has-base-2-background-color has-background wp-container-content-06f487a6 has-global-padding is-layout-constrained wp-container-core-group-is-layout-25b4ea16 wp-block-group-is-layout-constrained\" style=\"border-radius:14px;min-height:140px;margin-top:0;margin-bottom:0;padding-top:var(--wp--preset--spacing--10);padding-right:var(--wp--preset--spacing--10);padding-bottom:var(--wp--preset--spacing--10);padding-left:var(--wp--preset--spacing--10)\">\n<p class=\"has-text-align-center is-style-default has-contrast-2-color has-text-color has-link-color has-large-font-size wp-elements-7d7ce24c158bcf577f1923bd8a10a0cb\" style=\"margin-top:0;margin-right:0;margin-bottom:0;margin-left:0;padding-top:0;padding-right:0;padding-bottom:0;padding-left:0\"><strong>2 000 \u20ac<\/strong><\/p>\n\n\n\n<p class=\"has-text-align-center is-style-default\" style=\"margin-top:0;margin-right:0;margin-bottom:0;margin-left:0;padding-top:0;padding-right:0;padding-bottom:0;padding-left:0;font-size:clamp(0.875rem, 0.875rem + ((1vw - 0.2rem) * 0.708), 1.3rem);line-height:1.1\"><strong>de bourse aux jeunes voyageurs<\/strong><\/p>\n<\/div>\n<\/div>\n\n\n\n<div class=\"wp-block-column is-vertically-aligned-center is-layout-flow wp-block-column-is-layout-flow\" style=\"flex-basis:50%\">\n<div class=\"wp-block-group has-base-2-background-color has-background wp-container-content-36c51660 has-global-padding is-layout-constrained wp-container-core-group-is-layout-25b4ea16 wp-block-group-is-layout-constrained\" style=\"border-radius:14px;min-height:140px;margin-top:0;margin-bottom:0;padding-top:var(--wp--preset--spacing--10);padding-right:var(--wp--preset--spacing--10);padding-bottom:var(--wp--preset--spacing--10);padding-left:var(--wp--preset--spacing--10)\">\n<p class=\"has-text-align-center is-style-default has-contrast-2-color has-text-color has-link-color has-large-font-size wp-elements-540acbeb053803ac099293b26ec088da\" style=\"margin-top:0;margin-right:0;margin-bottom:0;margin-left:0;padding-top:0;padding-right:0;padding-bottom:0;padding-left:0\"><strong>6<\/strong><\/p>\n\n\n\n<p class=\"has-text-align-center is-style-default\" style=\"margin-top:0;margin-right:0;margin-bottom:0;margin-left:0;padding-top:0;padding-right:0;padding-bottom:0;padding-left:0;font-size:clamp(0.875rem, 0.875rem + ((1vw - 0.2rem) * 0.708), 1.3rem);line-height:1.1\"><strong>\u00e9ditions <\/strong><\/p>\n\n\n\n<p class=\"has-text-align-center is-style-default\" style=\"margin-top:0;margin-right:0;margin-bottom:0;margin-left:0;padding-top:0;padding-right:0;padding-bottom:0;padding-left:0;font-size:clamp(0.875rem, 0.875rem + ((1vw - 0.2rem) * 0.208), 1rem);line-height:1.3\"><strong>du manuel <strong>du voyage<\/strong> \u00e0 v\u00e9lo<\/strong><\/p>\n<\/div>\n<\/div>\n<\/div>\n<\/div>\n<\/div>\n\n\n\n<p>Tout commence en 1981. Deux voyageurs \u00e0 v\u00e9lo, aussi charg\u00e9s l&rsquo;un que l&rsquo;autre, s&rsquo;\u00e9lancent sur les routes. De l\u00e0 est n\u00e9e l&rsquo;id\u00e9e de f\u00e9d\u00e9rer les voyageurs \u00e0 v\u00e9lo pour partager leur exp\u00e9rience.<\/p>\n\n\n\n<div class=\"wp-block-buttons is-content-justification-center is-layout-flex wp-container-core-buttons-is-layout-b6e12a6a wp-block-buttons-is-layout-flex\" style=\"margin-top:var(--wp--preset--spacing--10);margin-bottom:var(--wp--preset--spacing--10)\">\n<div class=\"wp-block-button is-style-outline is-style-outline--6\"><a class=\"wp-block-button__link wp-element-button\" href=\"https:\/\/festival.cyclo-camping.international\/2024\/qui-sommes-nous\/presentation-cyclo-camping-international\/\">en savoir plus sur l&rsquo;association<\/a><\/div>\n<\/div>\n\n\n\n<div style=\"height:48px\" aria-hidden=\"true\" class=\"wp-block-spacer\"><\/div>\n\n\n\n<h3 class=\"wp-block-heading has-text-align-center\">Nos partenaires<\/h3>\n\n\n\n<div class=\"wp-block-group has-global-padding is-layout-constrained wp-container-core-group-is-layout-5916d5e9 wp-block-group-is-layout-constrained\" style=\"margin-top:var(--wp--preset--spacing--10);margin-bottom:var(--wp--preset--spacing--10);padding-top:0;padding-bottom:0\">\n<div class=\"wp-block-group is-content-justification-center is-layout-flex wp-container-core-group-is-layout-19818f5b wp-block-group-is-layout-flex\">\n<figure class=\"wp-block-image size-full is-resized\"><a href=\"https:\/\/cyclamaine.fr\/\" target=\"_blank\" rel=\"noreferrer noopener\"><img loading=\"lazy\" decoding=\"async\" width=\"509\" height=\"200\" src=\"https:\/\/festival.cyclo-camping.international\/wp-content\/uploads\/2023\/12\/logo-Cyclamaine-noir.png\" alt=\"Logo Cyclamaine\" class=\"wp-image-126\" style=\"width:136px\" srcset=\"https:\/\/festival.cyclo-camping.international\/2024\/wp-content\/uploads\/sites\/2\/2023\/12\/logo-Cyclamaine-noir.png 509w, https:\/\/festival.cyclo-camping.international\/2024\/wp-content\/uploads\/sites\/2\/2023\/12\/logo-Cyclamaine-noir-300x118.png 300w\" sizes=\"auto, (max-width: 509px) 100vw, 509px\" \/><\/a><\/figure>\n\n\n\n<figure class=\"wp-block-image size-full is-resized\"><a href=\"https:\/\/www.lemans.fr\/\" target=\"_blank\" rel=\"noreferrer noopener\"><img loading=\"lazy\" decoding=\"async\" width=\"148\" height=\"49\" src=\"https:\/\/festival.cyclo-camping.international\/wp-content\/uploads\/2023\/12\/Logo-Le-Mans.png\" alt=\"Logo de la ville du Mans\" class=\"wp-image-122\" style=\"width:124px\"\/><\/a><\/figure>\n\n\n\n<figure class=\"wp-block-image size-full is-resized\"><a href=\"https:\/\/www.sarthe.fr\/\" target=\"_blank\" rel=\"noreferrer noopener\"><img loading=\"lazy\" decoding=\"async\" width=\"320\" height=\"84\" src=\"https:\/\/festival.cyclo-camping.international\/wp-content\/uploads\/2023\/12\/Logo-Sarthe.png\" alt=\"Logo du d\u00e9partement de la Sarthe\" class=\"wp-image-123\" style=\"width:151px\" srcset=\"https:\/\/festival.cyclo-camping.international\/2024\/wp-content\/uploads\/sites\/2\/2023\/12\/Logo-Sarthe.png 320w, https:\/\/festival.cyclo-camping.international\/2024\/wp-content\/uploads\/sites\/2\/2023\/12\/Logo-Sarthe-300x79.png 300w\" sizes=\"auto, (max-width: 320px) 100vw, 320px\" \/><\/a><\/figure>\n\n\n\n<figure class=\"wp-block-image size-large is-resized\"><a href=\"https:\/\/lmtv.fr\/\"><img loading=\"lazy\" decoding=\"async\" width=\"1024\" height=\"996\" src=\"https:\/\/festival.cyclo-camping.international\/wp-content\/uploads\/2024\/01\/Logo-LMtv-1024x996.png\" alt=\"\" class=\"wp-image-1929\" style=\"width:67px\" srcset=\"https:\/\/festival.cyclo-camping.international\/2024\/wp-content\/uploads\/sites\/2\/2024\/01\/Logo-LMtv-1024x996.png 1024w, https:\/\/festival.cyclo-camping.international\/2024\/wp-content\/uploads\/sites\/2\/2024\/01\/Logo-LMtv-300x292.png 300w, https:\/\/festival.cyclo-camping.international\/2024\/wp-content\/uploads\/sites\/2\/2024\/01\/Logo-LMtv-768x747.png 768w, https:\/\/festival.cyclo-camping.international\/2024\/wp-content\/uploads\/sites\/2\/2024\/01\/Logo-LMtv-1536x1495.png 1536w, https:\/\/festival.cyclo-camping.international\/2024\/wp-content\/uploads\/sites\/2\/2024\/01\/Logo-LMtv-2048x1993.png 2048w\" sizes=\"auto, (max-width: 1024px) 100vw, 1024px\" \/><\/a><\/figure>\n<\/div>\n<\/div>\n","protected":false},"excerpt":{"rendered":"<p>Le festival propose la projection d&rsquo;une vingtaine de films en pr\u00e9sence des r\u00e9alisateurs. Il y aura aussi diff\u00e9rentes rencontres, ateliers et d\u00e9bats qui permettront aux visiteurs d&rsquo;\u00e9changer sur des th\u00e8mes vari\u00e9s. Enfin de nombreux exposants associatifs ou professionnels seront pr\u00e9sents pour vous aider \u00e0 concr\u00e9tiser votre r\u00eave de partir voyager \u00e0 v\u00e9lo.<\/p>\n","protected":false},"author":1,"featured_media":1689,"parent":0,"menu_order":0,"comment_status":"closed","ping_status":"closed","template":"page-no-title","meta":{"footnotes":""},"class_list":["post-2169","page","type-page","status-publish","has-post-thumbnail","hentry"],"yoast_head":"<!-- This site is optimized with the Yoast SEO plugin v27.5 - https:\/\/yoast.com\/product\/yoast-seo-wordpress\/ -->\n<title>Accueil<\/title>\n<meta name=\"description\" content=\"Le 37e festival international du voyage \u00e0 v\u00e9lo se tiendra au Mans, les 24 et 25 f\u00e9vrier 2024 pour le plus grand bonheur des cyclovoyageurs.\" \/>\n<meta name=\"robots\" content=\"index, follow, max-snippet:-1, max-image-preview:large, max-video-preview:-1\" \/>\n<link rel=\"canonical\" href=\"https:\/\/festival.cyclo-camping.international\/2024\/\" \/>\n<meta property=\"og:locale\" content=\"fr_FR\" \/>\n<meta property=\"og:type\" content=\"article\" \/>\n<meta property=\"og:title\" content=\"Accueil\" \/>\n<meta property=\"og:description\" content=\"Le 37e festival international du voyage \u00e0 v\u00e9lo se tiendra au Mans, les 24 et 25 f\u00e9vrier 2024 pour le plus grand bonheur des cyclovoyageurs.\" \/>\n<meta property=\"og:url\" content=\"https:\/\/festival.cyclo-camping.international\/2024\/\" \/>\n<meta property=\"og:site_name\" content=\"37e Festival international du voyage \u00e0 v\u00e9lo\" \/>\n<meta property=\"article:modified_time\" content=\"2025-03-25T17:23:56+00:00\" \/>\n<meta property=\"og:image\" content=\"https:\/\/festival.cyclo-camping.international\/2024\/wp-content\/uploads\/sites\/2\/2024\/01\/Festival-2024-Banniere-Site-OK.jpg\" \/>\n\t<meta property=\"og:image:width\" content=\"1050\" \/>\n\t<meta property=\"og:image:height\" content=\"543\" \/>\n\t<meta property=\"og:image:type\" content=\"image\/jpeg\" \/>\n<meta name=\"twitter:card\" content=\"summary_large_image\" \/>\n<meta name=\"twitter:label1\" content=\"Dur\u00e9e de lecture estim\u00e9e\" \/>\n\t<meta name=\"twitter:data1\" content=\"3 minutes\" \/>\n<script type=\"application\/ld+json\" class=\"yoast-schema-graph\">{\"@context\":\"https:\\\/\\\/schema.org\",\"@graph\":[{\"@type\":\"WebPage\",\"@id\":\"https:\\\/\\\/festival.cyclo-camping.international\\\/2024\\\/\",\"url\":\"https:\\\/\\\/festival.cyclo-camping.international\\\/2024\\\/\",\"name\":\"Accueil\",\"isPartOf\":{\"@id\":\"https:\\\/\\\/festival.cyclo-camping.international\\\/2024\\\/#website\"},\"primaryImageOfPage\":{\"@id\":\"https:\\\/\\\/festival.cyclo-camping.international\\\/2024\\\/#primaryimage\"},\"image\":{\"@id\":\"https:\\\/\\\/festival.cyclo-camping.international\\\/2024\\\/#primaryimage\"},\"thumbnailUrl\":\"https:\\\/\\\/festival.cyclo-camping.international\\\/2024\\\/wp-content\\\/uploads\\\/sites\\\/2\\\/2024\\\/01\\\/Festival-2024-Banniere-Site-OK.jpg\",\"datePublished\":\"2023-12-19T21:13:50+00:00\",\"dateModified\":\"2025-03-25T17:23:56+00:00\",\"description\":\"Le 37e festival international du voyage \u00e0 v\u00e9lo se tiendra au Mans, les 24 et 25 f\u00e9vrier 2024 pour le plus grand bonheur des cyclovoyageurs.\",\"breadcrumb\":{\"@id\":\"https:\\\/\\\/festival.cyclo-camping.international\\\/2024\\\/#breadcrumb\"},\"inLanguage\":\"fr-FR\",\"potentialAction\":[{\"@type\":\"ReadAction\",\"target\":[\"https:\\\/\\\/festival.cyclo-camping.international\\\/2024\\\/\"]}]},{\"@type\":\"ImageObject\",\"inLanguage\":\"fr-FR\",\"@id\":\"https:\\\/\\\/festival.cyclo-camping.international\\\/2024\\\/#primaryimage\",\"url\":\"https:\\\/\\\/festival.cyclo-camping.international\\\/2024\\\/wp-content\\\/uploads\\\/sites\\\/2\\\/2024\\\/01\\\/Festival-2024-Banniere-Site-OK.jpg\",\"contentUrl\":\"https:\\\/\\\/festival.cyclo-camping.international\\\/2024\\\/wp-content\\\/uploads\\\/sites\\\/2\\\/2024\\\/01\\\/Festival-2024-Banniere-Site-OK.jpg\",\"width\":1050,\"height\":543,\"caption\":\"Affiche du 37e Festival international du voyage \u00e0 v\u00e9lo\"},{\"@type\":\"BreadcrumbList\",\"@id\":\"https:\\\/\\\/festival.cyclo-camping.international\\\/2024\\\/#breadcrumb\",\"itemListElement\":[{\"@type\":\"ListItem\",\"position\":1,\"name\":\"Accueil\",\"item\":\"https:\\\/\\\/festival.cyclo-camping.international\\\/2024\\\/\"},{\"@type\":\"ListItem\",\"position\":2,\"name\":\"En f\u00e9vrier 2024, le festival se tiendra pour la premi\u00e8re fois au Mans\"}]},{\"@type\":\"WebSite\",\"@id\":\"https:\\\/\\\/festival.cyclo-camping.international\\\/2024\\\/#website\",\"url\":\"https:\\\/\\\/festival.cyclo-camping.international\\\/2024\\\/\",\"name\":\"37e Festival international du voyage \u00e0 v\u00e9lo\",\"description\":\"\",\"potentialAction\":[{\"@type\":\"SearchAction\",\"target\":{\"@type\":\"EntryPoint\",\"urlTemplate\":\"https:\\\/\\\/festival.cyclo-camping.international\\\/2024\\\/?s={search_term_string}\"},\"query-input\":{\"@type\":\"PropertyValueSpecification\",\"valueRequired\":true,\"valueName\":\"search_term_string\"}}],\"inLanguage\":\"fr-FR\"}]}<\/script>\n<!-- \/ Yoast SEO plugin. -->","yoast_head_json":{"title":"Accueil","description":"Le 37e festival international du voyage \u00e0 v\u00e9lo se tiendra au Mans, les 24 et 25 f\u00e9vrier 2024 pour le plus grand bonheur des cyclovoyageurs.","robots":{"index":"index","follow":"follow","max-snippet":"max-snippet:-1","max-image-preview":"max-image-preview:large","max-video-preview":"max-video-preview:-1"},"canonical":"https:\/\/festival.cyclo-camping.international\/2024\/","og_locale":"fr_FR","og_type":"article","og_title":"Accueil","og_description":"Le 37e festival international du voyage \u00e0 v\u00e9lo se tiendra au Mans, les 24 et 25 f\u00e9vrier 2024 pour le plus grand bonheur des cyclovoyageurs.","og_url":"https:\/\/festival.cyclo-camping.international\/2024\/","og_site_name":"37e Festival international du voyage \u00e0 v\u00e9lo","article_modified_time":"2025-03-25T17:23:56+00:00","og_image":[{"width":1050,"height":543,"url":"https:\/\/festival.cyclo-camping.international\/2024\/wp-content\/uploads\/sites\/2\/2024\/01\/Festival-2024-Banniere-Site-OK.jpg","type":"image\/jpeg"}],"twitter_card":"summary_large_image","twitter_misc":{"Dur\u00e9e de lecture estim\u00e9e":"3 minutes"},"schema":{"@context":"https:\/\/schema.org","@graph":[{"@type":"WebPage","@id":"https:\/\/festival.cyclo-camping.international\/2024\/","url":"https:\/\/festival.cyclo-camping.international\/2024\/","name":"Accueil","isPartOf":{"@id":"https:\/\/festival.cyclo-camping.international\/2024\/#website"},"primaryImageOfPage":{"@id":"https:\/\/festival.cyclo-camping.international\/2024\/#primaryimage"},"image":{"@id":"https:\/\/festival.cyclo-camping.international\/2024\/#primaryimage"},"thumbnailUrl":"https:\/\/festival.cyclo-camping.international\/2024\/wp-content\/uploads\/sites\/2\/2024\/01\/Festival-2024-Banniere-Site-OK.jpg","datePublished":"2023-12-19T21:13:50+00:00","dateModified":"2025-03-25T17:23:56+00:00","description":"Le 37e festival international du voyage \u00e0 v\u00e9lo se tiendra au Mans, les 24 et 25 f\u00e9vrier 2024 pour le plus grand bonheur des cyclovoyageurs.","breadcrumb":{"@id":"https:\/\/festival.cyclo-camping.international\/2024\/#breadcrumb"},"inLanguage":"fr-FR","potentialAction":[{"@type":"ReadAction","target":["https:\/\/festival.cyclo-camping.international\/2024\/"]}]},{"@type":"ImageObject","inLanguage":"fr-FR","@id":"https:\/\/festival.cyclo-camping.international\/2024\/#primaryimage","url":"https:\/\/festival.cyclo-camping.international\/2024\/wp-content\/uploads\/sites\/2\/2024\/01\/Festival-2024-Banniere-Site-OK.jpg","contentUrl":"https:\/\/festival.cyclo-camping.international\/2024\/wp-content\/uploads\/sites\/2\/2024\/01\/Festival-2024-Banniere-Site-OK.jpg","width":1050,"height":543,"caption":"Affiche du 37e Festival international du voyage \u00e0 v\u00e9lo"},{"@type":"BreadcrumbList","@id":"https:\/\/festival.cyclo-camping.international\/2024\/#breadcrumb","itemListElement":[{"@type":"ListItem","position":1,"name":"Accueil","item":"https:\/\/festival.cyclo-camping.international\/2024\/"},{"@type":"ListItem","position":2,"name":"En f\u00e9vrier 2024, le festival se tiendra pour la premi\u00e8re fois au Mans"}]},{"@type":"WebSite","@id":"https:\/\/festival.cyclo-camping.international\/2024\/#website","url":"https:\/\/festival.cyclo-camping.international\/2024\/","name":"37e Festival international du voyage \u00e0 v\u00e9lo","description":"","potentialAction":[{"@type":"SearchAction","target":{"@type":"EntryPoint","urlTemplate":"https:\/\/festival.cyclo-camping.international\/2024\/?s={search_term_string}"},"query-input":{"@type":"PropertyValueSpecification","valueRequired":true,"valueName":"search_term_string"}}],"inLanguage":"fr-FR"}]}},"_links":{"self":[{"href":"https:\/\/festival.cyclo-camping.international\/2024\/wp-json\/wp\/v2\/pages\/2169","targetHints":{"allow":["GET"]}}],"collection":[{"href":"https:\/\/festival.cyclo-camping.international\/2024\/wp-json\/wp\/v2\/pages"}],"about":[{"href":"https:\/\/festival.cyclo-camping.international\/2024\/wp-json\/wp\/v2\/types\/page"}],"author":[{"embeddable":true,"href":"https:\/\/festival.cyclo-camping.international\/2024\/wp-json\/wp\/v2\/users\/1"}],"replies":[{"embeddable":true,"href":"https:\/\/festival.cyclo-camping.international\/2024\/wp-json\/wp\/v2\/comments?post=2169"}],"version-history":[{"count":6,"href":"https:\/\/festival.cyclo-camping.international\/2024\/wp-json\/wp\/v2\/pages\/2169\/revisions"}],"predecessor-version":[{"id":2358,"href":"https:\/\/festival.cyclo-camping.international\/2024\/wp-json\/wp\/v2\/pages\/2169\/revisions\/2358"}],"wp:featuredmedia":[{"embeddable":true,"href":"https:\/\/festival.cyclo-camping.international\/2024\/wp-json\/wp\/v2\/media\/1689"}],"wp:attachment":[{"href":"https:\/\/festival.cyclo-camping.international\/2024\/wp-json\/wp\/v2\/media?parent=2169"}],"curies":[{"name":"wp","href":"https:\/\/api.w.org\/{rel}","templated":true}]}}