{"id":182,"date":"2023-12-31T15:12:59","date_gmt":"2023-12-31T14:12:59","guid":{"rendered":"https:\/\/festival.cyclo-camping.international\/2024\/?page_id=182"},"modified":"2024-12-13T09:04:07","modified_gmt":"2024-12-13T08:04:07","slug":"allemagne-alaska-velo","status":"publish","type":"page","link":"https:\/\/festival.cyclo-camping.international\/2024\/programme-des-films-2024\/allemagne-alaska-velo\/","title":{"rendered":"De l\u2019Allemagne \u00e0 l\u2019Alaska"},"content":{"rendered":"\n<div class=\"wp-block-cover alignfull wp-duotone-unset-1\" style=\"margin-top:0;padding-top:2rem;padding-right:2rem;padding-bottom:2rem;padding-left:2rem;min-height:66vh;aspect-ratio:unset;\"><span aria-hidden=\"true\" class=\"wp-block-cover__background has-background-dim-30 has-background-dim\"><\/span><img loading=\"lazy\" decoding=\"async\" width=\"1200\" height=\"675\" class=\"wp-block-cover__image-background wp-image-155\" alt=\"\" src=\"https:\/\/festival.cyclo-camping.international\/wp-content\/uploads\/2023\/12\/Muller_web1.jpg\" style=\"object-position:64% 73%\" data-object-fit=\"cover\" data-object-position=\"64% 73%\" srcset=\"https:\/\/festival.cyclo-camping.international\/2024\/wp-content\/uploads\/sites\/2\/2023\/12\/Muller_web1.jpg 1200w, https:\/\/festival.cyclo-camping.international\/2024\/wp-content\/uploads\/sites\/2\/2023\/12\/Muller_web1-300x169.jpg 300w, https:\/\/festival.cyclo-camping.international\/2024\/wp-content\/uploads\/sites\/2\/2023\/12\/Muller_web1-1024x576.jpg 1024w, https:\/\/festival.cyclo-camping.international\/2024\/wp-content\/uploads\/sites\/2\/2023\/12\/Muller_web1-768x432.jpg 768w\" sizes=\"auto, (max-width: 1200px) 100vw, 1200px\" \/><div class=\"wp-block-cover__inner-container is-layout-flow wp-block-cover-is-layout-flow\">\n<div class=\"wp-block-group has-global-padding is-content-justification-center is-layout-constrained wp-container-core-group-is-layout-b3bc50f0 wp-block-group-is-layout-constrained\">\n<h1 class=\"wp-block-heading has-text-align-center has-white-color has-text-color\" style=\"font-size:clamp(28.836px, 1.802rem + ((1vw - 3.2px) * 2.205), 50px);font-style:normal;font-weight:700;letter-spacing:0px;line-height:1.1;text-transform:uppercase\">De l\u2019Allemagne \u00e0 l\u2019Alaska<\/h1>\n\n\n\n<div class=\"wp-block-group is-vertical is-content-justification-center is-layout-flex wp-container-core-group-is-layout-df21e9f8 wp-block-group-is-layout-flex\" style=\"margin-top:0;margin-bottom:var(--wp--preset--spacing--10);padding-top:0;padding-bottom:0\">\n<h2 class=\"wp-block-heading has-text-align-center has-text-color has-link-color wp-elements-a342e1ccc0af7fbdbf35f5b190a8cdd3\" style=\"color:#ffffff\">Tiphaine Muller<\/h2>\n\n\n\n<p class=\"has-text-align-center has-small-font-size\" style=\"line-height:1.2\">14 min<\/p>\n<\/div>\n<\/div>\n\n\n\n<div style=\"margin-top:0;margin-bottom:0;height:3rem\" aria-hidden=\"true\" class=\"wp-block-spacer\"><\/div>\n\n\n\n<div class=\"wp-block-columns are-vertically-aligned-bottom is-layout-flex wp-container-core-columns-is-layout-0111f410 wp-block-columns-is-layout-flex\" style=\"padding-right:var(--wp--preset--spacing--50);padding-left:var(--wp--preset--spacing--50)\">\n<div class=\"wp-block-column is-vertically-aligned-bottom is-layout-flow wp-block-column-is-layout-flow\" style=\"flex-basis:33.33%\"><\/div>\n\n\n\n<div class=\"wp-block-column is-vertically-aligned-bottom is-layout-flow wp-block-column-is-layout-flow\" style=\"flex-basis:33.33%\">\n<div class=\"wp-block-group has-border-color is-layout-flow wp-container-core-group-is-layout-494e086b wp-block-group-is-layout-flow\" style=\"border-color:#ffffff;border-width:1px;border-radius:600px;margin-top:0;margin-bottom:0;padding-top:0.5rem;padding-right:0.5rem;padding-bottom:0.5rem;padding-left:0.5rem\">\n<h3 class=\"wp-block-heading has-text-align-center has-text-color has-link-color has-medium-font-size wp-elements-f8c6459309671b03e87c69a4b762a117\" style=\"color:#ffffff\">S\u00e9ance 3 <\/h3>\n\n\n\n<p class=\"has-text-align-center has-small-font-size\">Samedi \u2013 14h15 \u2013 Salle A  <\/p>\n<\/div>\n<\/div>\n\n\n\n<div class=\"wp-block-column is-vertically-aligned-bottom is-layout-flow wp-block-column-is-layout-flow\" style=\"flex-basis:33.33%\"><\/div>\n<\/div>\n<\/div><\/div>\n\n\n\n<div style=\"height:14px\" aria-hidden=\"true\" class=\"wp-block-spacer\"><\/div>\n\n\n\n<p>Little Miss Pedals et Martin repartent \u00e0 la red\u00e9couverte d&rsquo;une Europe \u00e0 peine d\u00e9confin\u00e9e pendant 7 mois de l&rsquo;Allemagne \u00e0 la Norv\u00e8ge, en passant par la France. Leur route traverse notamment le Danemark et la Su\u00e8de. Puis, de Bruxelles ils s\u2019envolent pour l\u2019Am\u00e9rique. Arriv\u00e9s au Mexique, ils atteindront l&rsquo;Alaska 10 mois plus tard. Leur route fait un d\u00e9tour par le Guatemala avant de traverser les Etats-Unis le long de la c\u00f4te Pacifique. Ils continuent jusqu\u2019\u00e0 Vancouver au Canada et go\u00fbtent les paysages grandioses des Rocheuses \u00e0 Jasper. Le 15 ao\u00fbt 2022, apr\u00e8s un an et demi de voyage, ils atteignent Anchorage en Alaska.<\/p>\n\n\n\n<div style=\"height:14px\" aria-hidden=\"true\" class=\"wp-block-spacer\"><\/div>\n\n\n\n<p class=\"has-text-align-left\" style=\"font-size:0.8rem;letter-spacing:0.0625rem;text-transform:uppercase\"><strong>Bio express<\/strong><\/p>\n\n\n\n<p><strong>Tiphaine Muller <\/strong>a grandi en r\u00e9gion Parisienne. Apr\u00e8s des \u00e9tudes d&rsquo;\u00e9ducatrice sp\u00e9cialis\u00e9e, elle d\u00e9cide de parcourir le monde \u00e0 v\u00e9lo. Le jour de ses 23 ans Tiphaine, alias Little Miss Pedals, part explorer l\u2019Europe seule pendant 7 mois, et quand l\u2019hiver arrive, continue en Afrique o\u00f9 elle croise <strong>Martin<\/strong> au Maroc, un cyclovoyageur allemand avec qui elle repart pour 7 mois de plus. Depuis 7 ans, Tiphaine alterne voyages itin\u00e9rants et p\u00e9riodes de s\u00e9dentarit\u00e9 pendant lesquelles elle \u00e9crit.<br>Elle est l\u2019autrice de 2 livres : <em>Little Miss Pedals(2019, auto-\u00e9dition)<\/em>&nbsp;et <em><a href=\"https:\/\/la-biscouette.blog4ever.com\/hors-frontieres-1\" target=\"_blank\" rel=\"noreferrer noopener\">Hors Fronti\u00e8res <\/a>(2023, Editions La Biscouette)<\/em><\/p>\n\n\n\n<div style=\"height:14px\" aria-hidden=\"true\" class=\"wp-block-spacer\"><\/div>\n\n\n\n<p class=\"has-text-align-left\" style=\"font-size:0.8rem;letter-spacing:0.0625rem;text-transform:uppercase\"><strong>La suivre<\/strong><\/p>\n\n\n\n<div class=\"wp-block-group is-nowrap is-layout-flex wp-container-core-group-is-layout-6c531013 wp-block-group-is-layout-flex\">\n<ul class=\"wp-block-social-links is-layout-flex wp-block-social-links-is-layout-flex\"><li class=\"wp-social-link wp-social-link-facebook  wp-block-social-link\"><a href=\"https:\/\/www.facebook.com\/littlemisspedals\" class=\"wp-block-social-link-anchor\"><svg width=\"24\" height=\"24\" viewBox=\"0 0 24 24\" version=\"1.1\" xmlns=\"http:\/\/www.w3.org\/2000\/svg\" aria-hidden=\"true\" focusable=\"false\"><path d=\"M12 2C6.5 2 2 6.5 2 12c0 5 3.7 9.1 8.4 9.9v-7H7.9V12h2.5V9.8c0-2.5 1.5-3.9 3.8-3.9 1.1 0 2.2.2 2.2.2v2.5h-1.3c-1.2 0-1.6.8-1.6 1.6V12h2.8l-.4 2.9h-2.3v7C18.3 21.1 22 17 22 12c0-5.5-4.5-10-10-10z\"><\/path><\/svg><span class=\"wp-block-social-link-label screen-reader-text\">Facebook<\/span><\/a><\/li><\/ul>\n\n\n\n<ul class=\"wp-block-social-links is-layout-flex wp-block-social-links-is-layout-flex\"><li class=\"wp-social-link wp-social-link-instagram  wp-block-social-link\"><a href=\"https:\/\/www.instagram.com\/littlemisspedals\/?hl=fr\" class=\"wp-block-social-link-anchor\"><svg width=\"24\" height=\"24\" viewBox=\"0 0 24 24\" version=\"1.1\" xmlns=\"http:\/\/www.w3.org\/2000\/svg\" aria-hidden=\"true\" focusable=\"false\"><path d=\"M12,4.622c2.403,0,2.688,0.009,3.637,0.052c0.877,0.04,1.354,0.187,1.671,0.31c0.42,0.163,0.72,0.358,1.035,0.673 c0.315,0.315,0.51,0.615,0.673,1.035c0.123,0.317,0.27,0.794,0.31,1.671c0.043,0.949,0.052,1.234,0.052,3.637 s-0.009,2.688-0.052,3.637c-0.04,0.877-0.187,1.354-0.31,1.671c-0.163,0.42-0.358,0.72-0.673,1.035 c-0.315,0.315-0.615,0.51-1.035,0.673c-0.317,0.123-0.794,0.27-1.671,0.31c-0.949,0.043-1.233,0.052-3.637,0.052 s-2.688-0.009-3.637-0.052c-0.877-0.04-1.354-0.187-1.671-0.31c-0.42-0.163-0.72-0.358-1.035-0.673 c-0.315-0.315-0.51-0.615-0.673-1.035c-0.123-0.317-0.27-0.794-0.31-1.671C4.631,14.688,4.622,14.403,4.622,12 s0.009-2.688,0.052-3.637c0.04-0.877,0.187-1.354,0.31-1.671c0.163-0.42,0.358-0.72,0.673-1.035 c0.315-0.315,0.615-0.51,1.035-0.673c0.317-0.123,0.794-0.27,1.671-0.31C9.312,4.631,9.597,4.622,12,4.622 M12,3 C9.556,3,9.249,3.01,8.289,3.054C7.331,3.098,6.677,3.25,6.105,3.472C5.513,3.702,5.011,4.01,4.511,4.511 c-0.5,0.5-0.808,1.002-1.038,1.594C3.25,6.677,3.098,7.331,3.054,8.289C3.01,9.249,3,9.556,3,12c0,2.444,0.01,2.751,0.054,3.711 c0.044,0.958,0.196,1.612,0.418,2.185c0.23,0.592,0.538,1.094,1.038,1.594c0.5,0.5,1.002,0.808,1.594,1.038 c0.572,0.222,1.227,0.375,2.185,0.418C9.249,20.99,9.556,21,12,21s2.751-0.01,3.711-0.054c0.958-0.044,1.612-0.196,2.185-0.418 c0.592-0.23,1.094-0.538,1.594-1.038c0.5-0.5,0.808-1.002,1.038-1.594c0.222-0.572,0.375-1.227,0.418-2.185 C20.99,14.751,21,14.444,21,12s-0.01-2.751-0.054-3.711c-0.044-0.958-0.196-1.612-0.418-2.185c-0.23-0.592-0.538-1.094-1.038-1.594 c-0.5-0.5-1.002-0.808-1.594-1.038c-0.572-0.222-1.227-0.375-2.185-0.418C14.751,3.01,14.444,3,12,3L12,3z M12,7.378 c-2.552,0-4.622,2.069-4.622,4.622S9.448,16.622,12,16.622s4.622-2.069,4.622-4.622S14.552,7.378,12,7.378z M12,15 c-1.657,0-3-1.343-3-3s1.343-3,3-3s3,1.343,3,3S13.657,15,12,15z M16.804,6.116c-0.596,0-1.08,0.484-1.08,1.08 s0.484,1.08,1.08,1.08c0.596,0,1.08-0.484,1.08-1.08S17.401,6.116,16.804,6.116z\"><\/path><\/svg><span class=\"wp-block-social-link-label screen-reader-text\">Instagram<\/span><\/a><\/li><\/ul>\n\n\n\n<ul class=\"wp-block-social-links is-layout-flex wp-block-social-links-is-layout-flex\"><li class=\"wp-social-link wp-social-link-youtube  wp-block-social-link\"><a href=\"https:\/\/www.youtube.com\/@DreamsonTracks\" class=\"wp-block-social-link-anchor\"><svg width=\"24\" height=\"24\" viewBox=\"0 0 24 24\" version=\"1.1\" xmlns=\"http:\/\/www.w3.org\/2000\/svg\" aria-hidden=\"true\" focusable=\"false\"><path d=\"M21.8,8.001c0,0-0.195-1.378-0.795-1.985c-0.76-0.797-1.613-0.801-2.004-0.847c-2.799-0.202-6.997-0.202-6.997-0.202 h-0.009c0,0-4.198,0-6.997,0.202C4.608,5.216,3.756,5.22,2.995,6.016C2.395,6.623,2.2,8.001,2.2,8.001S2,9.62,2,11.238v1.517 c0,1.618,0.2,3.237,0.2,3.237s0.195,1.378,0.795,1.985c0.761,0.797,1.76,0.771,2.205,0.855c1.6,0.153,6.8,0.201,6.8,0.201 s4.203-0.006,7.001-0.209c0.391-0.047,1.243-0.051,2.004-0.847c0.6-0.607,0.795-1.985,0.795-1.985s0.2-1.618,0.2-3.237v-1.517 C22,9.62,21.8,8.001,21.8,8.001z M9.935,14.594l-0.001-5.62l5.404,2.82L9.935,14.594z\"><\/path><\/svg><span class=\"wp-block-social-link-label screen-reader-text\">YouTube<\/span><\/a><\/li><\/ul>\n<\/div>\n\n\n\n<p>Vous pouvez \u00e9couter Tiphaine raconter un voyage pr\u00e9c\u00e9dent dans le podcast de <a href=\"https:\/\/cyclotopo.fr\/podcast\/\" target=\"_blank\" rel=\"noreferrer noopener\">cyclo-topo<\/a> :<\/p>\n\n\n\n<figure class=\"wp-block-embed is-type-rich is-provider-spotify wp-block-embed-spotify wp-embed-aspect-21-9 wp-has-aspect-ratio\"><div class=\"wp-block-embed__wrapper\">\n<iframe title=\"Spotify Embed: E07 \u2013 Tiphaine \u2013 Little Miss Pedals en Europe et en Afrique\" style=\"border-radius: 12px\" width=\"100%\" height=\"152\" frameborder=\"0\" allowfullscreen allow=\"autoplay; clipboard-write; encrypted-media; fullscreen; picture-in-picture\" loading=\"lazy\" src=\"https:\/\/open.spotify.com\/embed\/episode\/0mql6YedxKNgaqOzA1UQie?utm_source=oembed\"><\/iframe>\n<\/div><\/figure>\n\n\n<div class=\"n2-section-smartslider fitvidsignore  n2_clear\" data-ssid=\"7\"><div id=\"n2-ss-7-align\" class=\"n2-ss-align\"><div class=\"n2-padding\"><div id=\"n2-ss-7\" data-creator=\"Smart Slider 3\" data-responsive=\"auto\" class=\"n2-ss-slider n2-ow n2-has-hover n2notransition  \"><div class=\"n2-ss-slider-wrapper-inside\">\n        <div class=\"n2-ss-slider-1 n2_ss__touch_element n2-ow\">\n            <div class=\"n2-ss-slider-2 n2-ow\">\n                                                <div class=\"n2-ss-slider-3 n2-ow\">\n\n                    <div class=\"n2-ss-slide-backgrounds n2-ow-all\"><div class=\"n2-ss-slide-background\" data-public-id=\"1\" data-mode=\"fill\"><div class=\"n2-ss-slide-background-image\" data-blur=\"0\" data-opacity=\"100\" data-x=\"50\" data-y=\"50\" data-alt=\"\" data-title=\"\"><picture class=\"skip-lazy\" data-skip-lazy=\"1\"><img decoding=\"async\" src=\"\/\/festival.cyclo-camping.international\/2024\/wp-content\/uploads\/sites\/2\/2023\/12\/Muller_web1.jpg\" alt=\"\" title=\"\" loading=\"lazy\" class=\"skip-lazy\" data-skip-lazy=\"1\"><\/picture><\/div><div data-color=\"RGBA(255,255,255,0)\" style=\"background-color: RGBA(255,255,255,0);\" class=\"n2-ss-slide-background-color\"><\/div><\/div><div class=\"n2-ss-slide-background\" data-public-id=\"2\" data-mode=\"fill\" aria-hidden=\"true\"><div class=\"n2-ss-slide-background-image\" data-blur=\"0\" data-opacity=\"100\" data-x=\"50\" data-y=\"50\" data-alt=\"\" data-title=\"\"><picture class=\"skip-lazy\" data-skip-lazy=\"1\"><img decoding=\"async\" src=\"\/\/festival.cyclo-camping.international\/2024\/wp-content\/uploads\/sites\/2\/2023\/12\/Muller_web2.jpg\" alt=\"\" title=\"\" loading=\"lazy\" class=\"skip-lazy\" data-skip-lazy=\"1\"><\/picture><\/div><div data-color=\"RGBA(255,255,255,0)\" style=\"background-color: RGBA(255,255,255,0);\" class=\"n2-ss-slide-background-color\"><\/div><\/div><div class=\"n2-ss-slide-background\" data-public-id=\"3\" data-mode=\"fill\" aria-hidden=\"true\"><div class=\"n2-ss-slide-background-image\" data-blur=\"0\" data-opacity=\"100\" data-x=\"50\" data-y=\"50\" data-alt=\"\" data-title=\"\"><picture class=\"skip-lazy\" data-skip-lazy=\"1\"><img decoding=\"async\" src=\"\/\/festival.cyclo-camping.international\/2024\/wp-content\/uploads\/sites\/2\/2023\/12\/Muller_web3.jpg\" alt=\"\" title=\"\" loading=\"lazy\" class=\"skip-lazy\" data-skip-lazy=\"1\"><\/picture><\/div><div data-color=\"RGBA(255,255,255,0)\" style=\"background-color: RGBA(255,255,255,0);\" class=\"n2-ss-slide-background-color\"><\/div><\/div><\/div>                    <div class=\"n2-ss-slider-4 n2-ow\">\n                        <svg xmlns=\"http:\/\/www.w3.org\/2000\/svg\" viewBox=\"0 0 600 450\" data-related-device=\"desktopPortrait\" class=\"n2-ow n2-ss-preserve-size n2-ss-preserve-size--slider n2-ss-slide-limiter\"><\/svg><div data-first=\"1\" data-slide-duration=\"0\" data-id=\"18\" data-slide-public-id=\"1\" data-title=\"Muller_web1\" class=\"n2-ss-slide n2-ow  n2-ss-slide-18\"><div role=\"note\" class=\"n2-ss-slide--focus\" tabindex=\"-1\">Muller_web1<\/div><div class=\"n2-ss-layers-container n2-ss-slide-limiter n2-ow\"><div class=\"n2-ss-layer n2-ow n-uc-bnaA6122HYQC\" data-sstype=\"slide\" data-pm=\"default\"><\/div><\/div><\/div><div data-slide-duration=\"0\" data-id=\"19\" data-slide-public-id=\"2\" aria-hidden=\"true\" data-title=\"Muller_web2\" class=\"n2-ss-slide n2-ow  n2-ss-slide-19\"><div role=\"note\" class=\"n2-ss-slide--focus\" tabindex=\"-1\">Muller_web2<\/div><div class=\"n2-ss-layers-container n2-ss-slide-limiter n2-ow\"><div class=\"n2-ss-layer n2-ow n-uc-pUthcMLbTUyy\" data-sstype=\"slide\" data-pm=\"default\"><\/div><\/div><\/div><div data-slide-duration=\"0\" data-id=\"20\" data-slide-public-id=\"3\" aria-hidden=\"true\" data-title=\"Muller_web3\" class=\"n2-ss-slide n2-ow  n2-ss-slide-20\"><div role=\"note\" class=\"n2-ss-slide--focus\" tabindex=\"-1\">Muller_web3<\/div><div class=\"n2-ss-layers-container n2-ss-slide-limiter n2-ow\"><div class=\"n2-ss-layer n2-ow n-uc-x56VbOwDiutA\" data-sstype=\"slide\" data-pm=\"default\"><\/div><\/div><\/div>                    <\/div>\n\n                                    <\/div>\n            <\/div>\n        <\/div>\n        <div class=\"n2-ss-slider-controls n2-ss-slider-controls-absolute-left-center\"><div style=\"--widget-offset:15px;\" class=\"n2-ss-widget nextend-arrow n2-ow-all nextend-arrow-previous  nextend-arrow-animated-fade\" data-hide-mobileportrait=\"1\" id=\"n2-ss-7-arrow-previous\" role=\"button\" aria-label=\"previous arrow\" tabindex=\"0\"><img loading=\"lazy\" decoding=\"async\" width=\"32\" height=\"32\" class=\"skip-lazy\" data-skip-lazy=\"1\" src=\"data:image\/svg+xml;base64,PHN2ZyB3aWR0aD0iMzIiIGhlaWdodD0iMzIiIHZpZXdCb3g9IjAgMCAzMiAzMiIgeG1sbnM9Imh0dHA6Ly93d3cudzMub3JnLzIwMDAvc3ZnIj4KICAgIDxwYXRoIGQ9Ik0xMS40MzMgMTUuOTkyTDIyLjY5IDUuNzEyYy4zOTMtLjM5LjM5My0xLjAzIDAtMS40Mi0uMzkzLS4zOS0xLjAzLS4zOS0xLjQyMyAwbC0xMS45OCAxMC45NGMtLjIxLjIxLS4zLjQ5LS4yODUuNzYtLjAxNS4yOC4wNzUuNTYuMjg0Ljc3bDExLjk4IDEwLjk0Yy4zOTMuMzkgMS4wMy4zOSAxLjQyNCAwIC4zOTMtLjQuMzkzLTEuMDMgMC0xLjQybC0xMS4yNTctMTAuMjkiCiAgICAgICAgICBmaWxsPSIjZmZmZmZmIiBvcGFjaXR5PSIwLjgiIGZpbGwtcnVsZT0iZXZlbm9kZCIvPgo8L3N2Zz4=\" alt=\"previous arrow\"><\/div><\/div><div class=\"n2-ss-slider-controls n2-ss-slider-controls-absolute-right-center\"><div style=\"--widget-offset:15px;\" class=\"n2-ss-widget nextend-arrow n2-ow-all nextend-arrow-next  nextend-arrow-animated-fade\" data-hide-mobileportrait=\"1\" id=\"n2-ss-7-arrow-next\" role=\"button\" aria-label=\"next arrow\" tabindex=\"0\"><img loading=\"lazy\" decoding=\"async\" width=\"32\" height=\"32\" class=\"skip-lazy\" data-skip-lazy=\"1\" src=\"data:image\/svg+xml;base64,PHN2ZyB3aWR0aD0iMzIiIGhlaWdodD0iMzIiIHZpZXdCb3g9IjAgMCAzMiAzMiIgeG1sbnM9Imh0dHA6Ly93d3cudzMub3JnLzIwMDAvc3ZnIj4KICAgIDxwYXRoIGQ9Ik0xMC43MjIgNC4yOTNjLS4zOTQtLjM5LTEuMDMyLS4zOS0xLjQyNyAwLS4zOTMuMzktLjM5MyAxLjAzIDAgMS40MmwxMS4yODMgMTAuMjgtMTEuMjgzIDEwLjI5Yy0uMzkzLjM5LS4zOTMgMS4wMiAwIDEuNDIuMzk1LjM5IDEuMDMzLjM5IDEuNDI3IDBsMTIuMDA3LTEwLjk0Yy4yMS0uMjEuMy0uNDkuMjg0LS43Ny4wMTQtLjI3LS4wNzYtLjU1LS4yODYtLjc2TDEwLjcyIDQuMjkzeiIKICAgICAgICAgIGZpbGw9IiNmZmZmZmYiIG9wYWNpdHk9IjAuOCIgZmlsbC1ydWxlPSJldmVub2RkIi8+Cjwvc3ZnPg==\" alt=\"next arrow\"><\/div><\/div><\/div><\/div><ss3-loader><\/ss3-loader><\/div><\/div><div class=\"n2_clear\"><\/div><\/div>\n\n\n<p class=\"has-text-align-center\" style=\"font-size:0.8rem;letter-spacing:0.0625rem;text-transform:uppercase\"><strong>Dans la m\u00eame s\u00e9ance<\/strong><\/p>\n\n\n\n<div class=\"wp-block-columns are-vertically-aligned-top is-layout-flex wp-container-core-columns-is-layout-28f84493 wp-block-columns-is-layout-flex\">\n<div class=\"wp-block-column is-vertically-aligned-top is-layout-flow wp-block-column-is-layout-flow\" style=\"flex-basis:50%\">\n<div class=\"wp-block-group has-background is-vertical is-content-justification-center is-layout-flex wp-container-core-group-is-layout-43e4665b wp-block-group-is-layout-flex\" style=\"border-radius:14px;background-color:#ffffff;padding-top:var(--wp--preset--spacing--30);padding-right:var(--wp--preset--spacing--30);padding-bottom:var(--wp--preset--spacing--30);padding-left:var(--wp--preset--spacing--30)\">\n<figure class=\"wp-block-image size-thumbnail is-resized has-custom-border wp-duotone-unset-2\"><img loading=\"lazy\" decoding=\"async\" width=\"567\" height=\"567\" src=\"https:\/\/festival.cyclo-camping.international\/wp-content\/uploads\/2024\/01\/maia_web1-edited-1.jpg\" alt=\"\" class=\"wp-image-961\" style=\"border-radius:100px;width:115px;height:auto\" srcset=\"https:\/\/festival.cyclo-camping.international\/2024\/wp-content\/uploads\/sites\/2\/2024\/01\/maia_web1-edited-1.jpg 567w, https:\/\/festival.cyclo-camping.international\/2024\/wp-content\/uploads\/sites\/2\/2024\/01\/maia_web1-edited-1-300x300.jpg 300w, https:\/\/festival.cyclo-camping.international\/2024\/wp-content\/uploads\/sites\/2\/2024\/01\/maia_web1-edited-1-150x150.jpg 150w\" sizes=\"auto, (max-width: 567px) 100vw, 567px\" \/><\/figure>\n\n\n\n<h3 class=\"wp-block-heading has-text-align-center\"><a href=\"\/2024\/programme-des-films-2024\/megamoon\">Megamoon<\/a><\/h3>\n\n\n\n<p style=\"line-height:1.3\">Hannah Maia<\/p>\n\n\n\n<p style=\"line-height:1.2\">19 min<\/p>\n\n\n\n<p class=\"has-text-align-center\" style=\"line-height:1.2\">en anglais sous-titr\u00e9<\/p>\n\n\n\n<div style=\"height:7px\" aria-hidden=\"true\" class=\"wp-block-spacer\"><\/div>\n\n\n\n<p class=\"has-text-align-center\">R\u00e9cit d\u2019un voyage de noces aux \u00c9tats-Unis ou comment Hannah Maia s\u2019est retrouv\u00e9e au guidon d\u2019un v\u00e9lo charg\u00e9 sur la Great Divide Mountain.<\/p>\n\n\n\n<p class=\"has-text-align-center has-small-font-size\"><strong><a href=\"\/2024\/programme-des-films-2024\/megamoon\">En savoir plus<\/a><\/strong><\/p>\n<\/div>\n<\/div>\n\n\n\n<div class=\"wp-block-column is-layout-flow wp-block-column-is-layout-flow\" style=\"flex-basis:50%\">\n<div class=\"wp-block-group has-background is-vertical is-content-justification-center is-layout-flex wp-container-core-group-is-layout-43e4665b wp-block-group-is-layout-flex\" style=\"border-radius:14px;background-color:#ffffff;padding-top:var(--wp--preset--spacing--30);padding-right:var(--wp--preset--spacing--30);padding-bottom:var(--wp--preset--spacing--30);padding-left:var(--wp--preset--spacing--30)\">\n<figure class=\"wp-block-image size-thumbnail is-resized has-custom-border wp-duotone-unset-3\"><img loading=\"lazy\" decoding=\"async\" width=\"544\" height=\"544\" src=\"https:\/\/festival.cyclo-camping.international\/wp-content\/uploads\/2024\/01\/Lacombe_web1-edited-1.jpg\" alt=\"\" class=\"wp-image-965\" style=\"border-radius:100px;width:115px;height:auto\" srcset=\"https:\/\/festival.cyclo-camping.international\/2024\/wp-content\/uploads\/sites\/2\/2024\/01\/Lacombe_web1-edited-1.jpg 544w, https:\/\/festival.cyclo-camping.international\/2024\/wp-content\/uploads\/sites\/2\/2024\/01\/Lacombe_web1-edited-1-300x300.jpg 300w, https:\/\/festival.cyclo-camping.international\/2024\/wp-content\/uploads\/sites\/2\/2024\/01\/Lacombe_web1-edited-1-150x150.jpg 150w\" sizes=\"auto, (max-width: 544px) 100vw, 544px\" \/><\/figure>\n\n\n\n<h3 class=\"wp-block-heading has-text-align-center\"><a href=\"\/2024\/programme-des-films-2024\/steppes-kirghizes-velo\">Dans les steppes kirghizes<\/a><\/h3>\n\n\n\n<p>Emmanuel La Combe<\/p>\n\n\n\n<p>39 min<\/p>\n\n\n\n<div style=\"height:7px\" aria-hidden=\"true\" class=\"wp-block-spacer\"><\/div>\n\n\n\n<p class=\"has-text-align-center\">Agathe, Emmanuel et leurs&nbsp;3&nbsp;enfants voyagent au&nbsp;Kirghizistan pendant 4&nbsp;semaines en&nbsp;2023.<\/p>\n\n\n\n<p class=\"has-text-align-center has-small-font-size\"><strong><a href=\"\/2024\/programme-des-films-2024\/steppes-kirghizes-velo\">En savoir plus<\/a><\/strong><\/p>\n<\/div>\n<\/div>\n<\/div>\n\n\n\n<div class=\"wp-block-buttons is-content-justification-space-between is-layout-flex wp-container-core-buttons-is-layout-cb28d6de wp-block-buttons-is-layout-flex\" style=\"margin-top:var(--wp--preset--spacing--20)\">\n<div class=\"wp-block-button is-style-outline is-style-outline--4\"><a class=\"wp-block-button__link wp-element-button\" href=\"https:\/\/festival.cyclo-camping.international\/2024\/programme-des-films-2024\/ameri-bike-dream\/\">S\u00e9ance pr\u00e9c\u00e9dente<\/a><\/div>\n\n\n\n<div class=\"wp-block-button is-style-outline is-style-outline--5\"><a class=\"wp-block-button__link wp-element-button\" href=\"https:\/\/festival.cyclo-camping.international\/2024\/programme-des-films-2024\/sunriders\/\">S\u00e9ance suivante<\/a><\/div>\n<\/div>\n\n\n\n<div class=\"wp-block-buttons is-content-justification-center is-layout-flex wp-container-core-buttons-is-layout-98935462 wp-block-buttons-is-layout-flex\" style=\"margin-top:var(--wp--preset--spacing--10);margin-bottom:var(--wp--preset--spacing--10)\">\n<div class=\"wp-block-button\"><a class=\"wp-block-button__link wp-element-button\" href=\"\/programme-des-films-2024\">Retour au programme des films<\/a><\/div>\n<\/div>\n","protected":false},"excerpt":{"rendered":"<p>Little Miss Pedals et Martin repartent \u00e0 la red\u00e9couverte d&rsquo;une Europe \u00e0 peine d\u00e9confin\u00e9e pendant 7 mois de l&rsquo;Allemagne \u00e0 la Norv\u00e8ge, en passant par la France. Leur route traverse notamment le Danemark et la Su\u00e8de. Puis, de Bruxelles ils s\u2019envolent pour l\u2019Am\u00e9rique. Arriv\u00e9s au Mexique, ils atteindront l&rsquo;Alaska 10 mois plus tard. Leur route [&hellip;]<\/p>\n","protected":false},"author":1,"featured_media":0,"parent":944,"menu_order":6,"comment_status":"closed","ping_status":"closed","template":"page-no-title","meta":{"footnotes":""},"class_list":["post-182","page","type-page","status-publish","hentry"],"yoast_head":"<!-- This site is optimized with the Yoast SEO plugin v27.5 - https:\/\/yoast.com\/product\/yoast-seo-wordpress\/ -->\n<title>Allemagne Alaska v\u00e9lo<\/title>\n<meta name=\"description\" content=\"Apr\u00e8s le confinement Tiphaine et Martin partent \u00e0 v\u00e9lo d&#039;Allemagne avant de s\u2019envoler pour le Mexique et atteindre l\u2019Alaska\" \/>\n<meta name=\"robots\" content=\"index, follow, max-snippet:-1, max-image-preview:large, max-video-preview:-1\" \/>\n<link rel=\"canonical\" href=\"https:\/\/festival.cyclo-camping.international\/2024\/programme-des-films-2024\/allemagne-alaska-velo\/\" \/>\n<meta property=\"og:locale\" content=\"fr_FR\" \/>\n<meta property=\"og:type\" content=\"article\" \/>\n<meta property=\"og:title\" content=\"Allemagne Alaska v\u00e9lo\" \/>\n<meta property=\"og:description\" content=\"Apr\u00e8s le confinement Tiphaine et Martin partent \u00e0 v\u00e9lo d&#039;Allemagne avant de s\u2019envoler pour le Mexique et atteindre l\u2019Alaska\" \/>\n<meta property=\"og:url\" content=\"https:\/\/festival.cyclo-camping.international\/2024\/programme-des-films-2024\/allemagne-alaska-velo\/\" \/>\n<meta property=\"og:site_name\" content=\"37e Festival international du voyage \u00e0 v\u00e9lo\" \/>\n<meta property=\"article:modified_time\" content=\"2024-12-13T08:04:07+00:00\" \/>\n<meta property=\"og:image\" content=\"https:\/\/festival.cyclo-camping.international\/wp-content\/uploads\/2023\/12\/Muller_web1.jpg\" \/>\n<meta name=\"twitter:card\" content=\"summary_large_image\" \/>\n<meta name=\"twitter:label1\" content=\"Dur\u00e9e de lecture estim\u00e9e\" \/>\n\t<meta name=\"twitter:data1\" content=\"5 minutes\" \/>\n<script type=\"application\/ld+json\" class=\"yoast-schema-graph\">{\"@context\":\"https:\\\/\\\/schema.org\",\"@graph\":[{\"@type\":\"WebPage\",\"@id\":\"https:\\\/\\\/festival.cyclo-camping.international\\\/2024\\\/programme-des-films-2024\\\/allemagne-alaska-velo\\\/\",\"url\":\"https:\\\/\\\/festival.cyclo-camping.international\\\/2024\\\/programme-des-films-2024\\\/allemagne-alaska-velo\\\/\",\"name\":\"Allemagne Alaska v\u00e9lo\",\"isPartOf\":{\"@id\":\"https:\\\/\\\/festival.cyclo-camping.international\\\/2024\\\/#website\"},\"primaryImageOfPage\":{\"@id\":\"https:\\\/\\\/festival.cyclo-camping.international\\\/2024\\\/programme-des-films-2024\\\/allemagne-alaska-velo\\\/#primaryimage\"},\"image\":{\"@id\":\"https:\\\/\\\/festival.cyclo-camping.international\\\/2024\\\/programme-des-films-2024\\\/allemagne-alaska-velo\\\/#primaryimage\"},\"thumbnailUrl\":\"https:\\\/\\\/festival.cyclo-camping.international\\\/wp-content\\\/uploads\\\/2023\\\/12\\\/Muller_web1.jpg\",\"datePublished\":\"2023-12-31T14:12:59+00:00\",\"dateModified\":\"2024-12-13T08:04:07+00:00\",\"description\":\"Apr\u00e8s le confinement Tiphaine et Martin partent \u00e0 v\u00e9lo d'Allemagne avant de s\u2019envoler pour le Mexique et atteindre l\u2019Alaska\",\"breadcrumb\":{\"@id\":\"https:\\\/\\\/festival.cyclo-camping.international\\\/2024\\\/programme-des-films-2024\\\/allemagne-alaska-velo\\\/#breadcrumb\"},\"inLanguage\":\"fr-FR\",\"potentialAction\":[{\"@type\":\"ReadAction\",\"target\":[\"https:\\\/\\\/festival.cyclo-camping.international\\\/2024\\\/programme-des-films-2024\\\/allemagne-alaska-velo\\\/\"]}]},{\"@type\":\"ImageObject\",\"inLanguage\":\"fr-FR\",\"@id\":\"https:\\\/\\\/festival.cyclo-camping.international\\\/2024\\\/programme-des-films-2024\\\/allemagne-alaska-velo\\\/#primaryimage\",\"url\":\"https:\\\/\\\/festival.cyclo-camping.international\\\/wp-content\\\/uploads\\\/2023\\\/12\\\/Muller_web1.jpg\",\"contentUrl\":\"https:\\\/\\\/festival.cyclo-camping.international\\\/wp-content\\\/uploads\\\/2023\\\/12\\\/Muller_web1.jpg\"},{\"@type\":\"BreadcrumbList\",\"@id\":\"https:\\\/\\\/festival.cyclo-camping.international\\\/2024\\\/programme-des-films-2024\\\/allemagne-alaska-velo\\\/#breadcrumb\",\"itemListElement\":[{\"@type\":\"ListItem\",\"position\":1,\"name\":\"Accueil\",\"item\":\"https:\\\/\\\/festival.cyclo-camping.international\\\/2024\\\/\"},{\"@type\":\"ListItem\",\"position\":2,\"name\":\"Programme des films en 2024\",\"item\":\"https:\\\/\\\/festival.cyclo-camping.international\\\/2024\\\/programme-des-films-2024\\\/\"},{\"@type\":\"ListItem\",\"position\":3,\"name\":\"De l\u2019Allemagne \u00e0 l\u2019Alaska\"}]},{\"@type\":\"WebSite\",\"@id\":\"https:\\\/\\\/festival.cyclo-camping.international\\\/2024\\\/#website\",\"url\":\"https:\\\/\\\/festival.cyclo-camping.international\\\/2024\\\/\",\"name\":\"37e Festival international du voyage \u00e0 v\u00e9lo\",\"description\":\"\",\"potentialAction\":[{\"@type\":\"SearchAction\",\"target\":{\"@type\":\"EntryPoint\",\"urlTemplate\":\"https:\\\/\\\/festival.cyclo-camping.international\\\/2024\\\/?s={search_term_string}\"},\"query-input\":{\"@type\":\"PropertyValueSpecification\",\"valueRequired\":true,\"valueName\":\"search_term_string\"}}],\"inLanguage\":\"fr-FR\"}]}<\/script>\n<!-- \/ Yoast SEO plugin. -->","yoast_head_json":{"title":"Allemagne Alaska v\u00e9lo","description":"Apr\u00e8s le confinement Tiphaine et Martin partent \u00e0 v\u00e9lo d'Allemagne avant de s\u2019envoler pour le Mexique et atteindre l\u2019Alaska","robots":{"index":"index","follow":"follow","max-snippet":"max-snippet:-1","max-image-preview":"max-image-preview:large","max-video-preview":"max-video-preview:-1"},"canonical":"https:\/\/festival.cyclo-camping.international\/2024\/programme-des-films-2024\/allemagne-alaska-velo\/","og_locale":"fr_FR","og_type":"article","og_title":"Allemagne Alaska v\u00e9lo","og_description":"Apr\u00e8s le confinement Tiphaine et Martin partent \u00e0 v\u00e9lo d'Allemagne avant de s\u2019envoler pour le Mexique et atteindre l\u2019Alaska","og_url":"https:\/\/festival.cyclo-camping.international\/2024\/programme-des-films-2024\/allemagne-alaska-velo\/","og_site_name":"37e Festival international du voyage \u00e0 v\u00e9lo","article_modified_time":"2024-12-13T08:04:07+00:00","og_image":[{"url":"https:\/\/festival.cyclo-camping.international\/wp-content\/uploads\/2023\/12\/Muller_web1.jpg","type":"","width":"","height":""}],"twitter_card":"summary_large_image","twitter_misc":{"Dur\u00e9e de lecture estim\u00e9e":"5 minutes"},"schema":{"@context":"https:\/\/schema.org","@graph":[{"@type":"WebPage","@id":"https:\/\/festival.cyclo-camping.international\/2024\/programme-des-films-2024\/allemagne-alaska-velo\/","url":"https:\/\/festival.cyclo-camping.international\/2024\/programme-des-films-2024\/allemagne-alaska-velo\/","name":"Allemagne Alaska v\u00e9lo","isPartOf":{"@id":"https:\/\/festival.cyclo-camping.international\/2024\/#website"},"primaryImageOfPage":{"@id":"https:\/\/festival.cyclo-camping.international\/2024\/programme-des-films-2024\/allemagne-alaska-velo\/#primaryimage"},"image":{"@id":"https:\/\/festival.cyclo-camping.international\/2024\/programme-des-films-2024\/allemagne-alaska-velo\/#primaryimage"},"thumbnailUrl":"https:\/\/festival.cyclo-camping.international\/wp-content\/uploads\/2023\/12\/Muller_web1.jpg","datePublished":"2023-12-31T14:12:59+00:00","dateModified":"2024-12-13T08:04:07+00:00","description":"Apr\u00e8s le confinement Tiphaine et Martin partent \u00e0 v\u00e9lo d'Allemagne avant de s\u2019envoler pour le Mexique et atteindre l\u2019Alaska","breadcrumb":{"@id":"https:\/\/festival.cyclo-camping.international\/2024\/programme-des-films-2024\/allemagne-alaska-velo\/#breadcrumb"},"inLanguage":"fr-FR","potentialAction":[{"@type":"ReadAction","target":["https:\/\/festival.cyclo-camping.international\/2024\/programme-des-films-2024\/allemagne-alaska-velo\/"]}]},{"@type":"ImageObject","inLanguage":"fr-FR","@id":"https:\/\/festival.cyclo-camping.international\/2024\/programme-des-films-2024\/allemagne-alaska-velo\/#primaryimage","url":"https:\/\/festival.cyclo-camping.international\/wp-content\/uploads\/2023\/12\/Muller_web1.jpg","contentUrl":"https:\/\/festival.cyclo-camping.international\/wp-content\/uploads\/2023\/12\/Muller_web1.jpg"},{"@type":"BreadcrumbList","@id":"https:\/\/festival.cyclo-camping.international\/2024\/programme-des-films-2024\/allemagne-alaska-velo\/#breadcrumb","itemListElement":[{"@type":"ListItem","position":1,"name":"Accueil","item":"https:\/\/festival.cyclo-camping.international\/2024\/"},{"@type":"ListItem","position":2,"name":"Programme des films en 2024","item":"https:\/\/festival.cyclo-camping.international\/2024\/programme-des-films-2024\/"},{"@type":"ListItem","position":3,"name":"De l\u2019Allemagne \u00e0 l\u2019Alaska"}]},{"@type":"WebSite","@id":"https:\/\/festival.cyclo-camping.international\/2024\/#website","url":"https:\/\/festival.cyclo-camping.international\/2024\/","name":"37e Festival international du voyage \u00e0 v\u00e9lo","description":"","potentialAction":[{"@type":"SearchAction","target":{"@type":"EntryPoint","urlTemplate":"https:\/\/festival.cyclo-camping.international\/2024\/?s={search_term_string}"},"query-input":{"@type":"PropertyValueSpecification","valueRequired":true,"valueName":"search_term_string"}}],"inLanguage":"fr-FR"}]}},"_links":{"self":[{"href":"https:\/\/festival.cyclo-camping.international\/2024\/wp-json\/wp\/v2\/pages\/182","targetHints":{"allow":["GET"]}}],"collection":[{"href":"https:\/\/festival.cyclo-camping.international\/2024\/wp-json\/wp\/v2\/pages"}],"about":[{"href":"https:\/\/festival.cyclo-camping.international\/2024\/wp-json\/wp\/v2\/types\/page"}],"author":[{"embeddable":true,"href":"https:\/\/festival.cyclo-camping.international\/2024\/wp-json\/wp\/v2\/users\/1"}],"replies":[{"embeddable":true,"href":"https:\/\/festival.cyclo-camping.international\/2024\/wp-json\/wp\/v2\/comments?post=182"}],"version-history":[{"count":1,"href":"https:\/\/festival.cyclo-camping.international\/2024\/wp-json\/wp\/v2\/pages\/182\/revisions"}],"predecessor-version":[{"id":2328,"href":"https:\/\/festival.cyclo-camping.international\/2024\/wp-json\/wp\/v2\/pages\/182\/revisions\/2328"}],"up":[{"embeddable":true,"href":"https:\/\/festival.cyclo-camping.international\/2024\/wp-json\/wp\/v2\/pages\/944"}],"wp:attachment":[{"href":"https:\/\/festival.cyclo-camping.international\/2024\/wp-json\/wp\/v2\/media?parent=182"}],"curies":[{"name":"wp","href":"https:\/\/api.w.org\/{rel}","templated":true}]}}