{"id":180,"date":"2023-12-31T15:12:09","date_gmt":"2023-12-31T14:12:09","guid":{"rendered":"https:\/\/festival.cyclo-camping.international\/2024\/?page_id=180"},"modified":"2024-12-13T09:00:32","modified_gmt":"2024-12-13T08:00:32","slug":"ameri-bike-dream","status":"publish","type":"page","link":"https:\/\/festival.cyclo-camping.international\/2024\/programme-des-films-2024\/ameri-bike-dream\/","title":{"rendered":"Ameri-bike Dream"},"content":{"rendered":"\n<div class=\"wp-block-cover alignfull wp-duotone-unset-1\" style=\"margin-top:0;padding-top:2rem;padding-right:2rem;padding-bottom:2rem;padding-left:2rem;min-height:66vh;aspect-ratio:unset;\"><span aria-hidden=\"true\" class=\"wp-block-cover__background has-background-dim-30 has-background-dim\"><\/span><img loading=\"lazy\" decoding=\"async\" width=\"1200\" height=\"675\" class=\"wp-block-cover__image-background wp-image-154\" alt=\"\" src=\"https:\/\/festival.cyclo-camping.international\/wp-content\/uploads\/2023\/12\/vial-web3.jpg\" data-object-fit=\"cover\" srcset=\"https:\/\/festival.cyclo-camping.international\/2024\/wp-content\/uploads\/sites\/2\/2023\/12\/vial-web3.jpg 1200w, https:\/\/festival.cyclo-camping.international\/2024\/wp-content\/uploads\/sites\/2\/2023\/12\/vial-web3-300x169.jpg 300w, https:\/\/festival.cyclo-camping.international\/2024\/wp-content\/uploads\/sites\/2\/2023\/12\/vial-web3-1024x576.jpg 1024w, https:\/\/festival.cyclo-camping.international\/2024\/wp-content\/uploads\/sites\/2\/2023\/12\/vial-web3-768x432.jpg 768w\" sizes=\"auto, (max-width: 1200px) 100vw, 1200px\" \/><div class=\"wp-block-cover__inner-container is-layout-flow wp-block-cover-is-layout-flow\">\n<div class=\"wp-block-group has-global-padding is-content-justification-center is-layout-constrained wp-container-core-group-is-layout-b3bc50f0 wp-block-group-is-layout-constrained\">\n<h1 class=\"wp-block-heading has-text-align-center has-white-color has-text-color\" style=\"font-size:clamp(28.836px, 1.802rem + ((1vw - 3.2px) * 2.205), 50px);font-style:normal;font-weight:700;letter-spacing:0px;line-height:1.1;text-transform:uppercase\">Ameri-bike Dream<\/h1>\n\n\n\n<div class=\"wp-block-group is-vertical is-content-justification-center is-layout-flex wp-container-core-group-is-layout-df21e9f8 wp-block-group-is-layout-flex\" style=\"margin-top:0;margin-bottom:var(--wp--preset--spacing--10);padding-top:0;padding-bottom:0\">\n<h2 class=\"wp-block-heading has-text-align-center has-text-color has-link-color wp-elements-7d35318364c472a6e30252592c3119d4\" style=\"color:#ffffff\">Elise et Sandra Vial<\/h2>\n\n\n\n<p class=\"has-text-align-center has-small-font-size\" style=\"line-height:1.2\">43 min<\/p>\n<\/div>\n<\/div>\n\n\n\n<div style=\"margin-top:0;margin-bottom:0;height:3rem\" aria-hidden=\"true\" class=\"wp-block-spacer\"><\/div>\n\n\n\n<div class=\"wp-block-columns are-vertically-aligned-bottom is-layout-flex wp-container-core-columns-is-layout-0111f410 wp-block-columns-is-layout-flex\" style=\"padding-right:var(--wp--preset--spacing--50);padding-left:var(--wp--preset--spacing--50)\">\n<div class=\"wp-block-column is-vertically-aligned-bottom is-layout-flow wp-block-column-is-layout-flow\" style=\"flex-basis:33.33%\"><\/div>\n\n\n\n<div class=\"wp-block-column is-vertically-aligned-bottom is-layout-flow wp-block-column-is-layout-flow\" style=\"flex-basis:33.33%\">\n<div class=\"wp-block-group has-border-color is-layout-flow wp-container-core-group-is-layout-494e086b wp-block-group-is-layout-flow\" style=\"border-color:#ffffff;border-width:1px;border-radius:600px;margin-top:0;margin-bottom:0;padding-top:0.5rem;padding-right:0.5rem;padding-bottom:0.5rem;padding-left:0.5rem\">\n<h3 class=\"wp-block-heading has-text-align-center has-text-color has-link-color has-medium-font-size wp-elements-525e8114ba56804f99bd9c384bdcc390\" style=\"color:#ffffff\">S\u00e9ance 2 <\/h3>\n\n\n\n<p class=\"has-text-align-center has-small-font-size\">Samedi \u2013 12h30 \u2013 Salle B <\/p>\n<\/div>\n<\/div>\n\n\n\n<div class=\"wp-block-column is-vertically-aligned-bottom is-layout-flow wp-block-column-is-layout-flow\" style=\"flex-basis:33.33%\"><\/div>\n<\/div>\n<\/div><\/div>\n\n\n\n<div style=\"height:14px\" aria-hidden=\"true\" class=\"wp-block-spacer\"><\/div>\n\n\n\n<p>Elise et Sandra sont deux s\u0153urs de 26 et 29 ans. A l\u2019\u00e9t\u00e9 2019, elles d\u00e9cident de traverser les Etats-Unis \u00e0 v\u00e9lo. Entre San Francisco et New York, du Pacifique \u00e0 l\u2019Atlantique. 6 250 km avec au programme les paysages les plus embl\u00e9matiques du pays. Le parcours est aussi exigeant physiquement que mentalement. Apr\u00e8s les parcs nationaux, les Rocheuses, les Grandes Plaines o\u00f9 le vent souffle sans cesse, les premi\u00e8res grandes villes apparaissent en Ohio. C\u2019est par la Pennsylvanie qu\u2019elles abordent la c\u00f4te Atlantique via Philadelphie. New York, la ville qui ne dort jamais, cl\u00f4ture ce voyage.<\/p>\n\n\n\n<div style=\"height:14px\" aria-hidden=\"true\" class=\"wp-block-spacer\"><\/div>\n\n\n\n<p class=\"has-text-align-left\" style=\"font-size:0.8rem;letter-spacing:0.0625rem;text-transform:uppercase\"><strong>Bio express<\/strong><\/p>\n\n\n\n<p>Passionn\u00e9es de montagne et de&nbsp;grands espaces, <strong>Elise et Sandra<\/strong> consacrent leur temps libre \u00e0 randonner \u00e0 pied, \u00e0 v\u00e9lo et m\u00eame \u00e0 cheval. Elise est garde foresti\u00e8re en Ard\u00e8che, Sandra est saisonni\u00e8re l\u00e0 o\u00f9 l\u2019envie du moment la porte. C\u2019est pour passer un peu de temps ensemble et soutenir la cause des <a href=\"https:\/\/www.facebook.com\/profile.php?id=100070000084682\" target=\"_blank\" rel=\"noreferrer noopener\">femmes touch\u00e9es par le cancer du sein<\/a> qu\u2019elles ont d\u00e9cid\u00e9 de traverser les Etats-Unis.<\/p>\n\n\n\n<div style=\"height:14px\" aria-hidden=\"true\" class=\"wp-block-spacer\"><\/div>\n\n\n\n<p class=\"has-text-align-left\" style=\"font-size:0.8rem;letter-spacing:0.0625rem;text-transform:uppercase\"><strong>Les suivre<\/strong><\/p>\n\n\n\n<div class=\"wp-block-group is-vertical is-content-justification-left is-layout-flex wp-container-core-group-is-layout-32c97487 wp-block-group-is-layout-flex\" style=\"padding-right:0;padding-left:0\">\n<ul class=\"wp-block-social-links is-layout-flex wp-block-social-links-is-layout-flex\"><li class=\"wp-social-link wp-social-link-facebook  wp-block-social-link\"><a href=\"https:\/\/www.facebook.com\/ameribikedream\" class=\"wp-block-social-link-anchor\"><svg width=\"24\" height=\"24\" viewBox=\"0 0 24 24\" version=\"1.1\" xmlns=\"http:\/\/www.w3.org\/2000\/svg\" aria-hidden=\"true\" focusable=\"false\"><path d=\"M12 2C6.5 2 2 6.5 2 12c0 5 3.7 9.1 8.4 9.9v-7H7.9V12h2.5V9.8c0-2.5 1.5-3.9 3.8-3.9 1.1 0 2.2.2 2.2.2v2.5h-1.3c-1.2 0-1.6.8-1.6 1.6V12h2.8l-.4 2.9h-2.3v7C18.3 21.1 22 17 22 12c0-5.5-4.5-10-10-10z\"><\/path><\/svg><span class=\"wp-block-social-link-label screen-reader-text\">Facebook<\/span><\/a><\/li><\/ul>\n<\/div>\n\n\n\n<p>Elles parlent de leur voyage dans l&rsquo;\u00e9pisode 28 du podcast <a href=\"https:\/\/cyclotopo.fr\/podcast\/\" target=\"_blank\" rel=\"noreferrer noopener\">Cyclo-Topo<\/a>.<\/p>\n\n\n\n<figure class=\"wp-block-embed is-type-rich is-provider-spotify wp-block-embed-spotify wp-container-content-9cfa9a5a\" style=\"margin-top:0;margin-right:0;margin-bottom:0;margin-left:0\"><div class=\"wp-block-embed__wrapper\">\n<iframe title=\"Spotify Embed: E28 - Sandra et \u00c9lise - De San Francisco \u00e0 New York, la travers\u00e9e des USA\" style=\"border-radius: 12px\" width=\"100%\" height=\"152\" frameborder=\"0\" allowfullscreen allow=\"autoplay; clipboard-write; encrypted-media; fullscreen; picture-in-picture\" loading=\"lazy\" src=\"https:\/\/open.spotify.com\/embed\/episode\/7lULmdSLfEYwxtciS5Gf4j?utm_source=oembed\"><\/iframe>\n<\/div><\/figure>\n\n\n<div class=\"n2-section-smartslider fitvidsignore  n2_clear\" data-ssid=\"4\"><div id=\"n2-ss-4-align\" class=\"n2-ss-align\"><div class=\"n2-padding\"><div id=\"n2-ss-4\" data-creator=\"Smart Slider 3\" data-responsive=\"auto\" class=\"n2-ss-slider n2-ow n2-has-hover n2notransition  \"><div class=\"n2-ss-slider-wrapper-inside\">\n        <div class=\"n2-ss-slider-1 n2_ss__touch_element n2-ow\">\n            <div class=\"n2-ss-slider-2 n2-ow\">\n                                                <div class=\"n2-ss-slider-3 n2-ow\">\n\n                    <div class=\"n2-ss-slide-backgrounds n2-ow-all\"><div class=\"n2-ss-slide-background\" data-public-id=\"1\" data-mode=\"fill\"><div class=\"n2-ss-slide-background-image\" data-blur=\"0\" data-opacity=\"100\" data-x=\"50\" data-y=\"50\" data-alt=\"Portrait d'\u00c9lise et Sandra Vial.\" data-title=\"\"><picture class=\"skip-lazy\" data-skip-lazy=\"1\"><img decoding=\"async\" src=\"\/\/festival.cyclo-camping.international\/2024\/wp-content\/uploads\/sites\/2\/2023\/12\/vial-web1.jpg\" alt=\"Portrait d'\u00c9lise et Sandra Vial.\" title=\"\" loading=\"lazy\" class=\"skip-lazy\" data-skip-lazy=\"1\"><\/picture><\/div><div data-color=\"RGBA(255,255,255,0)\" style=\"background-color: RGBA(255,255,255,0);\" class=\"n2-ss-slide-background-color\"><\/div><\/div><div class=\"n2-ss-slide-background\" data-public-id=\"2\" data-mode=\"fill\" aria-hidden=\"true\"><div class=\"n2-ss-slide-background-image\" data-blur=\"0\" data-opacity=\"100\" data-x=\"50\" data-y=\"50\" data-alt=\"\" data-title=\"\"><picture class=\"skip-lazy\" data-skip-lazy=\"1\"><img decoding=\"async\" src=\"\/\/festival.cyclo-camping.international\/2024\/wp-content\/uploads\/sites\/2\/2023\/12\/vial-web2.jpg\" alt=\"\" title=\"\" loading=\"lazy\" class=\"skip-lazy\" data-skip-lazy=\"1\"><\/picture><\/div><div data-color=\"RGBA(255,255,255,0)\" style=\"background-color: RGBA(255,255,255,0);\" class=\"n2-ss-slide-background-color\"><\/div><\/div><div class=\"n2-ss-slide-background\" data-public-id=\"3\" data-mode=\"fill\" aria-hidden=\"true\"><div class=\"n2-ss-slide-background-image\" data-blur=\"0\" data-opacity=\"100\" data-x=\"50\" data-y=\"50\" data-alt=\"\" data-title=\"\"><picture class=\"skip-lazy\" data-skip-lazy=\"1\"><img decoding=\"async\" src=\"\/\/festival.cyclo-camping.international\/2024\/wp-content\/uploads\/sites\/2\/2023\/12\/vial-web3.jpg\" alt=\"\" title=\"\" loading=\"lazy\" class=\"skip-lazy\" data-skip-lazy=\"1\"><\/picture><\/div><div data-color=\"RGBA(255,255,255,0)\" style=\"background-color: RGBA(255,255,255,0);\" class=\"n2-ss-slide-background-color\"><\/div><\/div><\/div>                    <div class=\"n2-ss-slider-4 n2-ow\">\n                        <svg xmlns=\"http:\/\/www.w3.org\/2000\/svg\" viewBox=\"0 0 600 450\" data-related-device=\"desktopPortrait\" class=\"n2-ow n2-ss-preserve-size n2-ss-preserve-size--slider n2-ss-slide-limiter\"><\/svg><div data-first=\"1\" data-slide-duration=\"0\" data-id=\"9\" data-slide-public-id=\"1\" data-title=\"vial-web1\" class=\"n2-ss-slide n2-ow  n2-ss-slide-9\"><div role=\"note\" class=\"n2-ss-slide--focus\" tabindex=\"-1\">vial-web1<\/div><div class=\"n2-ss-layers-container n2-ss-slide-limiter n2-ow\"><div class=\"n2-ss-layer n2-ow n-uc-LX22QNddqJHs\" data-sstype=\"slide\" data-pm=\"default\"><\/div><\/div><\/div><div data-slide-duration=\"0\" data-id=\"10\" data-slide-public-id=\"2\" aria-hidden=\"true\" data-title=\"vial-web2\" class=\"n2-ss-slide n2-ow  n2-ss-slide-10\"><div role=\"note\" class=\"n2-ss-slide--focus\" tabindex=\"-1\">vial-web2<\/div><div class=\"n2-ss-layers-container n2-ss-slide-limiter n2-ow\"><div class=\"n2-ss-layer n2-ow n-uc-MYqFPtV3QtCF\" data-sstype=\"slide\" data-pm=\"default\"><\/div><\/div><\/div><div data-slide-duration=\"0\" data-id=\"11\" data-slide-public-id=\"3\" aria-hidden=\"true\" data-title=\"OLYMPUS DIGITAL CAMERA\" class=\"n2-ss-slide n2-ow  n2-ss-slide-11\"><div role=\"note\" class=\"n2-ss-slide--focus\" tabindex=\"-1\">OLYMPUS DIGITAL CAMERA<\/div><div class=\"n2-ss-layers-container n2-ss-slide-limiter n2-ow\"><div class=\"n2-ss-layer n2-ow n-uc-jLkgIJWlh8dn\" data-sstype=\"slide\" data-pm=\"default\"><\/div><\/div><\/div>                    <\/div>\n\n                                    <\/div>\n            <\/div>\n        <\/div>\n        <div class=\"n2-ss-slider-controls n2-ss-slider-controls-absolute-left-center\"><div style=\"--widget-offset:15px;\" class=\"n2-ss-widget nextend-arrow n2-ow-all nextend-arrow-previous  nextend-arrow-animated-fade\" data-hide-mobileportrait=\"1\" id=\"n2-ss-4-arrow-previous\" role=\"button\" aria-label=\"previous arrow\" tabindex=\"0\"><img loading=\"lazy\" decoding=\"async\" width=\"32\" height=\"32\" class=\"skip-lazy\" data-skip-lazy=\"1\" src=\"data:image\/svg+xml;base64,PHN2ZyB3aWR0aD0iMzIiIGhlaWdodD0iMzIiIHZpZXdCb3g9IjAgMCAzMiAzMiIgeG1sbnM9Imh0dHA6Ly93d3cudzMub3JnLzIwMDAvc3ZnIj4KICAgIDxwYXRoIGQ9Ik0xMS40MzMgMTUuOTkyTDIyLjY5IDUuNzEyYy4zOTMtLjM5LjM5My0xLjAzIDAtMS40Mi0uMzkzLS4zOS0xLjAzLS4zOS0xLjQyMyAwbC0xMS45OCAxMC45NGMtLjIxLjIxLS4zLjQ5LS4yODUuNzYtLjAxNS4yOC4wNzUuNTYuMjg0Ljc3bDExLjk4IDEwLjk0Yy4zOTMuMzkgMS4wMy4zOSAxLjQyNCAwIC4zOTMtLjQuMzkzLTEuMDMgMC0xLjQybC0xMS4yNTctMTAuMjkiCiAgICAgICAgICBmaWxsPSIjZmZmZmZmIiBvcGFjaXR5PSIwLjgiIGZpbGwtcnVsZT0iZXZlbm9kZCIvPgo8L3N2Zz4=\" alt=\"previous arrow\"><\/div><\/div><div class=\"n2-ss-slider-controls n2-ss-slider-controls-absolute-right-center\"><div style=\"--widget-offset:15px;\" class=\"n2-ss-widget nextend-arrow n2-ow-all nextend-arrow-next  nextend-arrow-animated-fade\" data-hide-mobileportrait=\"1\" id=\"n2-ss-4-arrow-next\" role=\"button\" aria-label=\"next arrow\" tabindex=\"0\"><img loading=\"lazy\" decoding=\"async\" width=\"32\" height=\"32\" class=\"skip-lazy\" data-skip-lazy=\"1\" src=\"data:image\/svg+xml;base64,PHN2ZyB3aWR0aD0iMzIiIGhlaWdodD0iMzIiIHZpZXdCb3g9IjAgMCAzMiAzMiIgeG1sbnM9Imh0dHA6Ly93d3cudzMub3JnLzIwMDAvc3ZnIj4KICAgIDxwYXRoIGQ9Ik0xMC43MjIgNC4yOTNjLS4zOTQtLjM5LTEuMDMyLS4zOS0xLjQyNyAwLS4zOTMuMzktLjM5MyAxLjAzIDAgMS40MmwxMS4yODMgMTAuMjgtMTEuMjgzIDEwLjI5Yy0uMzkzLjM5LS4zOTMgMS4wMiAwIDEuNDIuMzk1LjM5IDEuMDMzLjM5IDEuNDI3IDBsMTIuMDA3LTEwLjk0Yy4yMS0uMjEuMy0uNDkuMjg0LS43Ny4wMTQtLjI3LS4wNzYtLjU1LS4yODYtLjc2TDEwLjcyIDQuMjkzeiIKICAgICAgICAgIGZpbGw9IiNmZmZmZmYiIG9wYWNpdHk9IjAuOCIgZmlsbC1ydWxlPSJldmVub2RkIi8+Cjwvc3ZnPg==\" alt=\"next arrow\"><\/div><\/div><\/div><\/div><ss3-loader><\/ss3-loader><\/div><\/div><div class=\"n2_clear\"><\/div><\/div>\n\n\n<p class=\"has-text-align-left\" style=\"font-size:0.8rem;letter-spacing:0.0625rem;text-transform:uppercase\"><strong>Dans la m\u00eame s\u00e9ance<\/strong><\/p>\n\n\n\n<div class=\"wp-block-columns are-vertically-aligned-top is-layout-flex wp-container-core-columns-is-layout-28f84493 wp-block-columns-is-layout-flex\">\n<div class=\"wp-block-column is-vertically-aligned-top is-layout-flow wp-block-column-is-layout-flow\" style=\"flex-basis:50%\">\n<div class=\"wp-block-group has-background is-vertical is-content-justification-center is-layout-flex wp-container-core-group-is-layout-43e4665b wp-block-group-is-layout-flex\" style=\"border-radius:14px;background-color:#ffffff;padding-top:var(--wp--preset--spacing--30);padding-right:var(--wp--preset--spacing--30);padding-bottom:var(--wp--preset--spacing--30);padding-left:var(--wp--preset--spacing--30)\">\n<figure class=\"wp-block-image size-thumbnail is-resized has-custom-border wp-duotone-unset-2\"><img loading=\"lazy\" decoding=\"async\" width=\"459\" height=\"459\" src=\"https:\/\/festival.cyclo-camping.international\/wp-content\/uploads\/2024\/01\/connault-web1-edited-2.jpg\" alt=\"\" class=\"wp-image-955\" style=\"border-radius:100px;width:115px;height:auto\" srcset=\"https:\/\/festival.cyclo-camping.international\/2024\/wp-content\/uploads\/sites\/2\/2024\/01\/connault-web1-edited-2.jpg 459w, https:\/\/festival.cyclo-camping.international\/2024\/wp-content\/uploads\/sites\/2\/2024\/01\/connault-web1-edited-2-300x300.jpg 300w, https:\/\/festival.cyclo-camping.international\/2024\/wp-content\/uploads\/sites\/2\/2024\/01\/connault-web1-edited-2-150x150.jpg 150w\" sizes=\"auto, (max-width: 459px) 100vw, 459px\" \/><\/figure>\n\n\n\n<h3 class=\"wp-block-heading has-text-align-center\"><a href=\"\/2024\/programme-des-films-2024\/film-traque-aubrac\/\">Traque <br>sur l\u2019Aubrac<\/a><\/h3>\n\n\n\n<p style=\"line-height:1.3\">Ir\u00e8ne et Jo\u00ebl Connault<\/p>\n\n\n\n<p>12 min<\/p>\n\n\n\n<div style=\"height:7px\" aria-hidden=\"true\" class=\"wp-block-spacer\"><\/div>\n\n\n\n<p class=\"has-text-align-center\">Un polar \u00e0 la blague, \u00e0 la recherche de la sc\u00e8ne d\u2019un crime\u2026 en v\u00e9lo couch\u00e9.<\/p>\n\n\n\n<p class=\"has-text-align-center has-small-font-size\"><strong><a href=\"\/2024\/programme-des-films-2024\/film-traque-aubrac\/\">En savoir plus<\/a><\/strong><\/p>\n<\/div>\n<\/div>\n\n\n\n<div class=\"wp-block-column is-layout-flow wp-block-column-is-layout-flow\" style=\"flex-basis:50%\">\n<div class=\"wp-block-group has-background is-vertical is-content-justification-center is-layout-flex wp-container-core-group-is-layout-43e4665b wp-block-group-is-layout-flex\" style=\"border-radius:14px;background-color:#ffffff;padding-top:var(--wp--preset--spacing--30);padding-right:var(--wp--preset--spacing--30);padding-bottom:var(--wp--preset--spacing--30);padding-left:var(--wp--preset--spacing--30)\">\n<figure class=\"wp-block-image size-thumbnail is-resized has-custom-border wp-duotone-unset-3\"><img loading=\"lazy\" decoding=\"async\" width=\"427\" height=\"427\" src=\"https:\/\/festival.cyclo-camping.international\/wp-content\/uploads\/2024\/01\/dajicour-web1-edited-1.jpg\" alt=\"\" class=\"wp-image-957\" style=\"border-radius:100px;width:115px;height:auto\" srcset=\"https:\/\/festival.cyclo-camping.international\/2024\/wp-content\/uploads\/sites\/2\/2024\/01\/dajicour-web1-edited-1.jpg 427w, https:\/\/festival.cyclo-camping.international\/2024\/wp-content\/uploads\/sites\/2\/2024\/01\/dajicour-web1-edited-1-300x300.jpg 300w, https:\/\/festival.cyclo-camping.international\/2024\/wp-content\/uploads\/sites\/2\/2024\/01\/dajicour-web1-edited-1-150x150.jpg 150w\" sizes=\"auto, (max-width: 427px) 100vw, 427px\" \/><\/figure>\n\n\n\n<h3 class=\"wp-block-heading has-text-align-center\"><a href=\"\/2024\/programme-des-films-2024\/film-armenie-barev-barev\/\">Arm\u00e9nie, <br>Barev Barev\u00a0!<\/a><\/h3>\n\n\n\n<p style=\"line-height:1.3\">Marcellin Dagicour<\/p>\n\n\n\n<p>16 min<\/p>\n\n\n\n<div style=\"height:7px\" aria-hidden=\"true\" class=\"wp-block-spacer\"><\/div>\n\n\n\n<p class=\"has-text-align-center\">Des parents et leur fils adolescent \u00e0 la d\u00e9couverte de ce pays caucasien mal connu.<\/p>\n\n\n\n<p class=\"has-small-font-size\"><a href=\"\/2024\/programme-des-films-2024\/film-armenie-barev-barev\/\">En savoir plus<\/a><\/p>\n<\/div>\n<\/div>\n<\/div>\n\n\n\n<div class=\"wp-block-buttons is-content-justification-space-between is-layout-flex wp-container-core-buttons-is-layout-cb28d6de wp-block-buttons-is-layout-flex\" style=\"margin-top:var(--wp--preset--spacing--20)\">\n<div class=\"wp-block-button is-style-outline is-style-outline--4\"><a class=\"wp-block-button__link wp-element-button\" href=\"https:\/\/festival.cyclo-camping.international\/2024\/programme-des-films-2024\/film-roulons-vers-essentiel\/\">S\u00e9ance pr\u00e9c\u00e9dente<\/a><\/div>\n\n\n\n<div class=\"wp-block-button is-style-outline is-style-outline--5\"><a class=\"wp-block-button__link wp-element-button\" href=\"https:\/\/festival.cyclo-camping.international\/2024\/programme-des-films-2024\/steppes-kirghizes-velo\/\">S\u00e9ance suivante<\/a><\/div>\n<\/div>\n\n\n\n<div class=\"wp-block-buttons is-content-justification-center is-layout-flex wp-container-core-buttons-is-layout-98935462 wp-block-buttons-is-layout-flex\" style=\"margin-top:var(--wp--preset--spacing--10);margin-bottom:var(--wp--preset--spacing--10)\">\n<div class=\"wp-block-button\"><a class=\"wp-block-button__link wp-element-button\" href=\"\/programme-des-films-2024\">Retour au programme des films<\/a><\/div>\n<\/div>\n","protected":false},"excerpt":{"rendered":"<p>Elise et Sandra sont deux s\u0153urs de 26 et 29 ans. A l\u2019\u00e9t\u00e9 2019, elles d\u00e9cident de traverser les Etats-Unis \u00e0 v\u00e9lo. Entre San Francisco et New York, du Pacifique \u00e0 l\u2019Atlantique. 6 250 km avec au programme les paysages les plus embl\u00e9matiques du pays. Le parcours est aussi exigeant physiquement que mentalement. Apr\u00e8s les [&hellip;]<\/p>\n","protected":false},"author":1,"featured_media":153,"parent":944,"menu_order":5,"comment_status":"closed","ping_status":"closed","template":"page-no-title","meta":{"footnotes":""},"class_list":["post-180","page","type-page","status-publish","has-post-thumbnail","hentry"],"yoast_head":"<!-- This site is optimized with the Yoast SEO plugin v27.5 - https:\/\/yoast.com\/product\/yoast-seo-wordpress\/ -->\n<title>ameri-bike dream<\/title>\n<meta name=\"description\" content=\"Ameri-bike dream est l&#039;aventure v\u00e9cue par deux soeurs, qui ont travers\u00e9 les Etats-Unis de San Fransico jusqu&#039;\u00e0 New-York\" \/>\n<meta name=\"robots\" content=\"index, follow, max-snippet:-1, max-image-preview:large, max-video-preview:-1\" \/>\n<link rel=\"canonical\" href=\"https:\/\/festival.cyclo-camping.international\/2024\/programme-des-films-2024\/ameri-bike-dream\/\" \/>\n<meta property=\"og:locale\" content=\"fr_FR\" \/>\n<meta property=\"og:type\" content=\"article\" \/>\n<meta property=\"og:title\" content=\"ameri-bike dream\" \/>\n<meta property=\"og:description\" content=\"Ameri-bike dream est l&#039;aventure v\u00e9cue par deux soeurs, qui ont travers\u00e9 les Etats-Unis de San Fransico jusqu&#039;\u00e0 New-York\" \/>\n<meta property=\"og:url\" content=\"https:\/\/festival.cyclo-camping.international\/2024\/programme-des-films-2024\/ameri-bike-dream\/\" \/>\n<meta property=\"og:site_name\" content=\"37e Festival international du voyage \u00e0 v\u00e9lo\" \/>\n<meta property=\"article:modified_time\" content=\"2024-12-13T08:00:32+00:00\" \/>\n<meta property=\"og:image\" content=\"https:\/\/festival.cyclo-camping.international\/2024\/wp-content\/uploads\/sites\/2\/2023\/12\/vial-web2.jpg\" \/>\n\t<meta property=\"og:image:width\" content=\"1200\" \/>\n\t<meta property=\"og:image:height\" content=\"675\" \/>\n\t<meta property=\"og:image:type\" content=\"image\/jpeg\" \/>\n<meta name=\"twitter:card\" content=\"summary_large_image\" \/>\n<meta name=\"twitter:label1\" content=\"Dur\u00e9e de lecture estim\u00e9e\" \/>\n\t<meta name=\"twitter:data1\" content=\"4 minutes\" \/>\n<script type=\"application\/ld+json\" class=\"yoast-schema-graph\">{\"@context\":\"https:\\\/\\\/schema.org\",\"@graph\":[{\"@type\":\"WebPage\",\"@id\":\"https:\\\/\\\/festival.cyclo-camping.international\\\/2024\\\/programme-des-films-2024\\\/ameri-bike-dream\\\/\",\"url\":\"https:\\\/\\\/festival.cyclo-camping.international\\\/2024\\\/programme-des-films-2024\\\/ameri-bike-dream\\\/\",\"name\":\"ameri-bike dream\",\"isPartOf\":{\"@id\":\"https:\\\/\\\/festival.cyclo-camping.international\\\/2024\\\/#website\"},\"primaryImageOfPage\":{\"@id\":\"https:\\\/\\\/festival.cyclo-camping.international\\\/2024\\\/programme-des-films-2024\\\/ameri-bike-dream\\\/#primaryimage\"},\"image\":{\"@id\":\"https:\\\/\\\/festival.cyclo-camping.international\\\/2024\\\/programme-des-films-2024\\\/ameri-bike-dream\\\/#primaryimage\"},\"thumbnailUrl\":\"https:\\\/\\\/festival.cyclo-camping.international\\\/2024\\\/wp-content\\\/uploads\\\/sites\\\/2\\\/2023\\\/12\\\/vial-web2.jpg\",\"datePublished\":\"2023-12-31T14:12:09+00:00\",\"dateModified\":\"2024-12-13T08:00:32+00:00\",\"description\":\"Ameri-bike dream est l'aventure v\u00e9cue par deux soeurs, qui ont travers\u00e9 les Etats-Unis de San Fransico jusqu'\u00e0 New-York\",\"breadcrumb\":{\"@id\":\"https:\\\/\\\/festival.cyclo-camping.international\\\/2024\\\/programme-des-films-2024\\\/ameri-bike-dream\\\/#breadcrumb\"},\"inLanguage\":\"fr-FR\",\"potentialAction\":[{\"@type\":\"ReadAction\",\"target\":[\"https:\\\/\\\/festival.cyclo-camping.international\\\/2024\\\/programme-des-films-2024\\\/ameri-bike-dream\\\/\"]}]},{\"@type\":\"ImageObject\",\"inLanguage\":\"fr-FR\",\"@id\":\"https:\\\/\\\/festival.cyclo-camping.international\\\/2024\\\/programme-des-films-2024\\\/ameri-bike-dream\\\/#primaryimage\",\"url\":\"https:\\\/\\\/festival.cyclo-camping.international\\\/2024\\\/wp-content\\\/uploads\\\/sites\\\/2\\\/2023\\\/12\\\/vial-web2.jpg\",\"contentUrl\":\"https:\\\/\\\/festival.cyclo-camping.international\\\/2024\\\/wp-content\\\/uploads\\\/sites\\\/2\\\/2023\\\/12\\\/vial-web2.jpg\",\"width\":1200,\"height\":675},{\"@type\":\"BreadcrumbList\",\"@id\":\"https:\\\/\\\/festival.cyclo-camping.international\\\/2024\\\/programme-des-films-2024\\\/ameri-bike-dream\\\/#breadcrumb\",\"itemListElement\":[{\"@type\":\"ListItem\",\"position\":1,\"name\":\"Accueil\",\"item\":\"https:\\\/\\\/festival.cyclo-camping.international\\\/2024\\\/\"},{\"@type\":\"ListItem\",\"position\":2,\"name\":\"Programme des films en 2024\",\"item\":\"https:\\\/\\\/festival.cyclo-camping.international\\\/2024\\\/programme-des-films-2024\\\/\"},{\"@type\":\"ListItem\",\"position\":3,\"name\":\"Ameri-bike Dream\"}]},{\"@type\":\"WebSite\",\"@id\":\"https:\\\/\\\/festival.cyclo-camping.international\\\/2024\\\/#website\",\"url\":\"https:\\\/\\\/festival.cyclo-camping.international\\\/2024\\\/\",\"name\":\"37e Festival international du voyage \u00e0 v\u00e9lo\",\"description\":\"\",\"potentialAction\":[{\"@type\":\"SearchAction\",\"target\":{\"@type\":\"EntryPoint\",\"urlTemplate\":\"https:\\\/\\\/festival.cyclo-camping.international\\\/2024\\\/?s={search_term_string}\"},\"query-input\":{\"@type\":\"PropertyValueSpecification\",\"valueRequired\":true,\"valueName\":\"search_term_string\"}}],\"inLanguage\":\"fr-FR\"}]}<\/script>\n<!-- \/ Yoast SEO plugin. -->","yoast_head_json":{"title":"ameri-bike dream","description":"Ameri-bike dream est l'aventure v\u00e9cue par deux soeurs, qui ont travers\u00e9 les Etats-Unis de San Fransico jusqu'\u00e0 New-York","robots":{"index":"index","follow":"follow","max-snippet":"max-snippet:-1","max-image-preview":"max-image-preview:large","max-video-preview":"max-video-preview:-1"},"canonical":"https:\/\/festival.cyclo-camping.international\/2024\/programme-des-films-2024\/ameri-bike-dream\/","og_locale":"fr_FR","og_type":"article","og_title":"ameri-bike dream","og_description":"Ameri-bike dream est l'aventure v\u00e9cue par deux soeurs, qui ont travers\u00e9 les Etats-Unis de San Fransico jusqu'\u00e0 New-York","og_url":"https:\/\/festival.cyclo-camping.international\/2024\/programme-des-films-2024\/ameri-bike-dream\/","og_site_name":"37e Festival international du voyage \u00e0 v\u00e9lo","article_modified_time":"2024-12-13T08:00:32+00:00","og_image":[{"width":1200,"height":675,"url":"https:\/\/festival.cyclo-camping.international\/2024\/wp-content\/uploads\/sites\/2\/2023\/12\/vial-web2.jpg","type":"image\/jpeg"}],"twitter_card":"summary_large_image","twitter_misc":{"Dur\u00e9e de lecture estim\u00e9e":"4 minutes"},"schema":{"@context":"https:\/\/schema.org","@graph":[{"@type":"WebPage","@id":"https:\/\/festival.cyclo-camping.international\/2024\/programme-des-films-2024\/ameri-bike-dream\/","url":"https:\/\/festival.cyclo-camping.international\/2024\/programme-des-films-2024\/ameri-bike-dream\/","name":"ameri-bike dream","isPartOf":{"@id":"https:\/\/festival.cyclo-camping.international\/2024\/#website"},"primaryImageOfPage":{"@id":"https:\/\/festival.cyclo-camping.international\/2024\/programme-des-films-2024\/ameri-bike-dream\/#primaryimage"},"image":{"@id":"https:\/\/festival.cyclo-camping.international\/2024\/programme-des-films-2024\/ameri-bike-dream\/#primaryimage"},"thumbnailUrl":"https:\/\/festival.cyclo-camping.international\/2024\/wp-content\/uploads\/sites\/2\/2023\/12\/vial-web2.jpg","datePublished":"2023-12-31T14:12:09+00:00","dateModified":"2024-12-13T08:00:32+00:00","description":"Ameri-bike dream est l'aventure v\u00e9cue par deux soeurs, qui ont travers\u00e9 les Etats-Unis de San Fransico jusqu'\u00e0 New-York","breadcrumb":{"@id":"https:\/\/festival.cyclo-camping.international\/2024\/programme-des-films-2024\/ameri-bike-dream\/#breadcrumb"},"inLanguage":"fr-FR","potentialAction":[{"@type":"ReadAction","target":["https:\/\/festival.cyclo-camping.international\/2024\/programme-des-films-2024\/ameri-bike-dream\/"]}]},{"@type":"ImageObject","inLanguage":"fr-FR","@id":"https:\/\/festival.cyclo-camping.international\/2024\/programme-des-films-2024\/ameri-bike-dream\/#primaryimage","url":"https:\/\/festival.cyclo-camping.international\/2024\/wp-content\/uploads\/sites\/2\/2023\/12\/vial-web2.jpg","contentUrl":"https:\/\/festival.cyclo-camping.international\/2024\/wp-content\/uploads\/sites\/2\/2023\/12\/vial-web2.jpg","width":1200,"height":675},{"@type":"BreadcrumbList","@id":"https:\/\/festival.cyclo-camping.international\/2024\/programme-des-films-2024\/ameri-bike-dream\/#breadcrumb","itemListElement":[{"@type":"ListItem","position":1,"name":"Accueil","item":"https:\/\/festival.cyclo-camping.international\/2024\/"},{"@type":"ListItem","position":2,"name":"Programme des films en 2024","item":"https:\/\/festival.cyclo-camping.international\/2024\/programme-des-films-2024\/"},{"@type":"ListItem","position":3,"name":"Ameri-bike Dream"}]},{"@type":"WebSite","@id":"https:\/\/festival.cyclo-camping.international\/2024\/#website","url":"https:\/\/festival.cyclo-camping.international\/2024\/","name":"37e Festival international du voyage \u00e0 v\u00e9lo","description":"","potentialAction":[{"@type":"SearchAction","target":{"@type":"EntryPoint","urlTemplate":"https:\/\/festival.cyclo-camping.international\/2024\/?s={search_term_string}"},"query-input":{"@type":"PropertyValueSpecification","valueRequired":true,"valueName":"search_term_string"}}],"inLanguage":"fr-FR"}]}},"_links":{"self":[{"href":"https:\/\/festival.cyclo-camping.international\/2024\/wp-json\/wp\/v2\/pages\/180","targetHints":{"allow":["GET"]}}],"collection":[{"href":"https:\/\/festival.cyclo-camping.international\/2024\/wp-json\/wp\/v2\/pages"}],"about":[{"href":"https:\/\/festival.cyclo-camping.international\/2024\/wp-json\/wp\/v2\/types\/page"}],"author":[{"embeddable":true,"href":"https:\/\/festival.cyclo-camping.international\/2024\/wp-json\/wp\/v2\/users\/1"}],"replies":[{"embeddable":true,"href":"https:\/\/festival.cyclo-camping.international\/2024\/wp-json\/wp\/v2\/comments?post=180"}],"version-history":[{"count":1,"href":"https:\/\/festival.cyclo-camping.international\/2024\/wp-json\/wp\/v2\/pages\/180\/revisions"}],"predecessor-version":[{"id":2327,"href":"https:\/\/festival.cyclo-camping.international\/2024\/wp-json\/wp\/v2\/pages\/180\/revisions\/2327"}],"up":[{"embeddable":true,"href":"https:\/\/festival.cyclo-camping.international\/2024\/wp-json\/wp\/v2\/pages\/944"}],"wp:featuredmedia":[{"embeddable":true,"href":"https:\/\/festival.cyclo-camping.international\/2024\/wp-json\/wp\/v2\/media\/153"}],"wp:attachment":[{"href":"https:\/\/festival.cyclo-camping.international\/2024\/wp-json\/wp\/v2\/media?parent=180"}],"curies":[{"name":"wp","href":"https:\/\/api.w.org\/{rel}","templated":true}]}}