{"id":178,"date":"2023-12-31T15:11:19","date_gmt":"2023-12-31T14:11:19","guid":{"rendered":"https:\/\/festival.cyclo-camping.international\/2024\/?page_id=178"},"modified":"2023-12-31T15:11:19","modified_gmt":"2023-12-31T14:11:19","slug":"film-armenie-barev-barev","status":"publish","type":"page","link":"https:\/\/festival.cyclo-camping.international\/2024\/programme-des-films-2024\/film-armenie-barev-barev\/","title":{"rendered":"Arm\u00e9nie, Barev Barev\u00a0!"},"content":{"rendered":"\n<div class=\"wp-block-cover alignfull wp-duotone-unset-1\" style=\"margin-top:0;padding-top:2rem;padding-right:2rem;padding-bottom:2rem;padding-left:2rem;min-height:66vh;aspect-ratio:unset;\"><span aria-hidden=\"true\" class=\"wp-block-cover__background has-background-dim-30 has-background-dim\"><\/span><img loading=\"lazy\" decoding=\"async\" width=\"1200\" height=\"675\" class=\"wp-block-cover__image-background wp-image-149\" alt=\"\" src=\"https:\/\/festival.cyclo-camping.international\/wp-content\/uploads\/2023\/12\/dajicour-web1.jpg\" data-object-fit=\"cover\" srcset=\"https:\/\/festival.cyclo-camping.international\/2024\/wp-content\/uploads\/sites\/2\/2023\/12\/dajicour-web1.jpg 1200w, https:\/\/festival.cyclo-camping.international\/2024\/wp-content\/uploads\/sites\/2\/2023\/12\/dajicour-web1-300x169.jpg 300w, https:\/\/festival.cyclo-camping.international\/2024\/wp-content\/uploads\/sites\/2\/2023\/12\/dajicour-web1-1024x576.jpg 1024w, https:\/\/festival.cyclo-camping.international\/2024\/wp-content\/uploads\/sites\/2\/2023\/12\/dajicour-web1-768x432.jpg 768w\" sizes=\"auto, (max-width: 1200px) 100vw, 1200px\" \/><div class=\"wp-block-cover__inner-container is-layout-flow wp-block-cover-is-layout-flow\">\n<div class=\"wp-block-group has-global-padding is-content-justification-center is-layout-constrained wp-container-core-group-is-layout-b3bc50f0 wp-block-group-is-layout-constrained\">\n<h1 class=\"wp-block-heading has-text-align-center has-white-color has-text-color\" style=\"font-size:clamp(28.836px, 1.802rem + ((1vw - 3.2px) * 2.205), 50px);font-style:normal;font-weight:700;letter-spacing:0px;line-height:1.1;text-transform:uppercase\">Arm\u00e9nie, Barev Barev&nbsp;!<\/h1>\n\n\n\n<div class=\"wp-block-group is-vertical is-content-justification-center is-layout-flex wp-container-core-group-is-layout-df21e9f8 wp-block-group-is-layout-flex\" style=\"margin-top:0;margin-bottom:var(--wp--preset--spacing--10);padding-top:0;padding-bottom:0\">\n<h2 class=\"wp-block-heading has-text-align-center has-text-color has-link-color wp-elements-d7fe6df16d416c261373177a0f2b6dd3\" style=\"color:#ffffff\">Marcellin Dagicour<\/h2>\n\n\n\n<p class=\"has-text-align-center has-small-font-size\" style=\"line-height:1.2\">16 min<\/p>\n<\/div>\n<\/div>\n\n\n\n<div style=\"margin-top:0;margin-bottom:0;height:3rem\" aria-hidden=\"true\" class=\"wp-block-spacer\"><\/div>\n\n\n\n<div class=\"wp-block-columns are-vertically-aligned-bottom is-layout-flex wp-container-core-columns-is-layout-0111f410 wp-block-columns-is-layout-flex\" style=\"padding-right:var(--wp--preset--spacing--50);padding-left:var(--wp--preset--spacing--50)\">\n<div class=\"wp-block-column is-vertically-aligned-bottom is-layout-flow wp-block-column-is-layout-flow\" style=\"flex-basis:33.33%\"><\/div>\n\n\n\n<div class=\"wp-block-column is-vertically-aligned-bottom is-layout-flow wp-block-column-is-layout-flow\" style=\"flex-basis:33.33%\">\n<div class=\"wp-block-group has-border-color is-layout-flow wp-container-core-group-is-layout-494e086b wp-block-group-is-layout-flow\" style=\"border-color:#ffffff;border-width:1px;border-radius:600px;margin-top:0;margin-bottom:0;padding-top:0.5rem;padding-right:0.5rem;padding-bottom:0.5rem;padding-left:0.5rem\">\n<h3 class=\"wp-block-heading has-text-align-center has-text-color has-link-color has-medium-font-size wp-elements-2247e8ba68dc1f4d55828ca471c5e968\" style=\"color:#ffffff\">S\u00e9ance 2<\/h3>\n\n\n\n<p class=\"has-text-align-center has-small-font-size\">Samedi \u2013 12h30 \u2013 Salle B  <\/p>\n<\/div>\n<\/div>\n\n\n\n<div class=\"wp-block-column is-vertically-aligned-bottom is-layout-flow wp-block-column-is-layout-flow\" style=\"flex-basis:33.33%\"><\/div>\n<\/div>\n<\/div><\/div>\n\n\n\n<div style=\"height:14px\" aria-hidden=\"true\" class=\"wp-block-spacer\"><\/div>\n\n\n\n<p>A l&rsquo;\u00e9t\u00e9 2019, leur fille Alice est en stage \u00e0 Erevan, capitale de l\u2019Arm\u00e9nie. Ils h\u00e9sitent \u00e0 aller dans ce pays avec leurs v\u00e9los en sachant que c&rsquo;est un pays montagneux et chaud l&rsquo;\u00e9t\u00e9. Marcellin, Anne et leur grand adolescent Tom d\u00e9cident pourtant d\u2019y voyager pendant un mois pour d\u00e9couvrir ce petit pays caucasien mal connu. Ils ont un coup de c\u0153ur pour cette Arm\u00e9nie attachante, assez peu touristique, et dont ils go\u00fbtent l\u2019hospitalit\u00e9. La visite des monast\u00e8res ponctue leur itin\u00e9raire.<\/p>\n\n\n\n<div style=\"height:14px\" aria-hidden=\"true\" class=\"wp-block-spacer\"><\/div>\n\n\n\n<p class=\"has-text-align-left\" style=\"font-size:0.8rem;letter-spacing:0.0625rem;text-transform:uppercase\"><strong>Bio express<\/strong><\/p>\n\n\n\n<p><strong>Marcellin et Anne Dagicour<\/strong> habitent Toulouse. Ils voyagent depuis plus de 10 ans \u00e0 v\u00e9lo avec leurs enfants, puis sans eux. Ils sont respectivement ing\u00e9nieur et professeur d&rsquo;histoire-g\u00e9ographie. Ce qu&rsquo;ils pr\u00e9f\u00e8rent ? Les rencontres, spontan\u00e9es ou via Warmshowers, et le contact avec la nature. Ce voyage en Arm\u00e9nie sera le d\u00e9clencheur, deux ans plus tard, d&rsquo;un plus grand voyage depuis la France vers la Turquie\u2026 cette fois-ci \u00e0 deux.<\/p>\n\n\n\n<div style=\"height:14px\" aria-hidden=\"true\" class=\"wp-block-spacer\"><\/div>\n\n\n\n<p class=\"has-text-align-left\" style=\"font-size:0.8rem;letter-spacing:0.0625rem;text-transform:uppercase\"><strong>Les suivre<\/strong><\/p>\n\n\n\n<div class=\"wp-block-group is-vertical is-content-justification-left is-layout-flex wp-container-core-group-is-layout-32c97487 wp-block-group-is-layout-flex\" style=\"padding-right:0;padding-left:0\">\n<div class=\"wp-block-columns is-not-stacked-on-mobile is-layout-flex wp-container-core-columns-is-layout-28f84493 wp-block-columns-is-layout-flex\">\n<div class=\"wp-block-column is-layout-flow wp-block-column-is-layout-flow\">\n<ul class=\"wp-block-social-links is-layout-flex wp-block-social-links-is-layout-flex\"><li class=\"wp-social-link wp-social-link-chain  wp-block-social-link\"><a href=\"http:\/\/dagicour.free.fr\/wp\/?cat=6\" class=\"wp-block-social-link-anchor\"><svg width=\"24\" height=\"24\" viewBox=\"0 0 24 24\" version=\"1.1\" xmlns=\"http:\/\/www.w3.org\/2000\/svg\" aria-hidden=\"true\" focusable=\"false\"><path d=\"M15.6,7.2H14v1.5h1.6c2,0,3.7,1.7,3.7,3.7s-1.7,3.7-3.7,3.7H14v1.5h1.6c2.8,0,5.2-2.3,5.2-5.2,0-2.9-2.3-5.2-5.2-5.2zM4.7,12.4c0-2,1.7-3.7,3.7-3.7H10V7.2H8.4c-2.9,0-5.2,2.3-5.2,5.2,0,2.9,2.3,5.2,5.2,5.2H10v-1.5H8.4c-2,0-3.7-1.7-3.7-3.7zm4.6.9h5.3v-1.5H9.3v1.5z\"><\/path><\/svg><span class=\"wp-block-social-link-label screen-reader-text\">Lien<\/span><\/a><\/li><\/ul>\n<\/div>\n\n\n\n<div class=\"wp-block-column is-layout-flow wp-block-column-is-layout-flow\">\n<ul class=\"wp-block-social-links is-layout-flex wp-block-social-links-is-layout-flex\"><li class=\"wp-social-link wp-social-link-facebook  wp-block-social-link\"><a href=\"https:\/\/www.facebook.com\/dagicour\" class=\"wp-block-social-link-anchor\"><svg width=\"24\" height=\"24\" viewBox=\"0 0 24 24\" version=\"1.1\" xmlns=\"http:\/\/www.w3.org\/2000\/svg\" aria-hidden=\"true\" focusable=\"false\"><path d=\"M12 2C6.5 2 2 6.5 2 12c0 5 3.7 9.1 8.4 9.9v-7H7.9V12h2.5V9.8c0-2.5 1.5-3.9 3.8-3.9 1.1 0 2.2.2 2.2.2v2.5h-1.3c-1.2 0-1.6.8-1.6 1.6V12h2.8l-.4 2.9h-2.3v7C18.3 21.1 22 17 22 12c0-5.5-4.5-10-10-10z\"><\/path><\/svg><span class=\"wp-block-social-link-label screen-reader-text\">Facebook<\/span><\/a><\/li><\/ul>\n<\/div>\n<\/div>\n<\/div>\n\n\n<div class=\"n2-section-smartslider fitvidsignore  n2_clear\" data-ssid=\"6\"><div id=\"n2-ss-6-align\" class=\"n2-ss-align\"><div class=\"n2-padding\"><div id=\"n2-ss-6\" data-creator=\"Smart Slider 3\" data-responsive=\"auto\" class=\"n2-ss-slider n2-ow n2-has-hover n2notransition  \"><div class=\"n2-ss-slider-wrapper-inside\">\n        <div class=\"n2-ss-slider-1 n2_ss__touch_element n2-ow\">\n            <div class=\"n2-ss-slider-2 n2-ow\">\n                                                <div class=\"n2-ss-slider-3 n2-ow\">\n\n                    <div class=\"n2-ss-slide-backgrounds n2-ow-all\"><div class=\"n2-ss-slide-background\" data-public-id=\"1\" data-mode=\"fill\"><div class=\"n2-ss-slide-background-image\" data-blur=\"0\" data-opacity=\"100\" data-x=\"50\" data-y=\"50\" data-alt=\"\" data-title=\"\"><picture class=\"skip-lazy\" data-skip-lazy=\"1\"><img decoding=\"async\" src=\"\/\/festival.cyclo-camping.international\/2024\/wp-content\/uploads\/sites\/2\/2023\/12\/dajicour-web1.jpg\" alt=\"\" title=\"\" loading=\"lazy\" class=\"skip-lazy\" data-skip-lazy=\"1\"><\/picture><\/div><div data-color=\"RGBA(255,255,255,0)\" style=\"background-color: RGBA(255,255,255,0);\" class=\"n2-ss-slide-background-color\"><\/div><\/div><div class=\"n2-ss-slide-background\" data-public-id=\"2\" data-mode=\"fill\" aria-hidden=\"true\"><div class=\"n2-ss-slide-background-image\" data-blur=\"0\" data-opacity=\"100\" data-x=\"50\" data-y=\"50\" data-alt=\"\" data-title=\"\"><picture class=\"skip-lazy\" data-skip-lazy=\"1\"><img decoding=\"async\" src=\"\/\/festival.cyclo-camping.international\/2024\/wp-content\/uploads\/sites\/2\/2023\/12\/dajicour-web2.jpg\" alt=\"\" title=\"\" loading=\"lazy\" class=\"skip-lazy\" data-skip-lazy=\"1\"><\/picture><\/div><div data-color=\"RGBA(255,255,255,0)\" style=\"background-color: RGBA(255,255,255,0);\" class=\"n2-ss-slide-background-color\"><\/div><\/div><div class=\"n2-ss-slide-background\" data-public-id=\"3\" data-mode=\"fill\" aria-hidden=\"true\"><div class=\"n2-ss-slide-background-image\" data-blur=\"0\" data-opacity=\"100\" data-x=\"50\" data-y=\"50\" data-alt=\"Portrait de la famille Dagicour\" data-title=\"\"><picture class=\"skip-lazy\" data-skip-lazy=\"1\"><img decoding=\"async\" src=\"\/\/festival.cyclo-camping.international\/2024\/wp-content\/uploads\/sites\/2\/2023\/12\/dajicour-web3.jpg\" alt=\"Portrait de la famille Dagicour\" title=\"\" loading=\"lazy\" class=\"skip-lazy\" data-skip-lazy=\"1\"><\/picture><\/div><div data-color=\"RGBA(255,255,255,0)\" style=\"background-color: RGBA(255,255,255,0);\" class=\"n2-ss-slide-background-color\"><\/div><\/div><\/div>                    <div class=\"n2-ss-slider-4 n2-ow\">\n                        <svg xmlns=\"http:\/\/www.w3.org\/2000\/svg\" viewBox=\"0 0 600 450\" data-related-device=\"desktopPortrait\" class=\"n2-ow n2-ss-preserve-size n2-ss-preserve-size--slider n2-ss-slide-limiter\"><\/svg><div data-first=\"1\" data-slide-duration=\"0\" data-id=\"15\" data-slide-public-id=\"1\" data-title=\"dajicour-web1\" class=\"n2-ss-slide n2-ow  n2-ss-slide-15\"><div role=\"note\" class=\"n2-ss-slide--focus\" tabindex=\"-1\">dajicour-web1<\/div><div class=\"n2-ss-layers-container n2-ss-slide-limiter n2-ow\"><div class=\"n2-ss-layer n2-ow n-uc-onfjuJ1QhICu\" data-sstype=\"slide\" data-pm=\"default\"><\/div><\/div><\/div><div data-slide-duration=\"0\" data-id=\"16\" data-slide-public-id=\"2\" aria-hidden=\"true\" data-title=\"dajicour-web2\" class=\"n2-ss-slide n2-ow  n2-ss-slide-16\"><div role=\"note\" class=\"n2-ss-slide--focus\" tabindex=\"-1\">dajicour-web2<\/div><div class=\"n2-ss-layers-container n2-ss-slide-limiter n2-ow\"><div class=\"n2-ss-layer n2-ow n-uc-GaXU5FkbiRhk\" data-sstype=\"slide\" data-pm=\"default\"><\/div><\/div><\/div><div data-slide-duration=\"0\" data-id=\"17\" data-slide-public-id=\"3\" aria-hidden=\"true\" data-title=\"dajicour-web3\" class=\"n2-ss-slide n2-ow  n2-ss-slide-17\"><div role=\"note\" class=\"n2-ss-slide--focus\" tabindex=\"-1\">dajicour-web3<\/div><div class=\"n2-ss-layers-container n2-ss-slide-limiter n2-ow\"><div class=\"n2-ss-layer n2-ow n-uc-styXR5qHE9eD\" data-sstype=\"slide\" data-pm=\"default\"><\/div><\/div><\/div>                    <\/div>\n\n                                    <\/div>\n            <\/div>\n        <\/div>\n        <div class=\"n2-ss-slider-controls n2-ss-slider-controls-absolute-left-center\"><div style=\"--widget-offset:15px;\" class=\"n2-ss-widget nextend-arrow n2-ow-all nextend-arrow-previous  nextend-arrow-animated-fade\" data-hide-mobileportrait=\"1\" id=\"n2-ss-6-arrow-previous\" role=\"button\" aria-label=\"previous arrow\" tabindex=\"0\"><img loading=\"lazy\" decoding=\"async\" width=\"32\" height=\"32\" class=\"skip-lazy\" data-skip-lazy=\"1\" src=\"data:image\/svg+xml;base64,PHN2ZyB3aWR0aD0iMzIiIGhlaWdodD0iMzIiIHZpZXdCb3g9IjAgMCAzMiAzMiIgeG1sbnM9Imh0dHA6Ly93d3cudzMub3JnLzIwMDAvc3ZnIj4KICAgIDxwYXRoIGQ9Ik0xMS40MzMgMTUuOTkyTDIyLjY5IDUuNzEyYy4zOTMtLjM5LjM5My0xLjAzIDAtMS40Mi0uMzkzLS4zOS0xLjAzLS4zOS0xLjQyMyAwbC0xMS45OCAxMC45NGMtLjIxLjIxLS4zLjQ5LS4yODUuNzYtLjAxNS4yOC4wNzUuNTYuMjg0Ljc3bDExLjk4IDEwLjk0Yy4zOTMuMzkgMS4wMy4zOSAxLjQyNCAwIC4zOTMtLjQuMzkzLTEuMDMgMC0xLjQybC0xMS4yNTctMTAuMjkiCiAgICAgICAgICBmaWxsPSIjZmZmZmZmIiBvcGFjaXR5PSIwLjgiIGZpbGwtcnVsZT0iZXZlbm9kZCIvPgo8L3N2Zz4=\" alt=\"previous arrow\"><\/div><\/div><div class=\"n2-ss-slider-controls n2-ss-slider-controls-absolute-right-center\"><div style=\"--widget-offset:15px;\" class=\"n2-ss-widget nextend-arrow n2-ow-all nextend-arrow-next  nextend-arrow-animated-fade\" data-hide-mobileportrait=\"1\" id=\"n2-ss-6-arrow-next\" role=\"button\" aria-label=\"next arrow\" tabindex=\"0\"><img loading=\"lazy\" decoding=\"async\" width=\"32\" height=\"32\" class=\"skip-lazy\" data-skip-lazy=\"1\" src=\"data:image\/svg+xml;base64,PHN2ZyB3aWR0aD0iMzIiIGhlaWdodD0iMzIiIHZpZXdCb3g9IjAgMCAzMiAzMiIgeG1sbnM9Imh0dHA6Ly93d3cudzMub3JnLzIwMDAvc3ZnIj4KICAgIDxwYXRoIGQ9Ik0xMC43MjIgNC4yOTNjLS4zOTQtLjM5LTEuMDMyLS4zOS0xLjQyNyAwLS4zOTMuMzktLjM5MyAxLjAzIDAgMS40MmwxMS4yODMgMTAuMjgtMTEuMjgzIDEwLjI5Yy0uMzkzLjM5LS4zOTMgMS4wMiAwIDEuNDIuMzk1LjM5IDEuMDMzLjM5IDEuNDI3IDBsMTIuMDA3LTEwLjk0Yy4yMS0uMjEuMy0uNDkuMjg0LS43Ny4wMTQtLjI3LS4wNzYtLjU1LS4yODYtLjc2TDEwLjcyIDQuMjkzeiIKICAgICAgICAgIGZpbGw9IiNmZmZmZmYiIG9wYWNpdHk9IjAuOCIgZmlsbC1ydWxlPSJldmVub2RkIi8+Cjwvc3ZnPg==\" alt=\"next arrow\"><\/div><\/div><\/div><\/div><ss3-loader><\/ss3-loader><\/div><\/div><div class=\"n2_clear\"><\/div><\/div>\n\n\n<p class=\"has-text-align-center\" style=\"font-size:0.8rem;letter-spacing:0.0625rem;text-transform:uppercase\"><strong>Dans la m\u00eame s\u00e9ance<\/strong><\/p>\n\n\n\n<div class=\"wp-block-columns are-vertically-aligned-top is-layout-flex wp-container-core-columns-is-layout-28f84493 wp-block-columns-is-layout-flex\">\n<div class=\"wp-block-column is-vertically-aligned-top is-layout-flow wp-block-column-is-layout-flow\" style=\"flex-basis:50%\">\n<div class=\"wp-block-group has-background is-vertical is-content-justification-center is-layout-flex wp-container-core-group-is-layout-43e4665b wp-block-group-is-layout-flex\" style=\"border-radius:14px;background-color:#ffffff;padding-top:var(--wp--preset--spacing--30);padding-right:var(--wp--preset--spacing--30);padding-bottom:var(--wp--preset--spacing--30);padding-left:var(--wp--preset--spacing--30)\">\n<figure class=\"wp-block-image size-thumbnail is-resized has-custom-border wp-duotone-unset-2\"><img loading=\"lazy\" decoding=\"async\" width=\"459\" height=\"459\" src=\"https:\/\/festival.cyclo-camping.international\/wp-content\/uploads\/2024\/01\/connault-web1-edited-2.jpg\" alt=\"\" class=\"wp-image-955\" style=\"border-radius:100px;width:115px;height:auto\" srcset=\"https:\/\/festival.cyclo-camping.international\/2024\/wp-content\/uploads\/sites\/2\/2024\/01\/connault-web1-edited-2.jpg 459w, https:\/\/festival.cyclo-camping.international\/2024\/wp-content\/uploads\/sites\/2\/2024\/01\/connault-web1-edited-2-300x300.jpg 300w, https:\/\/festival.cyclo-camping.international\/2024\/wp-content\/uploads\/sites\/2\/2024\/01\/connault-web1-edited-2-150x150.jpg 150w\" sizes=\"auto, (max-width: 459px) 100vw, 459px\" \/><\/figure>\n\n\n\n<h3 class=\"wp-block-heading has-text-align-center\"><a href=\"\/2024\/programme-des-films-2024\/film-traque-aubrac\/\">Traque <br>sur l\u2019Aubrac<\/a><\/h3>\n\n\n\n<p style=\"line-height:1.3\">Ir\u00e8ne et Jo\u00ebl Connault<\/p>\n\n\n\n<p>12 min<\/p>\n\n\n\n<div style=\"height:7px\" aria-hidden=\"true\" class=\"wp-block-spacer\"><\/div>\n\n\n\n<p class=\"has-text-align-center\">Un polar \u00e0 la blague, \u00e0 la recherche de la sc\u00e8ne d\u2019un crime\u2026 en v\u00e9lo couch\u00e9.<\/p>\n\n\n\n<p class=\"has-text-align-center has-small-font-size\"><strong><a href=\"\/2024\/programme-des-films-2024\/film-traque-aubrac\/\">En savoir plus<\/a><\/strong><\/p>\n<\/div>\n<\/div>\n\n\n\n<div class=\"wp-block-column is-layout-flow wp-block-column-is-layout-flow\" style=\"flex-basis:50%\">\n<div class=\"wp-block-group has-background is-vertical is-content-justification-center is-layout-flex wp-container-core-group-is-layout-43e4665b wp-block-group-is-layout-flex\" style=\"border-radius:14px;background-color:#ffffff;padding-top:var(--wp--preset--spacing--30);padding-right:var(--wp--preset--spacing--30);padding-bottom:var(--wp--preset--spacing--30);padding-left:var(--wp--preset--spacing--30)\">\n<figure class=\"wp-block-image size-thumbnail is-resized has-custom-border wp-duotone-unset-3\"><img loading=\"lazy\" decoding=\"async\" width=\"419\" height=\"419\" src=\"https:\/\/festival.cyclo-camping.international\/wp-content\/uploads\/2024\/01\/vial-web1-edited-1.jpg\" alt=\"\" class=\"wp-image-959\" style=\"border-radius:100px;width:115px;height:auto\" srcset=\"https:\/\/festival.cyclo-camping.international\/2024\/wp-content\/uploads\/sites\/2\/2024\/01\/vial-web1-edited-1.jpg 419w, https:\/\/festival.cyclo-camping.international\/2024\/wp-content\/uploads\/sites\/2\/2024\/01\/vial-web1-edited-1-300x300.jpg 300w, https:\/\/festival.cyclo-camping.international\/2024\/wp-content\/uploads\/sites\/2\/2024\/01\/vial-web1-edited-1-150x150.jpg 150w\" sizes=\"auto, (max-width: 419px) 100vw, 419px\" \/><\/figure>\n\n\n\n<h3 class=\"wp-block-heading has-text-align-center\"><a href=\"\/2024\/programme-des-films-2024\/ameri-bike-dream\/\">Ameri-bike Dream<\/a><\/h3>\n\n\n\n<p>\u00c9lise et Sandra Vial<\/p>\n\n\n\n<p>43 min<\/p>\n\n\n\n<div style=\"height:7px\" aria-hidden=\"true\" class=\"wp-block-spacer\"><\/div>\n\n\n\n<p class=\"has-text-align-center\">Une travers\u00e9e des \u00c9tats-Unis de San&nbsp;Francisco \u00e0 New&nbsp;York sur plus de&nbsp;6&nbsp;000&nbsp;km, par deux s\u0153urs, \u00c9lise et&nbsp;Sandra.<\/p>\n\n\n\n<p class=\"has-small-font-size\"><a href=\"\/2024\/programme-des-films-2024\/ameri-bike-dream\/\">En savoir plus<\/a><\/p>\n<\/div>\n<\/div>\n<\/div>\n\n\n\n<div class=\"wp-block-buttons is-content-justification-space-between is-layout-flex wp-container-core-buttons-is-layout-cb28d6de wp-block-buttons-is-layout-flex\" style=\"margin-top:var(--wp--preset--spacing--20)\">\n<div class=\"wp-block-button is-style-outline is-style-outline--4\"><a class=\"wp-block-button__link wp-element-button\" href=\"https:\/\/festival.cyclo-camping.international\/2024\/programme-des-films-2024\/film-roulons-vers-essentiel\/\">S\u00e9ance pr\u00e9c\u00e9dente<\/a><\/div>\n\n\n\n<div class=\"wp-block-button is-style-outline is-style-outline--5\"><a class=\"wp-block-button__link wp-element-button\" href=\"https:\/\/festival.cyclo-camping.international\/2024\/programme-des-films-2024\/steppes-kirghizes-velo\/\">S\u00e9ance suivante<\/a><\/div>\n<\/div>\n\n\n\n<div class=\"wp-block-buttons is-content-justification-center is-layout-flex wp-container-core-buttons-is-layout-98935462 wp-block-buttons-is-layout-flex\" style=\"margin-top:var(--wp--preset--spacing--10);margin-bottom:var(--wp--preset--spacing--10)\">\n<div class=\"wp-block-button\"><a class=\"wp-block-button__link wp-element-button\" href=\"\/programme-des-films-2024\">Retour au programme des films<\/a><\/div>\n<\/div>\n","protected":false},"excerpt":{"rendered":"<p>A l&rsquo;\u00e9t\u00e9 2019, leur fille Alice est en stage \u00e0 Erevan, capitale de l\u2019Arm\u00e9nie. Ils h\u00e9sitent \u00e0 aller dans ce pays avec leurs v\u00e9los en sachant que c&rsquo;est un pays montagneux et chaud l&rsquo;\u00e9t\u00e9. Marcellin, Anne et leur grand adolescent Tom d\u00e9cident pourtant d\u2019y voyager pendant un mois pour d\u00e9couvrir ce petit pays caucasien mal [&hellip;]<\/p>\n","protected":false},"author":1,"featured_media":150,"parent":944,"menu_order":4,"comment_status":"closed","ping_status":"closed","template":"page-no-title","meta":{"footnotes":""},"class_list":["post-178","page","type-page","status-publish","has-post-thumbnail","hentry"],"yoast_head":"<!-- This site is optimized with the Yoast SEO plugin v27.5 - https:\/\/yoast.com\/product\/yoast-seo-wordpress\/ -->\n<title>Film Arm\u00e9nie barev barev<\/title>\n<meta name=\"description\" content=\"Le film Arm\u00e9nie Barev Barev raconte l&#039;histoire de parents et de leur fils adolescent \u00e0 la d\u00e9couverte de ce pays caucasien mal connu\" \/>\n<meta name=\"robots\" content=\"index, follow, max-snippet:-1, max-image-preview:large, max-video-preview:-1\" \/>\n<link rel=\"canonical\" href=\"https:\/\/festival.cyclo-camping.international\/2024\/programme-des-films-2024\/film-armenie-barev-barev\/\" \/>\n<meta property=\"og:locale\" content=\"fr_FR\" \/>\n<meta property=\"og:type\" content=\"article\" \/>\n<meta property=\"og:title\" content=\"Film Arm\u00e9nie barev barev\" \/>\n<meta property=\"og:description\" content=\"Le film Arm\u00e9nie Barev Barev raconte l&#039;histoire de parents et de leur fils adolescent \u00e0 la d\u00e9couverte de ce pays caucasien mal connu\" \/>\n<meta property=\"og:url\" content=\"https:\/\/festival.cyclo-camping.international\/2024\/programme-des-films-2024\/film-armenie-barev-barev\/\" \/>\n<meta property=\"og:site_name\" content=\"37e Festival international du voyage \u00e0 v\u00e9lo\" \/>\n<meta property=\"og:image\" content=\"https:\/\/festival.cyclo-camping.international\/2024\/wp-content\/uploads\/sites\/2\/2023\/12\/dajicour-web2.jpg\" \/>\n\t<meta property=\"og:image:width\" content=\"1200\" \/>\n\t<meta property=\"og:image:height\" content=\"675\" \/>\n\t<meta property=\"og:image:type\" content=\"image\/jpeg\" \/>\n<meta name=\"twitter:card\" content=\"summary_large_image\" \/>\n<meta name=\"twitter:label1\" content=\"Dur\u00e9e de lecture estim\u00e9e\" \/>\n\t<meta name=\"twitter:data1\" content=\"4 minutes\" \/>\n<script type=\"application\/ld+json\" class=\"yoast-schema-graph\">{\"@context\":\"https:\\\/\\\/schema.org\",\"@graph\":[{\"@type\":\"WebPage\",\"@id\":\"https:\\\/\\\/festival.cyclo-camping.international\\\/2024\\\/programme-des-films-2024\\\/film-armenie-barev-barev\\\/\",\"url\":\"https:\\\/\\\/festival.cyclo-camping.international\\\/2024\\\/programme-des-films-2024\\\/film-armenie-barev-barev\\\/\",\"name\":\"Film Arm\u00e9nie barev barev\",\"isPartOf\":{\"@id\":\"https:\\\/\\\/festival.cyclo-camping.international\\\/2024\\\/#website\"},\"primaryImageOfPage\":{\"@id\":\"https:\\\/\\\/festival.cyclo-camping.international\\\/2024\\\/programme-des-films-2024\\\/film-armenie-barev-barev\\\/#primaryimage\"},\"image\":{\"@id\":\"https:\\\/\\\/festival.cyclo-camping.international\\\/2024\\\/programme-des-films-2024\\\/film-armenie-barev-barev\\\/#primaryimage\"},\"thumbnailUrl\":\"https:\\\/\\\/festival.cyclo-camping.international\\\/2024\\\/wp-content\\\/uploads\\\/sites\\\/2\\\/2023\\\/12\\\/dajicour-web2.jpg\",\"datePublished\":\"2023-12-31T14:11:19+00:00\",\"description\":\"Le film Arm\u00e9nie Barev Barev raconte l'histoire de parents et de leur fils adolescent \u00e0 la d\u00e9couverte de ce pays caucasien mal connu\",\"breadcrumb\":{\"@id\":\"https:\\\/\\\/festival.cyclo-camping.international\\\/2024\\\/programme-des-films-2024\\\/film-armenie-barev-barev\\\/#breadcrumb\"},\"inLanguage\":\"fr-FR\",\"potentialAction\":[{\"@type\":\"ReadAction\",\"target\":[\"https:\\\/\\\/festival.cyclo-camping.international\\\/2024\\\/programme-des-films-2024\\\/film-armenie-barev-barev\\\/\"]}]},{\"@type\":\"ImageObject\",\"inLanguage\":\"fr-FR\",\"@id\":\"https:\\\/\\\/festival.cyclo-camping.international\\\/2024\\\/programme-des-films-2024\\\/film-armenie-barev-barev\\\/#primaryimage\",\"url\":\"https:\\\/\\\/festival.cyclo-camping.international\\\/2024\\\/wp-content\\\/uploads\\\/sites\\\/2\\\/2023\\\/12\\\/dajicour-web2.jpg\",\"contentUrl\":\"https:\\\/\\\/festival.cyclo-camping.international\\\/2024\\\/wp-content\\\/uploads\\\/sites\\\/2\\\/2023\\\/12\\\/dajicour-web2.jpg\",\"width\":1200,\"height\":675},{\"@type\":\"BreadcrumbList\",\"@id\":\"https:\\\/\\\/festival.cyclo-camping.international\\\/2024\\\/programme-des-films-2024\\\/film-armenie-barev-barev\\\/#breadcrumb\",\"itemListElement\":[{\"@type\":\"ListItem\",\"position\":1,\"name\":\"Accueil\",\"item\":\"https:\\\/\\\/festival.cyclo-camping.international\\\/2024\\\/\"},{\"@type\":\"ListItem\",\"position\":2,\"name\":\"Programme des films en 2024\",\"item\":\"https:\\\/\\\/festival.cyclo-camping.international\\\/2024\\\/programme-des-films-2024\\\/\"},{\"@type\":\"ListItem\",\"position\":3,\"name\":\"Arm\u00e9nie, Barev Barev\u00a0!\"}]},{\"@type\":\"WebSite\",\"@id\":\"https:\\\/\\\/festival.cyclo-camping.international\\\/2024\\\/#website\",\"url\":\"https:\\\/\\\/festival.cyclo-camping.international\\\/2024\\\/\",\"name\":\"37e Festival international du voyage \u00e0 v\u00e9lo\",\"description\":\"\",\"potentialAction\":[{\"@type\":\"SearchAction\",\"target\":{\"@type\":\"EntryPoint\",\"urlTemplate\":\"https:\\\/\\\/festival.cyclo-camping.international\\\/2024\\\/?s={search_term_string}\"},\"query-input\":{\"@type\":\"PropertyValueSpecification\",\"valueRequired\":true,\"valueName\":\"search_term_string\"}}],\"inLanguage\":\"fr-FR\"}]}<\/script>\n<!-- \/ Yoast SEO plugin. -->","yoast_head_json":{"title":"Film Arm\u00e9nie barev barev","description":"Le film Arm\u00e9nie Barev Barev raconte l'histoire de parents et de leur fils adolescent \u00e0 la d\u00e9couverte de ce pays caucasien mal connu","robots":{"index":"index","follow":"follow","max-snippet":"max-snippet:-1","max-image-preview":"max-image-preview:large","max-video-preview":"max-video-preview:-1"},"canonical":"https:\/\/festival.cyclo-camping.international\/2024\/programme-des-films-2024\/film-armenie-barev-barev\/","og_locale":"fr_FR","og_type":"article","og_title":"Film Arm\u00e9nie barev barev","og_description":"Le film Arm\u00e9nie Barev Barev raconte l'histoire de parents et de leur fils adolescent \u00e0 la d\u00e9couverte de ce pays caucasien mal connu","og_url":"https:\/\/festival.cyclo-camping.international\/2024\/programme-des-films-2024\/film-armenie-barev-barev\/","og_site_name":"37e Festival international du voyage \u00e0 v\u00e9lo","og_image":[{"width":1200,"height":675,"url":"https:\/\/festival.cyclo-camping.international\/2024\/wp-content\/uploads\/sites\/2\/2023\/12\/dajicour-web2.jpg","type":"image\/jpeg"}],"twitter_card":"summary_large_image","twitter_misc":{"Dur\u00e9e de lecture estim\u00e9e":"4 minutes"},"schema":{"@context":"https:\/\/schema.org","@graph":[{"@type":"WebPage","@id":"https:\/\/festival.cyclo-camping.international\/2024\/programme-des-films-2024\/film-armenie-barev-barev\/","url":"https:\/\/festival.cyclo-camping.international\/2024\/programme-des-films-2024\/film-armenie-barev-barev\/","name":"Film Arm\u00e9nie barev barev","isPartOf":{"@id":"https:\/\/festival.cyclo-camping.international\/2024\/#website"},"primaryImageOfPage":{"@id":"https:\/\/festival.cyclo-camping.international\/2024\/programme-des-films-2024\/film-armenie-barev-barev\/#primaryimage"},"image":{"@id":"https:\/\/festival.cyclo-camping.international\/2024\/programme-des-films-2024\/film-armenie-barev-barev\/#primaryimage"},"thumbnailUrl":"https:\/\/festival.cyclo-camping.international\/2024\/wp-content\/uploads\/sites\/2\/2023\/12\/dajicour-web2.jpg","datePublished":"2023-12-31T14:11:19+00:00","description":"Le film Arm\u00e9nie Barev Barev raconte l'histoire de parents et de leur fils adolescent \u00e0 la d\u00e9couverte de ce pays caucasien mal connu","breadcrumb":{"@id":"https:\/\/festival.cyclo-camping.international\/2024\/programme-des-films-2024\/film-armenie-barev-barev\/#breadcrumb"},"inLanguage":"fr-FR","potentialAction":[{"@type":"ReadAction","target":["https:\/\/festival.cyclo-camping.international\/2024\/programme-des-films-2024\/film-armenie-barev-barev\/"]}]},{"@type":"ImageObject","inLanguage":"fr-FR","@id":"https:\/\/festival.cyclo-camping.international\/2024\/programme-des-films-2024\/film-armenie-barev-barev\/#primaryimage","url":"https:\/\/festival.cyclo-camping.international\/2024\/wp-content\/uploads\/sites\/2\/2023\/12\/dajicour-web2.jpg","contentUrl":"https:\/\/festival.cyclo-camping.international\/2024\/wp-content\/uploads\/sites\/2\/2023\/12\/dajicour-web2.jpg","width":1200,"height":675},{"@type":"BreadcrumbList","@id":"https:\/\/festival.cyclo-camping.international\/2024\/programme-des-films-2024\/film-armenie-barev-barev\/#breadcrumb","itemListElement":[{"@type":"ListItem","position":1,"name":"Accueil","item":"https:\/\/festival.cyclo-camping.international\/2024\/"},{"@type":"ListItem","position":2,"name":"Programme des films en 2024","item":"https:\/\/festival.cyclo-camping.international\/2024\/programme-des-films-2024\/"},{"@type":"ListItem","position":3,"name":"Arm\u00e9nie, Barev Barev\u00a0!"}]},{"@type":"WebSite","@id":"https:\/\/festival.cyclo-camping.international\/2024\/#website","url":"https:\/\/festival.cyclo-camping.international\/2024\/","name":"37e Festival international du voyage \u00e0 v\u00e9lo","description":"","potentialAction":[{"@type":"SearchAction","target":{"@type":"EntryPoint","urlTemplate":"https:\/\/festival.cyclo-camping.international\/2024\/?s={search_term_string}"},"query-input":{"@type":"PropertyValueSpecification","valueRequired":true,"valueName":"search_term_string"}}],"inLanguage":"fr-FR"}]}},"_links":{"self":[{"href":"https:\/\/festival.cyclo-camping.international\/2024\/wp-json\/wp\/v2\/pages\/178","targetHints":{"allow":["GET"]}}],"collection":[{"href":"https:\/\/festival.cyclo-camping.international\/2024\/wp-json\/wp\/v2\/pages"}],"about":[{"href":"https:\/\/festival.cyclo-camping.international\/2024\/wp-json\/wp\/v2\/types\/page"}],"author":[{"embeddable":true,"href":"https:\/\/festival.cyclo-camping.international\/2024\/wp-json\/wp\/v2\/users\/1"}],"replies":[{"embeddable":true,"href":"https:\/\/festival.cyclo-camping.international\/2024\/wp-json\/wp\/v2\/comments?post=178"}],"version-history":[{"count":0,"href":"https:\/\/festival.cyclo-camping.international\/2024\/wp-json\/wp\/v2\/pages\/178\/revisions"}],"up":[{"embeddable":true,"href":"https:\/\/festival.cyclo-camping.international\/2024\/wp-json\/wp\/v2\/pages\/944"}],"wp:featuredmedia":[{"embeddable":true,"href":"https:\/\/festival.cyclo-camping.international\/2024\/wp-json\/wp\/v2\/media\/150"}],"wp:attachment":[{"href":"https:\/\/festival.cyclo-camping.international\/2024\/wp-json\/wp\/v2\/media?parent=178"}],"curies":[{"name":"wp","href":"https:\/\/api.w.org\/{rel}","templated":true}]}}